{"id":9838,"date":"2025-01-02T03:29:56","date_gmt":"2025-01-02T03:29:56","guid":{"rendered":"https:\/\/cienciapolitica.usac.edu.gt\/?page_id=9838"},"modified":"2025-02-14T01:32:43","modified_gmt":"2025-02-14T01:32:43","slug":"escuela-de-vacaciones-diciembre-2024","status":"publish","type":"page","link":"https:\/\/cienciapolitica.usac.edu.gt\/?page_id=9838","title":{"rendered":"ESCUELA DE VACACIONES DICIEMBRE 2024"},"content":{"rendered":"\n<div class=\"wp-block-buttons is-layout-flex\">\n<div class=\"wp-block-button\"><a class=\"wp-block-button__link has-vivid-cyan-blue-background-color has-background wp-element-button\" href=\"https:\/\/cienciapolitica.usac.edu.gt\/?page_id=9495(abre en una nueva pesta\u00f1a)\">REGRESO<\/a><\/div>\n<\/div>\n\n\n\n<div class=\"wp-block-columns is-layout-flex wp-container-3\">\n<div class=\"wp-block-column is-layout-flow\">\n<figure class=\"wp-block-table\"><table class=\"has-pale-ocean-gradient-background has-background\"><tbody><tr><td>CODIGO      <\/td><td>NOMBRE CURSO<\/td><td>SECCION     <\/td><td>DOCENTE<\/td><td>ACTA<\/td><\/tr><tr><td>002<\/td><td>Sociolog\u00eda I<\/td><td>U<\/td><td>Lic. Juan Ram\u00f3n Donado<\/td><td>&nbsp;<a href=\"https:\/\/drive.google.com\/file\/d\/12rlQhyh0wClso27yjDPIHA6IDoTii3I2\/view?usp=drive_link\" target=\"_blank\" rel=\"noreferrer noopener\">VER ACTA <\/a>          <\/td><\/tr><tr><td>007<\/td><td>Sociolog\u00eda II<\/td><td>A<\/td><td>Lic. Jorge Augusto S\u00e1nchez Villeda<\/td><td><a href=\"https:\/\/drive.google.com\/file\/d\/1zsO5KJeaNjyo19lnjL9_YjoTU4UIODKL\/view?usp=drive_link\" target=\"_blank\" rel=\"noreferrer noopener\">VER ACTA<\/a><\/td><\/tr><tr><td>007<\/td><td>Sociolog\u00eda II<\/td><td>B<\/td><td>Licda. Hellen Herrera V\u00e1squez<\/td><td><a href=\"https:\/\/drive.google.com\/file\/d\/1CG7ybnwHhMt7MjBaJcCW-2_gPaU_L6AK\/view?usp=drive_link\" target=\"_blank\" rel=\"noreferrer noopener\">VER ACTA<\/a><\/td><\/tr><tr><td>007<\/td><td>Sociolog\u00eda II<\/td><td>C<\/td><td>Lic. Jorge Augusto S\u00e1nchez Villeda<\/td><td><a href=\"https:\/\/drive.google.com\/file\/d\/1MJJQzR1k2_lAF9Vsroc1he265mh-LDkv\/view?usp=drive_link\" target=\"_blank\" rel=\"noreferrer noopener\">VER ACTA<\/a><\/td><\/tr><tr><td>008<\/td><td>Relaciones Internacionales II<\/td><td>A<\/td><td>Licda. Meylin Guisela Mendizabal Castro<\/td><td><a href=\"https:\/\/drive.google.com\/file\/d\/1tbu7K9OmixSVHxB3PxyiTo5C2EvLOCYi\/view?usp=drive_link\" target=\"_blank\" rel=\"noreferrer noopener\">VER ACTA<\/a><\/td><\/tr><tr><td>008<\/td><td>Relaciones Internacionales II<\/td><td>B<\/td><td>Lic. Bryan Mizraim Vasquez Arias<\/td><td><a href=\"https:\/\/drive.google.com\/file\/d\/1SspcJbbxZAnNs75OevR7TVH6V4JInQfM\/view?usp=drive_link\" target=\"_blank\" rel=\"noreferrer noopener\">VER ACTA<\/a><\/td><\/tr><tr><td>011<\/td><td>FILOSOFIA<\/td><td>U<\/td><td>Licda. Cory Nineth Giron Beltran<\/td><td><a href=\"https:\/\/drive.google.com\/file\/d\/1GUI9OX1JuOs7vd5xwbBERB6cJXBPKwao\/view?usp=drive_link\" target=\"_blank\" rel=\"noreferrer noopener\">VER ACTA<\/a><\/td><\/tr><tr><td>012<\/td><td>INTRODUCCI\u00d3N A LA ECONOM\u00cdA<\/td><td>U<\/td><td>Lic. Luis Enrique Perez Alvarez<\/td><td><a href=\"https:\/\/drive.google.com\/file\/d\/17r_RinP58C5FCI7Xvbl8ICs9zYK_lkLp\/view?usp=drive_link\" target=\"_blank\" rel=\"noreferrer noopener\">VER ACTA<\/a><\/td><\/tr><tr><td>013<\/td><td>INTRODUCCION AL DERECHO<\/td><td>U<\/td><td>Licda. Angie Huertas Morales<\/td><td><a href=\"https:\/\/drive.google.com\/file\/d\/1eBYTu3_mBwsR26362-yGcyxtQjX_lNcY\/view?usp=drive_link\" target=\"_blank\" rel=\"noreferrer noopener\">VER ACTA<\/a><\/td><\/tr><tr><td>014<\/td><td>Historia de Guatemala I<\/td><td>U<\/td><td>Licda. Cindy Elizabeth Aldana Ulin<\/td><td><a href=\"https:\/\/drive.google.com\/file\/d\/1aqLdp_hAVeUg43gfn0va3iFJ4l3AD0k8\/view?usp=drive_link\" target=\"_blank\" rel=\"noreferrer noopener\">VER ACTA<\/a><\/td><\/tr><tr><td>018<\/td><td>Metodolog\u00eda de&nbsp; las Ciencias Sociales IV<\/td><td>U1<br>U3<\/td><td>Lic Mynor Miranda<\/td><td><a rel=\"noreferrer noopener\" href=\"https:\/\/drive.google.com\/file\/d\/16efcvdq4MyPSvn9CknQXhANfEtcNBl1r\/view?usp=drive_link\" target=\"_blank\">VER ACTA1<\/a><br><a href=\"https:\/\/drive.google.com\/file\/d\/1hymG7YrWNz6qC9OPbS2MQl80w5Dd0PC5\/view?usp=drive_link\" target=\"_blank\" rel=\"noreferrer noopener\">VER ACTA3<\/a><\/td><\/tr><tr><td>019<\/td><td>Micro y Macroeconom\u00eda<\/td><td>U1 <br>U3<\/td><td>Lcda. Luc\u00eda Yolanda Rodas L\u00f3pez<\/td><td><a href=\"https:\/\/drive.google.com\/file\/d\/1UgDl785a8JsfjUSqoFn7Hi_zJlko-gvR\/view?usp=drive_link\" target=\"_blank\" rel=\"noreferrer noopener\">VER ACTA1<\/a><br><a href=\"https:\/\/drive.google.com\/file\/d\/1DvBD9b171HA5OZ0dmRtcbs8viOa9A0Of\/view?usp=drive_link\" target=\"_blank\" rel=\"noreferrer noopener\">VER ACTA2<\/a><br><a rel=\"noreferrer noopener\" href=\"https:\/\/drive.google.com\/file\/d\/1VJfMEDO-_HBQPqZGVOHxFPG2UmHpSTnq\/view?usp=drive_link\" target=\"_blank\">VER ACTA3<\/a><\/td><\/tr><tr><td>025<\/td><td>Historia de Guatemala II<\/td><td>U1 <br>U3<br> U2<\/td><td>Licda. Sucely Ortiz<\/td><td><a rel=\"noreferrer noopener\" href=\"https:\/\/drive.google.com\/file\/d\/1-7RaQCwx17Fu375nbp5ZlDy7A-Y92SsY\/view?usp=drive_link\" target=\"_blank\">VER ACTA1<\/a><br><a href=\"https:\/\/drive.google.com\/file\/d\/1QBJB3cpPC76W1Gq4doqLALC0mPvv3xYZ\/view?usp=drive_link\" target=\"_blank\" rel=\"noreferrer noopener\">VER ACTA3<\/a><br><a href=\"https:\/\/drive.google.com\/file\/d\/1Aew5XJxS_UVCfNNAkin_xMO_tWia38qL\/view?usp=drive_link\" target=\"_blank\" rel=\"noreferrer noopener\">VER ACTA2<\/a><\/td><\/tr><tr><td>062<\/td><td>Teor\u00eda de las Relaciones Internacionales I<\/td><td>U<\/td><td>Licda. Herlin Grajeda<\/td><td><a href=\"https:\/\/drive.google.com\/file\/d\/1pqnnjT4jaf6kFwTKdMtUkKMvYsY8PZqz\/view?usp=drive_link\" target=\"_blank\" rel=\"noreferrer noopener\">VER ACTA<\/a><\/td><\/tr><tr><td>066<\/td><td>Teor\u00eda de las Relaciones Internacionales II<\/td><td>U<\/td><td>Lic. Diego Armando Peres<\/td><td><a href=\"https:\/\/drive.google.com\/file\/d\/1w3Ew1X-Radk1ryWA33OuJkywW9s2sED2\/view?usp=drive_link\" target=\"_blank\" rel=\"noreferrer noopener\">VER ACTA<\/a><\/td><\/tr><tr><td>067<\/td><td>An\u00e1lisis de la Pol\u00edtica Internacional II<\/td><td>U<\/td><td>Lic. Emanuel Ranfery Montufar Fernandez<\/td><td><a href=\"https:\/\/drive.google.com\/file\/d\/1oWRp42eZILj3eq6gxGT1y9qHax5zFH0v\/view?usp=drive_link\" target=\"_blank\" rel=\"noreferrer noopener\">VER ACTA<\/a><\/td><\/tr><tr><td>079<\/td><td>Metodolog\u00eda de la Investigaci\u00f3n aplicada a las<\/td><td>U<\/td><td>Licda. Laura Victoria Welches Ortiz<\/td><td><a href=\"https:\/\/drive.google.com\/file\/d\/1VDqVO1JrQnJ_pUAVBryhKWlN9-dTKnDE\/view?usp=drive_link\" target=\"_blank\" rel=\"noreferrer noopener\">VER ACTA<\/a><\/td><\/tr><tr><td>089<\/td><td>Pol\u00edtica Exterior de Estados Unidos<\/td><td>U<\/td><td>Licda. Alejandra Rojas<\/td><td><a href=\"https:\/\/drive.google.com\/file\/d\/17YvsoCfIw7oV67iHO9YzPpnhZTx9-JoP\/view?usp=drive_link\" target=\"_blank\" rel=\"noreferrer noopener\">VER ACTA<\/a><\/td><\/tr><tr><td>097<\/td><td>Seminario sobre Problemas Actuales de la<\/td><td>A<\/td><td>Maestro Oscar Flores<\/td><td><a href=\"https:\/\/drive.google.com\/file\/d\/19I1WkQ0yWqhdH2ZMk4mR8SBPjHA2TEwL\/view?usp=drive_link\" target=\"_blank\" rel=\"noreferrer noopener\">VER ACTA<\/a><\/td><\/tr><tr><td>097<\/td><td>Seminario sobre Problemas Actuales de la<\/td><td>B<\/td><td>Maestro Oscar Flores<\/td><td><a href=\"https:\/\/drive.google.com\/file\/d\/1PKaUVfRhlf73c-T5HQBxJKR9T5yfte0G\/view?usp=drive_link\" target=\"_blank\" rel=\"noreferrer noopener\">VER ACTA<\/a><\/td><\/tr><tr><td>098<\/td><td>Amenazas y Riesgos a la Seguridad<\/td><td>U<\/td><td>LIC. Luis Fernando Laparra<\/td><td><a href=\"https:\/\/drive.google.com\/file\/d\/1t53z0INpyVps7ZUr1MJ21l6qwjVJyXlo\/view?usp=drive_link\" target=\"_blank\" rel=\"noreferrer noopener\">VER ACTA<\/a><\/td><\/tr><\/tbody><\/table><\/figure>\n<\/div>\n<\/div>\n","protected":false},"excerpt":{"rendered":"<p>CODIGO NOMBRE CURSO SECCION DOCENTE ACTA 002 Sociolog\u00eda I U Lic. Juan Ram\u00f3n Donado &nbsp;VER ACTA 007 Sociolog\u00eda II A Lic. Jorge Augusto S\u00e1nchez Villeda VER ACTA 007 Sociolog\u00eda II B Licda. Hellen Herrera V\u00e1squez VER ACTA 007 Sociolog\u00eda II C Lic. Jorge Augusto S\u00e1nchez Villeda VER ACTA 008 Relaciones Internacionales II A Licda. Meylin [&hellip;]<\/p>\n","protected":false},"author":101014,"featured_media":0,"parent":0,"menu_order":0,"comment_status":"closed","ping_status":"closed","template":"","meta":[],"_links":{"self":[{"href":"https:\/\/cienciapolitica.usac.edu.gt\/index.php?rest_route=\/wp\/v2\/pages\/9838"}],"collection":[{"href":"https:\/\/cienciapolitica.usac.edu.gt\/index.php?rest_route=\/wp\/v2\/pages"}],"about":[{"href":"https:\/\/cienciapolitica.usac.edu.gt\/index.php?rest_route=\/wp\/v2\/types\/page"}],"author":[{"embeddable":true,"href":"https:\/\/cienciapolitica.usac.edu.gt\/index.php?rest_route=\/wp\/v2\/users\/101014"}],"replies":[{"embeddable":true,"href":"https:\/\/cienciapolitica.usac.edu.gt\/index.php?rest_route=%2Fwp%2Fv2%2Fcomments&post=9838"}],"version-history":[{"count":11,"href":"https:\/\/cienciapolitica.usac.edu.gt\/index.php?rest_route=\/wp\/v2\/pages\/9838\/revisions"}],"predecessor-version":[{"id":9960,"href":"https:\/\/cienciapolitica.usac.edu.gt\/index.php?rest_route=\/wp\/v2\/pages\/9838\/revisions\/9960"}],"wp:attachment":[{"href":"https:\/\/cienciapolitica.usac.edu.gt\/index.php?rest_route=%2Fwp%2Fv2%2Fmedia&parent=9838"}],"curies":[{"name":"wp","href":"https:\/\/api.w.org\/{rel}","templated":true}]}}