{"id":9535,"date":"2024-11-06T23:02:12","date_gmt":"2024-11-06T23:02:12","guid":{"rendered":"https:\/\/cienciapolitica.usac.edu.gt\/?page_id=9535"},"modified":"2025-02-25T14:56:42","modified_gmt":"2025-02-25T14:56:42","slug":"actas-de-pensum-introductorio-2-2024","status":"publish","type":"page","link":"https:\/\/cienciapolitica.usac.edu.gt\/?page_id=9535","title":{"rendered":"ACTAS DE PENSUM INTRODUCTORIO 2-2024"},"content":{"rendered":"\n<div class=\"wp-block-buttons is-layout-flex\">\n<div class=\"wp-block-button\"><a class=\"wp-block-button__link has-vivid-cyan-blue-background-color has-background wp-element-button\" href=\"https:\/\/cienciapolitica.usac.edu.gt\/?page_id=9495\">Regresar<\/a><\/div>\n<\/div>\n\n\n\n<p class=\"has-pale-ocean-gradient-background has-background\">SEGUNDO CICLO SECCI\u00d3N \u00abA\u00bb<\/p>\n\n\n\n<div class=\"wp-block-columns is-layout-flex wp-container-3\">\n<div class=\"wp-block-column is-layout-flow\">\n<figure class=\"wp-block-table\"><table><tbody><tr><td>Codigo    <\/td><td>Curso<\/td><td>Docente<\/td><td>Acta Final    <\/td><td>Recuperaci\u00f3n     <\/td><\/tr><tr><td>6<\/td><td>Ciencia Pol\u00edtica II<\/td><td>Lic. Oscar Bautista Soto<\/td><td><a href=\"https:\/\/drive.google.com\/file\/d\/1YvKe-_UU052JHH-TylUa5qjcRnlXJWnn\/view?usp=sharing\" target=\"_blank\" rel=\"noreferrer noopener\">Ver Acta<\/a><\/td><td>&nbsp;<\/td><\/tr><tr><td>7<\/td><td>Sociolog\u00eda II<\/td><td>Mtro. Manuel Rivera<\/td><td><a href=\"https:\/\/drive.google.com\/file\/d\/17y2EhlLIZi6bbfsX71_DH00nws-X1ad3\/view?usp=sharing\" target=\"_blank\" rel=\"noreferrer noopener\">Ver Acta<\/a><\/td><td><a href=\"https:\/\/drive.google.com\/file\/d\/1xaVxkd-QmGQ1U_G_qiwTtM4prv0M7LPx\/view?usp=sharing\" target=\"_blank\" rel=\"noreferrer noopener\">1ra. Oportunidad<\/a><\/td><\/tr><tr><td>8<\/td><td>Relaciones Internacionales II<\/td><td>Mtro. Jos\u00e9 Gilberto Cortez Chac\u00f3n<\/td><td><a href=\"https:\/\/drive.google.com\/file\/d\/1J0f7cEMtm3UeRRzyfVogNCMifAbG7dJk\/view?usp=sharing\" target=\"_blank\" rel=\"noreferrer noopener\">Ver Acta<\/a><\/td><td><a href=\"https:\/\/drive.google.com\/file\/d\/1z1GdmrugAWEYYyGRBy58IwLDe09DXjtJ\/view?usp=sharing\" target=\"_blank\" rel=\"noreferrer noopener\">1ra. Oportunidad<\/a>&nbsp;<\/td><\/tr><tr><td>9<\/td><td>Historia Latino Americana<\/td><td>Lic. Juan Carlos Guzm\u00e1n Mor\u00e1n<\/td><td><a href=\"https:\/\/drive.google.com\/file\/d\/1tyV5CneVud4TA3dzs44yD8j2pX8n8q8-\/view?usp=sharing\" target=\"_blank\" rel=\"noreferrer noopener\">Ver Acta<\/a><\/td><td>&nbsp;<\/td><\/tr><tr><td>10<\/td><td>Metodolog\u00eda de las Ciencias&nbsp; Sociales II<\/td><td>Licda. Karla Patricia Gir\u00f3n Franco<\/td><td>&nbsp;<a href=\"https:\/\/drive.google.com\/file\/d\/1SJr-Lw3Jt7muVlJjr25KJdlGpQWN9Vqf\/view?usp=drive_link\" target=\"_blank\" rel=\"noreferrer noopener\">Ver Acta<\/a><\/td><td>&nbsp;<a href=\"https:\/\/drive.google.com\/file\/d\/1cqFnyMMMdcY8kdXNZT-uTmDZ5-yDPPs5\/view?usp=drive_link\" target=\"_blank\" rel=\"noreferrer noopener\">Primera<\/a><\/td><\/tr><\/tbody><\/table><\/figure>\n<\/div>\n<\/div>\n\n\n\n<p class=\"has-pale-ocean-gradient-background has-background\">SEGUNDO CICLO SECCI\u00d3N \u00abB\u00bb<\/p>\n\n\n\n<div class=\"wp-block-columns is-layout-flex wp-container-5\">\n<div class=\"wp-block-column is-layout-flow\">\n<figure class=\"wp-block-table\"><table><tbody><tr><td>C\u00f3digo    <\/td><td>Curso<\/td><td>Docente   <\/td><td>Acta Final    <\/td><td>Recuperaci\u00f3n      <\/td><\/tr><tr><td>6<\/td><td>Ciencia Pol\u00edtica II<\/td><td>Dra. Claudia Ver\u00f3nica Agreda Ajqu\u00ed<\/td><td><a href=\"https:\/\/drive.google.com\/file\/d\/1YgbfnNdT3ZKM2yq7XdyGpDed5K2WUlkV\/view?usp=sharing\" target=\"_blank\" rel=\"noreferrer noopener\">Ver Acta<\/a><\/td><td><a href=\"https:\/\/drive.google.com\/file\/d\/1yN4Ss8aBSJ4nL3JSCfOaT80tBJeorB7y\/view?usp=drive_link\" target=\"_blank\" rel=\"noreferrer noopener\">&nbsp;Primera<\/a><\/td><\/tr><tr><td>7<\/td><td>Sociolog\u00eda II<\/td><td>Lic. Juan Ram\u00f3n Donado Vivar<\/td><td>&nbsp;<a href=\"https:\/\/drive.google.com\/file\/d\/1o1FKp128STMUZfV6Eqx5Jk0dsz27bDQw\/view?usp=sharing\">Ver Acta<\/a><\/td><td>&nbsp;<\/td><\/tr><tr><td>8<\/td><td>Relaciones Internacionales II<\/td><td>Mtro. Jos\u00e9 Gilberto Cortez Chac\u00f3n<\/td><td><a href=\"https:\/\/drive.google.com\/file\/d\/1jsCDtTZkDVFbb9wVVvSwAaZnsZy1tVBk\/view?usp=sharing\" target=\"_blank\" rel=\"noreferrer noopener\">&nbsp;Ver Acta<\/a><\/td><td><a href=\"https:\/\/drive.google.com\/file\/d\/1mI2_qyX5MI6Y4UbzKqrruPVVFNPsVyf5\/view?usp=sharing\" target=\"_blank\" rel=\"noreferrer noopener\">1ra. Oportunidad<\/a><\/td><\/tr><tr><td>9<\/td><td>Historia Latino Americana<\/td><td>Mtra. Alma Coguox P\u00e9rez<\/td><td>&nbsp;<a href=\"https:\/\/drive.google.com\/file\/d\/1ujLFh4U8y3PhhtADJxAE8wEsvK_maj0_\/view?usp=drive_link\">Ver Acta<\/a><\/td><td>&nbsp;<a href=\"https:\/\/drive.google.com\/file\/d\/1AC6dxUKANMH29rz-UI7n4uvHbujTDoij\/view?usp=sharing\" target=\"_blank\" rel=\"noreferrer noopener\">1ra. Oportunidad<\/a><\/td><\/tr><tr><td>10<\/td><td>Metodolog\u00eda de las Ciencias&nbsp; Sociales II<\/td><td>Licda. Mar\u00eda Consuelo Morales<\/td><td>&nbsp;<a rel=\"noreferrer noopener\" href=\"https:\/\/drive.google.com\/file\/d\/1GspNUxfsoIxh-AVhRam6-oCfOG6kPTST\/view?usp=drive_link\" target=\"_blank\">Ver Acta<\/a><\/td><td><a href=\"https:\/\/drive.google.com\/file\/d\/1LWPS5ADSaXr6PxJL-Kq-y7Og-BeYj7nJ\/view?usp=sharing\" target=\"_blank\" rel=\"noreferrer noopener\">1ra Oportunidad&nbsp;<\/a><\/td><\/tr><\/tbody><\/table><\/figure>\n<\/div>\n<\/div>\n\n\n\n<p class=\"has-pale-ocean-gradient-background has-background\">SEGUNDO CICLO SECCI\u00d3N \u00abC\u00bb<\/p>\n\n\n\n<div class=\"wp-block-columns is-layout-flex wp-container-7\">\n<div class=\"wp-block-column is-layout-flow\">\n<figure class=\"wp-block-table\"><table class=\"has-white-background-color has-background\"><tbody><tr><td>C\u00f3digo    <\/td><td>Curso<\/td><td>Docente<\/td><td>Acta Final    <\/td><td>Recuperaci\u00f3n      <\/td><\/tr><tr><td>6<\/td><td>Ciencia Pol\u00edtica II<\/td><td>Lic. Hugo Efr\u00e9n Ram\u00edrez Pazos<\/td><td><a href=\"https:\/\/drive.google.com\/file\/d\/16wINmw1Tvol0DwELamxkzwaVZ1e7HCvl\/view?usp=sharing\" target=\"_blank\" rel=\"noreferrer noopener\">Ver Acta<\/a><\/td><td>&nbsp;<\/td><\/tr><tr><td>7<\/td><td>Sociolog\u00eda II<\/td><td>Mtro. Manuel Rivera<\/td><td><a href=\"https:\/\/drive.google.com\/file\/d\/12TL2R9Yycjrr0tr9hZR5kbS_Y3Tomfny\/view?usp=sharing\" target=\"_blank\" rel=\"noreferrer noopener\">Ver Acta<\/a><\/td><td><a href=\"https:\/\/drive.google.com\/file\/d\/1Q7h6chzg6-orunSgqq7W7Q5xZZpMV-Id\/view?usp=sharing\" target=\"_blank\" rel=\"noreferrer noopener\">1ra. Oportunidad<\/a><\/td><\/tr><tr><td>8<\/td><td>Relaciones Internacionales II<\/td><td>Mtro. Jos\u00e9 Gilberto Cortez Chac\u00f3n<\/td><td><a href=\"https:\/\/drive.google.com\/file\/d\/174kNC7AGSDvoqE7okpruGPmdmoRQn2sd\/view?usp=sharing\" target=\"_blank\" rel=\"noreferrer noopener\">Ver Acta<\/a><\/td><td><a href=\"https:\/\/drive.google.com\/file\/d\/1bamHGuodsB1OT74z4OfGWTFogB-Kmk-v\/view?usp=sharing\" target=\"_blank\" rel=\"noreferrer noopener\">1ra. Oportunidad<\/a><\/td><\/tr><tr><td>9<\/td><td>Historia Latino Americana<\/td><td>Licda. Delmy Mirrut Escobar<\/td><td>&nbsp;<a href=\"https:\/\/drive.google.com\/file\/d\/1Ba0gDBgm6WVgwUU30Me0cyUoProJF6E7\/view?usp=drive_link\" target=\"_blank\" rel=\"noreferrer noopener\">Ver Acta<\/a><\/td><td>&nbsp;<\/td><\/tr><tr><td>10<\/td><td>Metodolog\u00eda de las Ciencias&nbsp; Sociales II<\/td><td>Licda. Jearenis Ruano<\/td><td><a href=\"https:\/\/drive.google.com\/file\/d\/1z6b-niz9IY8oQKFsNBA_rGk7Qa-O4IAQ\/view?usp=sharing\" target=\"_blank\" rel=\"noreferrer noopener\">Ver Acta<\/a><\/td><td>&nbsp;<a rel=\"noreferrer noopener\" href=\"https:\/\/drive.google.com\/file\/d\/1YZd7kG0KnlOd7VxE5vLojxM-WjuF2mbl\/view?usp=sharing\" target=\"_blank\">1ra Oportunidad<\/a><br><br><a href=\"https:\/\/drive.google.com\/file\/d\/1kEEZNX_DaZpOTWfENrHcsjF5CkgXLnti\/view?usp=sharing\" target=\"_blank\" rel=\"noreferrer noopener\">2da<br>Oportunidad<\/a><\/td><\/tr><\/tbody><\/table><\/figure>\n\n\n\n<p class=\"has-pale-ocean-gradient-background has-background\">SEGUNDO CICLO SECCI\u00d3N \u00abD\u00bb<\/p>\n<\/div>\n<\/div>\n\n\n\n<div class=\"wp-block-columns is-layout-flex wp-container-9\">\n<div class=\"wp-block-column is-layout-flow\">\n<figure class=\"wp-block-table\"><table><tbody><tr><td>C\u00f3digo<\/td><td>Curso<\/td><td>Docente<\/td><td>Acta Final<\/td><td>Recuperaci\u00f3n<\/td><\/tr><tr><td>6<\/td><td>Ciencia Pol\u00edtica II<\/td><td>Lic. Oscar Bautista Soto<\/td><td><a href=\"https:\/\/drive.google.com\/file\/d\/1h9IV5vB6_WCHH9NbfrTi4yETEy-Tw6R_\/view?usp=sharing\" target=\"_blank\" rel=\"noreferrer noopener\">Ver Acta<\/a><\/td><td><a rel=\"noreferrer noopener\" href=\"https:\/\/drive.google.com\/file\/d\/1rvulr9Bo8tugQ_xG5bs4jnJtVy6vOyv-\/view?usp=sharing\" target=\"_blank\">1ra. Oportunidad<\/a><br><a href=\"https:\/\/drive.google.com\/file\/d\/1U7SkDt1jpgr637jOB6X9syEGWZmKFVXH\/view?usp=sharing\" target=\"_blank\" rel=\"noreferrer noopener\">2da. Oportunidad<\/a><\/td><\/tr><tr><td>7<\/td><td>Sociolog\u00eda II<\/td><td>Mtro. Manuel Rivera<\/td><td><a href=\"https:\/\/drive.google.com\/file\/d\/13Mw5pVb6cL0jSBMc-0kLYXHYY6LHBIzY\/view?usp=sharing\" target=\"_blank\" rel=\"noreferrer noopener\">Ver Acta<\/a><\/td><td><a rel=\"noreferrer noopener\" href=\"https:\/\/drive.google.com\/file\/d\/1Hk0ugTd1vYez_BqLty-NnGdqQgWrFCde\/view?usp=sharing\" target=\"_blank\">1ra. Oportunidad<\/a><br><br><a href=\"https:\/\/drive.google.com\/file\/d\/1sFvd0H47XcRPzzIuBuWInhQnwLBhJtqX\/view?usp=sharing\" target=\"_blank\" rel=\"noreferrer noopener\">2da. Oportunidad<\/a><\/td><\/tr><tr><td>8<\/td><td>Relaciones Internacionales II<\/td><td>Mtro. Jos\u00e9 Gilberto Cortez Chac\u00f3n<\/td><td><a href=\"https:\/\/drive.google.com\/file\/d\/1O4QBTpV458hrzvtyI_uA22Nzp6W_WGDw\/view?usp=sharing\" target=\"_blank\" rel=\"noreferrer noopener\">Ver Acta<\/a><\/td><td><a rel=\"noreferrer noopener\" href=\"https:\/\/drive.google.com\/file\/d\/1JW7zwQ5UrNl_59S0GECOT1FDvm_FJj4-\/view?usp=sharing\" target=\"_blank\">1ra. Oportunidad<\/a><br><a href=\"https:\/\/drive.google.com\/file\/d\/1q_TL7arK5UE-G0-ZoHjCvE_2mDeNKwyM\/view?usp=sharing\" target=\"_blank\" rel=\"noreferrer noopener\">2da. Oportunidad<\/a><\/td><\/tr><tr><td>9<\/td><td>Historia Latino Americana<\/td><td>Licda. Carmen Amanda Alvarez<\/td><td><a href=\"https:\/\/drive.google.com\/file\/d\/1XSAuWFzLYbJQb638hPVQNy61RBFYxTOS\/view?usp=drive_link\" target=\"_blank\" rel=\"noreferrer noopener\">Ver acta<\/a><\/td><td><a href=\"https:\/\/drive.google.com\/file\/d\/1m8ytozCZKc7aM1jRCmmHBmVbcyhqS8Vv\/view?usp=drive_link\" target=\"_blank\" rel=\"noreferrer noopener\">&nbsp;primera<\/a><\/td><\/tr><tr><td>10<\/td><td>Metodolog\u00eda de las Ciencias&nbsp; Sociales II<\/td><td>Licda. Karla Patricia Gir\u00f3n Franco<\/td><td>&nbsp;<a href=\"https:\/\/drive.google.com\/file\/d\/1R0J4J2HCUhM0TdtqM376WXZQLSBeJX3C\/view?usp=drive_link\" target=\"_blank\" rel=\"noreferrer noopener\">Ver acta<\/a><\/td><td><a rel=\"noreferrer noopener\" href=\"https:\/\/drive.google.com\/file\/d\/11bWow9WlKkvo0mS2C1rW-4nTsn9He3BY\/view?usp=sharing\" target=\"_blank\">1ra Oportunidad<\/a><br><br><a href=\"https:\/\/drive.google.com\/file\/d\/1ZKvIIGyXo38zvHxyO25NvhPhAxIuZgcV\/view?usp=drive_link\" target=\"_blank\" rel=\"noreferrer noopener\">Segunda Oportunidad<\/a><\/td><\/tr><\/tbody><\/table><\/figure>\n<\/div>\n<\/div>\n\n\n\n<div class=\"wp-block-buttons is-layout-flex\">\n<div class=\"wp-block-button\"><a class=\"wp-block-button__link has-vivid-cyan-blue-background-color has-background wp-element-button\" href=\"https:\/\/cienciapolitica.usac.edu.gt\/?page_id=9495\">Regresar<\/a><\/div>\n<\/div>\n","protected":false},"excerpt":{"rendered":"<p>SEGUNDO CICLO SECCI\u00d3N \u00abA\u00bb Codigo Curso Docente Acta Final Recuperaci\u00f3n 6 Ciencia Pol\u00edtica II Lic. Oscar Bautista Soto Ver Acta &nbsp; 7 Sociolog\u00eda II Mtro. Manuel Rivera Ver Acta 1ra. Oportunidad 8 Relaciones Internacionales II Mtro. Jos\u00e9 Gilberto Cortez Chac\u00f3n Ver Acta 1ra. Oportunidad&nbsp; 9 Historia Latino Americana Lic. Juan Carlos Guzm\u00e1n Mor\u00e1n Ver Acta [&hellip;]<\/p>\n","protected":false},"author":101014,"featured_media":0,"parent":0,"menu_order":0,"comment_status":"closed","ping_status":"closed","template":"","meta":[],"_links":{"self":[{"href":"https:\/\/cienciapolitica.usac.edu.gt\/index.php?rest_route=\/wp\/v2\/pages\/9535"}],"collection":[{"href":"https:\/\/cienciapolitica.usac.edu.gt\/index.php?rest_route=\/wp\/v2\/pages"}],"about":[{"href":"https:\/\/cienciapolitica.usac.edu.gt\/index.php?rest_route=\/wp\/v2\/types\/page"}],"author":[{"embeddable":true,"href":"https:\/\/cienciapolitica.usac.edu.gt\/index.php?rest_route=\/wp\/v2\/users\/101014"}],"replies":[{"embeddable":true,"href":"https:\/\/cienciapolitica.usac.edu.gt\/index.php?rest_route=%2Fwp%2Fv2%2Fcomments&post=9535"}],"version-history":[{"count":48,"href":"https:\/\/cienciapolitica.usac.edu.gt\/index.php?rest_route=\/wp\/v2\/pages\/9535\/revisions"}],"predecessor-version":[{"id":9980,"href":"https:\/\/cienciapolitica.usac.edu.gt\/index.php?rest_route=\/wp\/v2\/pages\/9535\/revisions\/9980"}],"wp:attachment":[{"href":"https:\/\/cienciapolitica.usac.edu.gt\/index.php?rest_route=%2Fwp%2Fv2%2Fmedia&parent=9535"}],"curies":[{"name":"wp","href":"https:\/\/api.w.org\/{rel}","templated":true}]}}