{"id":9505,"date":"2024-11-06T04:56:46","date_gmt":"2024-11-06T04:56:46","guid":{"rendered":"https:\/\/cienciapolitica.usac.edu.gt\/?page_id=9505"},"modified":"2025-03-04T16:53:01","modified_gmt":"2025-03-04T16:53:01","slug":"notas-ciencia-politica-2-2024","status":"publish","type":"page","link":"https:\/\/cienciapolitica.usac.edu.gt\/?page_id=9505","title":{"rendered":"Notas &#8211; Ciencia Pol\u00edtica 2-2024"},"content":{"rendered":"\n<h2 class=\"wp-block-heading\">ACTAS  2-2024  <\/h2>\n\n\n\n<div class=\"wp-block-buttons is-layout-flex\">\n<div class=\"wp-block-button\"><a class=\"wp-block-button__link has-vivid-cyan-blue-background-color has-background wp-element-button\" href=\"https:\/\/cienciapolitica.usac.edu.gt\/?page_id=9495\">Regresar<\/a><\/div>\n<\/div>\n\n\n\n<p>CUARTO CICLO  SECCI\u00d3N  A<\/p>\n\n\n\n<div class=\"wp-block-columns is-layout-flex wp-container-5\">\n<div class=\"wp-block-column is-layout-flow\">\n<figure class=\"wp-block-table\"><table><tbody><tr><td>C\u00d3DIGO               <\/td><td>CURSO<\/td><td>DOCENTE      <\/td><td class=\"has-text-align-left\" data-align=\"left\">ACTA FINAL                <\/td><td>RECUPERACI\u00d3N                             <\/td><\/tr><tr><td>103<\/td><td>Teor\u00eda Pol\u00edtica I   <\/td><td>&nbsp;<br>MTRO. MYNOR RAFAEL GARC\u00cdA MENDEZ    <\/td><td class=\"has-text-align-left\" data-align=\"left\">&nbsp;  <a href=\"https:\/\/drive.google.com\/file\/d\/177bTrPvhRID1lKOL-fwEbNVr5mlY9tMP\/view?usp=sharing\" target=\"_blank\" rel=\"noreferrer noopener\">Ver Acta  <\/a> <\/td><td>&nbsp;<\/td><\/tr><tr><td>104<\/td><td>Sistemas Pol\u00edticos I<\/td><td>MTRA. GEIDY MAGALI DE MATA MEDRANO<\/td><td class=\"has-text-align-left\" data-align=\"left\"><a href=\"https:\/\/drive.google.com\/file\/d\/18LyZa_2Aa_5YAs0iU2Ijz-sWLsZFWogD\/view?usp=sharing\" target=\"_blank\" rel=\"noreferrer noopener\">Ver Acta<\/a><\/td><td>&nbsp;<\/td><\/tr><tr><td>18<\/td><td>Metodolog\u00eda de las Ciencias Sociales IV                                <\/td><td>&nbsp;<br>LICDA. ANA RITA CANEK ROMERO                                 <\/td><td class=\"has-text-align-left\" data-align=\"left\"><a href=\"https:\/\/drive.google.com\/file\/d\/1jzmKx7uhiiCO_x2eVc3Ek67DFzvCU3Lc\/view?usp=sharing\" target=\"_blank\" rel=\"noreferrer noopener\">Ver Acta<\/a><\/td><td>&nbsp;<\/td><\/tr><tr><td>19<\/td><td>Micro y Macroeconom\u00eda<\/td><td>&nbsp;LICDA. JOHANA ESTEFANY GIR\u00d3N LINARES<\/td><td class=\"has-text-align-left\" data-align=\"left\"><a href=\"https:\/\/drive.google.com\/file\/d\/1M4VDdhG6QZ2P2z0whNBx0RsxyvNzyGOC\/view?usp=sharing\" target=\"_blank\" rel=\"noreferrer noopener\">Ver Acta<\/a><\/td><td>&nbsp;<\/td><\/tr><tr><td>106<\/td><td>Sociolog\u00eda Pol\u00edtica<\/td><td>&nbsp;MTRO. MIKE ANGELO RIVERA CONTRERAS<\/td><td class=\"has-text-align-left\" data-align=\"left\"><a href=\"https:\/\/drive.google.com\/file\/d\/1tqc15n863Hh92OHjESJmuO9ZIA5555u2\/view?usp=sharing\" target=\"_blank\" rel=\"noreferrer noopener\">Ver Acta<\/a><\/td><td>&nbsp;<\/td><\/tr><\/tbody><\/table><figcaption class=\"wp-element-caption\">SEXTO CICLO A<\/figcaption><\/figure>\n\n\n\n<div class=\"wp-block-columns is-layout-flex wp-container-3\">\n<div class=\"wp-block-column is-layout-flow\">\n<figure class=\"wp-block-table\"><table><tbody><tr><td>C\u00d3DIGO       <\/td><td>CURSO   <\/td><td>DOCENTE <\/td><td>ACTA FINAL        <\/td><td>RECUPERACI\u00d3N             <\/td><\/tr><tr><td>112<\/td><td>Teor\u00eda Pol\u00edtica III<\/td><td>MTRA. GEIDY MAGALI DE MATA MEDRANO<\/td><td><a href=\"https:\/\/drive.google.com\/file\/d\/1e5TkPY3WLHPKibCU2ObCjzHWq8UGsDJp\/view?usp=sharing\" target=\"_blank\" rel=\"noreferrer noopener\">Ver Acta<\/a>&nbsp;<\/td><td>&nbsp;<\/td><\/tr><tr><td>113<\/td><td>Sistemas Pol\u00edticos III<\/td><td>DR. LUIS FERNANDO MACK ECHEVERR\u00cdA<\/td><td><a href=\"https:\/\/drive.google.com\/file\/d\/11t7IzGf856eIPSYOKZBpEek_ODbnuOXz\/view?usp=sharing\" target=\"_blank\" rel=\"noreferrer noopener\">Ver Acta<\/a><\/td><td><a href=\"https:\/\/drive.google.com\/file\/d\/1xf0OHX-P2IuQAxG5MqA31Oh3gCkXjmGz\/view?usp=sharing\" target=\"_blank\" rel=\"noreferrer noopener\">1ra. Oportunidad<\/a><\/td><\/tr><tr><td>114<\/td><td>Administraci\u00f3n P\u00fablica de Guatemala II<\/td><td>DR. ALAIN PIERCE SAMAYOA CHAVARRIA<\/td><td><a href=\"https:\/\/drive.google.com\/file\/d\/1fCSr8xYp7396c4OjvyCI439LlsWV4Pe8\/view?usp=sharing\" target=\"_blank\" rel=\"noreferrer noopener\">Ver Acta<\/a>&nbsp;<\/td><td>&nbsp;<\/td><\/tr><tr><td>31<\/td><td>Historia de Guatemala III<\/td><td>LICDA. LEYDI CONSUELO RUANO MARROQU\u00cdN<\/td><td><a href=\"https:\/\/drive.google.com\/file\/d\/1VwjYukhKbPbQ_au2FJdNAbydHt-57NxY\/view?usp=sharing\" target=\"_blank\" rel=\"noreferrer noopener\">Ver Acta<\/a><\/td><td>&nbsp;<\/td><\/tr><tr><td>116<\/td><td>Contexto de las Pol\u00edticas P\u00fablicas<\/td><td>DR. JORGE RUANO ESTRADA<\/td><td><a href=\"https:\/\/drive.google.com\/file\/d\/1bx2xvaMaIAGcKKf_UFprE6_rUkGL2PfT\/view?usp=sharing\" target=\"_blank\" rel=\"noreferrer noopener\">Ver Acta<\/a><\/td><td>&nbsp;<\/td><\/tr><\/tbody><\/table><\/figure>\n<\/div>\n<\/div>\n<\/div>\n<\/div>\n\n\n\n<p>OCTAVO CICLO  A<\/p>\n\n\n\n<div class=\"wp-block-columns is-layout-flex wp-container-7\">\n<div class=\"wp-block-column is-layout-flow\">\n<figure class=\"wp-block-table\"><table><tbody><tr><td>C\u00d3DIGO            <\/td><td>CURSO<\/td><td>DOCENTE    <\/td><td>ACTA FINAL           <\/td><td>RECUPERACI\u00d3N                          <\/td><\/tr><tr><td>43<\/td><td>Dise\u00f1o de Investigaci\u00f3n de Tesis I                   <\/td><td>LICDA. CLAUDIA MELISSA MATEO TOJIN<\/td><td><a href=\"https:\/\/drive.google.com\/file\/d\/1ujdhJTzVrRgqh6ZzaZrT9iWeyV4nSCHC\/view?usp=sharing\" target=\"_blank\" rel=\"noreferrer noopener\">Ver Acta<\/a><\/td><td><a rel=\"noreferrer noopener\" href=\"https:\/\/drive.google.com\/file\/d\/1hGi9-NN6-_0RtQsHbh_bm5sYbdIzNn3o\/view?usp=sharing\" target=\"_blank\">1ra. Oportunidad<\/a><br><a href=\"https:\/\/drive.google.com\/file\/d\/1XWlsYDQkNnKDsr7hfsI0j2wxSSheJpEa\/view?usp=sharing\" target=\"_blank\" rel=\"noreferrer noopener\">2da. Oportunidad<\/a><\/td><\/tr><tr><td>123<\/td><td>Partidos Pol\u00edticos<\/td><td>DR. DUMBAR MANUEL HARRIS<\/td><td><a href=\"https:\/\/drive.google.com\/file\/d\/1z0UACu9vjND-Ji6mcC9hS1yWCV_QZ1oO\/view?usp=sharing\" target=\"_blank\" rel=\"noreferrer noopener\">Ver Acta<\/a><\/td><td>&nbsp;<\/td><\/tr><tr><td>124<\/td><td>Teor\u00eda de la Democracia<\/td><td>LIC. OSCAR TARACENA CORONADO<\/td><td><a href=\"https:\/\/drive.google.com\/file\/d\/1Ck6KMPMqG9QuOmr78bK9gldo4D5cCXMC\/view?usp=sharing\" target=\"_blank\" rel=\"noreferrer noopener\">Ver Acta&nbsp;<\/a><\/td><td>&nbsp;<a href=\"https:\/\/drive.google.com\/file\/d\/1hvzdx7vkBD-skfR3MKJO6kif7NsaJxyz\/view?usp=drive_link\">Primera<\/a><br><a href=\"https:\/\/drive.google.com\/file\/d\/1XrQeYfOW_fsGNrVA3jMxAvSq0RPOXb_f\/view?usp=sharing\" target=\"_blank\" rel=\"noreferrer noopener\">2da. Oportunidad<\/a><\/td><\/tr><tr><td>125<\/td><td>Negociaci\u00f3n Pol\u00edtica<\/td><td>MTRO. LUIS RODOLFO D\u00c1VILA S\u00c1NCHEZ                                                        <\/td><td><a href=\"https:\/\/drive.google.com\/file\/d\/1v3HC7d_8d10zBQN5HOpHrJVb6l2nNOV0\/view?usp=sharing\" target=\"_blank\" rel=\"noreferrer noopener\">Ver Acta<\/a><\/td><td>&nbsp;<\/td><\/tr><tr><td>127<\/td><td>Aplicaci\u00f3n de las Pol\u00edticas P\u00fablicas<\/td><td>MTRA. NURY EDITH ROJAS PRADO                                                         <\/td><td><a href=\"https:\/\/drive.google.com\/file\/d\/16J5HfRcVIpdF7CB8Is8QHn3qdVFoso88\/view?usp=sharing\" target=\"_blank\" rel=\"noreferrer noopener\">Ver Acta<\/a><\/td><td>&nbsp;<\/td><\/tr><\/tbody><\/table><\/figure>\n<\/div>\n<\/div>\n\n\n\n<p>D\u00c9CIMO CICLO A<\/p>\n\n\n\n<div class=\"wp-block-columns is-layout-flex wp-container-9\">\n<div class=\"wp-block-column is-layout-flow\">\n<figure class=\"wp-block-table\"><table><tbody><tr><td>CODIGO<\/td><td>CURSO<\/td><td>DOCENTE<\/td><td>ACTA FINAL<\/td><td>RECUPERACION<\/td><\/tr><tr><td>55<\/td><td>&nbsp;Informe de Tesis<\/td><td>DR. FIDEL AR\u00c9VALO GAMBOA<\/td><td><a href=\"https:\/\/drive.google.com\/file\/d\/11DX9c_X_hnoYq5Lcy209TIDWyI6H2YxU\/view?usp=sharing\" target=\"_blank\" rel=\"noreferrer noopener\">Ver Acta<\/a><\/td><td>&nbsp;<\/td><\/tr><tr><td>140<\/td><td>Seminario sobre Ejecuci\u00f3n Presupuestaria del Sector P\u00fablico<\/td><td>MTRO. WILBERTO ROJAS<\/td><td><a href=\"https:\/\/drive.google.com\/file\/d\/1M0Gw-wXjE6a_RIvAoDAUvEIihwTdvsBQ\/view?usp=sharing\" target=\"_blank\" rel=\"noreferrer noopener\">Ver Acta<\/a><\/td><td>&nbsp;<\/td><\/tr><tr><td>141<\/td><td>Seminario del Ciclo de Pol\u00edtica P\u00fablica<\/td><td>MTRA. WENDY MANSILLA<\/td><td><a href=\"https:\/\/drive.google.com\/file\/d\/1ifQksLIWCWWx4YxBG4N5h-m4fzsbXus5\/view?usp=sharing\" target=\"_blank\" rel=\"noreferrer noopener\">Ver Acta<\/a><\/td><td><a href=\"https:\/\/drive.google.com\/file\/d\/1mszpiu7XWmg8pLGSyRL_4cg7qTv6wZ9Q\/view?usp=sharing\" target=\"_blank\" rel=\"noreferrer noopener\">1ra Oportunidad<\/a><\/td><\/tr><tr><td>142<\/td><td>Pol\u00edticas Sociales en Am\u00e9rica Latina<\/td><td>DR. EDMUNDO URRUTIA<\/td><td><a href=\"https:\/\/drive.google.com\/file\/d\/19JMNjIBbrm2qyxObDjIDVlae41btzI0V\/view?usp=sharing\" target=\"_blank\" rel=\"noreferrer noopener\">Ver Acta<\/a><\/td><td>&nbsp;<\/td><\/tr><tr><td>95<\/td><td>Seguridad Democr\u00e1tica<\/td><td>MTRO. ALEXANDER SANDOVAL PORTILLO<\/td><td><a rel=\"noreferrer noopener\" href=\"https:\/\/drive.google.com\/file\/d\/19g10h4-y4Q5PAfqeXN84WflH3hFX1n_3\/view?usp=sharing\" target=\"_blank\">Ver Acta<\/a>              <\/td><td>&nbsp;<\/td><\/tr><\/tbody><\/table><\/figure>\n<\/div>\n<\/div>\n\n\n\n<p>CUARTO CICLO B<\/p>\n\n\n\n<div class=\"wp-block-columns is-layout-flex wp-container-13\">\n<div class=\"wp-block-column is-layout-flow\">\n<figure class=\"wp-block-table\"><table><tbody><tr><td>C\u00d3DIGO         <\/td><td>CURSO<\/td><td>DOCENTE<\/td><td>ACTA FINAL            <\/td><td>RECUPERACI\u00d3N              <\/td><\/tr><tr><td>103<\/td><td>Teor\u00eda Pol\u00edtica I<\/td><td>DR. EDDY MORALES<\/td><td><a href=\"https:\/\/drive.google.com\/file\/d\/173CI2bHE_MWKcSZxPAX9VunBwJ8-6dKy\/view?usp=sharing\" target=\"_blank\" rel=\"noreferrer noopener\">Ver Acta&nbsp;<\/a><\/td><td><a rel=\"noreferrer noopener\" href=\"https:\/\/drive.google.com\/file\/d\/1-g6TXzMDtcCDx2h8hvDxWlY7j1TVfkuZ\/view?usp=sharing\" target=\"_blank\">1ra. Oportunidad<\/a><br><br><a rel=\"noreferrer noopener\" href=\"https:\/\/drive.google.com\/file\/d\/1dEl3VOcMqxKRed8s0KO76TCljJXJY7vh\/view?usp=sharing\" target=\"_blank\">2da. Oportuni<\/a><a href=\"https:\/\/drive.google.com\/file\/d\/1dEl3VOcMqxKRed8s0KO76TCljJXJY7vh\/view?usp=sharing\" target=\"_blank\" rel=\"noreferrer noopener\">d<\/a><a rel=\"noreferrer noopener\" href=\"https:\/\/drive.google.com\/file\/d\/1dEl3VOcMqxKRed8s0KO76TCljJXJY7vh\/view?usp=sharing\" target=\"_blank\">ad<\/a><\/td><\/tr><tr><td>104<\/td><td>Sistemas Pol\u00edticos I<\/td><td>MTRA. GEIDY MAGALI DE MATA MEDRANO<\/td><td><a href=\"https:\/\/drive.google.com\/file\/d\/1tTbuwJzGV_k00BKNg4tuin7eMCS7crPd\/view?usp=sharing\" target=\"_blank\" rel=\"noreferrer noopener\">Ver Acta&nbsp;<\/a><\/td><td>&nbsp;<\/td><\/tr><tr><td>18<\/td><td>Metodolog\u00eda de las Ciencias Sociales IV<\/td><td>MTRA. NORA LIZETH G\u00c1LVEZ GARC\u00cdA<\/td><td><a href=\"https:\/\/drive.google.com\/file\/d\/1VG0FVKoWfjp3kZK4Pp5O1W-Ns2-LroJi\/view?usp=sharing\" target=\"_blank\" rel=\"noreferrer noopener\">Ver Acta<\/a><\/td><td>&nbsp;<\/td><\/tr><tr><td>19<\/td><td>Micro y Macroeconom\u00eda<\/td><td>MSC. BRUCE KERVIN FIGUEROA STOKES<\/td><td><a href=\"https:\/\/drive.google.com\/file\/d\/1ZgXOFlx_uaG7UMKJUkzrW5Fb8ZssKWsm\/view?usp=sharing\" target=\"_blank\" rel=\"noreferrer noopener\">Ver Acta<\/a><\/td><td>&nbsp;<\/td><\/tr><tr><td>105<\/td><td>Teor\u00eda y Derecho Constitucional Guatemalteco<\/td><td>MSC. JORGE RIVERA<\/td><td><a href=\"https:\/\/drive.google.com\/file\/d\/1j2LM15KGLs-hJHACusJIcXRb4Q5ZG98O\/view?usp=sharing\" target=\"_blank\" rel=\"noreferrer noopener\">Ver Acta<\/a><\/td><td>&nbsp;<\/td><\/tr><\/tbody><\/table><figcaption class=\"wp-element-caption\">SEXTO CICLO B<\/figcaption><\/figure>\n\n\n\n<div class=\"wp-block-columns is-layout-flex wp-container-11\">\n<div class=\"wp-block-column is-layout-flow\">\n<figure class=\"wp-block-table\"><table><tbody><tr><td>C\u00d3DIGO                                    <\/td><td>CURSO   <\/td><td>DOCENTE<\/td><td>ACTA FINAL                       <\/td><td>RECUPERACI\u00d3N                                          <\/td><\/tr><tr><td>112<\/td><td>Teor\u00eda Pol\u00edtica III<\/td><td>DR. FERNANDO CARRERA<\/td><td><a href=\"https:\/\/drive.google.com\/file\/d\/1hHXr9jUf9lZSwEbzlR1zwkAp4_mDD7J1\/view?usp=sharing\" target=\"_blank\" rel=\"noreferrer noopener\">Ver Acta<\/a><\/td><td>&nbsp;<\/td><\/tr><tr><td>113<\/td><td>Sistemas Pol\u00edticos III<\/td><td>MTRA. CINDY POROJ CARABALLO<\/td><td><a href=\"https:\/\/drive.google.com\/file\/d\/1y1ooxzzi92Y0a9ZSCjIDnvkfChtr8Eol\/view?usp=drive_link\">VER ACTA<\/a><\/td><td><a href=\"https:\/\/drive.google.com\/file\/d\/1CNqalD4nlw-MG5rK1rQsbZjoWI3V1hae\/view?usp=sharing\" target=\"_blank\" rel=\"noreferrer noopener\">&nbsp;1ra. Oportunidad<\/a><\/td><\/tr><tr><td>114<\/td><td>Administraci\u00f3n P\u00fablica de Guatemala II<\/td><td>MTRA. VIVIAN VALDEZ<\/td><td><a href=\"https:\/\/drive.google.com\/file\/d\/1O-r54tLiofTfMZnHSNKMfiWOnul2f3FY\/view?usp=sharing\" target=\"_blank\" rel=\"noreferrer noopener\">Ver Acta<\/a><\/td><td>&nbsp;<\/td><\/tr><tr><td>31<\/td><td>Historia de Guatemala III<\/td><td>LICDA. CECILE PAOLA TAHUICO<\/td><td><a href=\"https:\/\/drive.google.com\/file\/d\/1vcBRSJvYZF5OTuJShKzFgNMGE548K6Zz\/view?usp=sharing\" target=\"_blank\" rel=\"noreferrer noopener\">Ver Acta<\/a><\/td><td>&nbsp;<\/td><\/tr><tr><td>115<\/td><td>Derecho Internacional P\u00fablico y Organismos Internacionales<\/td><td>MTRO. LUIS FERNANDO DE LE\u00d3N LAPARRA                     <\/td><td><a href=\"https:\/\/drive.google.com\/file\/d\/1zOI560P9Ru6WZhJokeJg-RDbeJ1hxDFl\/view?usp=sharing\" target=\"_blank\" rel=\"noreferrer noopener\">Ver Acta<\/a><\/td><td>&nbsp;<\/td><\/tr><\/tbody><\/table><\/figure>\n<\/div>\n<\/div>\n<\/div>\n<\/div>\n\n\n\n<p>OCTAVO CICLO B<\/p>\n\n\n\n<div class=\"wp-block-columns is-layout-flex wp-container-15\">\n<div class=\"wp-block-column is-layout-flow\">\n<figure class=\"wp-block-table\"><table><tbody><tr><td>C\u00d3DIGO                  <\/td><td>CURSO<\/td><td>DOCENTE<\/td><td>ACTA FINAL                      <\/td><td>RECUPERACI\u00d3N                         <\/td><\/tr><tr><td>43<\/td><td>Dise\u00f1o de Investigaci\u00f3n de Tesis I<\/td><td>LIC. WILLIAM MALDONADO<\/td><td><a href=\"https:\/\/drive.google.com\/file\/d\/1iO9_OKJ_7sSkB451PmE8JQeFFjJiR8I-\/view?usp=sharing\" target=\"_blank\" rel=\"noreferrer noopener\">&nbsp;Ver Acta<\/a><\/td><td><a rel=\"noreferrer noopener\" href=\"https:\/\/drive.google.com\/file\/d\/1W43j4MZGSU8IalFx7ObGRrDOqNvMffw1\/view?usp=sharing\" target=\"_blank\">1ra. Oportunidad<\/a><br><a href=\"https:\/\/drive.google.com\/file\/d\/1EewxM86U2cxLdiVf2qR4pHTZr_B4-YRH\/view?usp=sharing\" target=\"_blank\" rel=\"noreferrer noopener\">2da. Oportunidad<\/a><\/td><\/tr><tr><td>123<\/td><td>Partidos Pol\u00edticos<\/td><td>LIC. CARLOS FERNANDO BORRAYO SOLIS<\/td><td><a href=\"https:\/\/drive.google.com\/file\/d\/1ZwBNcX7vB-Jb9Ve_KQ8pkMa6z-PsjkXP\/view?usp=sharing\" target=\"_blank\" rel=\"noreferrer noopener\">Ver Acta<\/a><\/td><td>&nbsp;<\/td><\/tr><tr><td>124<\/td><td>Teor\u00eda de la Democracia<\/td><td>DR. JORGE RUANO ESTRADA<\/td><td><a href=\"https:\/\/drive.google.com\/file\/d\/1qA24h9B17JF-OOAa5sHPhTNodX8gwo6i\/view?usp=sharing\" target=\"_blank\" rel=\"noreferrer noopener\">Ver Acta<\/a>&nbsp;<\/td><td>&nbsp;<\/td><\/tr><tr><td>125<\/td><td>Negociaci\u00f3n Pol\u00edtica<\/td><td>LICDA. THELMA S\u00c1NCHEZ<\/td><td><a href=\"https:\/\/drive.google.com\/file\/d\/11yqsEZg97h3igc_9DQk48hvBGOhJiNiz\/view?usp=sharing\" target=\"_blank\" rel=\"noreferrer noopener\">Ver Acta<\/a><\/td><td>&nbsp;<\/td><\/tr><tr><td>126<\/td><td>An\u00e1lisis Pol\u00edtico<\/td><td>LIC. WERNER ENRIQUE CASTILLO REGALADO<\/td><td><a href=\"https:\/\/drive.google.com\/file\/d\/1uCAvkKmKtCFBYC5I-qC8rJOJCZZslZRe\/view?usp=sharing\" target=\"_blank\" rel=\"noreferrer noopener\">Ver Acta<\/a><\/td><td>&nbsp;<\/td><\/tr><\/tbody><\/table><\/figure>\n<\/div>\n<\/div>\n\n\n\n<p>D\u00c9CIMO CICLO B<\/p>\n\n\n\n<div class=\"wp-block-columns is-layout-flex wp-container-17\">\n<div class=\"wp-block-column is-layout-flow\">\n<figure class=\"wp-block-table\"><table><tbody><tr><td>C\u00d3DIGO      <\/td><td>CURSO<\/td><td>DOCENTE<\/td><td>ACTA FINAL<\/td><td>RECUPERACION<\/td><\/tr><tr><td>55<\/td><td>Informe de Tesis<\/td><td>DR. NORMAN OCTAVIO MENDOZA<\/td><td><a href=\"https:\/\/drive.google.com\/file\/d\/1j0na2a-_Ep4hxCUGl9Yrj_1A8ZmAoulp\/view?usp=drive_link\" target=\"_blank\" rel=\"noreferrer noopener\">Ver Acta<\/a><\/td><td>&nbsp;<\/td><\/tr><tr><td>132<\/td><td>Investigaci\u00f3n Pol\u00edtica<\/td><td>DR. CARLOS ORLANDO OLIVA MURALLES<\/td><td>&nbsp;<a href=\"https:\/\/drive.google.com\/file\/d\/1_Wz2pAypowftJ6acwdj5hDinhY1p-lU_\/view?usp=drive_link\">VER ACTA<\/a>     <\/td><td>&nbsp;<\/td><\/tr><tr><td>133<\/td><td>Seminario de Campa\u00f1as Electorales<\/td><td>MTRO. BEQUER NEFTALI CHOCOOJ<\/td><td><a href=\"https:\/\/drive.google.com\/file\/d\/16JsY0rzeORfO7nKmyifOh_qy0Ycd0-i2\/view?usp=sharing\" target=\"_blank\" rel=\"noreferrer noopener\">Ver Acta<\/a><\/td><td>&nbsp;<\/td><\/tr><tr><td>134<\/td><td>Encuestas<\/td><td>MTRO. OSCAR CHAVEZ<\/td><td><a href=\"https:\/\/drive.google.com\/file\/d\/1fjPzyVxnLumuDXoLNaI7Cl3xbvJOGXpc\/view?usp=sharing\" target=\"_blank\" rel=\"noreferrer noopener\">Ver Acta<\/a><\/td><td>&nbsp;<\/td><\/tr><tr><td>135<\/td><td>Mercadeo Pol\u00edtico<\/td><td>MTRO. FRANCISCO JOS\u00c9 LEMUS MIRANDA<\/td><td><a href=\"https:\/\/drive.google.com\/file\/d\/11n3D63fZDjtjGtEH0Zb7JMjYBDF3RtU1\/view?usp=sharing\" target=\"_blank\" rel=\"noreferrer noopener\">Ver Acta<\/a><\/td><td>&nbsp;<\/td><\/tr><\/tbody><\/table><\/figure>\n<\/div>\n<\/div>\n\n\n\n<div class=\"wp-block-columns is-layout-flex wp-container-20\">\n<div class=\"wp-block-column is-layout-flow\">\n<div class=\"wp-block-buttons is-layout-flex\">\n<div class=\"wp-block-button\"><a class=\"wp-block-button__link has-black-color has-vivid-cyan-blue-background-color has-text-color has-background wp-element-button\" href=\"https:\/\/cienciapolitica.usac.edu.gt\/?page_id=9495\">Regresar al Men\u00fa<\/a><\/div>\n<\/div>\n<\/div>\n<\/div>\n","protected":false},"excerpt":{"rendered":"<p>ACTAS 2-2024 CUARTO CICLO SECCI\u00d3N A C\u00d3DIGO CURSO DOCENTE ACTA FINAL RECUPERACI\u00d3N 103 Teor\u00eda Pol\u00edtica I &nbsp;MTRO. MYNOR RAFAEL GARC\u00cdA MENDEZ &nbsp; Ver Acta &nbsp; 104 Sistemas Pol\u00edticos I MTRA. GEIDY MAGALI DE MATA MEDRANO Ver Acta &nbsp; 18 Metodolog\u00eda de las Ciencias Sociales IV &nbsp;LICDA. ANA RITA CANEK ROMERO Ver Acta &nbsp; 19 Micro [&hellip;]<\/p>\n","protected":false},"author":1,"featured_media":0,"parent":0,"menu_order":0,"comment_status":"closed","ping_status":"closed","template":"","meta":[],"_links":{"self":[{"href":"https:\/\/cienciapolitica.usac.edu.gt\/index.php?rest_route=\/wp\/v2\/pages\/9505"}],"collection":[{"href":"https:\/\/cienciapolitica.usac.edu.gt\/index.php?rest_route=\/wp\/v2\/pages"}],"about":[{"href":"https:\/\/cienciapolitica.usac.edu.gt\/index.php?rest_route=\/wp\/v2\/types\/page"}],"author":[{"embeddable":true,"href":"https:\/\/cienciapolitica.usac.edu.gt\/index.php?rest_route=\/wp\/v2\/users\/1"}],"replies":[{"embeddable":true,"href":"https:\/\/cienciapolitica.usac.edu.gt\/index.php?rest_route=%2Fwp%2Fv2%2Fcomments&post=9505"}],"version-history":[{"count":86,"href":"https:\/\/cienciapolitica.usac.edu.gt\/index.php?rest_route=\/wp\/v2\/pages\/9505\/revisions"}],"predecessor-version":[{"id":9995,"href":"https:\/\/cienciapolitica.usac.edu.gt\/index.php?rest_route=\/wp\/v2\/pages\/9505\/revisions\/9995"}],"wp:attachment":[{"href":"https:\/\/cienciapolitica.usac.edu.gt\/index.php?rest_route=%2Fwp%2Fv2%2Fmedia&parent=9505"}],"curies":[{"name":"wp","href":"https:\/\/api.w.org\/{rel}","templated":true}]}}