{"id":9154,"date":"2024-07-10T00:52:39","date_gmt":"2024-07-10T00:52:39","guid":{"rendered":"https:\/\/cienciapolitica.usac.edu.gt\/?page_id=9154"},"modified":"2024-08-01T17:14:18","modified_gmt":"2024-08-01T17:14:18","slug":"actas-de-escuela-de-vacaciones-junio-2024","status":"publish","type":"page","link":"https:\/\/cienciapolitica.usac.edu.gt\/?page_id=9154","title":{"rendered":"ACTAS DE ESCUELA DE VACACIONES JUNIO 2024"},"content":{"rendered":"\n<div class=\"wp-block-columns is-layout-flex wp-container-2\">\n<div class=\"wp-block-column is-layout-flow\">\n<figure class=\"wp-block-table\"><table><tbody><tr><td>c\u00f3digo       <\/td><td>Curso<\/td><td>Docente<\/td><td>&nbsp;ACTA                                  <\/td><\/tr><tr><td>002<\/td><td>Sociolog\u00eda I A<\/td><td>Lic. Carlos Roberto Monz\u00f3n Gonzalez<\/td><td><a href=\"https:\/\/drive.google.com\/file\/d\/1xXiz6TpMDAPcolcWzj6dVPdHn12xK1fk\/view?usp=sharing\">Acta_Vacaciones<\/a><\/td><\/tr><tr><td>002<\/td><td>Sociolog\u00eda I B<\/td><td>M.Sc. Cinthya del Rosario Gir\u00f3n Franco<\/td><td>&nbsp;<a href=\"https:\/\/drive.google.com\/file\/d\/1Pqvm4cc2edal_GCvkOwny16jXfrLHbgp\/view?usp=drive_link\">Acta_Vacaciones<\/a><\/td><\/tr><tr><td>002<\/td><td>Sociolog\u00eda I C<\/td><td>Licda. Mar\u00eda Consuelo Morales<\/td><td><a href=\"https:\/\/drive.google.com\/file\/d\/15nggvsQZS_Sc9A98DfLBnZCUka96hb6o\/view?usp=drive_link\">&nbsp;Acta_Vacaciones<\/a><\/td><\/tr><tr><td>002<\/td><td>Sociolog\u00eda I D<\/td><td>Licda. Ana Lepe<\/td><td><a href=\"https:\/\/drive.google.com\/file\/d\/1nlJqIZWkYnlYGH1q9VAC-bTOtB80Mhuw\/view?usp=drive_link\">&nbsp;Acta_Vacaciones<\/a><\/td><\/tr><tr><td>003<\/td><td>Relaciones Internacionales I&nbsp; A<\/td><td>Licda. Johann Estefany Gir\u00f3n Linares<\/td><td>&nbsp;<a href=\"https:\/\/drive.google.com\/file\/d\/1tbT5IWy8YaZedDuRhyUzS4aV4Z1WToNZ\/view?usp=drive_link\">Acta_Vacaciones<\/a><\/td><\/tr><tr><td>003<\/td><td>Relaciones Internacionales I B<\/td><td>Licda. Ana Rita Consuelo Canek Romero<\/td><td>&nbsp;<a href=\"https:\/\/drive.google.com\/file\/d\/1uE-MbJ5l237bd3knG8x_2jjcmhmlluru\/view?usp=drive_link\">Acta_Vacaciones<\/a><\/td><\/tr><tr><td>006<\/td><td>Ciencia Politica II U<\/td><td>Licda- Wendy Beatriz Mansilla Figueroa<\/td><td>&nbsp;<a href=\"https:\/\/drive.google.com\/file\/d\/155Y1wt-XG-DUiPz4x3tfGwXuSMqh7NQB\/view?usp=drive_link\">Acta_Vacaciones<\/a><\/td><\/tr><tr><td>007<\/td><td>Sociolog\u00eda II A<\/td><td>Licda.Delmy Mirrut Escobar Perdomo<\/td><td><a href=\"https:\/\/drive.google.com\/file\/d\/1yLpGWeOwvs62oFi1X-cIdNzibSjqZf_C\/view?usp=drive_link\">&nbsp;Acta_Vacaciones<\/a><\/td><\/tr><tr><td>007<\/td><td>Sociolog\u00eda II B<\/td><td>Lic. Juan Ram\u00f3n Donado<\/td><td>&nbsp;<a href=\"https:\/\/drive.google.com\/file\/d\/1shfUvd7KKK8-r9tNtlrrGPY2u2PEFug7\/view?usp=drive_link\">Acta_Vacaciones<\/a><\/td><\/tr><tr><td>007<\/td><td>Sociolog\u00eda II C<\/td><td>Licda. Monica Garrido<\/td><td>&nbsp;<a href=\"https:\/\/drive.google.com\/file\/d\/1kw0qXVPKtNQDUO96kFqIWLs0RrYVIacP\/view?usp=drive_link\">Acta_Vacaciones<\/a><\/td><\/tr><tr><td>008<\/td><td>Relaciones internacionales&nbsp; II A<\/td><td>Licda, Emily Margateth Gir\u00f3n Beltr\u00e1n<\/td><td>&nbsp;<a href=\"https:\/\/drive.google.com\/file\/d\/1CfrZHV2GtGi8K5jorBCvtyPLoSCKyhsk\/view?usp=drive_link\">Acta_ Vacaciones<\/a><\/td><\/tr><tr><td>008<\/td><td>Relaciones internacionales&nbsp; II B<\/td><td>Lic.Luis Fernando de Le\u00f3n Laparra<\/td><td>\u00a0<a href=\"https:\/\/drive.google.com\/file\/d\/1dbV9r5X4_dnil9mgQezKgrOvASxLG0Tw\/view?usp=drive_link\">Acta_vacaciones<\/a><\/td><\/tr><tr><td>008<\/td><td>Relaciones internacionales&nbsp; II C<\/td><td>Lic. William Eulicer Smith Charles<\/td><td><a href=\"https:\/\/drive.google.com\/file\/d\/1hVLLqww3ROPV4KMu6uy8DxtqBwWo5zuB\/view?usp=drive_link\">Acta_vacaciones<\/a><\/td><\/tr><tr><td>011<\/td><td>Filosof\u00eda&nbsp; U<\/td><td>Licda. Cory Gir\u00f3n<\/td><td><a href=\"https:\/\/drive.google.com\/file\/d\/113yGjnsaiAesB30RtKtvCfxZ6h_DYKkj\/view?usp=drive_link\">Acta_Vacaciones<\/a><\/td><\/tr><tr><td>018<\/td><td>Metodolog\u00eda de la Ciencias Sociales IV&nbsp; A1- A3<\/td><td>Licda. Amanda Solorzano<\/td><td>&nbsp;<a href=\"https:\/\/drive.google.com\/file\/d\/1b6M2uGSrrViFu80dI6hNkzR3n7JZ_0FW\/view?usp=drive_link\">Acta_CP<\/a><br><a href=\"https:\/\/drive.google.com\/file\/d\/1vvV7z9SZWCLY1AHm56tPXd0GoK5E_j8X\/view?usp=drive_link\">Acta_RRII<\/a><\/td><\/tr><tr><td>019<\/td><td>Macro y Microeconom\u00eda A1 A2 A3<\/td><td>Licda. Glenda Soto<\/td><td>&nbsp;<a href=\"https:\/\/drive.google.com\/file\/d\/1tVtbfjU9CkFZRqg1J_p1xQ0yYDaU69OF\/view?usp=drive_link\">acta_RRII<\/a><br><a href=\"https:\/\/drive.google.com\/file\/d\/1m6nqjrItgAa6ygul_Mc_uW3BEPA6ipl8\/view?usp=drive_link\">Acta_CP<\/a><br><a href=\"https:\/\/drive.google.com\/file\/d\/1UP1Oa-CGpaALxkE9hgxs3alhwBVCJR71\/view?usp=drive_link\">Acta_SOC<\/a><\/td><\/tr><tr><td>031<\/td><td>Historia de Guatemala III&nbsp; A1&nbsp; A3<\/td><td>Dr. Norman Mendoza<\/td><td><a href=\"https:\/\/drive.google.com\/file\/d\/1s81lRPSaqNGSqwOUpvJ8pWzUOW_5WjxA\/view?usp=drive_link\">Actacp_Vacaciones<\/a><br><a href=\"https:\/\/drive.google.com\/file\/d\/1Wemfw1wb5BCM1-uUOr-valHwu3_LaCtw\/view?usp=drive_link\">ActaRRII_Vacaciones<\/a><\/td><\/tr><tr><td>055<\/td><td>Informe de Tesis&nbsp;&nbsp; A1- A2 Y&nbsp; A3<\/td><td>Lic-Selvin Alberto D\u00edaz Cabrera<\/td><td><a href=\"https:\/\/drive.google.com\/file\/d\/1TOLYTcdHeOANGvdsRsYq6ydvpIYuuKdA\/view?usp=drive_link\">Acta_CP<\/a><br><a href=\"https:\/\/drive.google.com\/file\/d\/1iopvcmZLrmWeI41qnyf-RmQ_wPqxlJEp\/view?usp=drive_link\">Acta_ SOC<\/a><br><a href=\"https:\/\/drive.google.com\/file\/d\/1c8NZZR6wija-0x3WlYMtGlR-Yo7iwpQN\/view?usp=drive_link\">Acta_RRII<\/a><\/td><\/tr><tr><td>062<\/td><td>Teor\u00eda de las Relaciones Internacionales U<\/td><td>Licda. Beverly Monroy<\/td><td><a href=\"https:\/\/drive.google.com\/file\/d\/1Xh5a9GTjEjpcmnZ72Lk8X1BPYsnOwCZY\/view?usp=drive_link\">&nbsp;Acta_vacaciones<\/a><\/td><\/tr><tr><td>064<\/td><td>Teor\u00eda para el An\u00e1lisis Pol\u00edtico Internacional U<\/td><td>Lic. Mynor Rafael Garc\u00eda Mendez<\/td><td>&nbsp;<a href=\"https:\/\/drive.google.com\/file\/d\/1xuZmrRKczhS2fBfMstZLXFUYnzKVdmpQ\/view?usp=drive_link\">Acta_vacaciones<\/a><\/td><\/tr><tr><td>072<\/td><td>Organismos Internacionales&nbsp; U<\/td><td>LIcda. Alejandra Isabel Moreira Abad\u00edo<\/td><td><a href=\"https:\/\/drive.google.com\/file\/d\/1E8qQFJNGlUHxbvJtJRcAUzJT3GHy_RQJ\/view?usp=drive_link\">&nbsp;Acta_Vacaciones<\/a><\/td><\/tr><tr><td>077<\/td><td>Geopol\u00edtica&nbsp; U<\/td><td>Lic. David Jos\u00e9 Escobedo Mayen<\/td><td>&nbsp;<a href=\"https:\/\/drive.google.com\/file\/d\/1b5DjsdvBlCsNYodXeNCnjOjgYLD4SHty\/view?usp=drive_link\">Acta_vacaciones<\/a><\/td><\/tr><tr><td>081<\/td><td>An\u00e1lisis de los Conflictos Internacionales Contempor\u00e1neos&nbsp; U<\/td><td>Lic. Secil de Le\u00f3n<\/td><td><a href=\"https:\/\/drive.google.com\/file\/d\/1AhZNbZytIPak-wIpjXHTn6Z54LXMlcvM\/view?usp=drive_link\">&nbsp;Acta_vacaciones<\/a><\/td><\/tr><tr><td>082<\/td><td>Pol\u00edtica Exterior de Guatemala&nbsp; U<\/td><td>Lic.Joge Amado<\/td><td>&nbsp;<a href=\"https:\/\/drive.google.com\/file\/d\/1C--lz9t53ZKMmeDkIxQUYQGlqNm-XI6e\/view?usp=drive_link\">Acta_vacaciones<\/a><\/td><\/tr><tr><td>084<\/td><td>Negociaci\u00f3n Internacional&nbsp; U<\/td><td>Licda. Ingrid Quill<\/td><td>&nbsp;<a href=\"https:\/\/drive.google.com\/file\/d\/1TQOnXek3Y7fW1dHxT-PwLGPNay7reHVH\/view?usp=drive_link\">Acta_Vacaciones<\/a><\/td><\/tr><tr><td>098<\/td><td>Amenazas y Riesgos a la Seguridad Internacional U<\/td><td>Licda. Sory&nbsp; Vanessa G\u00f3mez&nbsp; Ramirez<\/td><td><a href=\"https:\/\/drive.google.com\/file\/d\/1gTsXYKxuPByoTKqFDU0P_gE5cIHLuI8u\/view?usp=drive_link\" target=\"_blank\" rel=\"noreferrer noopener\">Acta_Vacaciones<\/a>                            <\/td><\/tr><tr><td>109<\/td><td>Administraci\u00f3n P\u00fablica I<\/td><td>Dr. Norman Mendoza<\/td><td>&nbsp;<a href=\"https:\/\/drive.google.com\/file\/d\/1LrrzKiuuKxXN7wwHH_anIzQGc_lsyCvk\/view?usp=drive_link\">Acta_Vacaciones<\/a><\/td><\/tr><tr><td>140<\/td><td>Seminario de Ejecuci\u00f3n Presupuestaria del Estado U<\/td><td>Licda. Virginia Susely Ram\u00edrez Agueda<\/td><td>&nbsp;<a href=\"https:\/\/drive.google.com\/file\/d\/1gDRQMjuqj62mjjwXHEiSiQcsiLSSKuUJ\/view?usp=drive_link\">Acta_Vacaciones<\/a><\/td><\/tr><\/tbody><\/table><\/figure>\n<\/div>\n<\/div>\n\n\n\n<div class=\"wp-block-buttons is-layout-flex\">\n<div class=\"wp-block-button\"><a class=\"wp-block-button__link wp-element-button\" href=\"https:\/\/cienciapolitica.usac.edu.gt\/?page_id=8849(abre en una nueva pesta\u00f1a)\">REGRESAR<\/a><\/div>\n<\/div>\n","protected":false},"excerpt":{"rendered":"<p>c\u00f3digo Curso Docente &nbsp;ACTA 002 Sociolog\u00eda I A Lic. Carlos Roberto Monz\u00f3n Gonzalez Acta_Vacaciones 002 Sociolog\u00eda I B M.Sc. Cinthya del Rosario Gir\u00f3n Franco &nbsp;Acta_Vacaciones 002 Sociolog\u00eda I C Licda. Mar\u00eda Consuelo Morales &nbsp;Acta_Vacaciones 002 Sociolog\u00eda I D Licda. Ana Lepe &nbsp;Acta_Vacaciones 003 Relaciones Internacionales I&nbsp; A Licda. Johann Estefany Gir\u00f3n Linares &nbsp;Acta_Vacaciones 003 Relaciones [&hellip;]<\/p>\n","protected":false},"author":101014,"featured_media":0,"parent":0,"menu_order":0,"comment_status":"closed","ping_status":"closed","template":"","meta":[],"_links":{"self":[{"href":"https:\/\/cienciapolitica.usac.edu.gt\/index.php?rest_route=\/wp\/v2\/pages\/9154"}],"collection":[{"href":"https:\/\/cienciapolitica.usac.edu.gt\/index.php?rest_route=\/wp\/v2\/pages"}],"about":[{"href":"https:\/\/cienciapolitica.usac.edu.gt\/index.php?rest_route=\/wp\/v2\/types\/page"}],"author":[{"embeddable":true,"href":"https:\/\/cienciapolitica.usac.edu.gt\/index.php?rest_route=\/wp\/v2\/users\/101014"}],"replies":[{"embeddable":true,"href":"https:\/\/cienciapolitica.usac.edu.gt\/index.php?rest_route=%2Fwp%2Fv2%2Fcomments&post=9154"}],"version-history":[{"count":48,"href":"https:\/\/cienciapolitica.usac.edu.gt\/index.php?rest_route=\/wp\/v2\/pages\/9154\/revisions"}],"predecessor-version":[{"id":9320,"href":"https:\/\/cienciapolitica.usac.edu.gt\/index.php?rest_route=\/wp\/v2\/pages\/9154\/revisions\/9320"}],"wp:attachment":[{"href":"https:\/\/cienciapolitica.usac.edu.gt\/index.php?rest_route=%2Fwp%2Fv2%2Fmedia&parent=9154"}],"curies":[{"name":"wp","href":"https:\/\/api.w.org\/{rel}","templated":true}]}}