{"id":8894,"date":"2024-05-20T19:05:48","date_gmt":"2024-05-20T19:05:48","guid":{"rendered":"https:\/\/cienciapolitica.usac.edu.gt\/?page_id=8894"},"modified":"2024-08-05T20:35:36","modified_gmt":"2024-08-05T20:35:36","slug":"actas-de-sociologia-1-2024","status":"publish","type":"page","link":"https:\/\/cienciapolitica.usac.edu.gt\/?page_id=8894","title":{"rendered":"ACTAS DE SOCIOLOG\u00cdA  1-2024"},"content":{"rendered":"\n<div class=\"wp-block-buttons has-custom-font-size has-small-font-size is-layout-flex\" style=\"text-decoration:underline\">\n<div class=\"wp-block-button has-custom-width wp-block-button__width-25\"><a class=\"wp-block-button__link wp-element-button\" href=\"https:\/\/cienciapolitica.usac.edu.gt\/?page_id=8849\">Regreso <\/a><\/div>\n<\/div>\n\n\n\n<p>QUINTO CICLO  SECCI\u00d3N   A<\/p>\n\n\n\n<div class=\"wp-block-columns has-white-background-color has-background is-layout-flex wp-container-3\">\n<div class=\"wp-block-column is-layout-flow\">\n<figure class=\"wp-block-table is-style-stripes\"><table><tbody><tr><td>&nbsp;C\u00d3DIGO              <\/td><td>&nbsp;CURSO<\/td><td colspan=\"2\">&nbsp;DOCENTE                  <\/td><td>&nbsp;ACTA FINAL<\/td><td>RECUPERACI\u00d3N&nbsp;                           <\/td><\/tr><tr><td>22<\/td><td>&nbsp;Teor\u00eda Sociol\u00f3gica II<\/td><td colspan=\"2\">No tiene alumnos<\/td><td>&nbsp;<\/td><td>&nbsp;<\/td><\/tr><tr><td>23<\/td><td>Sociolog\u00eda de Guatemala II<\/td><td colspan=\"2\">No tiene alumnos<\/td><td>&nbsp;<\/td><td>&nbsp;<\/td><\/tr><tr><td>24<\/td><td>&nbsp;An\u00e1lisis de Experiencias de Investigaci\u00f3n Sociol\u00f3gica I<\/td><td colspan=\"2\">No tiene alumnos<\/td><td>&nbsp;<\/td><td>&nbsp;<\/td><\/tr><tr><td>25<\/td><td>&nbsp;Historia de Guatemala II<\/td><td colspan=\"2\">No tiene alumnos<\/td><td>&nbsp;<\/td><td>&nbsp;<\/td><\/tr><tr><td>27<\/td><td colspan=\"2\">&nbsp;Sociolog\u00eda del Derecho<\/td><td>No tiene alumnos<\/td><td>&nbsp;<\/td><td>&nbsp;<\/td><\/tr><\/tbody><\/table><figcaption class=\"wp-element-caption\">S\u00c9PTIMO CICLO SECCI\u00d3N A<\/figcaption><\/figure>\n<\/div>\n<\/div>\n\n\n\n<div class=\"wp-block-columns is-layout-flex wp-container-5\">\n<div class=\"wp-block-column is-layout-flow\">\n<figure class=\"wp-block-table\"><table><tbody><tr><td>&nbsp;C\u00d3DIGO          <\/td><td>&nbsp;CURSO<\/td><td>&nbsp;DOCENTE<\/td><td>&nbsp;ACTA FINAL<\/td><td>RECUPERACI\u00d3N&nbsp;<\/td><\/tr><tr><td>34<\/td><td>Teor\u00eda Sociol\u00f3gica IV<\/td><td>LICDA. CINDY LISBETH POROJ CARABALLO<\/td><td>&nbsp;<a href=\"https:\/\/drive.google.com\/file\/d\/1ECFX4PJ3kIY2YAoj7XHgKhAeEpJsgv3_\/view?usp=drive_link\" target=\"_blank\" rel=\"noreferrer noopener\">FINAL<\/a><\/td><td>&nbsp;<\/td><\/tr><tr><td>35<\/td><td>&nbsp;Sociolog\u00eda de Guatemala IV<\/td><td>DR. LUIS FERNANDO MACK ECHEVERR\u00cdA<\/td><td>&nbsp;<a href=\"https:\/\/drive.google.com\/file\/d\/1xIzcMMl3C87m9CsJ189xugbjJYBqbQOP\/view?usp=drive_link\" target=\"_blank\" rel=\"noreferrer noopener\">FINAL<\/a><\/td><td>&nbsp;<\/td><\/tr><tr><td>36<\/td><td>&nbsp;Epistemolog\u00eda de las Ciencias Sociales<\/td><td>DR. CARLOS ORLANDO OLIVA MURALLES<\/td><td>&nbsp;<a href=\"https:\/\/drive.google.com\/file\/d\/16fzym3Xru0p4jUm6LobN_rcn2i-Q5FzU\/view?usp=drive_link\" target=\"_blank\" rel=\"noreferrer noopener\">FINAL<\/a><\/td><td>&nbsp;<\/td><\/tr><tr><td>37<\/td><td>Sociolog\u00eda Pol\u00edtica I<\/td><td>&nbsp;LIC. CHRISTIAN MANUEL CALDER\u00d3N CEDILLOS<\/td><td>&nbsp;<a href=\"https:\/\/drive.google.com\/file\/d\/1vl2gbNdCAIZl8ia4NrUroEWTDFksRuFa\/view?usp=drive_link\" target=\"_blank\" rel=\"noreferrer noopener\">FINAL<\/a><\/td><td>\u00a0<a href=\"https:\/\/drive.google.com\/file\/d\/1RcGcH5fMhOjmT17HIu34QJBSPmankgL4\/view?usp=drive_link\">Primera<\/a><\/td><\/tr><tr><td>39<\/td><td>Violencia y Paz en Guatemala<\/td><td>DR. CARLOS FREDY OCHOA<\/td><td><a href=\"https:\/\/drive.google.com\/file\/d\/16Nnrk9U5T2cMRo_lc8okuaswotpKYf_G\/view?usp=drive_link\" target=\"_blank\" rel=\"noreferrer noopener\">&nbsp;FINAL<\/a><\/td><td>&nbsp;<\/td><\/tr><\/tbody><\/table><\/figure>\n<\/div>\n<\/div>\n\n\n\n<p>NOVENO CICLO SECCI\u00d3N A<\/p>\n\n\n\n<div class=\"wp-block-columns is-layout-flex wp-container-7\">\n<div class=\"wp-block-column is-layout-flow\">\n<figure class=\"wp-block-table\"><table><tbody><tr><td>&nbsp;C\u00d3DIGO                         <\/td><td>&nbsp;CURSO<\/td><td>&nbsp;DOCENTE<\/td><td>&nbsp;ACTA FINAL                      <\/td><td>RECUPERACI\u00d3N&nbsp;                                              <\/td><\/tr><tr><td>46<\/td><td>&nbsp;Seminario sobre Teor\u00edas Sociol\u00f3gicas contemporareas<\/td><td>DR. EDMUNDO REN\u00c9 URRUTIA<\/td><td><a href=\"https:\/\/drive.google.com\/file\/d\/1b9M9XcSOCvP9NtvTQgO5RVAQaeX58JG-\/view?usp=drive_link\" target=\"_blank\" rel=\"noreferrer noopener\">&nbsp;FINAL<\/a><\/td><td>&nbsp;<\/td><\/tr><tr><td>56<\/td><td>&nbsp;Seminario de Estudios sobre Violencia y Paz en Guatemala<\/td><td>&nbsp;LIC. CHRISTIAN MANUEL CALDER\u00d3N CEDILLOS<\/td><td>&nbsp;<a href=\"https:\/\/drive.google.com\/file\/d\/1cv4K5HR8YpWaAqp-lciYWxYeQJNQEFn0\/view?usp=drive_link\" target=\"_blank\" rel=\"noreferrer noopener\">FINAL<\/a><\/td><td>&nbsp;<\/td><\/tr><tr><td>57<\/td><td>&nbsp;Seminario sobre Pol\u00edticas de Seguridad y Prevenvion del delito<\/td><td>DR. JAIME SARAVIA<\/td><td><a href=\"https:\/\/drive.google.com\/file\/d\/1rhkX3apFcPU4d6oqZhdxpElsTbKPnlYy\/view?usp=drive_link\" target=\"_blank\" rel=\"noreferrer noopener\">FINAL<\/a><\/td><td>&nbsp;<\/td><\/tr><tr><td>58<\/td><td>Seminario sobre Movimientos Sociales de Derechos Humanos y acceso a la Justicia<\/td><td>MTRO. H\u00c9CTOR OSWALDO SAMAYOA SOSA<\/td><td><a href=\"https:\/\/drive.google.com\/file\/d\/1KuYJfOcPFxnoTNc-sbQLqNcMH3Jum2cF\/view?usp=drive_link\" target=\"_blank\" rel=\"noreferrer noopener\">&nbsp;FINAL<\/a><\/td><td>&nbsp;<\/td><\/tr><tr><td>50<\/td><td>&nbsp;Dise\u00f1o de Investigaci\u00f3n de Tesis II<\/td><td>MTRO. BEQUER NEFTAL\u00cd CHOCOOJ DE LA CRUZ<\/td><td>&nbsp;<a href=\"https:\/\/drive.google.com\/file\/d\/1RMDmLC359jblp9nos61J9QLMxqEPrEGe\/view?usp=drive_link\" target=\"_blank\" rel=\"noreferrer noopener\">FINAL<\/a><\/td><td>&nbsp;<\/td><\/tr><\/tbody><\/table><figcaption class=\"wp-element-caption\">QUINTO CICLO SECCI\u00d3N B<\/figcaption><\/figure>\n<\/div>\n<\/div>\n\n\n\n<figure class=\"wp-block-table\"><table><tbody><tr><td>&nbsp;CODIGO<\/td><td>&nbsp;CURSO<\/td><td>&nbsp;DOCENTE<\/td><td>&nbsp;ACTA FINAL<\/td><td>RECUPERACI\u00d3N&nbsp;<\/td><\/tr><tr><td>22<\/td><td>Teor\u00eda Sociol\u00f3gica II 3<\/td><td>DR. JORGE RUANO<\/td><td>&nbsp;<a href=\"https:\/\/drive.google.com\/file\/d\/1368DoKAivOzJ64TnI2kwkdJ0yXmuH35r\/view?usp=drive_link\" target=\"_blank\" rel=\"noreferrer noopener\">FINAL<\/a><\/td><td>&nbsp;<\/td><\/tr><tr><td>23<\/td><td>023 Sociolog\u00eda de Guatemala II 3<\/td><td>LIC. BORIS CABRERA CIFUENTES<\/td><td><a href=\"https:\/\/drive.google.com\/file\/d\/1hllhn3zmn-qDVAXiKhUKAEmjHIyxibPE\/view?usp=drive_link\" target=\"_blank\" rel=\"noreferrer noopener\">&nbsp;FINAL<\/a><\/td><td><a href=\"https:\/\/drive.google.com\/file\/d\/1cLFWZalmjmwVW2AIAR1QbGVCjaU56qPV\/view?usp=sharing\" target=\"_blank\" rel=\"noreferrer noopener\">&nbsp;1ra. Oportunidad<\/a><\/td><\/tr><tr><td>24<\/td><td>024 An\u00e1lisis de Experiencias de Investigaci\u00f3n Sociol\u00f3gica I<\/td><td>LICDA.&nbsp; AMANDA SOLORZANO<\/td><td>&nbsp;<a href=\"https:\/\/drive.google.com\/file\/d\/1G7UvryJM_UjsM7c30J6i_AsK1Rnd-HG-\/view?usp=drive_link\" target=\"_blank\" rel=\"noreferrer noopener\">FINAL<\/a><\/td><td>&nbsp;<\/td><\/tr><tr><td>25<\/td><td>025 Historia de Guatemala II 2<\/td><td>LIC. JUAN&nbsp; CARLOS GUZM\u00c1N MOR\u00c1N<\/td><td><a href=\"https:\/\/drive.google.com\/file\/d\/1clctT0gAr3P2k1jPxrbQ6Jv7fMIToPjl\/view?usp=drive_link\" target=\"_blank\" rel=\"noreferrer noopener\">&nbsp;FINAL<\/a><\/td><td>&nbsp;<\/td><\/tr><tr><td>26<\/td><td>026 Sociolog\u00eda de G\u00e9nero y Etnia I<\/td><td>DR. AROLDO GAMALIEL CAMPOSECO MONTEJO<\/td><td><a href=\"https:\/\/drive.google.com\/file\/d\/1uaGnbC2AWHiobQ-MIg6XHAZ8JZPSF22H\/view?usp=drive_link\" target=\"_blank\" rel=\"noreferrer noopener\">&nbsp;FINAL<\/a><\/td><td>&nbsp;<\/td><\/tr><\/tbody><\/table><\/figure>\n\n\n\n<p>S\u00c9PTIMO CICLO SECCI\u00d3N B<\/p>\n\n\n\n<figure class=\"wp-block-table\"><table><tbody><tr><td>&nbsp;CODIGO<\/td><td>&nbsp;CURSO<\/td><td>&nbsp;DOCENTE<\/td><td>&nbsp;ACTA FINAL<\/td><td>RECUPERACI\u00d3N&nbsp;<\/td><\/tr><tr><td>34<\/td><td>034 Teor\u00eda Sociol\u00f3gica IV<\/td><td>DRA. ANA NINETH BURGOS M\u00c9NDEZ<\/td><td>&nbsp;<a href=\"https:\/\/drive.google.com\/file\/d\/1x7GE_UcZxDmeiJV30tbV_vJYKgAHNNkZ\/view?usp=drive_link\" target=\"_blank\" rel=\"noreferrer noopener\">FINAL<\/a><\/td><td>&nbsp;<\/td><\/tr><tr><td>35<\/td><td>035 Sociolog\u00eda de Guatemala IV<\/td><td>DR. JORGE RUANO<\/td><td>&nbsp;<a href=\"https:\/\/drive.google.com\/file\/d\/1ZWHz_BXuOiY-QoiQ6_vee1XMKbH6GlkG\/view?usp=drive_link\" target=\"_blank\" rel=\"noreferrer noopener\">FINAL<\/a><\/td><td>&nbsp;<\/td><\/tr><tr><td>36<\/td><td>036 Epistemolog\u00eda de las Ciencias Sociales<\/td><td>LIC. BORIS ABELARDO CABRERA CIFUENTES<\/td><td>&nbsp;<a href=\"https:\/\/drive.google.com\/file\/d\/1afE9AY5COxGauTZBPU0exMLaPy4tPcCT\/view?usp=drive_link\" target=\"_blank\" rel=\"noreferrer noopener\">FINAL<\/a><\/td><td>&nbsp;<\/td><\/tr><tr><td>37<\/td><td>037 Sociolog\u00eda Pol\u00edtica I<\/td><td>DR. LUIS FERNANDO MACK ECHEVERR\u00cdA<\/td><td><a href=\"https:\/\/drive.google.com\/file\/d\/1ZI6CzWw5qXnEsT9nYzK_SKYPKXFectyv\/view?usp=drive_link\" target=\"_blank\" rel=\"noreferrer noopener\">FINAL<\/a><\/td><td>&nbsp;<\/td><\/tr><tr><td>38<\/td><td>038 Relaciones \u00c9tnicas en Guatemala<\/td><td>DRA. ANA NINETH BURGOS M\u00c9NDEZ<\/td><td><a href=\"https:\/\/drive.google.com\/file\/d\/12jVGlTUbg_8II0093wmfEKLqvSd2w7sz\/view?usp=drive_link\" target=\"_blank\" rel=\"noreferrer noopener\">&nbsp;FINAL<\/a><\/td><td>&nbsp;<\/td><\/tr><\/tbody><\/table><\/figure>\n\n\n\n<p>NOVENO CICLO SECCI\u00d3N B<\/p>\n\n\n\n<div class=\"wp-block-columns is-layout-flex wp-container-9\">\n<div class=\"wp-block-column is-layout-flow\">\n<figure class=\"wp-block-table\"><table><tbody><tr><td>&nbsp;C\u00d3DIGO                         <\/td><td>&nbsp;CURSO<\/td><td>&nbsp;DOCENTE<\/td><td>&nbsp;ACTA FINAL              <\/td><td>RECUPERACI\u00d3N&nbsp;                                                            <\/td><\/tr><tr><td>46<\/td><td> Seminario sobre Teor\u00edas Sociol\u00f3gicas Contempor\u00e1neas<\/td><td>&nbsp;&nbsp;&nbsp;DR. LUIS FERNANDO MACK ECHEVERR\u00cdA<\/td><td>&nbsp;<a href=\"https:\/\/drive.google.com\/file\/d\/1EQySZFXd25ZWQwr1rN-e5vTVFnwydV2e\/view?usp=drive_link\" target=\"_blank\" rel=\"noreferrer noopener\">FINAL<\/a><\/td><td>&nbsp;<\/td><\/tr><tr><td>47<\/td><td> Seminario sobre Estudios de G\u00e9nero y Etnicidad en Guatemala<\/td><td>No hay alumnos<\/td><td>&nbsp;<\/td><td>&nbsp;<\/td><\/tr><tr><td>48<\/td><td>Seminario sobre Pol\u00edticas Sociales para la Erradicaci\u00f3n del Racismo y la Discriminaci\u00f3n en GUATEMALA<\/td><td>No hay alumnos<\/td><td>&nbsp;<\/td><td>&nbsp;<\/td><\/tr><tr><td>49<\/td><td>Seminario sobre Pol\u00edticas P\u00fablicas para el Acceso a la Justicia y Equidad de G\u00e9nero<\/td><td>No hay alumnos<\/td><td>&nbsp;<\/td><td>&nbsp;<\/td><\/tr><tr><td>50<\/td><td>Dise\u00f1o de Investigaci\u00f3n de Tesis II<\/td><td>MAESTRA NORA LIZETH G\u00c1LVEZ GARC\u00cdA                        <\/td><td><a href=\"https:\/\/drive.google.com\/file\/d\/1T8ZoyKmwyaB_jC7MXMd6BTf55WZ2hsgC\/view?usp=drive_link\" target=\"_blank\" rel=\"noreferrer noopener\">FINAL<\/a><\/td><td>&nbsp;<\/td><\/tr><\/tbody><\/table><\/figure>\n<\/div>\n<\/div>\n","protected":false},"excerpt":{"rendered":"<p>QUINTO CICLO SECCI\u00d3N A &nbsp;C\u00d3DIGO &nbsp;CURSO &nbsp;DOCENTE &nbsp;ACTA FINAL RECUPERACI\u00d3N&nbsp; 22 &nbsp;Teor\u00eda Sociol\u00f3gica II No tiene alumnos &nbsp; &nbsp; 23 Sociolog\u00eda de Guatemala II No tiene alumnos &nbsp; &nbsp; 24 &nbsp;An\u00e1lisis de Experiencias de Investigaci\u00f3n Sociol\u00f3gica I No tiene alumnos &nbsp; &nbsp; 25 &nbsp;Historia de Guatemala II No tiene alumnos &nbsp; &nbsp; 27 &nbsp;Sociolog\u00eda del [&hellip;]<\/p>\n","protected":false},"author":101014,"featured_media":0,"parent":0,"menu_order":0,"comment_status":"closed","ping_status":"closed","template":"","meta":[],"_links":{"self":[{"href":"https:\/\/cienciapolitica.usac.edu.gt\/index.php?rest_route=\/wp\/v2\/pages\/8894"}],"collection":[{"href":"https:\/\/cienciapolitica.usac.edu.gt\/index.php?rest_route=\/wp\/v2\/pages"}],"about":[{"href":"https:\/\/cienciapolitica.usac.edu.gt\/index.php?rest_route=\/wp\/v2\/types\/page"}],"author":[{"embeddable":true,"href":"https:\/\/cienciapolitica.usac.edu.gt\/index.php?rest_route=\/wp\/v2\/users\/101014"}],"replies":[{"embeddable":true,"href":"https:\/\/cienciapolitica.usac.edu.gt\/index.php?rest_route=%2Fwp%2Fv2%2Fcomments&post=8894"}],"version-history":[{"count":34,"href":"https:\/\/cienciapolitica.usac.edu.gt\/index.php?rest_route=\/wp\/v2\/pages\/8894\/revisions"}],"predecessor-version":[{"id":9328,"href":"https:\/\/cienciapolitica.usac.edu.gt\/index.php?rest_route=\/wp\/v2\/pages\/8894\/revisions\/9328"}],"wp:attachment":[{"href":"https:\/\/cienciapolitica.usac.edu.gt\/index.php?rest_route=%2Fwp%2Fv2%2Fmedia&parent=8894"}],"curies":[{"name":"wp","href":"https:\/\/api.w.org\/{rel}","templated":true}]}}