{"id":8106,"date":"2023-11-16T08:32:08","date_gmt":"2023-11-16T08:32:08","guid":{"rendered":"https:\/\/cienciapolitica.usac.edu.gt\/?page_id=8106"},"modified":"2024-03-23T16:35:56","modified_gmt":"2024-03-23T16:35:56","slug":"acta-final-relaciones-internacionales-2-2023","status":"publish","type":"page","link":"https:\/\/cienciapolitica.usac.edu.gt\/?page_id=8106","title":{"rendered":"ACTA FINAL RELACIONES INTERNACIONALES 2-2023"},"content":{"rendered":"\n<p>SECCI\u00d3N   A<\/p>\n\n\n\n<figure class=\"wp-block-table\"><table><tbody><tr><td>&nbsp;<\/td><td><strong>Cuarto&nbsp; Ciclo<\/strong><\/td><td>Docente<\/td><td>ACTA FINAL         <\/td><td>RECUPERACION<\/td><\/tr><tr><td>62<\/td><td>Teor\u00eda de las Relaciones Internacionales I<\/td><td>Licda. Luc\u00eda de Jes\u00fas Marroqu\u00edn Chacl\u00e1n<\/td><td><a href=\"https:\/\/drive.google.com\/file\/d\/1BC4fT5VtfF3cJdaMh8NXsMALV3--4l9g\/view?usp=sharing\" target=\"_blank\" rel=\"noreferrer noopener\">&nbsp;Ver Acta<\/a><\/td><td>&nbsp;<a rel=\"noreferrer noopener\" href=\"https:\/\/drive.google.com\/file\/d\/1qKLGXhHCcCksCUquEx0n3XpnLcmsm-SK\/view?usp=sharing\" target=\"_blank\">1ra Oportunidad<\/a><br><br><a href=\"https:\/\/drive.google.com\/file\/d\/1Hh9P35yM-UBVQpaPLDFFXmpyzlP-2CbY\/view?usp=sharing\" target=\"_blank\" rel=\"noreferrer noopener\">2da Oportunidad<\/a><\/td><\/tr><tr><td>63<\/td><td>An\u00e1lisis de la Pol\u00edtica Internacional I<\/td><td>Lic. Winston Carrillo G\u00f3mez<\/td><td><a href=\"https:\/\/drive.google.com\/file\/d\/1AZpLTLnlJcJdVy3IeGL2taR5me51gF3N\/view?usp=sharing\" target=\"_blank\" rel=\"noreferrer noopener\">&nbsp;Ver Acta<\/a><\/td><td>&nbsp;<a href=\"https:\/\/drive.google.com\/file\/d\/12kLgxv7Msv2Nd-BFEsZcxjFp7sOgbEUS\/view?usp=sharing\" target=\"_blank\" rel=\"noreferrer noopener\">1ra Oportunidad<\/a><\/td><\/tr><tr><td>18<\/td><td>Metodolog\u00eda de las Ciencias Sociales IV<\/td><td>Licda. Wendy Paola Galicia Garrido<\/td><td><a href=\"https:\/\/drive.google.com\/file\/d\/1PmRhWy8vm93Nwr8LcRsgARrTdH6T64l-\/view?usp=sharing\" target=\"_blank\" rel=\"noreferrer noopener\">Ver Acta<\/a><\/td><td><a rel=\"noreferrer noopener\" href=\"https:\/\/drive.google.com\/file\/d\/1XmSDK6DTx7Yb0liuhmcXPlITcveJIZBO\/view?usp=sharing\" target=\"_blank\">&nbsp;1ra Oportunidad<\/a><br><br><a href=\"https:\/\/drive.google.com\/file\/d\/1F3fklVvo9EN8zyWMVsCPwGjyFRCy7tfD\/view?usp=drive_link\" target=\"_blank\" rel=\"noreferrer noopener\">Complementaria<\/a><\/td><\/tr><tr><td>19<\/td><td>Micro y Macroeconom\u00eda<\/td><td>M.Sc. Mar\u00eda Elena Izquierdo Merlo<\/td><td>&nbsp;<a href=\"https:\/\/drive.google.com\/file\/d\/1XP-ay9esJLx9JeLW5S08yfBbqrL3Ctxy\/view?usp=sharing\" target=\"_blank\" rel=\"noreferrer noopener\">Ver Acta<\/a><\/td><td>&nbsp;<a rel=\"noreferrer noopener\" href=\"https:\/\/drive.google.com\/file\/d\/1kExgVNSBk1BYrLGp5Z1uRQNW1Ksq20k-\/view?usp=sharing\" target=\"_blank\">1ra. Oportunidad<\/a><br><br><a href=\"https:\/\/drive.google.com\/file\/d\/1fLQzlGIJDjfLdYtyU62zoH2rTvy8M3tW\/view?usp=sharing\" target=\"_blank\" rel=\"noreferrer noopener\">2da Oportunidad<\/a><\/td><\/tr><tr><td>65<\/td><td>Teor\u00edas&nbsp; de la Seguridad Internacional<\/td><td>Licda. Celia Nineth Flores<\/td><td><a href=\"https:\/\/drive.google.com\/file\/d\/1lj0K7F9Sq2hTDmQibSCT5VPzSBQgI5jm\/view?usp=sharing\" target=\"_blank\" rel=\"noreferrer noopener\">&nbsp;Ver Acta<\/a><\/td><td><a href=\"https:\/\/drive.google.com\/file\/d\/1aEmzwo5nahg_3Q_zCucAHOC8zHc55WtJ\/view?usp=sharing\" target=\"_blank\" rel=\"noreferrer noopener\">&nbsp;1ra. Oportunidad<\/a><\/td><\/tr><tr><td><\/td><td><\/td><td><\/td><td><\/td><td><\/td><\/tr><tr><td>&nbsp;<\/td><td><strong>Sexto Ciclo<\/strong><\/td><td>Docente<\/td><td>ACTA FINAL<\/td><td>RECUPERACION<\/td><\/tr><tr><td>71<\/td><td>Comercio Internacional<\/td><td>Licda. Johana Linares<\/td><td><a href=\"https:\/\/drive.google.com\/file\/d\/1hkBXumHeayM9Io8-ZasDKzjKqE2z1awP\/view?usp=sharing\" target=\"_blank\" rel=\"noreferrer noopener\">&nbsp;Ver Acta<\/a><\/td><td>&nbsp;<\/td><\/tr><tr><td>72<\/td><td>Organismos Internacionales I<\/td><td>Lic. Mario Mart\u00ednez Mont<\/td><td><a href=\"https:\/\/drive.google.com\/file\/d\/1FYlyYR52LwZXHnNM8UJi5BVnW0V0eTs6\/view?usp=sharing\" target=\"_blank\" rel=\"noreferrer noopener\">&nbsp;Ver Acta<\/a><\/td><td>&nbsp;<\/td><\/tr><tr><td>31<\/td><td>Historia de Guatemala III<\/td><td>Licda. Cecile Paola Tahuico<\/td><td><a href=\"https:\/\/drive.google.com\/file\/d\/12byk5FfpCOAsFDFNfcHq9pd-B6wJ6Rcx\/view?usp=sharing\" target=\"_blank\" rel=\"noreferrer noopener\">&nbsp;Ver Acta<\/a><\/td><td>&nbsp;<\/td><\/tr><tr><td>73<\/td><td>Derecho Consular y Diplom\u00e1tico<\/td><td>Lic. Javier Barrios<\/td><td><a href=\"https:\/\/drive.google.com\/file\/d\/18wfJNO2FuutCQzdHJ_Zt0xKjHck5qrvT\/view?usp=sharing\" target=\"_blank\" rel=\"noreferrer noopener\">&nbsp;Ver Acta<\/a><\/td><td>&nbsp;<\/td><\/tr><tr><td>75<\/td><td>Estructura, Actores e instituciones de Seguridad Internacional<\/td><td>Lic. C\u00e9sar Alexander Vega Gonz\u00e1lez<\/td><td><a href=\"https:\/\/drive.google.com\/file\/d\/1E9vlbrMlQ90K3KA-rOQckrd_KEqy48ca\/view?usp=sharing\" target=\"_blank\" rel=\"noreferrer noopener\">&nbsp;Ver Acta<\/a><\/td><td>&nbsp;<\/td><\/tr><tr><td><\/td><td><\/td><td><\/td><td><\/td><td><\/td><\/tr><tr><td>&nbsp;<\/td><td><strong>Octavo&nbsp;&nbsp; Ciclo<\/strong><\/td><td>Docente<\/td><td>ACTA FINAL          <\/td><td>RECUPERACION<\/td><\/tr><tr><td>82<\/td><td>Pol\u00edtica Exterior de Guatemala<\/td><td>Lic. Roberto Santiago Servent<\/td><td><a href=\"https:\/\/drive.google.com\/file\/d\/1M54E9wF440IB_e5aqOj4mrB7qvMZPZg1\/view?usp=sharing\" target=\"_blank\" rel=\"noreferrer noopener\">&nbsp;Ver Acta<\/a><\/td><td>&nbsp;<\/td><\/tr><tr><td>83<\/td><td>Estructura y L\u00f3gica del Poder Mundial<\/td><td>Mtra. Mercedes de la Luz L\u00f3pez de Bola\u00f1os<\/td><td><a href=\"https:\/\/drive.google.com\/file\/d\/19uXCQ7AQuRpj334QQ1iKYUSV35F8KuFA\/view?usp=sharing\" target=\"_blank\" rel=\"noreferrer noopener\">&nbsp;Ver Acta<\/a><\/td><td>&nbsp;<\/td><\/tr><tr><td>84<\/td><td>Negociaci\u00f3n Internacional<\/td><td>MSc. Luis Rodolfo D\u00e1vila<\/td><td><a href=\"https:\/\/drive.google.com\/file\/d\/13CFyzrHVE8A1JTb0SfVl6SjUgXLQNYn_\/view?usp=sharing\" target=\"_blank\" rel=\"noreferrer noopener\">&nbsp;Ver Acta<\/a><\/td><td>&nbsp;<\/td><\/tr><tr><td>43<\/td><td>Dise\u00f1o de Investigaci\u00f3n de Tesis I<\/td><td>Dr. Javier Monterroso<\/td><td><a href=\"https:\/\/drive.google.com\/file\/d\/1WIJs51jgMj02R1mskCDOnsrZqcxpDrip\/view?usp=sharing\" target=\"_blank\" rel=\"noreferrer noopener\">&nbsp;Ver Acta<\/a><\/td><td>&nbsp;<\/td><\/tr><tr><td>86<\/td><td>An\u00e1lisis Estrat\u00e9gico Interno e Internacional<\/td><td>Dr. Edmundo Urrutia<\/td><td><a href=\"https:\/\/drive.google.com\/file\/d\/1HYY3gwV3nTKaOHvOPf6C9Ks01QIK74Ji\/view?usp=sharing\" target=\"_blank\" rel=\"noreferrer noopener\">&nbsp;Ver Acta<\/a><\/td><td>&nbsp;<\/td><\/tr><tr><td><\/td><td><\/td><td><\/td><td><\/td><td><\/td><\/tr><tr><td>&nbsp;<\/td><td><strong>D\u00e9cimo Ciclo<\/strong><\/td><td>Docente<\/td><td>ACTA FINAL                 <\/td><td>RECUPERACION<\/td><\/tr><tr><td>55<\/td><td>Informe de Tesis<\/td><td>M.Sc. Paola Beatriz Gonz\u00e1lez Rosales<\/td><td><a href=\"https:\/\/drive.google.com\/file\/d\/1ixqswGRf0GJ4P_BZp6g9_h6Cyst97_hI\/view?usp=sharing\" target=\"_blank\" rel=\"noreferrer noopener\">&nbsp;Ver Acta<\/a><\/td><td>&nbsp;<\/td><\/tr><tr><td>99<\/td><td>Gesti\u00f3n de Seguridad, Crisis y Emergencias<\/td><td>M.Sc. Alexander Sandoval<\/td><td><a href=\"https:\/\/drive.google.com\/file\/d\/168Fhrt2pHmOCTR1Z0f9rY-jxinD2jNte\/view?usp=sharing\" target=\"_blank\" rel=\"noreferrer noopener\">&nbsp;Ver Acta<\/a><\/td><td>&nbsp;<\/td><\/tr><tr><td>100<\/td><td>Seminario de An\u00e1lisis de Vulnerabilidad, Gesti\u00f3n de Riesgos y Ayuda Humanitaria<\/td><td>Dr. Jorge Calvo Drago<\/td><td><a href=\"https:\/\/drive.google.com\/file\/d\/1P_LOoupQfV8BBe98t0p9Kc-HLiNBDSxy\/view?usp=sharing\" target=\"_blank\" rel=\"noreferrer noopener\">&nbsp;Ver Acta<\/a><\/td><td>&nbsp;<\/td><\/tr><tr><td>101<\/td><td>An\u00e1lisis&nbsp; y Construcci\u00f3n de Escenarios de&nbsp;&nbsp;&nbsp;&nbsp;&nbsp;&nbsp; Seguridad Nacional e Internacional.<\/td><td>Dr. Carlos Fredy Ochoa<\/td><td><a href=\"https:\/\/drive.google.com\/file\/d\/1qtYEKGdK6hQLM0yLWv3tCdneUkFPLrjD\/view?usp=sharing\" target=\"_blank\" rel=\"noreferrer noopener\">&nbsp;Ver Acta<\/a><\/td><td>&nbsp;<\/td><\/tr><tr><td>102<\/td><td>Formulaci\u00f3n y An\u00e1lisis&nbsp;&nbsp; de Pol\u00edticas P\u00fablicas de Seguridad.<\/td><td>Licda. Cinthya Del Rosario Gir\u00f3n Franco<\/td><td><a href=\"https:\/\/drive.google.com\/file\/d\/1u3OEyZo7Zg2oZbBj11BK6phT2geOMCzp\/view?usp=sharing\" target=\"_blank\" rel=\"noreferrer noopener\">&nbsp;Ver Acta<\/a><\/td><td>&nbsp;<\/td><\/tr><\/tbody><\/table><\/figure>\n\n\n\n<p>SECCI\u00d3N  B<\/p>\n\n\n\n<figure class=\"wp-block-table\"><table><tbody><tr><td>&nbsp;<\/td><td><strong>Cuarto Ciclo<\/strong><\/td><td>Docente<\/td><td>ACTA FINAL<\/td><td>RECUPERACION<\/td><\/tr><tr><td>62<\/td><td>Teor\u00eda de las Relaciones Internacionales I<\/td><td>Licda. Victoria Aldana Morales<\/td><td><a rel=\"noreferrer noopener\" href=\"https:\/\/drive.google.com\/file\/d\/1IT8o9zLKqHZdzF4SBZ_MhDLBoW9eebLg\/view?usp=sharing\" target=\"_blank\">&nbsp;Ver Acta<\/a><br><a href=\"https:\/\/drive.google.com\/file\/d\/1PUH9nrMNCxaz5MoZBmCeKZWYqmJNojh-\/view?usp=sharing\" target=\"_blank\" rel=\"noreferrer noopener\">Complementaria<\/a><\/td><td><a href=\"https:\/\/drive.google.com\/file\/d\/18NEOKtUfpNuYZrPAGtKj_OzytUVydfSi\/view?usp=sharing\" target=\"_blank\" rel=\"noreferrer noopener\">&nbsp;1ra. Oportunidad<\/a><\/td><\/tr><tr><td>63<\/td><td>An\u00e1lisis de la Pol\u00edtica Internacional I<\/td><td>Lic. Williams \u00c1lvarez<\/td><td><a href=\"https:\/\/drive.google.com\/file\/d\/1-1zfEcCMFcbNBo137pypIZXvm35jqUyC\/view?usp=sharing\" target=\"_blank\" rel=\"noreferrer noopener\">&nbsp;Ver Acta<\/a><\/td><td>&nbsp;<\/td><\/tr><tr><td>18<\/td><td>Metodolog\u00eda de las Ciencias Sociales IV<\/td><td>MSc. Judith Ruano<\/td><td><a href=\"https:\/\/drive.google.com\/file\/d\/1U4xe4YXRD607KNLwMfYTjQIhTcIBgy71\/view?usp=sharing\" target=\"_blank\" rel=\"noreferrer noopener\">&nbsp;Ver Acta<\/a><\/td><td><a rel=\"noreferrer noopener\" href=\"https:\/\/drive.google.com\/file\/d\/1m-BUB17-cEEVgkVyVn4HrO3MOmuBifk9\/view?usp=sharing\" target=\"_blank\">&nbsp;1ra. Oportunidad<\/a><br><br><a href=\"https:\/\/drive.google.com\/file\/d\/1Iu3MPYeU_nTZYAnxpKwW9rGZlYqNjvnL\/view?usp=sharing\" target=\"_blank\" rel=\"noreferrer noopener\">2da Oportunidad<\/a><\/td><\/tr><tr><td>19<\/td><td>Micro y Macroeconom\u00eda<\/td><td>MSc. Mar\u00eda Elena Izquierdo<\/td><td><a href=\"https:\/\/drive.google.com\/file\/d\/1iYMcETv73XIh-C1GCSsByUTgWSjOtQSA\/view?usp=sharing\" target=\"_blank\" rel=\"noreferrer noopener\">&nbsp;Ver Acta<\/a><\/td><td>&nbsp;<a rel=\"noreferrer noopener\" href=\"https:\/\/drive.google.com\/file\/d\/1qcbnefac3XKOpSEjSWCzMgoJPcL1OxLB\/view?usp=sharing\" target=\"_blank\">1ra Oportunidad<\/a><br><br><a href=\"https:\/\/drive.google.com\/file\/d\/1NyeEQ7A678_vLUNZLC7DiNlRmxzvG8Yr\/view?usp=sharing\" target=\"_blank\" rel=\"noreferrer noopener\">2da Oportunidad<\/a><\/td><\/tr><tr><td>64<\/td><td>Teor\u00eda para el An\u00e1lisis Pol\u00edtico Internacional<\/td><td>Licda. Regina Rom\u00e1n<\/td><td><a href=\"https:\/\/drive.google.com\/file\/d\/1E74kisvVlmwvYHE_Y71nKE9VHU344iiv\/view?usp=sharing\" target=\"_blank\" rel=\"noreferrer noopener\">&nbsp;Ver Acta<\/a><\/td><td>&nbsp;<\/td><\/tr><tr><td><\/td><td><\/td><td><\/td><td><\/td><td><\/td><\/tr><tr><td>&nbsp;<\/td><td><strong>Sexto Ciclo<\/strong><\/td><td>Docente<\/td><td>ACTA FINAL<\/td><td>RECUPERACION<\/td><\/tr><tr><td>71<\/td><td>Comercio Internacional<\/td><td>Lic. Alexander Sandoval Cutz<\/td><td><a href=\"https:\/\/drive.google.com\/file\/d\/1_sz6dgZNtm7T4g7ijf2iLbJAsp2GQgRr\/view?usp=sharing\" target=\"_blank\" rel=\"noreferrer noopener\">&nbsp;Ver Acta<\/a><\/td><td><a rel=\"noreferrer noopener\" href=\"https:\/\/drive.google.com\/file\/d\/1FBUi4gYYNnqteqLqXPWdqrDmL_Vh5GJw\/view?usp=sharing\" target=\"_blank\">\u00a01ra. Oportunidad<\/a><br><a href=\"https:\/\/drive.google.com\/file\/d\/1q-JSeAQHDwWeqOLhGuAmANA7xhdwboj5\/view?usp=sharing\" target=\"_blank\" rel=\"noreferrer noopener\">2da. Oportunidad<\/a><\/td><\/tr><tr><td>72<\/td><td>Organismos Internacionales I<\/td><td>MSc. Mayra Villatoro<\/td><td><a href=\"https:\/\/drive.google.com\/file\/d\/1DCub8u2Jq-c_slmLEqpb5PHZ4K6XeYTX\/view?usp=sharing\" target=\"_blank\" rel=\"noreferrer noopener\">&nbsp;Ver Acta<\/a><\/td><td><a href=\"https:\/\/drive.google.com\/file\/d\/1-xsJvgwPGDT_gcK-rnL-mUuUjyiKzF5B\/view?usp=sharing\" target=\"_blank\" rel=\"noreferrer noopener\">&nbsp;2da Oportunidad<\/a><\/td><\/tr><tr><td>31<\/td><td>Historia de Guatemala III<\/td><td>Licda. Eunice Rodr\u00edguez<\/td><td><a href=\"https:\/\/drive.google.com\/file\/d\/15IYNuKYbb3IZZnMp65cuP7hkcrsAn143\/view?usp=sharing\" target=\"_blank\" rel=\"noreferrer noopener\">&nbsp;Ver Acta<\/a><\/td><td>&nbsp;<\/td><\/tr><tr><td>73<\/td><td>Derecho Consular y Diplom\u00e1tico<\/td><td>Lic. Alejandro Mart\u00ednez<\/td><td><a href=\"https:\/\/drive.google.com\/file\/d\/1ZE4t8no-xjbovLe3-xMCerAi_g3OFiC0\/view?usp=sharing\" target=\"_blank\" rel=\"noreferrer noopener\">Ver Acta<\/a><\/td><td>&nbsp;<a href=\"https:\/\/drive.google.com\/file\/d\/17w8jba-7vCvyTb1d1l4COCEHth8kuNBE\/view?usp=sharing\" target=\"_blank\" rel=\"noreferrer noopener\">1ra. Oportunidad<\/a><\/td><\/tr><tr><td>74<\/td><td>Problemas Mundiales<\/td><td>Lic. Secil De Le\u00f3n<\/td><td><a href=\"https:\/\/drive.google.com\/file\/d\/17ShgfQWY3DTvMtsTVSARoaRXOebx3Ita\/view?usp=sharing\" target=\"_blank\" rel=\"noreferrer noopener\">&nbsp;Ver Acta<\/a><\/td><td>&nbsp;<\/td><\/tr><tr><td><\/td><td><\/td><td><\/td><td><\/td><td><\/td><\/tr><tr><td>&nbsp;<\/td><td><strong>Octavo Ciclo<\/strong><\/td><td>Docente<\/td><td>ACTA FINAL<\/td><td>RECUPERACION<\/td><\/tr><tr><td>82<\/td><td>Pol\u00edtica Exterior de Guatemala<\/td><td>MSc. Mayra Villatoro<\/td><td><a href=\"https:\/\/drive.google.com\/file\/d\/1K-Lg1rrfDPuYx1u6NRdUHoQgK8TkMUEL\/view?usp=sharing\" target=\"_blank\" rel=\"noreferrer noopener\">&nbsp;Ver Acta<\/a><\/td><td>&nbsp;<\/td><\/tr><tr><td>83<\/td><td>Estructura y L\u00f3gica del Poder Mundial<\/td><td>Licda. Emily Gir\u00f3n Beltr\u00e1n<\/td><td><a href=\"https:\/\/drive.google.com\/file\/d\/1dyaoOvo6am_MheGpOCtBpTFv4-nO0wUH\/view?usp=sharing\" target=\"_blank\" rel=\"noreferrer noopener\">&nbsp;Ver Acta<\/a><\/td><td>&nbsp;<\/td><\/tr><tr><td>84<\/td><td>Negociaci\u00f3n Internacional<\/td><td>MSc. Sory Vanesa G\u00f3mez<\/td><td><a href=\"https:\/\/drive.google.com\/file\/d\/1PlsGSBx1UkGr7BQPP-P9Lb3RrFs8Bpih\/view?usp=sharing\" target=\"_blank\" rel=\"noreferrer noopener\">&nbsp;Ver Acta<\/a><\/td><td>&nbsp;<\/td><\/tr><tr><td>43<\/td><td>Dise\u00f1o de Investigaci\u00f3n de Tesis I<\/td><td>MSc. Selvin D\u00edaz<\/td><td>&nbsp;<a href=\"https:\/\/drive.google.com\/file\/d\/1XZKMstxME5ejVpVJeqAYiPzSPGTjClfR\/view?usp=sharing\" target=\"_blank\" rel=\"noreferrer noopener\">Ver Acta<\/a><\/td><td><a href=\"https:\/\/drive.google.com\/file\/d\/16jwiiNFqKVphRFIFAxBtDrseAkX8gjYK\/view?usp=sharing\" target=\"_blank\" rel=\"noreferrer noopener\">&nbsp;1ra. Oportunidad<\/a><\/td><\/tr><tr><td>85<\/td><td>Formulaci\u00f3n, An\u00e1lisis y&nbsp; Evaluaci\u00f3n de Pol\u00edtica P\u00fablica I<\/td><td>MSc. Geidy De Mata<\/td><td><a href=\"https:\/\/drive.google.com\/file\/d\/1CMyRJu54NuJe5huAtgybr3hPWDa0adDJ\/view?usp=sharing\" target=\"_blank\" rel=\"noreferrer noopener\">&nbsp;Ver Acta<\/a><\/td><td>&nbsp;<\/td><\/tr><tr><td><\/td><td><\/td><td><\/td><td><\/td><td><\/td><\/tr><tr><td>&nbsp;<\/td><td><strong>D\u00e9cimo Ciclo<\/strong><\/td><td>Docente                           <\/td><td>ACTA FINAL       <\/td><td>RECUPERACION<\/td><\/tr><tr><td>55<\/td><td>Informe de Tesis<\/td><td>MSc. Dennis Valvert<\/td><td><a href=\"https:\/\/drive.google.com\/file\/d\/16j-V-fhBXOoZhje8XXNHbtBDpbGA3WdU\/view?usp=sharing\" target=\"_blank\" rel=\"noreferrer noopener\">&nbsp;Ver Acta<\/a><\/td><td>&nbsp;<\/td><\/tr><tr><td>91<\/td><td>Estudios Regionales: La Uni\u00f3n de Europea<\/td><td>Lic. Secil De Le\u00f3n<\/td><td><a href=\"https:\/\/drive.google.com\/file\/d\/1trYgXI29H9OLav2ZqjKydVNUFiAByC_a\/view?usp=sharing\" target=\"_blank\" rel=\"noreferrer noopener\">&nbsp;Ver Acta<\/a><\/td><td>&nbsp;<\/td><\/tr><tr><td>92<\/td><td>Estudios Regionales: Asia y Medio Oriente<\/td><td>Lic. David Winter Luther&nbsp;<\/td><td><a href=\"https:\/\/drive.google.com\/file\/d\/1JQ4JTVeX-pSmn61lpBiCkGiwQSMcmRRW\/view?usp=sharing\" target=\"_blank\" rel=\"noreferrer noopener\">&nbsp;Ver Acta<\/a><\/td><td>&nbsp;<a href=\"https:\/\/drive.google.com\/file\/d\/1-cxSj2U-q39ELanobkgGTMLDmMJOkmX4\/view?usp=sharing\" target=\"_blank\" rel=\"noreferrer noopener\">1ra. Oportunidad<\/a><\/td><\/tr><tr><td>93<\/td><td>An\u00e1lisis y Construcci\u00f3n de Escenarios Pol\u00edticos Internacionales<\/td><td>Lic. Marvin Pol<\/td><td><a href=\"https:\/\/drive.google.com\/file\/d\/11rWr61dTHYpzK2IAqTVst-nw1wtOA9zk\/view?usp=sharing\" target=\"_blank\" rel=\"noreferrer noopener\">&nbsp;Ver Acta<\/a><\/td><td>&nbsp;<\/td><\/tr><tr><td>94<\/td><td>Formulaci\u00f3n,&nbsp; An\u00e1lisis y Evaluaci\u00f3n de Pol\u00edtica P\u00fablica II<\/td><td>Licda. Liseth Edelmira Montenegro<\/td><td><a href=\"https:\/\/drive.google.com\/file\/d\/117y8PhbIJZ6Zrfig2ZMYwF5NpUsz8Xsc\/view?usp=sharing\" target=\"_blank\" rel=\"noreferrer noopener\">&nbsp;Ver Acta<\/a><\/td><td>&nbsp;<\/td><\/tr><\/tbody><\/table><\/figure>\n","protected":false},"excerpt":{"rendered":"<p>SECCI\u00d3N A &nbsp; Cuarto&nbsp; Ciclo Docente ACTA FINAL RECUPERACION 62 Teor\u00eda de las Relaciones Internacionales I Licda. Luc\u00eda de Jes\u00fas Marroqu\u00edn Chacl\u00e1n &nbsp;Ver Acta &nbsp;1ra Oportunidad 2da Oportunidad 63 An\u00e1lisis de la Pol\u00edtica Internacional I Lic. Winston Carrillo G\u00f3mez &nbsp;Ver Acta &nbsp;1ra Oportunidad 18 Metodolog\u00eda de las Ciencias Sociales IV Licda. Wendy Paola Galicia Garrido [&hellip;]<\/p>\n","protected":false},"author":101014,"featured_media":0,"parent":0,"menu_order":0,"comment_status":"closed","ping_status":"closed","template":"","meta":[],"_links":{"self":[{"href":"https:\/\/cienciapolitica.usac.edu.gt\/index.php?rest_route=\/wp\/v2\/pages\/8106"}],"collection":[{"href":"https:\/\/cienciapolitica.usac.edu.gt\/index.php?rest_route=\/wp\/v2\/pages"}],"about":[{"href":"https:\/\/cienciapolitica.usac.edu.gt\/index.php?rest_route=\/wp\/v2\/types\/page"}],"author":[{"embeddable":true,"href":"https:\/\/cienciapolitica.usac.edu.gt\/index.php?rest_route=\/wp\/v2\/users\/101014"}],"replies":[{"embeddable":true,"href":"https:\/\/cienciapolitica.usac.edu.gt\/index.php?rest_route=%2Fwp%2Fv2%2Fcomments&post=8106"}],"version-history":[{"count":63,"href":"https:\/\/cienciapolitica.usac.edu.gt\/index.php?rest_route=\/wp\/v2\/pages\/8106\/revisions"}],"predecessor-version":[{"id":8704,"href":"https:\/\/cienciapolitica.usac.edu.gt\/index.php?rest_route=\/wp\/v2\/pages\/8106\/revisions\/8704"}],"wp:attachment":[{"href":"https:\/\/cienciapolitica.usac.edu.gt\/index.php?rest_route=%2Fwp%2Fv2%2Fmedia&parent=8106"}],"curies":[{"name":"wp","href":"https:\/\/api.w.org\/{rel}","templated":true}]}}