{"id":8101,"date":"2023-11-16T08:17:06","date_gmt":"2023-11-16T08:17:06","guid":{"rendered":"https:\/\/cienciapolitica.usac.edu.gt\/?page_id=8101"},"modified":"2024-03-11T22:31:02","modified_gmt":"2024-03-11T22:31:02","slug":"actas-finales-ciencia-politica-2-2023","status":"publish","type":"page","link":"https:\/\/cienciapolitica.usac.edu.gt\/?page_id=8101","title":{"rendered":"ACTAS FINALES CIENCIA POLITICA 2-2023"},"content":{"rendered":"\n<p>SECCI\u00d3N  A<\/p>\n\n\n\n<figure class=\"wp-block-table\"><table><tbody><tr><td><strong>&nbsp;<\/strong><\/td><td><strong>Cuarto&nbsp; Ciclo<\/strong><\/td><td>Docente<\/td><td>ACTA FINAL<\/td><td>RECUPERACION<\/td><\/tr><tr><td>103<\/td><td>Teor\u00eda Pol\u00edtica I<\/td><td>Lic. Jorge de Jes\u00fas Ponce Reynoso<\/td><td>&nbsp;<a href=\"https:\/\/drive.google.com\/file\/d\/1t9J5cU0XSleKyqfWiCYQZAyIpT5KuE7I\/view?usp=sharing\" target=\"_blank\" rel=\"noreferrer noopener\">Ver Acta<\/a><\/td><td><a rel=\"noreferrer noopener\" href=\"https:\/\/drive.google.com\/file\/d\/1AgggYqnEgPuSRj8Ka8bXI9KZktwdU_l1\/view?usp=sharing\" target=\"_blank\">&nbsp;1ra. Oportunidad<\/a><\/td><\/tr><tr><td>104<\/td><td>Sistemas Pol\u00edticos I<\/td><td>M.Sc. Geidy Magaly De Mata<\/td><td><a href=\"https:\/\/drive.google.com\/file\/d\/1BxwKHj8D9X_xQq3Q-NDbJY0q54iPaS4j\/view?usp=sharing\" target=\"_blank\" rel=\"noreferrer noopener\">&nbsp;Ver Acta<\/a><\/td><td>&nbsp;<a href=\"https:\/\/drive.google.com\/file\/d\/1p8YsM7W4x5Zx5Whklo0ZdpcuVxMc30-i\/view?usp=sharing\" target=\"_blank\" rel=\"noreferrer noopener\">1ra. Oportunidad<\/a><\/td><\/tr><tr><td>18<\/td><td>Metodolog\u00eda de las Ciencias Sociales IV<\/td><td>Lic. Andr\u00e9s Gabriel Guerrero V\u00e9liz<\/td><td>&nbsp;<\/td><td>&nbsp;<\/td><\/tr><tr><td>19<\/td><td>Micro y Macroeconom\u00eda<\/td><td>Dr. Juan Francisco Calvillo<\/td><td>&nbsp;<a href=\"https:\/\/drive.google.com\/file\/d\/1jeEUCnXvB3-ztSAYtjPouTRUd_zOedrq\/view?usp=sharing\" target=\"_blank\" rel=\"noreferrer noopener\">Ver Acta<\/a><\/td><td>&nbsp;<\/td><\/tr><tr><td>106<\/td><td>Sociolog\u00eda Pol\u00edtica<\/td><td>M.Sc. Mike \u00c1ngelo Rivera Contreras<\/td><td><a href=\"https:\/\/drive.google.com\/file\/d\/1EBYKatYoSBrY72PYl8ofTEaW25I4n5wL\/view?usp=sharing\" target=\"_blank\" rel=\"noreferrer noopener\">&nbsp;Ver Acta<\/a><\/td><td>&nbsp;<a href=\"https:\/\/drive.google.com\/file\/d\/1i2oIKmNy7xVdiwwKV4cTd-RowJtL_k_E\/view?usp=sharing\" target=\"_blank\" rel=\"noreferrer noopener\">1ra. Oportunidad<\/a><\/td><\/tr><tr><td><\/td><td><\/td><td><\/td><td><\/td><td><\/td><\/tr><tr><td>&nbsp;<\/td><td><strong>Sexto Ciclo<\/strong><\/td><td>Docente<\/td><td>ACTA FINAL<\/td><td>RECUPERACION<\/td><\/tr><tr><td>112<\/td><td>Teor\u00eda Pol\u00edtica III<\/td><td>M.Sc. Geidy Magaly De Mata<\/td><td><a href=\"https:\/\/drive.google.com\/file\/d\/1-3K0RlrrQs6gSE4E_rGbFcfdZ0qX3Mu2\/view?usp=sharing\" target=\"_blank\" rel=\"noreferrer noopener\">&nbsp;Ver Acta<\/a><\/td><td>&nbsp;<\/td><\/tr><tr><td>113<\/td><td>Sistemas Pol\u00edticos III<\/td><td>Dr. Luis Fernando Mack Echeverr\u00eda<\/td><td><a href=\"https:\/\/drive.google.com\/file\/d\/1VfiWw6I5hjFIAStdPLfCVagVER-5Aqd_\/view?usp=sharing\" target=\"_blank\" rel=\"noreferrer noopener\">&nbsp;Ver Acta<\/a><\/td><td><a href=\"https:\/\/drive.google.com\/file\/d\/1eMPQtFmRMhsIFrnUWSf6Qt0b0rqU92uI\/view?usp=sharing\" target=\"_blank\" rel=\"noreferrer noopener\">\u00a01ra. Oportunidad<\/a><\/td><\/tr><tr><td>114<\/td><td>Administraci\u00f3n P\u00fablica de Guatemala II<\/td><td>M.Sc. Dunia Alejandra D\u00edaz Espina<\/td><td><a href=\"https:\/\/drive.google.com\/file\/d\/1QUYhzT-fJYO3dhyyOFyrCRcuOnapFQjh\/view?usp=sharing\" target=\"_blank\" rel=\"noreferrer noopener\">&nbsp;Ver Acta<\/a><\/td><td>&nbsp;<\/td><\/tr><tr><td>31<\/td><td>Historia de Guatemala III<\/td><td>Licda. Cecile Tahuico<\/td><td>&nbsp;<a href=\"https:\/\/drive.google.com\/file\/d\/17DdQ_yPUaq91J6RGxDdIeDN5za1mdDjJ\/view?usp=sharing\" target=\"_blank\" rel=\"noreferrer noopener\">Ver Acta<\/a><\/td><td>&nbsp;<\/td><\/tr><tr><td>116<\/td><td>Contexto de las Pol\u00edticas P\u00fablicas<\/td><td>M.Sc. Ver\u00f3nica Teresa Yoc \u00c1vila<\/td><td><a href=\"https:\/\/drive.google.com\/file\/d\/1U8lJI-ZUQHSv6fgC97FxrapY4ij5U_L5\/view?usp=sharing\" target=\"_blank\" rel=\"noreferrer noopener\">Ver Acta<\/a>&nbsp;<\/td><td>&nbsp;<\/td><\/tr><tr><td><\/td><td><\/td><td><\/td><td><\/td><td><\/td><\/tr><tr><td>&nbsp;<\/td><td><strong>Octavo Ciclo<\/strong><\/td><td>Docente<\/td><td>ACTA FINAL<\/td><td>RECUPERACION<\/td><\/tr><tr><td>43<\/td><td>Dise\u00f1o de Investigaci\u00f3n de Tesis I<\/td><td>Licda. Claudia Melissa Mateo Tojin<\/td><td>&nbsp;<a href=\"https:\/\/drive.google.com\/file\/d\/1nOl_zj318WqedE1-inIV5f4lBsfr6pKP\/view?usp=sharing\" target=\"_blank\" rel=\"noreferrer noopener\">Ver Acta<\/a><\/td><td>&nbsp;<a rel=\"noreferrer noopener\" href=\"https:\/\/drive.google.com\/file\/d\/1NxdJeda3AtJrQzZ3NhaPGHZCP2AbJMY2\/view?usp=sharing\" target=\"_blank\">1ra. Oportunidad<\/a><br><br><a href=\"https:\/\/drive.google.com\/file\/d\/1SSlkx_5Rv3QOXg6XL2m1-dxz_biG8jbU\/view?usp=sharing\" target=\"_blank\" rel=\"noreferrer noopener\">2da. Oportunidad<\/a><\/td><\/tr><tr><td>123<\/td><td>Partidos Pol\u00edticos<\/td><td>Licda. Wendy Elsa Janette Castro Cruz<\/td><td>&nbsp;<a href=\"https:\/\/drive.google.com\/file\/d\/1gXlr8lNYgK-5FRkvgxtC1q7s2aff92qz\/view?usp=sharing\" target=\"_blank\" rel=\"noreferrer noopener\">Ver Acta<\/a><\/td><td>&nbsp;<\/td><\/tr><tr><td>124<\/td><td>Teor\u00eda de la Democracia<\/td><td>M.Sc. Cinthya del Rosario Gir\u00f3n Franco<\/td><td>&nbsp;<a href=\"https:\/\/drive.google.com\/file\/d\/1-v66onoyPf5HSpHK95pFL3odyRggOyCL\/view?usp=sharing\" target=\"_blank\" rel=\"noreferrer noopener\">Ver Acta<\/a><\/td><td>&nbsp;<\/td><\/tr><tr><td>125<\/td><td>Negociaci\u00f3n Pol\u00edtica<\/td><td>M.Sc. Luis Rodolfo D\u00e1vila<\/td><td>&nbsp;<a href=\"https:\/\/drive.google.com\/file\/d\/1zQRLxAQhZdI3qIBkzlK_FBzgfSUr9Dgr\/view?usp=sharing\" target=\"_blank\" rel=\"noreferrer noopener\">Ver Acta<\/a><\/td><td>&nbsp;<\/td><\/tr><tr><td>127<\/td><td>Aplicaci\u00f3n de las Pol\u00edticas P\u00fablicas<\/td><td>M.Sc. Gerson Jos\u00e9 Pablo Sotomayor Del Cid<\/td><td>&nbsp;<a href=\"https:\/\/drive.google.com\/file\/d\/1vnPsk4eN_kQWugPP_ACp1RiE63c2ir5e\/view?usp=sharing\" target=\"_blank\" rel=\"noreferrer noopener\">Ver Acta<\/a><\/td><td>&nbsp;<\/td><\/tr><tr><td><\/td><td><\/td><td><\/td><td><\/td><td><\/td><\/tr><tr><td>&nbsp;<\/td><td><strong>D\u00e9cimo Ciclo<\/strong><\/td><td>Docente<\/td><td>ACTA FINAL<\/td><td>RECUPERACION<\/td><\/tr><tr><td>55<\/td><td>&nbsp;Informe de Tesis<\/td><td>Dr. Fidel Ar\u00e9valo Gamboa<\/td><td><a href=\"https:\/\/drive.google.com\/file\/d\/1aIcbtUORho7Ww7CYz_TanoC2LdD8o3-H\/view?usp=sharing\" target=\"_blank\" rel=\"noreferrer noopener\">&nbsp;Ver Acta<\/a><\/td><td>&nbsp;<\/td><\/tr><tr><td>140<\/td><td>Seminario sobre Ejecuci\u00f3n Presupuestaria del Sector P\u00fablico<\/td><td>Licda. Vilma Jeannette Del Cid Cruz<\/td><td>&nbsp;<a href=\"https:\/\/drive.google.com\/file\/d\/192Ad4EWIHlrFuSY3UXkiVJr4xba0tfk_\/view?usp=sharing\" target=\"_blank\" rel=\"noreferrer noopener\">Ver Acta<\/a><\/td><td>&nbsp;<\/td><\/tr><tr><td>141<\/td><td>Seminario del Ciclo de Pol\u00edtica P\u00fablica<\/td><td>M.Sc. Iv\u00e1n Ernesto C\u00fa Estrada<\/td><td><a href=\"https:\/\/drive.google.com\/file\/d\/1HKuS8nnErFqIJisMNdq8a5Ho7UOUsDUE\/view?usp=sharing\" target=\"_blank\" rel=\"noreferrer noopener\">&nbsp;Ver Acta<\/a><\/td><td>&nbsp;<\/td><\/tr><tr><td>142<\/td><td>Pol\u00edticas Sociales en Am\u00e9rica Latina<\/td><td>Lic. Juan Luis Herrera<\/td><td>&nbsp;<a href=\"https:\/\/drive.google.com\/file\/d\/1RF0t43h1c9FbckFap2ZfzEjb8Nk0g7MZ\/view?usp=sharing\" target=\"_blank\" rel=\"noreferrer noopener\">Ver Acta<\/a><\/td><td>&nbsp;<\/td><\/tr><tr><td>95<\/td><td>Seguridad Democr\u00e1tica<\/td><td>M.Sc. Jaime Augusto Saravia Rodr\u00edguez<\/td><td><a href=\"https:\/\/drive.google.com\/file\/d\/1nqAKcNR7QO-OZ0J2a-PufxfWmgDiAdO7\/view?usp=sharing\" target=\"_blank\" rel=\"noreferrer noopener\">&nbsp;Ver Acta<\/a><\/td><td>&nbsp;<\/td><\/tr><\/tbody><\/table><\/figure>\n\n\n\n<p>SECCI\u00d3N  B<\/p>\n\n\n\n<figure class=\"wp-block-table\"><table><tbody><tr><td><strong>&nbsp;<\/strong><\/td><td><strong>Cuarto&nbsp; Ciclo<\/strong><\/td><td>Docente<\/td><td>ACTA FINAL<\/td><td>RECUPERACION<\/td><\/tr><tr><td>103<\/td><td>Teor\u00eda Pol\u00edtica I<\/td><td>Lic. Mynor Rafael Garc\u00eda Mendez<\/td><td><a href=\"https:\/\/drive.google.com\/file\/d\/1l8zNG089n15rPQ3HMpZwNRS_HThCE20j\/view?usp=sharing\" target=\"_blank\" rel=\"noreferrer noopener\">&nbsp;Ver Acta<\/a><\/td><td>&nbsp;<\/td><\/tr><tr><td>104<\/td><td>Sistemas Pol\u00edticos I<\/td><td>M.Sc. Geidy Magaly De Mata<\/td><td><a href=\"https:\/\/drive.google.com\/file\/d\/1qXNhFAcjZw2tY6ojtbpI2JZCJr1evofL\/view?usp=sharing\" target=\"_blank\" rel=\"noreferrer noopener\">&nbsp;Ver Acta<\/a><\/td><td>&nbsp;<\/td><\/tr><tr><td>18<\/td><td>Metodolog\u00eda de las Ciencias Sociales IV<\/td><td>M.Sc. Nora Lizeth G\u00e1lvez Garc\u00eda<\/td><td><a href=\"https:\/\/drive.google.com\/file\/d\/1-ynS-Q4K___pxl5HBejihjTyVHqeUKXl\/view?usp=sharing\" target=\"_blank\" rel=\"noreferrer noopener\">&nbsp;Ver Acta<\/a><\/td><td>&nbsp;<a href=\"https:\/\/drive.google.com\/file\/d\/1IhuT0SHCdocXm6LLNSe4gwp_vjxqZufs\/view?usp=sharing\" target=\"_blank\" rel=\"noreferrer noopener\">2da Oportunidad<\/a><\/td><\/tr><tr><td>19<\/td><td>Micro y Macroeconom\u00eda<\/td><td>Lic. Carlos Roberto Turcios P\u00e9rez<\/td><td><a href=\"https:\/\/drive.google.com\/file\/d\/1jOTa0KMBAtKvmPA7PMJ5JpOMcnBnRlPj\/view?usp=sharing\" target=\"_blank\" rel=\"noreferrer noopener\">&nbsp;Ver Acta<\/a><\/td><td>&nbsp;<\/td><\/tr><tr><td>105<\/td><td>Teor\u00eda y Derecho Constitucional Guatemalteco<\/td><td>Lic. Jorge de Jes\u00fas Ponce Reynoso<\/td><td><a href=\"https:\/\/drive.google.com\/file\/d\/1gHvPADMg_PVeectn7AVvrxql0bhildL2\/view?usp=sharing\" target=\"_blank\" rel=\"noreferrer noopener\">&nbsp;Ver Acta<\/a><\/td><td>&nbsp;<a rel=\"noreferrer noopener\" href=\"https:\/\/drive.google.com\/file\/d\/19i-u7z3-G2rOuiGZKxGZsPl_JbjPbI6p\/view?usp=sharing\" target=\"_blank\">1ra. Oportunidad<\/a><br><br><a href=\"https:\/\/drive.google.com\/file\/d\/10FTh4qBwKAl8pj-UolbZ599xdNV_vVc-\/view?usp=sharing\" target=\"_blank\" rel=\"noreferrer noopener\">2da. Oportunidad<\/a><\/td><\/tr><tr><td><\/td><td><\/td><td><\/td><td><\/td><td><\/td><\/tr><tr><td>&nbsp;<\/td><td><strong>Sexto Ciclo<\/strong><\/td><td>Docente<\/td><td>ACTA FINAL<\/td><td>RECUPERACION<\/td><\/tr><tr><td>112<\/td><td>Teor\u00eda Pol\u00edtica III<\/td><td>Dr. Fernando Isa\u00edas Carrera Santiago<\/td><td><a href=\"https:\/\/drive.google.com\/file\/d\/1au_rPO6sgFN5WYI8LCkmK6rjj09_Q1Bg\/view?usp=sharing\" target=\"_blank\" rel=\"noreferrer noopener\">&nbsp;Ver Acta<\/a><\/td><td>&nbsp;<\/td><\/tr><tr><td>113<\/td><td>Sistemas Pol\u00edticos III<\/td><td>M.Sc. Cindy Lisbeth Poroj Caraballo<\/td><td><a href=\"https:\/\/drive.google.com\/file\/d\/1hmsRLm8X7P7dJ9sZZTSDkcJejZYDSQyo\/view?usp=sharing\" target=\"_blank\" rel=\"noreferrer noopener\">&nbsp;Ver Acta<\/a><\/td><td><a href=\"https:\/\/drive.google.com\/file\/d\/1tLChpzJ-CDkP6DzlDwjdexDKiMX6dl-1\/view?usp=sharing\" target=\"_blank\" rel=\"noreferrer noopener\">&nbsp;1ra Oportunidad<\/a><\/td><\/tr><tr><td>114<\/td><td>Administraci\u00f3n P\u00fablica de Guatemala II<\/td><td>Lic. C\u00e9sar Amaral Tzul<\/td><td><a href=\"https:\/\/drive.google.com\/file\/d\/1Ai9T4FeDmmVpK5723WsRkQoQ_y2_cgYJ\/view?usp=sharing\" target=\"_blank\" rel=\"noreferrer noopener\">&nbsp;Ver Acta<\/a><\/td><td>&nbsp;<\/td><\/tr><tr><td>31<\/td><td>Historia de Guatemala III<\/td><td>Lic. Flavio Adolfo Sandoval Garc\u00eda<\/td><td><a href=\"https:\/\/drive.google.com\/file\/d\/1wIXj6ZeZb_0DfnqkxpcYz0PxdPqo8oO7\/view?usp=sharing\" target=\"_blank\" rel=\"noreferrer noopener\">&nbsp;Ver Acta<\/a><\/td><td>&nbsp;<\/td><\/tr><tr><td>115<\/td><td>Derecho Internacional P\u00fablico y Organismos Internacionales<\/td><td>Lic. Luis Fernando De Le\u00f3n Laparra<\/td><td><a href=\"https:\/\/drive.google.com\/file\/d\/1A1LRCBZOFLo1n_yNJ7yhrtvOEx9MXUOo\/view?usp=sharing\" target=\"_blank\" rel=\"noreferrer noopener\">Ver Acta<\/a><\/td><td><\/td><\/tr><tr><td><\/td><td><\/td><td><\/td><td><\/td><td><\/td><\/tr><tr><td>&nbsp;<\/td><td><strong>Octavo Ciclo<\/strong><\/td><td>Docente<\/td><td>ACTA FINAL<\/td><td>RECUPERACION<\/td><\/tr><tr><td>43<\/td><td>Dise\u00f1o de Investigaci\u00f3n de Tesis I<\/td><td>Lic. Guido Armando Barillas Quezada<\/td><td>&nbsp;<a href=\"https:\/\/drive.google.com\/file\/d\/1mSGK6nSq-ug-kg4c8pbyC8gp8J_No7JO\/view?usp=sharing\" target=\"_blank\" rel=\"noreferrer noopener\">Ver Acta<\/a><\/td><td>&nbsp;<\/td><\/tr><tr><td>123<\/td><td>Partidos Pol\u00edticos<\/td><td>Licda. Florentina Puac Puac<\/td><td><a href=\"https:\/\/drive.google.com\/file\/d\/1rwoFIY3LeVu8Ne9ysVowc-DYk3jPRzlD\/view?usp=sharing\" target=\"_blank\" rel=\"noreferrer noopener\">&nbsp;Ver Acta<\/a><\/td><td><a href=\"https:\/\/drive.google.com\/file\/d\/11N4JCwtPKTnRkRDY7gXIfVeoVymYQWIy\/view?usp=sharing\" target=\"_blank\" rel=\"noreferrer noopener\">&nbsp;1ra. Oportunidad<\/a><\/td><\/tr><tr><td>124<\/td><td>Teor\u00eda de la Democracia<\/td><td>Dr. Jorge Adalberto Ruano Estrada<\/td><td><a href=\"https:\/\/drive.google.com\/file\/d\/1jEjYBc1hkh0CuxtlQvzqvviRfMQkUHoY\/view?usp=sharing\" target=\"_blank\" rel=\"noreferrer noopener\">&nbsp;Ver Acta<\/a><\/td><td>&nbsp;<\/td><\/tr><tr><td>125<\/td><td>Negociaci\u00f3n Pol\u00edtica<\/td><td>M.Sc. Jorge Ceballos<\/td><td><a href=\"https:\/\/drive.google.com\/file\/d\/1xhVshpwfK_qO5oescJ9gDsGzi9Wb1ec0\/view?usp=sharing\" target=\"_blank\" rel=\"noreferrer noopener\">&nbsp;Ver Acta<\/a><\/td><td>&nbsp;<\/td><\/tr><tr><td>126<\/td><td>An\u00e1lisis Pol\u00edtico<\/td><td>Lic. Werner Enrique Castillo Regalado<\/td><td><a href=\"https:\/\/drive.google.com\/file\/d\/1qN0nTMKzsPcAO8Xbfr7YZ24p5Hha35Zg\/view?usp=sharing\" target=\"_blank\" rel=\"noreferrer noopener\">&nbsp;Ver Acta<\/a><\/td><td>&nbsp;<\/td><\/tr><tr><td><\/td><td><\/td><td><\/td><td><\/td><td><\/td><\/tr><tr><td>&nbsp;<\/td><td><strong>D\u00e9cimo Ciclo<\/strong><\/td><td>Docente<\/td><td>ACTA FINAL<\/td><td>RECUPERACION<\/td><\/tr><tr><td>55<\/td><td>Informe de Tesis<\/td><td>Licda. Wendy \u00c1vila Conde<\/td><td><a href=\"https:\/\/drive.google.com\/file\/d\/1564FaSpu1U2gcOTePT2BuDHGM1_OyTyP\/view?usp=sharing\" target=\"_blank\" rel=\"noreferrer noopener\">&nbsp;Ver Acta<\/a><\/td><td>&nbsp;<\/td><\/tr><tr><td>132<\/td><td>Investigaci\u00f3n Pol\u00edtica<\/td><td>Dr. Carlos Orlando Oliva Muralles<\/td><td>&nbsp;<a href=\"https:\/\/drive.google.com\/file\/d\/1_nJTdPqWZUsVN--hY4ZIER7zSphPIF5h\/view?usp=sharing\" target=\"_blank\" rel=\"noreferrer noopener\">Ver Acta<\/a><\/td><td>&nbsp;<\/td><\/tr><tr><td>133<\/td><td>Seminario de Campa\u00f1as Electorales<\/td><td>Lic. Neftali Bequer Chocooj de la Cruz<\/td><td><a href=\"https:\/\/drive.google.com\/file\/d\/18L8zQqI-swpginrwn3mf8T9HHMVKTyim\/view?usp=sharing\" target=\"_blank\" rel=\"noreferrer noopener\">&nbsp;Ver Acta<\/a><\/td><td>&nbsp;<\/td><\/tr><tr><td>134<\/td><td>Encuestas<\/td><td>Lic. Ricardo Antonio Barreno Arriaza<\/td><td><a href=\"https:\/\/drive.google.com\/file\/d\/19O0UbTuAZjY8hDAW2WzLIfLhgaFEc1ox\/view?usp=sharing\" target=\"_blank\" rel=\"noreferrer noopener\">&nbsp;Ver Acta<\/a><\/td><td>&nbsp;<\/td><\/tr><tr><td>135<\/td><td>Mercadeo Pol\u00edtico<\/td><td>Lic. Edwin Jahir Dabroy Araujo<\/td><td><a href=\"https:\/\/drive.google.com\/file\/d\/1n84iSSNC9rA-DodCg4m_PHhhbS3Zs9oo\/view?usp=sharing\" target=\"_blank\" rel=\"noreferrer noopener\">&nbsp;Ver Acta<\/a><\/td><td>&nbsp;<\/td><\/tr><\/tbody><\/table><\/figure>\n","protected":false},"excerpt":{"rendered":"<p>SECCI\u00d3N A &nbsp; Cuarto&nbsp; Ciclo Docente ACTA FINAL RECUPERACION 103 Teor\u00eda Pol\u00edtica I Lic. Jorge de Jes\u00fas Ponce Reynoso &nbsp;Ver Acta &nbsp;1ra. Oportunidad 104 Sistemas Pol\u00edticos I M.Sc. Geidy Magaly De Mata &nbsp;Ver Acta &nbsp;1ra. Oportunidad 18 Metodolog\u00eda de las Ciencias Sociales IV Lic. Andr\u00e9s Gabriel Guerrero V\u00e9liz &nbsp; &nbsp; 19 Micro y Macroeconom\u00eda Dr. [&hellip;]<\/p>\n","protected":false},"author":101014,"featured_media":0,"parent":0,"menu_order":0,"comment_status":"closed","ping_status":"closed","template":"","meta":[],"_links":{"self":[{"href":"https:\/\/cienciapolitica.usac.edu.gt\/index.php?rest_route=\/wp\/v2\/pages\/8101"}],"collection":[{"href":"https:\/\/cienciapolitica.usac.edu.gt\/index.php?rest_route=\/wp\/v2\/pages"}],"about":[{"href":"https:\/\/cienciapolitica.usac.edu.gt\/index.php?rest_route=\/wp\/v2\/types\/page"}],"author":[{"embeddable":true,"href":"https:\/\/cienciapolitica.usac.edu.gt\/index.php?rest_route=\/wp\/v2\/users\/101014"}],"replies":[{"embeddable":true,"href":"https:\/\/cienciapolitica.usac.edu.gt\/index.php?rest_route=%2Fwp%2Fv2%2Fcomments&post=8101"}],"version-history":[{"count":46,"href":"https:\/\/cienciapolitica.usac.edu.gt\/index.php?rest_route=\/wp\/v2\/pages\/8101\/revisions"}],"predecessor-version":[{"id":8675,"href":"https:\/\/cienciapolitica.usac.edu.gt\/index.php?rest_route=\/wp\/v2\/pages\/8101\/revisions\/8675"}],"wp:attachment":[{"href":"https:\/\/cienciapolitica.usac.edu.gt\/index.php?rest_route=%2Fwp%2Fv2%2Fmedia&parent=8101"}],"curies":[{"name":"wp","href":"https:\/\/api.w.org\/{rel}","templated":true}]}}