{"id":8098,"date":"2023-11-16T08:14:20","date_gmt":"2023-11-16T08:14:20","guid":{"rendered":"https:\/\/cienciapolitica.usac.edu.gt\/?page_id=8098"},"modified":"2024-02-26T22:11:11","modified_gmt":"2024-02-26T22:11:11","slug":"acta-final-segundo-ciclo-2023","status":"publish","type":"page","link":"https:\/\/cienciapolitica.usac.edu.gt\/?page_id=8098","title":{"rendered":"ACTA FINAL SEGUNDO CICLO 2023"},"content":{"rendered":"\n<p>SECCI\u00d3N   A<\/p>\n\n\n\n<figure class=\"wp-block-table\"><table><tbody><tr><td>A<\/td><td>SEGUNDO CICLO<\/td><td>Docente<\/td><td>ACTA FINAL           <\/td><td>RECUPERACION<\/td><\/tr><tr><td>6<\/td><td>Ciencia Pol\u00edtica II<\/td><td>Lic. Jorge de Jes\u00fas Ponce Reynoso<\/td><td>&nbsp;<a href=\"https:\/\/drive.google.com\/file\/d\/1Rl9C-qCR5scjyOp-gxIkiRVPnczD4fpn\/view?usp=drive_link\" target=\"_blank\" rel=\"noreferrer noopener\">FINAL<\/a><\/td><td>&nbsp;<a rel=\"noreferrer noopener\" href=\"https:\/\/drive.google.com\/file\/d\/1AZ6xcg2BQv9T-LqEXorxZPw-dIN9cJLK\/view?usp=drive_link\" target=\"_blank\">Primera<\/a><br><br><a href=\"https:\/\/drive.google.com\/file\/d\/1kJWJWpRUscwH6G2pWKWSRHCXp8kLfDpc\/view?usp=drive_link\" target=\"_blank\" rel=\"noreferrer noopener\">Segunda<\/a><\/td><\/tr><tr><td>7<\/td><td>Sociolog\u00eda II<\/td><td>LIC. MANUEL CUPERTINO RIVERA RIVERA<\/td><td>&nbsp;<a href=\"https:\/\/drive.google.com\/file\/d\/1-6ujl6lCQ3RD9o3rYACfxwupnYOhlimx\/view?usp=sharing\" target=\"_blank\" rel=\"noreferrer noopener\">FINAL<\/a><\/td><td>&nbsp;<\/td><\/tr><tr><td>8<\/td><td>Relaciones Internacionales II<\/td><td>M.Sc. Jos\u00e9 Gilberto Cortez<\/td><td>&nbsp;<a href=\"https:\/\/drive.google.com\/file\/d\/1YZBvq1PO814jnkqBHmVFjHtEz6P84ZlK\/view?usp=drive_link\" target=\"_blank\" rel=\"noreferrer noopener\">FINAL<\/a><\/td><td>&nbsp;<a href=\"https:\/\/drive.google.com\/file\/d\/1iax2h6te3R-GYGj1FoKscQgr7oA0ItJH\/view?usp=drive_link\" target=\"_blank\" rel=\"noreferrer noopener\">Primera<\/a><br><br><a href=\"https:\/\/drive.google.com\/file\/d\/1blBz7xDpDOwVU1gdxR05TEyjLgjNYPPu\/view?usp=drive_link\" target=\"_blank\" rel=\"noreferrer noopener\">Segunda<\/a><\/td><\/tr><tr><td>9<\/td><td>Historia Latino Americana<\/td><td>Lic. Juan Carlos Guzm\u00e1n<\/td><td>&nbsp;<a href=\"https:\/\/drive.google.com\/file\/d\/1MpUOdfpS3JtEDnvmlqrP67S_HRY1TuDA\/view?usp=sharing\" target=\"_blank\" rel=\"noreferrer noopener\">FINAL<\/a><\/td><td>&nbsp;<a href=\"https:\/\/drive.google.com\/file\/d\/1lkQh959N1JTNBgkgOpBhkK5xPf6x8aNw\/view?usp=sharing\" target=\"_blank\" rel=\"noreferrer noopener\">Primera<\/a><\/td><\/tr><tr><td>10<\/td><td>Metodolog\u00eda de las Ciencias&nbsp; Sociales II<\/td><td>Licda. Karla Patricia Gir\u00f3n Franco<\/td><td><a href=\"https:\/\/drive.google.com\/file\/d\/1fw3f_nLRKKsOCa902uGOEoALgKkgGCMD\/view?usp=drive_link\" target=\"_blank\" rel=\"noreferrer noopener\">final<\/a><\/td><td>&nbsp;<\/td><\/tr><\/tbody><\/table><\/figure>\n\n\n\n<p>SECCI\u00d3N  B<\/p>\n\n\n\n<figure class=\"wp-block-table\"><table><tbody><tr><td>&nbsp;<\/td><td>SEGUNDO CICLO<\/td><td>Docente<\/td><td>ACTA FINAL             <\/td><td>RECUPERACION<\/td><\/tr><tr><td>6<\/td><td>Ciencia Pol\u00edtica II<\/td><td>Dra. Claudia Ver\u00f3nica Agreda Ajqu\u00ed<\/td><td><a href=\"https:\/\/drive.google.com\/file\/d\/18dC8IG4RILFiy4FejySR1ttcqfSNzLfr\/view?usp=sharing\" target=\"_blank\" rel=\"noreferrer noopener\">&nbsp;FINAL<\/a><\/td><td>&nbsp;<a rel=\"noreferrer noopener\" href=\"https:\/\/drive.google.com\/file\/d\/15SvuKHD-uLpkeJoRHAe_32GK0OTPFNnU\/view?usp=drive_link\" target=\"_blank\">Primera Recuperaci\u00f3n<\/a><br><br><a href=\"https:\/\/drive.google.com\/file\/d\/1PoaDQ4eupoUd23Yk8UJSzXpRULZ9yLkd\/view?usp=drive_link\" target=\"_blank\" rel=\"noreferrer noopener\">Segunda<\/a><\/td><\/tr><tr><td>7<\/td><td>Sociolog\u00eda II<\/td><td>LIC. MANUEL CUPERTINO RIVERA RIVERA<\/td><td><a href=\"https:\/\/drive.google.com\/file\/d\/1jN6lDa_iJ4ozGXPWeYUcuj-owiW79A7m\/view?usp=drive_link\" target=\"_blank\" rel=\"noreferrer noopener\">&nbsp;FINAL<\/a><\/td><td>&nbsp;<a rel=\"noreferrer noopener\" href=\"https:\/\/drive.google.com\/file\/d\/1hquGL2kiwQCk_Cx0xbTknxiv4DxmZ4UL\/view?usp=sharing\" target=\"_blank\">Primera recuperaci\u00f3n<\/a><br><br><a rel=\"noreferrer noopener\" href=\"https:\/\/drive.google.com\/file\/d\/156CQaquyRPTYCBnFAU_x6WE7lgLxWBd0\/view?usp=drive_link\" target=\"_blank\">Segunda<\/a><\/td><\/tr><tr><td>8<\/td><td>Relaciones Internacionales II<\/td><td>M.Sc. Jos\u00e9 Gilberto Cortez<\/td><td>&nbsp;<a href=\"https:\/\/drive.google.com\/file\/d\/1BQeCbWpszA5TS2KE8I-L-ZHVOinOQYDM\/view?usp=drive_link\" target=\"_blank\" rel=\"noreferrer noopener\">FINAL<\/a><\/td><td>&nbsp;<a rel=\"noreferrer noopener\" href=\"https:\/\/drive.google.com\/file\/d\/1nr7Qd-N0njVhx1D2haHREVWUchmT63_j\/view?usp=drive_link\" target=\"_blank\">Primera<\/a><br><a href=\"https:\/\/drive.google.com\/file\/d\/1Nnmj9AC1AX36IFXaYdU5NXSK2XiEt3Wr\/view?usp=drive_link\" target=\"_blank\" rel=\"noreferrer noopener\">Segunda<\/a><\/td><\/tr><tr><td>9<\/td><td>Historia Latino Americana<\/td><td>Licda. Amanda Rosal\u00eda Sol\u00f3rzano Castillo<\/td><td><a href=\"https:\/\/drive.google.com\/file\/d\/1cJFph5Ei5kDiGkFuwuLMeWzfAoAVzAsG\/view?usp=drive_link\" target=\"_blank\" rel=\"noreferrer noopener\">&nbsp;FINAL<\/a><\/td><td>\u00a0<a rel=\"noreferrer noopener\" href=\"https:\/\/drive.google.com\/file\/d\/1b5ih5R0OPHCq6okPRjwmLgd0d9VrvMLt\/view?usp=drive_link\" target=\"_blank\">Primera<\/a><br><br><a href=\"https:\/\/drive.google.com\/file\/d\/1CFM7EjnSBvPOQBCfOqw_SApuwAHVCvsk\/view?usp=drive_link\" target=\"_blank\" rel=\"noreferrer noopener\">Segunda<\/a><\/td><\/tr><tr><td>10<\/td><td>Metodolog\u00eda de las Ciencias&nbsp; Sociales II<\/td><td>Licda. Ingrid Fabiola Quill<\/td><td>&nbsp;<a href=\"https:\/\/drive.google.com\/file\/d\/1ZADUWzVIlmGcnx0xuOZcLkCNr-lonLSd\/view?usp=drive_link\" target=\"_blank\" rel=\"noreferrer noopener\">FINAL<\/a><\/td><td>&nbsp;<a href=\"https:\/\/drive.google.com\/file\/d\/1JGQnPDyUyRLn4ONxwe_FVquB0llqXfyD\/view?usp=drive_link\" target=\"_blank\" rel=\"noreferrer noopener\">Primera<\/a><\/td><\/tr><\/tbody><\/table><\/figure>\n\n\n\n<p>SECCI\u00d3N   C<\/p>\n\n\n\n<figure class=\"wp-block-table\"><table><tbody><tr><td>&nbsp;<\/td><td>SEGUNDO CICLO<\/td><td>Docente<\/td><td>ACTA  FINAL          <\/td><td>RECUPERACION<\/td><\/tr><tr><td>6<\/td><td>Ciencia Pol\u00edtica II<\/td><td>Lic. Jorge de Jes\u00fas Ponce Reynoso<\/td><td>&nbsp;<a href=\"https:\/\/drive.google.com\/file\/d\/1Rnd3lJVnGPGCxbTfpWP9ZmLRlsLUqGs3\/view?usp=drive_link\" target=\"_blank\" rel=\"noreferrer noopener\">FINAL<\/a><\/td><td>&nbsp;<a href=\"https:\/\/drive.google.com\/file\/d\/1o0SBQZdtFGTkxN5x8TLQSYezfIE1Rouq\/view?usp=drive_link\" target=\"_blank\" rel=\"noreferrer noopener\">Primera<\/a><\/td><\/tr><tr><td>7<\/td><td>Sociolog\u00eda II<\/td><td>LIC. MANUEL CUPERTINO RIVERA RIVERA<\/td><td>&nbsp;<a href=\"https:\/\/drive.google.com\/file\/d\/1BCdVNxvKXe8jwb1ud2xuLew67_p-RHYO\/view?usp=drive_link\" target=\"_blank\" rel=\"noreferrer noopener\">FINAL<\/a><\/td><td>&nbsp;<a rel=\"noreferrer noopener\" href=\"https:\/\/drive.google.com\/file\/d\/1fFm1fteThzh4zgnjvIklH0bmfOJJ4zog\/view?usp=drive_link\" target=\"_blank\">Primera Recuperaci\u00f3n<\/a><br><br><a rel=\"noreferrer noopener\" href=\"https:\/\/drive.google.com\/file\/d\/1ytAHD8xqw2QD3K4Y-u-rJnl26zWC1MCF\/view?usp=drive_link\" target=\"_blank\">Segunda<\/a><\/td><\/tr><tr><td>8<\/td><td>Relaciones Internacionales II<\/td><td>M.Sc. Jos\u00e9 Gilberto Cortez<\/td><td>&nbsp;<a href=\"https:\/\/drive.google.com\/file\/d\/1HPqzVD5OlsFMoytr4-Dm3z5Oox-NxwjC\/view?usp=sharing\" target=\"_blank\" rel=\"noreferrer noopener\">FINAL<\/a><\/td><td>&nbsp;<a rel=\"noreferrer noopener\" href=\"https:\/\/drive.google.com\/file\/d\/1d_BD_BJtCPCw4bzb-u4s4NNErQTITNl1\/view?usp=drive_link\" target=\"_blank\">Primera<\/a><br><br><a href=\"https:\/\/drive.google.com\/file\/d\/1tbTwoNf_Mm_P_KsltK-K6dqla_RYVGQ1\/view?usp=drive_link\" target=\"_blank\" rel=\"noreferrer noopener\">Segunda<\/a><\/td><\/tr><tr><td>9<\/td><td>Historia Latino Americana<\/td><td>Licda. Delmy Mirrut Escobar Perdomo<\/td><td><a href=\"https:\/\/drive.google.com\/file\/d\/12lCpb6k2LZUhU-EpdJvR055_4Y0-PhA8\/view?usp=drive_link\" target=\"_blank\" rel=\"noreferrer noopener\">&nbsp;FINAL<\/a><\/td><td>&nbsp;<\/td><\/tr><tr><td>10<\/td><td>Metodolog\u00eda de las Ciencias&nbsp; Sociales II<\/td><td>Licda. Estephany Mishell Fisher Rodriguez<\/td><td>&nbsp;<a href=\"https:\/\/drive.google.com\/file\/d\/1bVyy57ylDs6_j3NQiyIqEYXJo5bIYDn6\/view?usp=drive_link\" target=\"_blank\" rel=\"noreferrer noopener\">final<\/a><\/td><td>&nbsp;<a href=\"https:\/\/drive.google.com\/file\/d\/1XthI1y-fOrMneSwSRvKpOXWOvNg4f1Zp\/view?usp=sharing\" data-type=\"post\" data-id=\"7272\" target=\"_blank\" rel=\"noreferrer noopener\">Primera<\/a><\/td><\/tr><\/tbody><\/table><\/figure>\n\n\n\n<p>SECCI\u00d3N D<\/p>\n\n\n\n<figure class=\"wp-block-table\"><table><tbody><tr><td>&nbsp;<\/td><td>SEGUNDO CICLO<\/td><td>Docente<\/td><td>ACTA FINAL<\/td><td>RECUPERACION<\/td><\/tr><tr><td>6<\/td><td>Ciencia Pol\u00edtica II<\/td><td>Lic. Oscar Estuardo Bautista Soto<\/td><td>&nbsp;<a href=\"https:\/\/drive.google.com\/file\/d\/1yhR--1PIOioRFq_YQOjiGMVrgCt3c5xj\/view?usp=drive_link\" target=\"_blank\" rel=\"noreferrer noopener\">FINAL<\/a><\/td><td>&nbsp;<\/td><\/tr><tr><td>7<\/td><td>Sociolog\u00eda II<\/td><td>LIC. MANUEL CUPERTINO RIVERA RIVERA<\/td><td><a href=\"https:\/\/drive.google.com\/file\/d\/1A9_KiNktshuK5HO65tbvQ8C7tkvtj9FB\/view?usp=drive_link\" target=\"_blank\" rel=\"noreferrer noopener\">&nbsp;FINAL<\/a><\/td><td><a rel=\"noreferrer noopener\" href=\"https:\/\/drive.google.com\/file\/d\/1bRA6nzzz5XVwUWlThf55cahQYPr7yGaM\/view?usp=drive_link\" target=\"_blank\">&nbsp;Primera Recuperaci\u00f3n<\/a><br><br><a href=\"https:\/\/drive.google.com\/file\/d\/1jswpP8D1DW-cxByT7Zcx6SGvkfzuXvfb\/view?usp=drive_link\" target=\"_blank\" rel=\"noreferrer noopener\">Segunda<\/a><\/td><\/tr><tr><td>8<\/td><td>Relaciones Internacionales II<\/td><td>M.Sc. Jos\u00e9 Gilberto Cortez<\/td><td><a href=\"https:\/\/drive.google.com\/file\/d\/1Je6wgiXkThHgx2bVEVKXnXgxkTPb-of4\/view?usp=drive_link\" target=\"_blank\" rel=\"noreferrer noopener\">&nbsp;FINAL<\/a><\/td><td>&nbsp;<a rel=\"noreferrer noopener\" href=\"https:\/\/drive.google.com\/file\/d\/1A801j4cR-BMLaMdx-5_qiRGbYZEidnvr\/view?usp=drive_link\" target=\"_blank\">Primera<\/a><br><br><a href=\"https:\/\/drive.google.com\/file\/d\/12-2ZnD0NN_7-spsQ-Jyu_IN6_Z2tcfkN\/view?usp=drive_link\" target=\"_blank\" rel=\"noreferrer noopener\">Segunda<\/a><\/td><\/tr><tr><td>9<\/td><td>Historia Latino Americana<\/td><td>M.Sc. Magda Haydee Lant\u00e1n C\u00e1ceres<\/td><td><a href=\"https:\/\/drive.google.com\/file\/d\/1XQoLjIPmT3MAwaMeCpM-XwpgpI_1CyLJ\/view?usp=drive_link\" target=\"_blank\" rel=\"noreferrer noopener\">FINAL<\/a><\/td><td>&nbsp;<\/td><\/tr><tr><td>10<\/td><td>Metodolog\u00eda de las Ciencias&nbsp; Sociales II<\/td><td>Licda. Mar\u00eda Consuelo Morales Salazar<\/td><td>&nbsp;<a href=\"https:\/\/drive.google.com\/file\/d\/1nMtCO8sSit0AqbGwGBgLm06ABo3RTLL7\/view?usp=drive_link\" target=\"_blank\" rel=\"noreferrer noopener\">FINAL<\/a><\/td><td>&nbsp;<a href=\"https:\/\/drive.google.com\/file\/d\/1zy4CopvxjSzDmLuKYjQR8r-q25lKKWR5\/view?usp=drive_link\" target=\"_blank\" rel=\"noreferrer noopener\">Primera<\/a><\/td><\/tr><\/tbody><\/table><\/figure>\n","protected":false},"excerpt":{"rendered":"<p>SECCI\u00d3N A A SEGUNDO CICLO Docente ACTA FINAL RECUPERACION 6 Ciencia Pol\u00edtica II Lic. Jorge de Jes\u00fas Ponce Reynoso &nbsp;FINAL &nbsp;Primera Segunda 7 Sociolog\u00eda II LIC. MANUEL CUPERTINO RIVERA RIVERA &nbsp;FINAL &nbsp; 8 Relaciones Internacionales II M.Sc. Jos\u00e9 Gilberto Cortez &nbsp;FINAL &nbsp;Primera Segunda 9 Historia Latino Americana Lic. Juan Carlos Guzm\u00e1n &nbsp;FINAL &nbsp;Primera 10 Metodolog\u00eda [&hellip;]<\/p>\n","protected":false},"author":101014,"featured_media":0,"parent":0,"menu_order":0,"comment_status":"closed","ping_status":"closed","template":"","meta":[],"_links":{"self":[{"href":"https:\/\/cienciapolitica.usac.edu.gt\/index.php?rest_route=\/wp\/v2\/pages\/8098"}],"collection":[{"href":"https:\/\/cienciapolitica.usac.edu.gt\/index.php?rest_route=\/wp\/v2\/pages"}],"about":[{"href":"https:\/\/cienciapolitica.usac.edu.gt\/index.php?rest_route=\/wp\/v2\/types\/page"}],"author":[{"embeddable":true,"href":"https:\/\/cienciapolitica.usac.edu.gt\/index.php?rest_route=\/wp\/v2\/users\/101014"}],"replies":[{"embeddable":true,"href":"https:\/\/cienciapolitica.usac.edu.gt\/index.php?rest_route=%2Fwp%2Fv2%2Fcomments&post=8098"}],"version-history":[{"count":62,"href":"https:\/\/cienciapolitica.usac.edu.gt\/index.php?rest_route=\/wp\/v2\/pages\/8098\/revisions"}],"predecessor-version":[{"id":8689,"href":"https:\/\/cienciapolitica.usac.edu.gt\/index.php?rest_route=\/wp\/v2\/pages\/8098\/revisions\/8689"}],"wp:attachment":[{"href":"https:\/\/cienciapolitica.usac.edu.gt\/index.php?rest_route=%2Fwp%2Fv2%2Fmedia&parent=8098"}],"curies":[{"name":"wp","href":"https:\/\/api.w.org\/{rel}","templated":true}]}}