{"id":8087,"date":"2023-11-16T07:16:10","date_gmt":"2023-11-16T07:16:10","guid":{"rendered":"https:\/\/cienciapolitica.usac.edu.gt\/?page_id=8087"},"modified":"2024-03-06T00:49:00","modified_gmt":"2024-03-06T00:49:00","slug":"actas-finales-sociologia-2-2023","status":"publish","type":"page","link":"https:\/\/cienciapolitica.usac.edu.gt\/?page_id=8087","title":{"rendered":"ACTAS FINALES SOCIOLOGIA 2-2023"},"content":{"rendered":"\n<p>Secci\u00f3n A<\/p>\n\n\n\n<pre class=\"wp-block-preformatted has-vivid-cyan-blue-color has-text-color\">\tCuarto  Ciclo\t\n16\tTeor\u00eda Sociol\u00f3gica I\t                        no hubo estudiantes\n17\tSociolog\u00eda de Guatemala I\t                no hubo estudiantes\n18\tMetodolog\u00eda de  las Ciencias Sociales IV\tno hubo estudiantes\n19\tMicro y Macroeconom\u00eda\t                        no hubo estudiantes\n21\tPsicolog\u00eda Social de Guatemala\t                no hubo estudiantes\n<\/pre>\n\n\n\n<figure class=\"wp-block-table\"><table><tbody><tr><td>&nbsp;<\/td><td><strong>Sexto&nbsp; Ciclo<\/strong><\/td><td>Docente<\/td><td>ACTA FINAL         <\/td><td>RECUPERACION<\/td><\/tr><tr><td>28<\/td><td>Teor\u00eda Sociol\u00f3gica III<\/td><td>Dr. Jorge Adalberto Ruano Estrada<\/td><td>&nbsp;<a href=\"https:\/\/drive.google.com\/file\/d\/1auAxnWpA5XwRUwKtMy1lEBWAcuI7hFW3\/view?usp=sharing\" target=\"_blank\" rel=\"noreferrer noopener\">FINAL<\/a><\/td><td>&nbsp;<\/td><\/tr><tr><td>29<\/td><td>Sociolog\u00eda de Guatemala III<\/td><td>Lic. Carlos Roberto Monz\u00f3n<\/td><td><a href=\"https:\/\/drive.google.com\/file\/d\/1aC-uKp5SNOaWPiuscZU96IRy9jlvFwP0\/view?usp=sharing\" target=\"_blank\" rel=\"noreferrer noopener\">FINAL<\/a><\/td><td>&nbsp;<\/td><\/tr><tr><td>30<\/td><td>An\u00e1lisis de Experiencias&nbsp; de&nbsp; Investigaci\u00f3n Sociol\u00f3gica II<\/td><td>Licda. Mirea Carolina Alvarado<\/td><td>&nbsp;<a href=\"https:\/\/drive.google.com\/file\/d\/1NpGGlJb4FxQoT2xxe40IlSBm__Kr2N5O\/view?usp=drive_link\" target=\"_blank\" rel=\"noreferrer noopener\">FINAL<\/a><\/td><td>&nbsp;<\/td><\/tr><tr><td>31<\/td><td>Historia de Guatemala III<\/td><td>Lic. Jos\u00e9 Efra\u00edn P\u00e9rez Xicar\u00e1<\/td><td>&nbsp;<a href=\"https:\/\/drive.google.com\/file\/d\/1b0xcLz8siCBs3lMYwal2N9lpl2i9agis\/view?usp=sharing\" target=\"_blank\" rel=\"noreferrer noopener\">FINAL<\/a><\/td><td>&nbsp;<\/td><\/tr><tr><td>33<\/td><td>Derechos Humanos y Seguridad Humana en Guatemala<\/td><td>Dr. Pablo Daniel Rangel Romero<\/td><td>&nbsp;<a href=\"https:\/\/drive.google.com\/file\/d\/1h8vGlcztIxPLZmWXxDm4uZdzqnYB3qKq\/view?usp=sharing\" target=\"_blank\" rel=\"noreferrer noopener\">FINAL<\/a><\/td><td>&nbsp;<\/td><\/tr><\/tbody><\/table><\/figure>\n\n\n\n<figure class=\"wp-block-table\"><table><tbody><tr><td>&nbsp;<\/td><td><strong>Octavo Ciclo<\/strong><\/td><td>Docente<\/td><td>ACTA FINAL  <\/td><td>RECUPERACION<\/td><\/tr><tr><td>40<\/td><td>Sociolog\u00eda del Conocimiento<\/td><td>Lic. Boris Abelardo Cabrera Cifuentes<\/td><td>&nbsp;<a href=\"https:\/\/drive.google.com\/file\/d\/1tBft-JwyF3z1EeyiBhtm5x77V5CIaggF\/view?usp=sharing\" target=\"_blank\" rel=\"noreferrer noopener\">FINAL<\/a><\/td><td>&nbsp;<\/td><\/tr><tr><td>41<\/td><td>Sociolog\u00eda Pol\u00edtica II<\/td><td>Lic. Christian Calder\u00f3n Cedillos<\/td><td>&nbsp;<a href=\"https:\/\/drive.google.com\/file\/d\/1K7zHDbDe-b8y75kKJSbSKA6r0E_fuQWV\/view?usp=drive_link\" target=\"_blank\" rel=\"noreferrer noopener\">final<\/a><\/td><td>&nbsp;<\/td><\/tr><tr><td>42<\/td><td>Sociolog\u00eda de la Comunicaci\u00f3n<\/td><td>Lic. Juan Carlos Guzm\u00e1n<\/td><td>&nbsp;<a href=\"https:\/\/drive.google.com\/file\/d\/1F8paurRIjQm6_g-1qkzZ613mV5HGn0K2\/view?usp=sharing\" target=\"_blank\" rel=\"noreferrer noopener\">FINAL<\/a><\/td><td>&nbsp;<\/td><\/tr><tr><td>43<\/td><td>Dise\u00f1o de Investigaci\u00f3n de Tesis I<\/td><td>Dr. Fidel Ar\u00e9valo Gamboa<\/td><td>&nbsp;<a href=\"https:\/\/drive.google.com\/file\/d\/1xfq4ZtxIjyghp0WGubMfGV_G_19zhx3_\/view?usp=drive_link\" target=\"_blank\" rel=\"noreferrer noopener\">FINAL<\/a><\/td><td>&nbsp;<\/td><\/tr><tr><td>45<\/td><td>Legislaci\u00f3n Social de Guatemala<\/td><td>Lic. Oscar Estuardo Bautista Soto<\/td><td>&nbsp;<a href=\"https:\/\/drive.google.com\/file\/d\/1k7-b2_MCK713i62jzkZ6nAWz1kDNQPaX\/view?usp=sharing\" target=\"_blank\" rel=\"noreferrer noopener\">final<\/a><\/td><td>&nbsp;<\/td><\/tr><\/tbody><\/table><\/figure>\n\n\n\n<figure class=\"wp-block-table\"><table><tbody><tr><td>&nbsp;<\/td><td><strong>D\u00e9cimo Ciclo<\/strong><\/td><td>Docente<\/td><td>  ACTA FINAL                          <\/td><td>RECUPERACION<\/td><\/tr><tr><td>51<\/td><td>Seminario sobre Teor\u00edas Sociol\u00f3gicas en Guatemala<\/td><td>Lic. Christian Calder\u00f3n Cedillos<\/td><td>&nbsp;<a href=\"https:\/\/drive.google.com\/file\/d\/1JF6uPvqm7QmKfXWpCxitox7PyvgCKe22\/view?usp=drive_link\" target=\"_blank\" rel=\"noreferrer noopener\">FINAL<\/a><\/td><td> <a href=\"https:\/\/drive.google.com\/file\/d\/1uTw112kPYaNNVHDYAjam6mbxM-sOTpPk\/view?usp=drive_link\" target=\"_blank\" rel=\"noreferrer noopener\">Segunda<\/a><\/td><\/tr><tr><td>59<\/td><td>Seminario sobre&nbsp; Derechos Humanos y Defensa del Territorio y la Naturaleza desde la Perspectiva Local.<\/td><td>M.Sc. Victoria Aurora Tubin Sotz<\/td><td><a href=\"https:\/\/drive.google.com\/file\/d\/1oMdkMpA6SUZOFkc8EJxnfLB_Xavgv7q6\/view?usp=drive_link\" target=\"_blank\" rel=\"noreferrer noopener\">\u00a0final<\/a><\/td><td>&nbsp;<a rel=\"noreferrer noopener\" href=\"https:\/\/drive.google.com\/file\/d\/1OpFGjT1vxJWZEL3eJ76fZQXX9EOq4kxw\/view?usp=drive_link\" target=\"_blank\">Primera<\/a><br><br><a href=\"https:\/\/drive.google.com\/file\/d\/1LdUAf9iDyOtWscAKuTExXbTM2v3t74dB\/view?usp=drive_link\" target=\"_blank\" rel=\"noreferrer noopener\">Segunda<\/a><\/td><\/tr><tr><td>60<\/td><td>Seminario sobre Conflictividad, An\u00e1lisis y Resoluci\u00f3n de Conflictos Sociales<\/td><td>Lic. Mynor Iv\u00e1n Miranda Peralta<\/td><td>&nbsp;<a href=\"https:\/\/drive.google.com\/file\/d\/1HQXXp4GfnrB1o1d_Hjiskv7G2XAAIOpi\/view?usp=drive_link\" target=\"_blank\" rel=\"noreferrer noopener\">final<\/a><\/td><td>&nbsp;<\/td><\/tr><tr><td>61<\/td><td>Seminario sobre Pol\u00edticas P\u00fablicas de Rehabilitaci\u00f3n de Transgresores de la Ley<\/td><td>Lic. Roberto Josu\u00e9 Aguilar G\u00e1mez<\/td><td>&nbsp;<a href=\"https:\/\/drive.google.com\/file\/d\/1Nr7YVks4W8ZkM3ycI1QPN_RjK2sGU29l\/view?usp=sharing\" target=\"_blank\" rel=\"noreferrer noopener\">FINAL<\/a><\/td><td>&nbsp;<\/td><\/tr><tr><td>55<\/td><td>Informe de Tesis<\/td><td>M.Sc. Luis Fernando Ar\u00e9valo Argueta<\/td><td>&nbsp;<a href=\"https:\/\/drive.google.com\/file\/d\/126yW27gkkGs0YiPWPVEd1X4TRsrSAghK\/view?usp=drive_link\" target=\"_blank\" rel=\"noreferrer noopener\">final<\/a><\/td><td>&nbsp;<\/td><\/tr><\/tbody><\/table><\/figure>\n\n\n\n<p>SECCI\u00d3N   B<\/p>\n\n\n\n<figure class=\"wp-block-table\"><table><tbody><tr><td>&nbsp;<\/td><td><strong>Cuarto Ciclo<\/strong><\/td><td>Docente<\/td><td>ACTA FINAL<\/td><td>RECUPERACION<\/td><\/tr><tr><td>16<\/td><td>Teor\u00eda Sociol\u00f3gica I<\/td><td>Licda. Silvia Lorena Romero Trujillo<\/td><td><a href=\"https:\/\/drive.google.com\/file\/d\/1dAIHrYZ4IlvBl41UrqmktxTxsX8PB3Uw\/view?usp=drive_link\" target=\"_blank\" rel=\"noreferrer noopener\">FINAL<\/a><\/td><td>&nbsp;<\/td><\/tr><tr><td>17<\/td><td>Sociolog\u00eda de Guatemala I<\/td><td>M.Sc. Juan Antonio Fern\u00e1ndez<\/td><td>&nbsp;<a href=\"https:\/\/drive.google.com\/file\/d\/132E4FKrEWahTPIVnJrLxj-NqUyOLsh5R\/view?usp=drive_link\" target=\"_blank\" rel=\"noreferrer noopener\">FINAL<\/a><\/td><td>&nbsp;<\/td><\/tr><tr><td>18<\/td><td>Metodolog\u00eda de&nbsp; las Ciencias Sociales IV<\/td><td>M.Sc. Nora Lizeth G\u00e1lvez Garc\u00eda<\/td><td><a href=\"https:\/\/drive.google.com\/file\/d\/1eqFaCJqlSXvaVYMElG-6_awjxs0oVHpr\/view?usp=drive_link\" target=\"_blank\" rel=\"noreferrer noopener\">FINAL<\/a><\/td><td>&nbsp;<a href=\"https:\/\/drive.google.com\/file\/d\/1bSr1tAsimK0iMobjMZDjjug3niKAqfJY\/view?usp=drive_link\" target=\"_blank\" rel=\"noreferrer noopener\">Segunda<\/a><\/td><\/tr><tr><td>19<\/td><td>Micro y Macroeconom\u00eda<\/td><td>M.Sc. Mar\u00eda Elena Izquierdo Merlo<\/td><td>&nbsp;<a href=\"https:\/\/drive.google.com\/file\/d\/1G8YeYliG6D7eW249SXpUAHOGhafDgvTv\/view?usp=drive_link\" target=\"_blank\" rel=\"noreferrer noopener\">FINAL<\/a><\/td><td>&nbsp;<\/td><\/tr><tr><td>20<\/td><td>Antropolog\u00eda Social de Guatemala<\/td><td>M.Sc. Julio Alejandro Vald\u00e9z Rodas<\/td><td>&nbsp;<a href=\"https:\/\/drive.google.com\/file\/d\/1vjvrmiQhQCgo690K8wRVKZ0lKXWuovQx\/view?usp=drive_link\" target=\"_blank\" rel=\"noreferrer noopener\">final<\/a><\/td><td>&nbsp;<\/td><\/tr><\/tbody><\/table><\/figure>\n\n\n\n<figure class=\"wp-block-table\"><table><tbody><tr><td>&nbsp;<\/td><td><strong>Sexto Ciclo<\/strong><\/td><td>Docente<\/td><td>ACTA FINAL<\/td><td>RECUPERACION<\/td><\/tr><tr><td>28<\/td><td>Teor\u00eda Sociol\u00f3gica III<\/td><td>Dr. Eddy Am\u00edlcar Morales Mazariegos<\/td><td>&nbsp;<a href=\"https:\/\/drive.google.com\/file\/d\/1q_e34Q0QcdVEoNr5pUtSDh9l6kRyyhlQ\/view?usp=drive_link\" target=\"_blank\" rel=\"noreferrer noopener\">FINAL<\/a><\/td><td>&nbsp;<\/td><\/tr><tr><td>29<\/td><td>Sociolog\u00eda de Guatemala III<\/td><td>Lic. David Ricardo Zepeda Gait\u00e1n<\/td><td>&nbsp;<a href=\"https:\/\/drive.google.com\/file\/d\/1lr2ZlmVLmm6dyA1PtyuPv5Jj0ouUV1Zp\/view?usp=drive_link\" target=\"_blank\" rel=\"noreferrer noopener\">FINAL<\/a><\/td><td>&nbsp;<\/td><\/tr><tr><td>30<\/td><td>An\u00e1lisis de Experiencias&nbsp; de&nbsp; Investigaci\u00f3n Sociol\u00f3gica II<\/td><td>Lic. Marcelo Coj Sam<\/td><td>&nbsp;<a href=\"https:\/\/drive.google.com\/file\/d\/1mk5yfn09RuCUfz-aTBXVU44bBP91B54B\/view?usp=drive_link\" target=\"_blank\" rel=\"noreferrer noopener\">FINAL<\/a><\/td><td>&nbsp;<\/td><\/tr><tr><td>31<\/td><td>Historia de Guatemala III<\/td><td>Lic. Arnoldo Villagr\u00e1n Campos<\/td><td><a href=\"https:\/\/drive.google.com\/file\/d\/1bPEhcMm-Y9Kx0WwojJaQke60fPZHN-_2\/view?usp=drive_link\" target=\"_blank\" rel=\"noreferrer noopener\">FINAL<\/a><\/td><td>&nbsp;<\/td><\/tr><tr><td>32<\/td><td>Sociolog\u00eda de la Cultura con Perspectiva de G\u00e9nero y Etnia<\/td><td>Licda. Johana Del \u00c1guila<\/td><td>&nbsp;<a href=\"https:\/\/drive.google.com\/file\/d\/170ESLzI94vTrn9oO-g0Afovec5--7-EY\/view?usp=drive_link\" target=\"_blank\" rel=\"noreferrer noopener\">FINAL<\/a><\/td><td>&nbsp;<\/td><\/tr><\/tbody><\/table><\/figure>\n\n\n\n<figure class=\"wp-block-table\"><table><tbody><tr><td>&nbsp;<\/td><td><strong>Octavo Ciclo<\/strong><\/td><td>Docente<\/td><td>ACTA FINAL   <\/td><td>RECUPERACION<\/td><\/tr><tr><td>40<\/td><td>Sociolog\u00eda del Conocimiento<\/td><td>Lic. Boris Abelardo Cabrera Cifuentes<\/td><td><a href=\"https:\/\/drive.google.com\/file\/d\/14jDOBaIymySa4OmeSh0-_n6bLE76uKrk\/view?usp=sharing\" target=\"_blank\" rel=\"noreferrer noopener\">&nbsp;FINAL<\/a><\/td><td>&nbsp;<\/td><\/tr><tr><td>41<\/td><td>Sociolog\u00eda Pol\u00edtica II<\/td><td>Dr. Jorge Ruano Estrada<\/td><td>&nbsp;<a href=\"https:\/\/drive.google.com\/file\/d\/1hUlusjPf5V13cse3vqCkWctpj48HH2Jv\/view?usp=drive_link\" target=\"_blank\" rel=\"noreferrer noopener\">FINAL<\/a><\/td><td>&nbsp;<\/td><\/tr><tr><td>42<\/td><td>Sociolog\u00eda de la Comunicaci\u00f3n<\/td><td>Dr. Carlos Orlando Oliva Muralles<\/td><td>&nbsp;<a href=\"https:\/\/drive.google.com\/file\/d\/1-4dLqKUSiq2g9WIVx6B9ydoA9UNB6tFA\/view?usp=drive_link\" target=\"_blank\" rel=\"noreferrer noopener\">final<\/a><\/td><td>&nbsp;<\/td><\/tr><tr><td>43<\/td><td>Dise\u00f1o de Investigaci\u00f3n de Tesis I<\/td><td>LIC. JORGE LUIS AMADO BARRIOS<\/td><td>&nbsp;<a href=\"https:\/\/drive.google.com\/file\/d\/1if0DXO0ZrwLMdFEnQO9eXrvm2wINEOYo\/view?usp=drive_link\" target=\"_blank\" rel=\"noreferrer noopener\">FINAL<\/a><\/td><td>&nbsp; Primera<\/td><\/tr><tr><td>44<\/td><td>Sociolog\u00eda de G\u00e9nero y Etnia II<\/td><td>Licda. Judith Tzunum<\/td><td>&nbsp;<\/td><td>&nbsp;<\/td><\/tr><\/tbody><\/table><\/figure>\n\n\n\n<figure class=\"wp-block-table\"><table><tbody><tr><td>&nbsp;<\/td><td><strong>D\u00e9cimo Ciclo<\/strong><\/td><td>Docente<\/td><td>ACTA FINAL            <\/td><td>RECUPERACION<\/td><\/tr><tr><td>51<\/td><td>Seminario sobre Teor\u00edas Sociol\u00f3gicas en Guatemala<\/td><td>Dr. Luis Fernando Mack Echeverr\u00eda<\/td><td><a href=\"https:\/\/drive.google.com\/file\/d\/1284Y4F4N1lgGNllFMpqQ3qaSfDD7GJf3\/view?usp=drive_link\" target=\"_blank\" rel=\"noreferrer noopener\">FINAL<\/a><\/td><td>&nbsp;<\/td><\/tr><tr><td>52<\/td><td>Seminario sobre Pol\u00edticas de Desarrollo Urbano y Rural<\/td><td>Licda. Leslie Jamid Ramos<\/td><td>&nbsp;<a href=\"https:\/\/drive.google.com\/file\/d\/1dDG8UsTKVKryEYrkspVi6_9jRe6eClhc\/view?usp=sharing\" target=\"_blank\" rel=\"noreferrer noopener\">FINAL<\/a><\/td><td>&nbsp;<\/td><\/tr><tr><td>53<\/td><td>Seminario sobre&nbsp; Estrategias de Incidencia de pueblos ind\u00edgenas y Organizaciones Sociales.<\/td><td>M.Sc. Julio Oxlaj Cumes<\/td><td>&nbsp;<a href=\"https:\/\/drive.google.com\/file\/d\/1dezYT8S3eM1trwDgQMPq_hEYQt1l3G-J\/view?usp=sharing\" target=\"_blank\" rel=\"noreferrer noopener\">FINAL<\/a><\/td><td>&nbsp;<\/td><\/tr><tr><td>54<\/td><td>Seminario sobre G\u00e9nero, Etnia y Educaci\u00f3n en Guatemala.<\/td><td>M.Sc. Licerio Camey Huz<\/td><td>&nbsp;<a href=\"https:\/\/drive.google.com\/file\/d\/10tI77QD2fRlNaeTEaM5-l0QqBvcz-aSD\/view?usp=drive_link\" target=\"_blank\" rel=\"noreferrer noopener\">FINAL<\/a><\/td><td>&nbsp;<\/td><\/tr><tr><td>55<\/td><td>Informe de Tesis<\/td><td>Dr. Carlos Seijas<\/td><td>&nbsp;<a href=\"https:\/\/drive.google.com\/file\/d\/1NGVBKTBzIBQhUyOCMpNFqY64J5Urz86V\/view?usp=drive_link\" target=\"_blank\" rel=\"noreferrer noopener\">FINAL<\/a><\/td><td>&nbsp;<\/td><\/tr><\/tbody><\/table><\/figure>\n","protected":false},"excerpt":{"rendered":"<p>Secci\u00f3n A Cuarto Ciclo 16 Teor\u00eda Sociol\u00f3gica I no hubo estudiantes 17 Sociolog\u00eda de Guatemala I no hubo estudiantes 18 Metodolog\u00eda de las Ciencias Sociales IV no hubo estudiantes 19 Micro y Macroeconom\u00eda no hubo estudiantes 21 Psicolog\u00eda Social de Guatemala no hubo estudiantes &nbsp; Sexto&nbsp; Ciclo Docente ACTA FINAL RECUPERACION 28 Teor\u00eda Sociol\u00f3gica III [&hellip;]<\/p>\n","protected":false},"author":101014,"featured_media":0,"parent":0,"menu_order":0,"comment_status":"closed","ping_status":"closed","template":"","meta":[],"_links":{"self":[{"href":"https:\/\/cienciapolitica.usac.edu.gt\/index.php?rest_route=\/wp\/v2\/pages\/8087"}],"collection":[{"href":"https:\/\/cienciapolitica.usac.edu.gt\/index.php?rest_route=\/wp\/v2\/pages"}],"about":[{"href":"https:\/\/cienciapolitica.usac.edu.gt\/index.php?rest_route=\/wp\/v2\/types\/page"}],"author":[{"embeddable":true,"href":"https:\/\/cienciapolitica.usac.edu.gt\/index.php?rest_route=\/wp\/v2\/users\/101014"}],"replies":[{"embeddable":true,"href":"https:\/\/cienciapolitica.usac.edu.gt\/index.php?rest_route=%2Fwp%2Fv2%2Fcomments&post=8087"}],"version-history":[{"count":38,"href":"https:\/\/cienciapolitica.usac.edu.gt\/index.php?rest_route=\/wp\/v2\/pages\/8087\/revisions"}],"predecessor-version":[{"id":8666,"href":"https:\/\/cienciapolitica.usac.edu.gt\/index.php?rest_route=\/wp\/v2\/pages\/8087\/revisions\/8666"}],"wp:attachment":[{"href":"https:\/\/cienciapolitica.usac.edu.gt\/index.php?rest_route=%2Fwp%2Fv2%2Fmedia&parent=8087"}],"curies":[{"name":"wp","href":"https:\/\/api.w.org\/{rel}","templated":true}]}}