{"id":7627,"date":"2023-06-27T02:40:09","date_gmt":"2023-06-27T02:40:09","guid":{"rendered":"https:\/\/cienciapolitica.usac.edu.gt\/?page_id=7627"},"modified":"2023-11-03T23:23:06","modified_gmt":"2023-11-03T23:23:06","slug":"actas-relaciones-internacionales-1-2023","status":"publish","type":"page","link":"https:\/\/cienciapolitica.usac.edu.gt\/?page_id=7627","title":{"rendered":"Actas Relaciones Internacionales 1-2023"},"content":{"rendered":"\n<p>Nota: Todas y todos los estudiantes deben estar  asignados para que su nota sea valida.<\/p>\n\n\n\n<p><strong>Licenciatura Relaciones Internacionales con Especializaci\u00f3n en Seguridad Internacional<\/strong> SECCION A<\/p>\n\n\n\n<figure class=\"wp-block-table\"><table><tbody><tr><td>&nbsp;<\/td><td><strong>Quinto Ciclo<\/strong><\/td><td>ACTA<\/td><td>RECUPERACION<\/td><\/tr><tr><td>66<\/td><td>Teor\u00eda de las Relaciones Internacionales II&nbsp;| MAESTRA MERCEDES DE LA LUZ L\u00d3PEZ DE BOLA\u00d1OZ<\/td><td>&nbsp;<a href=\"https:\/\/drive.google.com\/file\/d\/1qve7_Bhj-MAPNC_wTX_mxQHgQktJDxpr\/view?usp=sharing\" target=\"_blank\" rel=\"noreferrer noopener\">FINAL<\/a><\/td><td>&nbsp;<\/td><\/tr><tr><td>67<\/td><td>An\u00e1lisis de la pol\u00edtica Internacional II&nbsp; | MAESTRA PAOLA BEATRIZ GONZ\u00c1LEZ ROSALES<\/td><td>&nbsp;<a href=\"https:\/\/drive.google.com\/file\/d\/1wcMNuwOsAIE5VATX840gsy01j6RoPq5K\/view?usp=sharing\" target=\"_blank\" rel=\"noreferrer noopener\">FINAL<\/a><\/td><td>&nbsp;<\/td><\/tr><tr><td>25<\/td><td>Historia de Guatemala II | LIC. WILLIAMS ALEJANDRO ALVAREZ DE LE\u00d3N<\/td><td><a href=\"https:\/\/drive.google.com\/file\/d\/117jQmyYxDv9J5w5F_xTE_vYfvcYWC_KB\/view?usp=sharing\" target=\"_blank\" rel=\"noreferrer noopener\">FINAL<\/a><\/td><td>&nbsp;<\/td><\/tr><tr><td>68<\/td><td>Derecho Internacional P\u00fablico&nbsp;| MAESTRA WENDY AVILA CONDE<\/td><td>&nbsp;<a href=\"https:\/\/drive.google.com\/file\/d\/1H5bT2d2C4FVC2XmQxFDOYcV_BMaNk3Y-\/view?usp=sharing\" target=\"_blank\" rel=\"noreferrer noopener\">FINAL<\/a><\/td><td>&nbsp;<a href=\"https:\/\/drive.google.com\/file\/d\/10Y7f4uOtGIx1o9VIc7jsLX4FpCh4e9sn\/view?usp=sharing\" target=\"_blank\" rel=\"noreferrer noopener\">1ra. Oportunidad<\/a><\/td><\/tr><tr><td>70<\/td><td>Problemas y Pol\u00edticas de Seguridad Internacional | MAESTRO AMILCAR VINICIO BRABATTI<\/td><td>&nbsp;<a href=\"https:\/\/drive.google.com\/file\/d\/14dAfusIdKUTVTmMc2pCR1gHnlbMJIkTg\/view?usp=sharing\" target=\"_blank\" rel=\"noreferrer noopener\">FINAL<\/a><\/td><td>&nbsp;<a href=\"https:\/\/drive.google.com\/file\/d\/1anl8gZkI0SYrkQDzzq8WOakTKgbsr0-B\/view?usp=sharing\" target=\"_blank\" rel=\"noreferrer noopener\">1ra. Oportunidad<\/a><\/td><\/tr><\/tbody><\/table><\/figure>\n\n\n\n<figure class=\"wp-block-table\"><table><tbody><tr><td>&nbsp;<\/td><td><strong>S\u00e9ptimo&nbsp; Ciclo<\/strong><\/td><td>ACTA<\/td><td>RECUPERACION<\/td><\/tr><tr><td>76<\/td><td>Organismos Internacionales II&nbsp;| MTRO. LUIS PABLO RODRIGUEZ MONDAL<\/td><td><a href=\"https:\/\/drive.google.com\/file\/d\/1BUzPBzNvnnA0gxq07XR4CH48G_RDiJEW\/view?usp=sharing\" target=\"_blank\" rel=\"noreferrer noopener\">FINAL<\/a><\/td><td>&nbsp;<\/td><\/tr><tr><td>77<\/td><td>Geopol\u00edtica | MTRO. OSCAR ARTURO VELAZQUEZ BERRIOS<\/td><td>&nbsp;<a href=\"https:\/\/drive.google.com\/file\/d\/1VStYdswcj4GtVgzvpRL3v1sODdbgQOeg\/view?usp=sharing\" target=\"_blank\" rel=\"noreferrer noopener\">FINAL<\/a><\/td><td>&nbsp;<\/td><\/tr><tr><td>78<\/td><td>Cooperaci\u00f3n Internacional al Desarrollo LIC. OSCAR ESTUARDO&nbsp; BAUTISTA SOTO<\/td><td>&nbsp;<a href=\"https:\/\/drive.google.com\/file\/d\/1ZMLgHn5Jsc7CC2Gq0RDwKsaVgcK_emPX\/view?usp=sharing\" target=\"_blank\" rel=\"noreferrer noopener\">FINAL<\/a><\/td><td>&nbsp;<a rel=\"noreferrer noopener\" href=\"https:\/\/drive.google.com\/file\/d\/1_WKCQr7IKsEdOEQGlwS3RTMqRBBSOWBy\/view?usp=drive_link\" target=\"_blank\">Primer<\/a><a rel=\"noreferrer noopener\" href=\"https:\/\/drive.google.com\/file\/d\/1_WKCQr7IKsEdOEQGlwS3RTMqRBBSOWBy\/view?usp=drive_link\" target=\"_blank\">a_R<\/a><a rel=\"noreferrer noopener\" href=\"https:\/\/drive.google.com\/file\/d\/1_WKCQr7IKsEdOEQGlwS3RTMqRBBSOWBy\/view?usp=drive_link\" target=\"_blank\">ecuperaci\u00f3n<\/a><\/td><\/tr><tr><td>79<\/td><td>Metodolog\u00eda de la Investigaci\u00f3n aplicada a las Relaciones&nbsp; Internacionales MAESTRA BEATRIZ EUGENIA BOLA\u00d1OS SAGASTUME<\/td><td><a href=\"https:\/\/drive.google.com\/file\/d\/1eJyDM_RFACwerMquiMDlK5DGgU2b3Ygf\/view?usp=sharing\" target=\"_blank\" rel=\"noreferrer noopener\">&nbsp;FINAL<\/a><a href=\"https:\/\/drive.google.com\/file\/d\/1IqhlL8sZw3NBvKcGL64az53NQDIcGt0h\/view?usp=sharing\" target=\"_blank\" rel=\"noreferrer noopener\"> <\/a>      <\/td><td>&nbsp;<\/td><\/tr><tr><td>81<\/td><td>An\u00e1lisis de los Conflictos Internacionales Contempor\u00e1neos | MAESTRO LUIS RODOLFO DAVILA SANCHEZ<\/td><td>&nbsp;<a href=\"https:\/\/drive.google.com\/file\/d\/1NIgVY231efOqlI7FUMReveIchy_kG79V\/view?usp=sharing\" target=\"_blank\" rel=\"noreferrer noopener\">FINAL<\/a><\/td><td>&nbsp;<\/td><\/tr><\/tbody><\/table><\/figure>\n\n\n\n<figure class=\"wp-block-table\"><table><tbody><tr><td>&nbsp;<\/td><td><strong>Noveno Ciclo<\/strong><\/td><td>ACTA&nbsp;<\/td><td>RECUPERACI\u00d3N&nbsp;<\/td><\/tr><tr><td>050<\/td><td>Dise\u00f1o de Investigaci\u00f3n de Tesis II<br>LICDA. MARIA CONSUELO MORALES SALAZAR<\/td><td><a rel=\"noreferrer noopener\" href=\"https:\/\/drive.google.com\/file\/d\/1u-ICS735Vi5EG7kX0LuaJolgdzF4KOwm\/view?usp=sharing\" target=\"_blank\">FINAL<\/a>         <br><br><\/td><td><a href=\"https:\/\/drive.google.com\/file\/d\/1VCTheidbYjB_BpFbZeemY9QQKYkYlSaV\/view?usp=drive_link\" target=\"_blank\" rel=\"noreferrer noopener\">Primera_Recuperaci\u00f3n<\/a><\/td><\/tr><tr><td>095<\/td><td>Seguridad Democr\u00e1tica | DR. JORGE DAVID CALVO DRAGO<\/td><td><a href=\"https:\/\/drive.google.com\/file\/d\/1rAP-KzZ6k9SNGphVh_TsgJbN64d50ueQ\/view?usp=sharing\" target=\"_blank\" rel=\"noreferrer noopener\">FINAL<\/a><\/td><td><\/td><\/tr><tr><td>096<\/td><td>Paz y Seguridad Internacional | LIC. ROBERTO SANTIAGO SERVENT<\/td><td><a href=\"https:\/\/drive.google.com\/file\/d\/19XH5amAGW0CZ-tnyXATyClK7VBi0-KRH\/view?usp=sharing\" target=\"_blank\" rel=\"noreferrer noopener\">FINAL<\/a><\/td><td><\/td><\/tr><tr><td>097<\/td><td>Seminario sobre Problemas Actuales de la Seguridad Internacional | MTRO. LUIS RODOLFO DAVILA INTERNACIONALES<\/td><td><a href=\"https:\/\/drive.google.com\/file\/d\/101El55zrwDVARzZWGzBwAZ_giiai90dI\/view?usp=sharing\" target=\"_blank\" rel=\"noreferrer noopener\">FINAL<\/a><\/td><td><\/td><\/tr><tr><td>098<\/td><td>Amenazas y Riesgos a la Seguridad Internacional | MTRO. JOSE GILBERTO CORTEZ CHACON<\/td><td><a href=\"https:\/\/drive.google.com\/file\/d\/14X__gtRQtyYv3fCXuZ_fBe29Z7t-Ophg\/view?usp=sharing\" target=\"_blank\" rel=\"noreferrer noopener\">FINAL<\/a><\/td><td><a href=\"https:\/\/drive.google.com\/file\/d\/14ALzgRRZ4yZ6PMbEDmDMTHNs33ov4Xc-\/view?usp=sharing\" target=\"_blank\" rel=\"noreferrer noopener\">1ra. Oportunidad<\/a><\/td><\/tr><\/tbody><\/table><figcaption class=\"wp-element-caption\"><strong>Licenciatura Relaciones Internacionales con Especialidad en Analista Pol\u00edtico Internacional<\/strong> SECCI\u00d3N B<\/figcaption><\/figure>\n\n\n\n<figure class=\"wp-block-table\"><table><tbody><tr><td>&nbsp;<\/td><td><strong>Quinto Ciclo<\/strong><\/td><td>&nbsp;ACTA<\/td><td>&nbsp;RECUPERACI\u00d3N<\/td><\/tr><tr><td>066<\/td><td>Teor\u00eda de las Relaciones Internacionales II | MTRA. EUNICE RODRIGUEZ<\/td><td><a rel=\"noreferrer noopener\" href=\"https:\/\/drive.google.com\/file\/d\/1vjDe69PFl9err3vz7-Z--JuWC9aKBiK3\/view?usp=sharing\" target=\"_blank\">FINAL<\/a>        <br><a href=\"https:\/\/drive.google.com\/file\/d\/16dai8A0H18h3uVDyc68LxRoQtblNH97r\/view?usp=sharing\" target=\"_blank\" rel=\"noreferrer noopener\">COMPLEMENTARIA<\/a><\/td><td> <\/td><\/tr><tr><td>067<\/td><td>An\u00e1lisis de la pol\u00edtica Internacional II | MTRA. SORY VANESSA GOMEZ RAMIREZ<\/td><td><a href=\"https:\/\/drive.google.com\/file\/d\/1Kh003RB08S4LtbX3rVUbttFqMtjGnrSG\/view?usp=sharing\" target=\"_blank\" rel=\"noreferrer noopener\">FINAL<\/a><\/td><td><\/td><\/tr><tr><td>025<\/td><td>Historia de Guatemala II | MTRO. MIKE HANGELO RIVERA<\/td><td><a href=\"https:\/\/drive.google.com\/file\/d\/16nJJ1avQyetWezXQGAlyIootB0I8yK0b\/view?usp=sharing\" target=\"_blank\" rel=\"noreferrer noopener\">FINAL<\/a><\/td><td><\/td><\/tr><tr><td>068<\/td><td>Derecho Internacional P\u00fablico | MTRA. RUTH TERESA JACOME PINTO<\/td><td><a href=\"https:\/\/drive.google.com\/file\/d\/1Ns5Sc6Xu1JuebnKwhsCKK0Jx0CZmOmhx\/view?usp=sharing\" target=\"_blank\" rel=\"noreferrer noopener\">FINAL<\/a><\/td><td><\/td><\/tr><tr><td>069<\/td><td>Metodolog\u00eda para el An\u00e1lisis Pol\u00edtico Internacional | DR. PABLO DANIEL RANGEL<\/td><td><a href=\"https:\/\/drive.google.com\/file\/d\/14ex--ndFOcedAtA-ZRYdbQVyYOENrPFj\/view?usp=sharing\" target=\"_blank\" rel=\"noreferrer noopener\">FINAL<\/a><\/td><td><a href=\"https:\/\/drive.google.com\/file\/d\/1bqBNww01uO0TO0ytQzLVN3T9R0hSoL0s\/view?usp=drive_link\" target=\"_blank\" rel=\"noreferrer noopener\">Primera<\/a><\/td><\/tr><\/tbody><\/table><\/figure>\n\n\n\n<figure class=\"wp-block-table\"><table><tbody><tr><td>&nbsp;<\/td><td><strong>S\u00e9ptimo Ciclo<\/strong><\/td><td>&nbsp;ACTA<\/td><td>RECUPERACION&nbsp;<\/td><\/tr><tr><td>076<\/td><td>Organismos Internacionales II | MTRA. MAYRA DEL ROSARIO VILLATORO DEL VALLE<\/td><td><a href=\"https:\/\/drive.google.com\/file\/d\/1G7sWUT61phj5audXMnu4VCmazrwtWpm9\/view?usp=sharing\" target=\"_blank\" rel=\"noreferrer noopener\">FINAL<\/a><\/td><td><\/td><\/tr><tr><td>077<\/td><td>Geopol\u00edtica | MTRO. DENIS ARMANDO VALVERT GAMBOA<\/td><td><a href=\"https:\/\/drive.google.com\/file\/d\/1AidLIL9aLceXt5EJXCjiiQTUsdyuz9Ri\/view?usp=sharing\" target=\"_blank\" rel=\"noreferrer noopener\">FINAL<\/a><\/td><td><\/td><\/tr><tr><td>078<\/td><td>Cooperaci\u00f3n Internacional al Desarrollo | LIC. OSCAR BAUTISTA SOTO<\/td><td><a href=\"https:\/\/drive.google.com\/file\/d\/1eKTTxQv3Dn3570NC-RT8d6fXs1kQCeeY\/view?usp=sharing\" target=\"_blank\" rel=\"noreferrer noopener\">FINAL<\/a><\/td><td><a href=\"https:\/\/drive.google.com\/file\/d\/1Qtd83QxjiRcO11Kso-HwVIw2eJrV0wjE\/view?usp=drive_link\" target=\"_blank\" rel=\"noreferrer noopener\">Primera<\/a> <\/td><\/tr><tr><td>079<\/td><td>Metodolog\u00eda de la Investigaci\u00f3n aplicada a las Relaciones Internacionales | MTRO. SECIL OSWALDO DE LEON<\/td><td><a rel=\"noreferrer noopener\" href=\"https:\/\/drive.google.com\/file\/d\/1IqhlL8sZw3NBvKcGL64az53NQDIcGt0h\/view?usp=sharing\" target=\"_blank\">FINAL<\/a><br><a href=\"https:\/\/drive.google.com\/file\/d\/1ortuE_TGFjeKP3eG4q9KFOkK9KKnofr4\/view?usp=sharing\" target=\"_blank\" rel=\"noreferrer noopener\">C<\/a><a rel=\"noreferrer noopener\" href=\"https:\/\/drive.google.com\/file\/d\/1ortuE_TGFjeKP3eG4q9KFOkK9KKnofr4\/view?usp=sharing\" target=\"_blank\">omplementaria<\/a><\/td><td><\/td><\/tr><tr><td>080<\/td><td>An\u00e1lisis de Coyuntura Internacional | LIC. MARVIN MANUEL POL<\/td><td><a rel=\"noreferrer noopener\" href=\"https:\/\/drive.google.com\/file\/d\/1ZRidtpTf-rZQ7_iaQ57KPqFSYuP1KtC-\/view?usp=sharing\" target=\"_blank\">FINAL<\/a><\/td><td>&nbsp;<\/td><\/tr><\/tbody><\/table><\/figure>\n\n\n\n<figure class=\"wp-block-table\"><table><tbody><tr><td>&nbsp;<\/td><td><strong>Noveno Ciclo<\/strong><\/td><td>&nbsp;ACTA<\/td><td>RECUPERACION&nbsp;<\/td><\/tr><tr><td>050<\/td><td>Dise\u00f1o de Investigaci\u00f3n de Tesis II | DR. CARLOS SEIJAS<\/td><td><a rel=\"noreferrer noopener\" href=\"https:\/\/drive.google.com\/file\/d\/1-7cxG78as6s38W_nwSpMWqp-JXgOVVHN\/view?usp=sharing\" target=\"_blank\">FINAL<\/a>           <br><a href=\"https:\/\/drive.google.com\/file\/d\/1YSt5PPVQQs247ZpEy3UbSESV67Eud1HQ\/view?usp=drive_link\" target=\"_blank\" rel=\"noreferrer noopener\">Complementaria<\/a><\/td><td><\/td><\/tr><tr><td>087<\/td><td>Seminario de Globalizaci\u00f3n | MTRA. RUTH TERESA JACOME PINTO<\/td><td><a href=\"https:\/\/drive.google.com\/file\/d\/1QWd3H0hqnxhD-81gW49t95JZeZltGAa0\/view?usp=sharing\" target=\"_blank\" rel=\"noreferrer noopener\">FINAL<\/a><\/td><td><\/td><\/tr><tr><td>088<\/td><td>Seminario de&nbsp; Econom\u00eda Pol\u00edtica Internacional | MTRO. LUIS FERNANDO DE LEON LAPARRA<\/td><td><a href=\"https:\/\/drive.google.com\/file\/d\/1dHnoo_L8v4c2Ecfqau2SB5OT-x1aB8U2\/view?usp=sharing\" target=\"_blank\" rel=\"noreferrer noopener\">FINAL<\/a><\/td><td><\/td><\/tr><tr><td>089<\/td><td>Pol\u00edtica Exterior de Estados Unidos | MTRO. JOSE GILBERTO CORTEZ CHACON<\/td><td><a href=\"https:\/\/drive.google.com\/file\/d\/1byvQRWZGpzTNOVh2favRHl-4kS6n-eY4\/view?usp=sharing\" target=\"_blank\" rel=\"noreferrer noopener\">FINAL<\/a><\/td><td><a href=\"https:\/\/drive.google.com\/file\/d\/1OtW7coDeVsQGNBhA6AM21IhJBYcE5vuh\/view?usp=sharing\" target=\"_blank\" rel=\"noreferrer noopener\">1ra. Oportunidad<\/a><\/td><\/tr><tr><td>090<\/td><td>Estudios Regionales: Am\u00e9rica Latina | MTRA. ANA ISABEL CARRILLO FABIAN<\/td><td><a href=\"https:\/\/drive.google.com\/file\/d\/1bdDdGymNQpjxlvwfPUQhVr3igu_WpCcl\/view?usp=sharing\" target=\"_blank\" rel=\"noreferrer noopener\">FINAL<\/a><\/td><td><\/td><\/tr><\/tbody><\/table><\/figure>\n","protected":false},"excerpt":{"rendered":"<p>Nota: Todas y todos los estudiantes deben estar asignados para que su nota sea valida. Licenciatura Relaciones Internacionales con Especializaci\u00f3n en Seguridad Internacional SECCION A &nbsp; Quinto Ciclo ACTA RECUPERACION 66 Teor\u00eda de las Relaciones Internacionales II&nbsp;| MAESTRA MERCEDES DE LA LUZ L\u00d3PEZ DE BOLA\u00d1OZ &nbsp;FINAL &nbsp; 67 An\u00e1lisis de la pol\u00edtica Internacional II&nbsp; | [&hellip;]<\/p>\n","protected":false},"author":101014,"featured_media":0,"parent":0,"menu_order":0,"comment_status":"closed","ping_status":"closed","template":"","meta":[],"_links":{"self":[{"href":"https:\/\/cienciapolitica.usac.edu.gt\/index.php?rest_route=\/wp\/v2\/pages\/7627"}],"collection":[{"href":"https:\/\/cienciapolitica.usac.edu.gt\/index.php?rest_route=\/wp\/v2\/pages"}],"about":[{"href":"https:\/\/cienciapolitica.usac.edu.gt\/index.php?rest_route=\/wp\/v2\/types\/page"}],"author":[{"embeddable":true,"href":"https:\/\/cienciapolitica.usac.edu.gt\/index.php?rest_route=\/wp\/v2\/users\/101014"}],"replies":[{"embeddable":true,"href":"https:\/\/cienciapolitica.usac.edu.gt\/index.php?rest_route=%2Fwp%2Fv2%2Fcomments&post=7627"}],"version-history":[{"count":54,"href":"https:\/\/cienciapolitica.usac.edu.gt\/index.php?rest_route=\/wp\/v2\/pages\/7627\/revisions"}],"predecessor-version":[{"id":8070,"href":"https:\/\/cienciapolitica.usac.edu.gt\/index.php?rest_route=\/wp\/v2\/pages\/7627\/revisions\/8070"}],"wp:attachment":[{"href":"https:\/\/cienciapolitica.usac.edu.gt\/index.php?rest_route=%2Fwp%2Fv2%2Fmedia&parent=7627"}],"curies":[{"name":"wp","href":"https:\/\/api.w.org\/{rel}","templated":true}]}}