{"id":7451,"date":"2023-05-30T13:10:01","date_gmt":"2023-05-30T13:10:01","guid":{"rendered":"https:\/\/cienciapolitica.usac.edu.gt\/?page_id=7451"},"modified":"2024-08-13T22:19:46","modified_gmt":"2024-08-13T22:19:46","slug":"actas-finales-sociologia-1-2023","status":"publish","type":"page","link":"https:\/\/cienciapolitica.usac.edu.gt\/?page_id=7451","title":{"rendered":"Actas finales Sociolog\u00eda 1-2023"},"content":{"rendered":"\n<p>Nota:  Para que las notas sea validas deben estar asignado(a)s<\/p>\n\n\n\n<p class=\"has-vivid-red-color has-text-color has-large-font-size\"><a rel=\"noreferrer noopener\" href=\"https:\/\/sites.google.com\/view\/escueladecienciapolitica\/actas-1-2023\/recuperaci%C3%B3n?authuser=0\" target=\"_blank\">Puede dar clic para ver la recuperaciones<\/a><\/p>\n\n\n\n<p><strong>Licenciatura en Sociolog\u00eda con Especializaci\u00f3n en Violencia Social y Paz en Guatemala<\/strong><\/p>\n\n\n\n<p>Secci\u00f3n A<\/p>\n\n\n\n<figure class=\"wp-block-table\"><table><tbody><tr><td>&nbsp;<\/td><td><strong>Quinto Ciclo<\/strong><\/td><td>EXAMEN<\/td><td>Complementaria<\/td><\/tr><tr><td>022<\/td><td>Teor\u00eda Sociol\u00f3gica II<br>DRA. PAOLA ALEJANDRA LETONA RODR\u00cdGUEZ<\/td><td><a rel=\"noreferrer noopener\" href=\"https:\/\/drive.google.com\/file\/d\/1Q_bbQh6dN-DBFqwuEuzV717FZ4BH0w3s\/view?usp=sharing\" target=\"_blank\"><strong>FINAL<\/strong><\/a><\/td><td>&nbsp;<\/td><\/tr><tr><td>023<\/td><td>Sociolog\u00eda de Guatemala II<br>MTRA. VICTORIA AURORA TUB\u00cdN<\/td><td><a rel=\"noreferrer noopener\" href=\"https:\/\/drive.google.com\/file\/d\/1zESTxg2v9KUme5mnjoefOvcizFfyrGTa\/view?usp=sharing\" target=\"_blank\"><strong>FINAL<\/strong><\/a><\/td><td>&nbsp;<\/td><\/tr><tr><td>024<\/td><td>An\u00e1lisis de Experiencias de Investigaci\u00f3n Sociol\u00f3gica I<br>MTRO. EDWIN OMAR GARC\u00cdA RU\u00cdZ<\/td><td><a href=\"https:\/\/drive.google.com\/file\/d\/1sHkKU7urmvWhDH5mszavbu9YMJOjeVqp\/view?usp=sharing\" target=\"_blank\" rel=\"noreferrer noopener\">FINAL<\/a><\/td><td>&nbsp;<\/td><\/tr><tr><td>025<\/td><td>Historia de Guatemala II<br>LICDA. MAR\u00cdA DEL CARMEN ALVARADO<\/td><td><a href=\"https:\/\/drive.google.com\/file\/d\/123nO28_cr5zOZMMbdp8kBDJHNghwcDG8\/view?usp=sharing\" target=\"_blank\" rel=\"noreferrer noopener\">FINAL<\/a><\/td><td>&nbsp;<\/td><\/tr><tr><td>027<\/td><td>Sociolog\u00eda del Derecho<br>MTRO. MAR\u00edO ERNESTO ARCHILA ORT\u00cdZ<\/td><td><a rel=\"noreferrer noopener\" href=\"https:\/\/drive.google.com\/file\/d\/1sHSxi7IXb5iSw95ZBpUQc-ojgeqBiRpq\/view?usp=sharing\" target=\"_blank\"><strong>FINAL<\/strong><\/a><\/td><td>&nbsp;<\/td><\/tr><\/tbody><\/table><\/figure>\n\n\n\n<figure class=\"wp-block-table\"><table><tbody><tr><td>&nbsp;<\/td><td><strong>S\u00e9ptimo Ciclo<\/strong><\/td><td>EXAMEN<\/td><td>Complementaria<\/td><\/tr><tr><td>034<\/td><td>Teor\u00eda Sociol\u00f3gica IV<\/td><td>no hay alumnos<\/td><td>&nbsp;<\/td><\/tr><tr><td>035<\/td><td>Sociolog\u00eda de Guatemala IV<\/td><td>no hay alumnos<\/td><td>&nbsp;<\/td><\/tr><tr><td>036<\/td><td>Epistemolog\u00eda de las Ciencias Sociales<br>DR. CARLOS ORLANDO OLIVA MURALLES<\/td><td><a href=\"https:\/\/drive.google.com\/file\/d\/1uswxx-WL_q13jQDCBegY3Fjz6NddWgqR\/view?usp=sharing\" target=\"_blank\" rel=\"noreferrer noopener\">FINAL<\/a><\/td><td>&nbsp;<\/td><\/tr><tr><td>037<\/td><td>Sociolog\u00eda&nbsp; Pol\u00edtica I<br>LIC. CHRISTIAN MANUEL CALDER\u00d3N CEDILLOS<\/td><td><a href=\"https:\/\/drive.google.com\/file\/d\/1qKZF73YS-v9ylUqL1xIUDPYUampmX93L\/view?usp=sharing\" target=\"_blank\" rel=\"noreferrer noopener\">FINAL<\/a><\/td><td>&nbsp;<\/td><\/tr><tr><td>039<\/td><td>Violencia y&nbsp; Paz en Guatemala<br>DR. CARLOS FREDY OCHOA<\/td><td><a rel=\"noreferrer noopener\" href=\"https:\/\/drive.google.com\/file\/d\/1eAmH4959vPngO3oqqrvA8aT5ldcByAO0\/view?usp=sharing\" target=\"_blank\">FINAL<\/a><br><br><a rel=\"noreferrer noopener\" href=\"https:\/\/drive.google.com\/file\/d\/15BpZZ9w9YJdcafMnTJgHjeHmYtif8chV\/view?usp=sharing\" target=\"_blank\">FINAL V-2<\/a><\/td><td>&nbsp;<\/td><\/tr><\/tbody><\/table><\/figure>\n\n\n\n<figure class=\"wp-block-table\"><table><tbody><tr><td>&nbsp;<\/td><td><strong>Noveno Ciclo<\/strong><\/td><td>&nbsp;&nbsp;&nbsp;&nbsp; EXAMEN<\/td><td>Complementaria<\/td><\/tr><tr><td>046<\/td><td>Seminario sobre Teor\u00edas Sociol\u00f3gicas Contempor\u00e1neas<br>MTRO. EDMUNDO REN\u00c9 URRUTIA<\/td><td><a rel=\"noreferrer noopener\" href=\"https:\/\/drive.google.com\/file\/d\/12hONo9iJkmyCrzmuybmq4FC0fdQZjcBc\/view?usp=sharing\" target=\"_blank\">FINAL*<\/a> <\/td><td>&nbsp;<\/td><\/tr><tr><td>056<\/td><td>Seminario de&nbsp; Estudios sobre Violencia y Paz en Guatemala<br>LIC. CHRISTIAN MANUEL CALDER\u00d3N CEDILLOS<\/td><td><a href=\"https:\/\/drive.google.com\/file\/d\/16XZn2T5Uv7tMlrcvDQBh5bYHeX7JDxvu\/view?usp=sharing\" target=\"_blank\" rel=\"noreferrer noopener\">FINAL<\/a><\/td><td>&nbsp;<\/td><\/tr><tr><td>057<\/td><td>Seminario sobre Pol\u00edticas de Seguridad y Prevenci\u00f3n&nbsp;&nbsp; del Delito<br>MTRO. JAIME AUGUSTO SARAVIA<\/td><td><a rel=\"noreferrer noopener\" href=\"https:\/\/drive.google.com\/file\/d\/1uBbrPDRGPoUa_Pp97p-QAHOarbTu7567\/view?usp=sharing\" target=\"_blank\">FINAL<\/a><br><br><a rel=\"noreferrer noopener\" href=\"https:\/\/drive.google.com\/file\/d\/1CHfofFKfjJmgCBQIy-07_PQ1zauP1X8b\/view?usp=sharing\" target=\"_blank\">FINAL &#8211; V2<\/a><\/td><td>&nbsp;<\/td><\/tr><tr><td>058<\/td><td>Seminario sobre Movimientos Sociales de Derechos Humanos y Acceso a la&nbsp; Justicia<br>MTRO. HECTOR OSWALDO SAMAYOA SOSA<\/td><td><a href=\"https:\/\/drive.google.com\/file\/d\/1f75zkbicmg8eFMTfBKzsl1ootDRX51fJ\/view?usp=drive_link\" target=\"_blank\" rel=\"noreferrer noopener\">FINAL<\/a><\/td><td>&nbsp;<a href=\"https:\/\/drive.google.com\/file\/d\/1n87zVflOCy2fHZTjJQI-MnOjXq6Yoytp\/view?usp=drive_link\" target=\"_blank\" rel=\"noreferrer noopener\">Complementaria<\/a><\/td><\/tr><tr><td>050<\/td><td>Dise\u00f1o de Investigaci\u00f3n de Tesis II<br>MTRA. LUC\u00cdA ELENA L\u00d3PEZ \u00c1LVAREZ DE JER\u00d3NIMO<\/td><td><a rel=\"noreferrer noopener\" href=\"https:\/\/drive.google.com\/file\/d\/1zHf37piECYEBQCfrtjd3FZ8GSH2ImzZh\/view?usp=sharing\" target=\"_blank\">FINAL<\/a><br><\/td><td>&nbsp;<a href=\"https:\/\/drive.google.com\/file\/d\/1HvB8E0APmbDVgKTKqt8U-t-Uv043nOwp\/view?usp=drive_link\" target=\"_blank\" rel=\"noreferrer noopener\">Complementaria<\/a><\/td><\/tr><\/tbody><\/table><\/figure>\n\n\n\n<p><strong>Licenciatura en Sociolog\u00eda con Especialidad de G\u00e9nero y Etnicidad en Guatemala<\/strong><\/p>\n\n\n\n<p>Secci\u00f3n B<\/p>\n\n\n\n<figure class=\"wp-block-table\"><table><tbody><tr><td>&nbsp;<\/td><td><strong>Quinto Ciclo<\/strong><\/td><td>EXAMEN<\/td><td>Complementaria<\/td><\/tr><tr><td>022<\/td><td>Teor\u00eda Sociol\u00f3gica II<br>MTRA. JEANIE MARITZA HERRERA N\u00c1JERA<\/td><td><a href=\"https:\/\/drive.google.com\/file\/d\/1e0qFaFeu0tPuHQ2jo9iwFnmMYwKz-1HH\/view?usp=sharing\" target=\"_blank\" rel=\"noreferrer noopener\">FINAL<\/a><\/td><td>&nbsp;<\/td><\/tr><tr><td>023<\/td><td>Sociolog\u00eda de Guatemala II<br>LIC. BORIS CABRERA CIFUENTES<\/td><td><a href=\"https:\/\/drive.google.com\/file\/d\/1SguYVx6x4g-0HrHZ38YPn6l7JfZNaugE\/view?usp=sharing\" target=\"_blank\" rel=\"noreferrer noopener\">FINAL<\/a><\/td><td>&nbsp;<\/td><\/tr><tr><td>024<\/td><td>An\u00e1lisis de Experiencias de Investigaci\u00f3n Sociol\u00f3gica I<br>LIC. WELLINGTON TELLO<\/td><td><a href=\"https:\/\/drive.google.com\/file\/d\/1C-hzLHQ09sJ4dHqWTp5tH-edNRnH_7Xd\/view?usp=sharing\" target=\"_blank\" rel=\"noreferrer noopener\">FINAL<\/a><\/td><td>&nbsp;<\/td><\/tr><tr><td>025<\/td><td>Historia de Guatemala II<br>LIC. JUAN CARLOS GUZM\u00c1N MOR\u00c1N<\/td><td><a href=\"https:\/\/drive.google.com\/file\/d\/1ZA_DP7HFL6kGeQnKoMLU2NrvDow8O3d4\/view?usp=sharing\" target=\"_blank\" rel=\"noreferrer noopener\">FINAL<\/a><\/td><td>&nbsp;<\/td><\/tr><tr><td>026<\/td><td>Sociolog\u00eda de G\u00e9nero y Etnia I<br>MTRA. ASTRID YOHANA DEL \u00c1GUILA DE LE\u00d3N<\/td><td><a rel=\"noreferrer noopener\" href=\"https:\/\/drive.google.com\/file\/d\/1bItJH3bWXYX-3SB9DdKoadNoPa4P1kRA\/view?usp=sharing\" target=\"_blank\">FINAL<\/a><br><br><a rel=\"noreferrer noopener\" href=\"https:\/\/drive.google.com\/file\/d\/1AcKtdByqzK_vp2BDuEwy-UBDsuigaHvs\/view?usp=sharing\" target=\"_blank\">FINAL V-2<\/a><\/td><td>&nbsp;<\/td><\/tr><\/tbody><\/table><\/figure>\n\n\n\n<figure class=\"wp-block-table\"><table><tbody><tr><td>&nbsp; S\u00e9ptimo&nbsp;  <\/td><td>Ciclo &nbsp;<\/td><td>EXAMEN<\/td><td>Complementaria<\/td><\/tr><tr><td>34<\/td><td>Teor\u00eda Sociol\u00f3gica IV<\/td><td> No tiene estudiantes<\/td><td><\/td><\/tr><tr><td>35<\/td><td>Sociolog\u00eda de Guatemala IV <br>MTRA. MAR\u00cdA VIRGINIA JIM\u00c9NEZ TUY<\/td><td><a href=\"https:\/\/drive.google.com\/file\/d\/1I02J97EwRdK9go45_ow60qWgU-Rukr3J\/view?usp=sharing\" target=\"_blank\" rel=\"noreferrer noopener\">FINAL<\/a><\/td><td><a rel=\"noreferrer noopener\" href=\"https:\/\/drive.google.com\/file\/d\/1_-EZPfvxqnTZXCa_P8C-qpTcwr-QkcVB\/view?usp=drive_link\" target=\"_blank\">segunda<\/a><br><a href=\"https:\/\/drive.google.com\/file\/d\/1FhLwTzvaKD_sCR-aIpn3whn_CASa73eA\/view?usp=drive_link\">Complementaria<\/a><\/td><\/tr><tr><td>36<\/td><td>Epistemolog\u00eda de las Ciencias Sociales<br>LIC. BORIS CABRERA CIFUENTES FINAL &nbsp; &nbsp;<\/td><td><a href=\"https:\/\/drive.google.com\/file\/d\/1tpkKYl9gGGTHLL-wUApWkNBIWqjO2nEi\/view?usp=sharing\" target=\"_blank\" rel=\"noreferrer noopener\">FINAL<\/a><\/td><td><\/td><\/tr><tr><td>37<\/td><td>Sociolog\u00eda&nbsp; Pol\u00edtica I <br>DR. LUIS FERNANDO MACK ECHEVERR\u00cdA FINAL &nbsp;<\/td><td><a href=\"https:\/\/drive.google.com\/file\/d\/1CmBWiYRWT6LwLGx3-OxtvEnK9RrlPe5R\/view?usp=sharing\" target=\"_blank\" rel=\"noreferrer noopener\">FINAL<\/a><\/td><td><\/td><\/tr><tr><td>38<\/td><td>Relaciones \u00c9tnicas en Guatemala&nbsp;<br>MTRA. ANABELLA CORD\u00d3N FINAL &nbsp;<\/td><td><a href=\"https:\/\/drive.google.com\/file\/d\/1GTtL4G7yE9cc-HSlL0fknuqx8uZaKVRo\/view?usp=sharing\" target=\"_blank\" rel=\"noreferrer noopener\">FINAL<\/a><\/td><td><a href=\"https:\/\/drive.google.com\/file\/d\/1HogVoWSQgrCa-UTjn7R0eErJAtSUk8ow\/view?usp=drive_link\" target=\"_blank\" rel=\"noreferrer noopener\">complementaria<\/a><\/td><\/tr><\/tbody><\/table><\/figure>\n\n\n\n<figure class=\"wp-block-table\"><table><tbody><tr><td>&nbsp;<\/td><td><strong>Noveno Ciclo<\/strong><\/td><td>EXAMEN<\/td><td>Complementaria<\/td><\/tr><tr><td>046<\/td><td>Seminario sobre Teor\u00edas Sociol\u00f3gicas Contempor\u00e1neas<br>DR. LUIS FERNANDO MACK ECHEVERR\u00cdA<\/td><td><a rel=\"noreferrer noopener\" href=\"https:\/\/drive.google.com\/file\/d\/1byk5O26fCXMlChJ8H5bXyxXl-Oaqfo5R\/view?usp=sharing\" target=\"_blank\">FINAL<\/a>                <\/td><td>&nbsp;<\/td><\/tr><tr><td>047<\/td><td>Seminario sobre Estudios de G\u00e9nero y Etnicidad en Guatemala<br>MTRO. JAIME IZAGUIRRE<\/td><td><a rel=\"noreferrer noopener\" href=\"https:\/\/drive.google.com\/file\/d\/1uFZauyuCb4854phkZWfdDY-Ame0q6E8N\/view?usp=sharing\" target=\"_blank\">FINAL<\/a><br><br><a rel=\"noreferrer noopener\" href=\"https:\/\/drive.google.com\/file\/d\/1ROoPhZGuYlV1ZkZo0VzXa3DWEyo5WpGd\/view?usp=sharing\" target=\"_blank\">FINAL V-2<\/a><\/td><td>&nbsp;<\/td><\/tr><tr><td>048<\/td><td>Seminario sobre Pol\u00edticas Sociales para la Erradicaci\u00f3n del&nbsp; Racismo y la Discriminaci\u00f3n en Guatemala<br>MTRO. ARNOLDO EMILIO VILLAGR\u00c1N CAMPOS<\/td><td><a href=\"https:\/\/drive.google.com\/file\/d\/1WPQI1rzy_yGyRe3jqUyse_rCVDOAZreJ\/view?usp=drive_link\" target=\"_blank\" rel=\"noreferrer noopener\">FINAL*<\/a><\/td><td>&nbsp;<\/td><\/tr><tr><td>049<\/td><td>Seminario sobre Pol\u00edticas P\u00fablicas&nbsp; para el Acceso a la Justicia y Equidad de G\u00e9nero<br>MTRO. JAIME SARAVIA<\/td><td><a rel=\"noreferrer noopener\" href=\"https:\/\/drive.google.com\/file\/d\/1G55C7KxfrwOSXZNZqlQ6bF4vOesVhrti\/view?usp=sharing\" target=\"_blank\">FINAL<\/a><br><br><a rel=\"noreferrer noopener\" href=\"https:\/\/drive.google.com\/file\/d\/1i1Zxs-1oUxs5E0taYU8-ZLaXj0MpODoZ\/view?usp=sharing\" target=\"_blank\">FINAL &#8211; V2<\/a><\/td><td>&nbsp;<\/td><\/tr><tr><td>050<\/td><td>Dise\u00f1o de Investigaci\u00f3n de Tesis II<br>MTRO. BEQUER NEFTALI CHOCOOJ DE LA CRUZ<\/td><td><a href=\"https:\/\/drive.google.com\/file\/d\/1H0Cdo57BokT6oRhAsRAXxcG4IrDzQFgt\/view?usp=sharing\" target=\"_blank\" rel=\"noreferrer noopener\">FINAL<\/a><\/td><td>&nbsp;<\/td><\/tr><\/tbody><\/table><\/figure>\n\n\n\n<p><\/p>\n","protected":false},"excerpt":{"rendered":"<p>Nota: Para que las notas sea validas deben estar asignado(a)s Puede dar clic para ver la recuperaciones Licenciatura en Sociolog\u00eda con Especializaci\u00f3n en Violencia Social y Paz en Guatemala Secci\u00f3n A &nbsp; Quinto Ciclo EXAMEN Complementaria 022 Teor\u00eda Sociol\u00f3gica IIDRA. PAOLA ALEJANDRA LETONA RODR\u00cdGUEZ FINAL &nbsp; 023 Sociolog\u00eda de Guatemala IIMTRA. VICTORIA AURORA TUB\u00cdN FINAL [&hellip;]<\/p>\n","protected":false},"author":101014,"featured_media":0,"parent":0,"menu_order":0,"comment_status":"closed","ping_status":"closed","template":"","meta":[],"_links":{"self":[{"href":"https:\/\/cienciapolitica.usac.edu.gt\/index.php?rest_route=\/wp\/v2\/pages\/7451"}],"collection":[{"href":"https:\/\/cienciapolitica.usac.edu.gt\/index.php?rest_route=\/wp\/v2\/pages"}],"about":[{"href":"https:\/\/cienciapolitica.usac.edu.gt\/index.php?rest_route=\/wp\/v2\/types\/page"}],"author":[{"embeddable":true,"href":"https:\/\/cienciapolitica.usac.edu.gt\/index.php?rest_route=\/wp\/v2\/users\/101014"}],"replies":[{"embeddable":true,"href":"https:\/\/cienciapolitica.usac.edu.gt\/index.php?rest_route=%2Fwp%2Fv2%2Fcomments&post=7451"}],"version-history":[{"count":57,"href":"https:\/\/cienciapolitica.usac.edu.gt\/index.php?rest_route=\/wp\/v2\/pages\/7451\/revisions"}],"predecessor-version":[{"id":9351,"href":"https:\/\/cienciapolitica.usac.edu.gt\/index.php?rest_route=\/wp\/v2\/pages\/7451\/revisions\/9351"}],"wp:attachment":[{"href":"https:\/\/cienciapolitica.usac.edu.gt\/index.php?rest_route=%2Fwp%2Fv2%2Fmedia&parent=7451"}],"curies":[{"name":"wp","href":"https:\/\/api.w.org\/{rel}","templated":true}]}}