{"id":7439,"date":"2023-05-29T06:14:55","date_gmt":"2023-05-29T06:14:55","guid":{"rendered":"https:\/\/cienciapolitica.usac.edu.gt\/?page_id=7439"},"modified":"2023-09-08T15:54:24","modified_gmt":"2023-09-08T15:54:24","slug":"acta-pensum-introductorio-tercer-ciclo","status":"publish","type":"page","link":"https:\/\/cienciapolitica.usac.edu.gt\/?page_id=7439","title":{"rendered":"Acta Pensum Introductorio tercer  ciclo"},"content":{"rendered":"\n<p>Puede dar click en los enlaces activos <\/p>\n\n\n\n<p class=\"has-vivid-red-color has-text-color has-large-font-size\">&nbsp; &nbsp;<a href=\"https:\/\/sites.google.com\/view\/escueladecienciapolitica\/actas-1-2023\/recuperaci%C3%B3n?authuser=0\" target=\"_blank\" rel=\"noreferrer noopener\">Puede dar click para ver las Recuperaciones<\/a><\/p>\n\n\n\n<figure class=\"wp-block-table\"><table><tbody><tr><td><strong>&nbsp;<\/strong><\/td><td><strong>Tercer Ciclo&nbsp; A<\/strong><\/td><td><strong>ACTA<\/strong><strong><\/strong><\/td><td>Acta Complementaria<\/td><\/tr><tr><td><strong>11<\/strong><\/td><td>Filosof\u00eda<br>LIC. CARLOS MONZON<\/td><td><a href=\"https:\/\/drive.google.com\/file\/d\/1Kb2U3xJr8juDICP3pw3wEGfK3lJyR0pP\/view?usp=drive_link\" target=\"_blank\" rel=\"noreferrer noopener\">FINAL<\/a><\/td><td><a href=\"https:\/\/drive.google.com\/file\/d\/1UI6jRp74kEZd9IgQmEBpXSye7oDwbtjo\/view?usp=drive_link\" target=\"_blank\" rel=\"noreferrer noopener\">Complementaria<\/a><\/td><\/tr><tr><td><strong>12<\/strong><\/td><td>Introducci\u00f3n a la Econom\u00eda<br>MAESTRO ERICK ARMANDO&nbsp; VARGAS SIERRA<\/td><td><a href=\"https:\/\/drive.google.com\/file\/d\/1_qA9dDQavpCT4oXLXoAhB9rbT7VVb8O1\/view?usp=sharing\" target=\"_blank\" rel=\"noreferrer noopener\">FINAL<\/a><\/td><td>&nbsp;<\/td><\/tr><tr><td><strong>13<\/strong><\/td><td>Introducci\u00f3n al Derecho<br>LIC. OSCAR ESTUARDO BAUTISTA <\/td><td><a href=\"https:\/\/drive.google.com\/file\/d\/1AzHVFj1ssubzViEadfsdJDB83UmgxGTc\/view?usp=sharing\" target=\"_blank\" rel=\"noreferrer noopener\">FINAL<\/a><\/td><td><a rel=\"noreferrer noopener\" href=\"https:\/\/drive.google.com\/file\/d\/1Q-jCrbIbxXXYiq_-Oq9jna4kFJ5NF2pQ\/view?usp=sharing\" target=\"_blank\">&nbsp;<\/a><\/td><\/tr><tr><td><strong>14<\/strong><\/td><td>Historia de Guatemala I<br>MTRO. RUB\u00c9N \u00c1LVAREZ ENR\u00cdQUEZ<\/td><td><a href=\"https:\/\/drive.google.com\/file\/d\/1rufYriymN_5uOrktSx_qj363hAvCbs9E\/view?usp=sharing\" target=\"_blank\" rel=\"noreferrer noopener\">FINAL<\/a><\/td><td>&nbsp;<\/td><\/tr><tr><td><strong>15<\/strong><\/td><td>Metodolog\u00eda de las Ciencias Sociales III<br>Lic.  Edwin Gabriel  Escobar<\/td><td><a rel=\"noreferrer noopener\" href=\"https:\/\/drive.google.com\/file\/d\/1mOKvkOdxm-riZGyY40rBC5FMKMSt8KYw\/view?usp=sharing\" target=\"_blank\">FINAL<\/a><br><\/td><td>&nbsp;<a rel=\"noreferrer noopener\" href=\"https:\/\/drive.google.com\/file\/d\/1V1K0UyAqhMrGFVCdg27Qgjzm9HVR59LZ\/view?usp=sharing\" target=\"_blank\">Complementaria<\/a><\/td><\/tr><tr><td><strong>&nbsp;<\/strong><\/td><td><strong>Tercer Ciclo&nbsp; B<\/strong><\/td><td><strong>ACTA<\/strong><strong><\/strong><\/td><td>Acta complementaria<\/td><\/tr><tr><td><strong>11<\/strong><\/td><td>Filosof\u00eda<br>LIC. CARLOS ORLANDO OLIVA<\/td><td><a href=\"https:\/\/drive.google.com\/file\/d\/1DQdK5BfhiQ8X4GN7IC0MJd6R0jMp1m0A\/view?usp=sharing\" target=\"_blank\" rel=\"noreferrer noopener\">FINAL<\/a><\/td><td>&nbsp;&nbsp;<\/td><\/tr><tr><td><strong>12<\/strong><\/td><td>Introducci\u00f3n a la Econom\u00eda<br>MTRA. VILMA JEANNETTE DEL CID CRUZ<\/td><td><a href=\"https:\/\/drive.google.com\/file\/d\/1XtGlEbBgJmkM5wk0AbUe9ax-_M7ZBlMF\/view?usp=sharing\" target=\"_blank\" rel=\"noreferrer noopener\">FINAL<\/a><\/td><td><\/td><\/tr><tr><td><strong>13<\/strong><\/td><td>Introducci\u00f3n al Derecho<br>LIC. JORGE PONCE REYNOSO<\/td><td><a href=\"https:\/\/drive.google.com\/file\/d\/1gcnVA462rlUoDE4Ht4Kt2bavK8K4bSKC\/view?usp=drive_link\" target=\"_blank\" rel=\"noreferrer noopener\">FINAL<\/a><\/td><td>&nbsp;<\/td><\/tr><tr><td><strong>14<\/strong><\/td><td>Historia de Guatemala I<br>MAESTRO GERARDO ALFONSO GUARQUEZ VASQUEZ<\/td><td><a href=\"https:\/\/drive.google.com\/file\/d\/19aFxG-ZNZ7X0RRbT50WaaD_mr42E6V4A\/view?usp=sharing\" target=\"_blank\" rel=\"noreferrer noopener\">FINAL<\/a><\/td><td>&nbsp;<a href=\"https:\/\/drive.google.com\/file\/d\/1tbpp1HLOMxC7qdO0GhNDR5ojoP7iOQjS\/view?usp=drive_link\" target=\"_blank\" rel=\"noreferrer noopener\">Complementaria<\/a><\/td><\/tr><tr><td><strong>15<\/strong><\/td><td>Metodolog\u00eda de las Ciencias Sociales III<br>DR. FIDEL AR\u00c9VALO GAMBOA<\/td><td><a href=\"https:\/\/drive.google.com\/file\/d\/1kRfIehEISn0OtR3np1JTiXXf54zevbqs\/view?usp=sharing\" target=\"_blank\" rel=\"noreferrer noopener\">FINAL<\/a><\/td><td>&nbsp;<a href=\"https:\/\/drive.google.com\/file\/d\/124jiU2brlp641CcD9rmG9ZJjWxarAs1W\/view?usp=drive_link\" target=\"_blank\" rel=\"noreferrer noopener\">Complementaria<\/a><\/td><\/tr><tr><td><strong>&nbsp;<\/strong><\/td><td><strong>Tercer Ciclo&nbsp; C<\/strong><\/td><td><strong>ACTA<\/strong><strong><\/strong><\/td><td>Acta Complementaria<\/td><\/tr><tr><td><strong>11<\/strong><\/td><td>Filosof\u00eda<br> DR. EDDY AMILCAR MORALES MAZARIEGOS<\/td><td><a href=\"https:\/\/drive.google.com\/file\/d\/1RdBwRUVYkw74dkHuSSLCkjIKPKNyJ_D2\/view?usp=sharing\" target=\"_blank\" rel=\"noreferrer noopener\">FINAL<\/a><\/td><td>&nbsp;<\/td><\/tr><tr><td><strong>12<\/strong><\/td><td>Introducci\u00f3n a la Econom\u00eda<br>MTRO. OSCAR NO\u00c9 AGUILAR P\u00c9REZ<\/td><td><a href=\"https:\/\/drive.google.com\/file\/d\/1YNeGSHfDWtd4CFAMVkp-0Clmg7rJVFe9\/view?usp=sharing\" target=\"_blank\" rel=\"noreferrer noopener\">FINAL<\/a><\/td><td>&nbsp;<\/td><\/tr><tr><td><strong>13<\/strong><\/td><td>Introducci\u00f3n al Derecho<br>MAESTRA NATHALIE HERRERA<br><\/td><td><a href=\"https:\/\/drive.google.com\/file\/d\/1Poj52LlXhppb7mKny26WA8z0Ff9Kn2WO\/view?usp=sharing\" target=\"_blank\" rel=\"noreferrer noopener\">FINAL<\/a><\/td><td>&nbsp;<\/td><\/tr><tr><td><strong>14<\/strong><\/td><td>Historia de Guatemala I<br>MTRA. WENDY PAOLA GALICIA GARRIDO<\/td><td><a href=\"https:\/\/drive.google.com\/file\/d\/1Smi66dZ5I09OYtyBDEb9-WeDM2_N4ppP\/view?usp=sharing\" target=\"_blank\" rel=\"noreferrer noopener\">FINAL<\/a><\/td><td>&nbsp;<\/td><\/tr><tr><td><strong>15<\/strong><\/td><td>Metodolog\u00eda de las Ciencias Sociales <br>LIC. JORGE AMADO<\/td><td><a href=\"https:\/\/drive.google.com\/file\/d\/1k-CtkG9NKY4FjAaUkfo3iCymB4o3b3p9\/view?usp=sharing\" target=\"_blank\" rel=\"noreferrer noopener\">FINAL<\/a><\/td><td>&nbsp;<\/td><\/tr><\/tbody><\/table><\/figure>\n","protected":false},"excerpt":{"rendered":"<p>Puede dar click en los enlaces activos &nbsp; &nbsp;Puede dar click para ver las Recuperaciones &nbsp; Tercer Ciclo&nbsp; A ACTA Acta Complementaria 11 Filosof\u00edaLIC. CARLOS MONZON FINAL Complementaria 12 Introducci\u00f3n a la Econom\u00edaMAESTRO ERICK ARMANDO&nbsp; VARGAS SIERRA FINAL &nbsp; 13 Introducci\u00f3n al DerechoLIC. OSCAR ESTUARDO BAUTISTA FINAL &nbsp; 14 Historia de Guatemala IMTRO. RUB\u00c9N \u00c1LVAREZ [&hellip;]<\/p>\n","protected":false},"author":101014,"featured_media":0,"parent":0,"menu_order":0,"comment_status":"closed","ping_status":"closed","template":"","meta":[],"_links":{"self":[{"href":"https:\/\/cienciapolitica.usac.edu.gt\/index.php?rest_route=\/wp\/v2\/pages\/7439"}],"collection":[{"href":"https:\/\/cienciapolitica.usac.edu.gt\/index.php?rest_route=\/wp\/v2\/pages"}],"about":[{"href":"https:\/\/cienciapolitica.usac.edu.gt\/index.php?rest_route=\/wp\/v2\/types\/page"}],"author":[{"embeddable":true,"href":"https:\/\/cienciapolitica.usac.edu.gt\/index.php?rest_route=\/wp\/v2\/users\/101014"}],"replies":[{"embeddable":true,"href":"https:\/\/cienciapolitica.usac.edu.gt\/index.php?rest_route=%2Fwp%2Fv2%2Fcomments&post=7439"}],"version-history":[{"count":34,"href":"https:\/\/cienciapolitica.usac.edu.gt\/index.php?rest_route=\/wp\/v2\/pages\/7439\/revisions"}],"predecessor-version":[{"id":7934,"href":"https:\/\/cienciapolitica.usac.edu.gt\/index.php?rest_route=\/wp\/v2\/pages\/7439\/revisions\/7934"}],"wp:attachment":[{"href":"https:\/\/cienciapolitica.usac.edu.gt\/index.php?rest_route=%2Fwp%2Fv2%2Fmedia&parent=7439"}],"curies":[{"name":"wp","href":"https:\/\/api.w.org\/{rel}","templated":true}]}}