{"id":5918,"date":"2022-05-12T02:19:00","date_gmt":"2022-05-12T02:19:00","guid":{"rendered":"https:\/\/cienciapolitica.usac.edu.gt\/?page_id=5918"},"modified":"2022-08-23T13:14:00","modified_gmt":"2022-08-23T13:14:00","slug":"actas-semestre-1-2022-licenciatura-en-relaciones-internacionales","status":"publish","type":"page","link":"https:\/\/cienciapolitica.usac.edu.gt\/?page_id=5918","title":{"rendered":"Actas semestre 1-2022 \u2013 Licenciatura en Relaciones Internacionales"},"content":{"rendered":"<div class=\"inner-wrap\">\n<div id=\"primary\">\n<div id=\"content\" class=\"clearfix\">\n<article id=\"post-5899\" class=\"post-5899 page type-page status-publish hentry\">\n<div class=\"entry-content clearfix\">\n<p><a href=\"https:\/\/cienciapolitica.usac.edu.gt\/?page_id=5887\"><strong>Regresar a p\u00e1gina anterior<\/strong><\/a><\/p>\n<h2 style=\"text-align: center;\"><strong>Actas de fin de curso semestre 1-2022 <\/strong><\/h2>\n<h2 style=\"text-align: center;\"><strong>Licenciatura en Relaciones Internacionales<br \/>\n<\/strong><\/h2>\n<h2 style=\"text-align: center;\"><strong> 5to, 7mo y 9no ciclo, secciones A y B<\/strong><\/h2>\n<\/div>\n<table width=\"677\">\n<tbody>\n<tr>\n<td style=\"text-align: center;\" colspan=\"3\" width=\"594\"><strong>5to ciclo &#8211; Secci\u00f3n A<\/strong><\/td>\n<td width=\"83\"><\/td>\n<\/tr>\n<tr>\n<td style=\"text-align: center;\"><strong>CODIGO<\/strong><\/td>\n<td style=\"text-align: center;\"><strong>CURSO<\/strong><\/td>\n<td style=\"text-align: center;\"><strong>PROFESOR<\/strong><\/td>\n<td><\/td>\n<\/tr>\n<tr>\n<td>25<\/td>\n<td>HISTORIA DE GUATEMALA II<\/td>\n<td>LICDA. MAR\u00cdA DEL CARMEN ALVARADO<\/td>\n<td><a href=\"https:\/\/drive.google.com\/file\/d\/1RtiOei4vi7IFkQbevCiKTd6ZQDJ3Z8K0\/view?usp=sharing\" target=\"_blank\" rel=\"noopener\">Ver Acta<\/a><\/td>\n<\/tr>\n<tr>\n<td>66<\/td>\n<td>TEOR\u00cdA DE LAS RELACIONES INTERNACIONALES II<\/td>\n<td>MTRA. MERCEDES DE LA LUZ L\u00d3PEZ DE BOLA\u00d1OS<\/td>\n<td><a href=\"https:\/\/drive.google.com\/file\/d\/1NidgfSHJ-SaiN1PaahGWngusR5-Jdgzi\/view?usp=sharing\" target=\"_blank\" rel=\"noopener\">Ver Acta<\/a><\/p>\n<p><a href=\"https:\/\/drive.google.com\/file\/d\/16HIm2_FO69S4IXxAxR2h4GgeC6XDdJiQ\/view?usp=sharing\" target=\"_blank\" rel=\"noopener\">1ra. Oportunidad<\/a><\/td>\n<\/tr>\n<tr>\n<td>67<\/td>\n<td>AN\u00c1LISIS DE LA POL\u00cdTICA INTERNACIONAL II<\/td>\n<td>MTRA. PAOLA BEATRIZ GONZ\u00c1LEZ ROSALES<\/td>\n<td><a href=\"https:\/\/drive.google.com\/file\/d\/1t_-C48-zSOTWLqehci2YviA61dib8ARF\/view?usp=sharing\" target=\"_blank\" rel=\"noopener\">Ver Acta<\/a><\/td>\n<\/tr>\n<tr>\n<td>68<\/td>\n<td>DERECHO INTERNACIONAL P\u00daBLICO<\/td>\n<td>LICDA. VERA G\u00d3MEZ PALACIOS<\/td>\n<td><a href=\"https:\/\/drive.google.com\/file\/d\/1sqkz6r6gZNlwYbZttgWdbWUjhnlrMubF\/view?usp=sharing\" target=\"_blank\" rel=\"noopener\">Ver Acta<\/a><\/td>\n<\/tr>\n<tr>\n<td>70<\/td>\n<td>PROBLEMAS Y POL\u00cdTICAS DE SEGURIDAD INTERNACIONAL<\/td>\n<td>DR. LUIS ALBERTO PADILLA MEN\u00c9NDEZ<\/td>\n<td><a href=\"https:\/\/drive.google.com\/file\/d\/1KvYKQxVtzzYtF_SZnmPzT5YabaqQdBVX\/view?usp=sharing\" target=\"_blank\" rel=\"noopener\">Ver Acta<\/a><\/td>\n<\/tr>\n<\/tbody>\n<\/table>\n<\/article>\n<\/div>\n<\/div>\n<\/div>\n<p>&nbsp;<\/p>\n<table width=\"677\">\n<tbody>\n<tr>\n<td style=\"text-align: center;\" colspan=\"3\" width=\"594\"><strong>5to ciclo &#8211; Secci\u00f3n B<\/strong><\/td>\n<td width=\"83\"><\/td>\n<\/tr>\n<tr>\n<td style=\"text-align: center;\"><strong>CODIGO<\/strong><\/td>\n<td style=\"text-align: center;\"><strong>CURSO<\/strong><\/td>\n<td style=\"text-align: center;\"><strong>PROFESOR<\/strong><\/td>\n<td><\/td>\n<\/tr>\n<tr>\n<td>25<\/td>\n<td>HISTORIA DE GUATEMALA II<\/td>\n<td>LIC. RUBEN \u00c1LVAREZ ENR\u00cdQUEZ<\/td>\n<td><a href=\"https:\/\/drive.google.com\/file\/d\/1OXNoWY3pt6VEyLfD28ibwDbGqyxZ-ooz\/view?usp=sharing\" target=\"_blank\" rel=\"noopener\">Ver Acta<\/a><\/td>\n<\/tr>\n<tr>\n<td>66<\/td>\n<td>TEOR\u00cdA DE LAS RELACIONES INTERNACIONALES II<\/td>\n<td>MTRA. BEATRIZ EUGENIA BOLA\u00d1OS SAGASTUME<\/td>\n<td><a href=\"https:\/\/drive.google.com\/file\/d\/1mRq9vXGHO33fblUZOkR_wtyVuPzfcdMY\/view?usp=sharing\" target=\"_blank\" rel=\"noopener\">Ver Acta<\/a><\/td>\n<\/tr>\n<tr>\n<td>67<\/td>\n<td>AN\u00c1LISIS DE LA POL\u00cdTICA INTERNACIONAL II<\/td>\n<td>MTRA. SORY VANESSA G\u00d3MEZ RAM\u00cdREZ<\/td>\n<td><a href=\"https:\/\/drive.google.com\/file\/d\/1TkCoJK2eHXmI0bEnxJjMTyTPrRxFROw-\/view?usp=sharing\" target=\"_blank\" rel=\"noopener\">Ver Acta<\/a><\/td>\n<\/tr>\n<tr>\n<td>68<\/td>\n<td>DERECHO INTERNACIONAL P\u00daBLICO<\/td>\n<td>LICDA. CECILE PAOLA TAHUICO<\/td>\n<td><a href=\"https:\/\/drive.google.com\/file\/d\/1oFXQr7OIWWGO1ISB7RT3tzrU9PH0RAYq\/view?usp=sharing\" target=\"_blank\" rel=\"noopener\">Ver Acta<\/a><\/td>\n<\/tr>\n<tr>\n<td>69<\/td>\n<td>METODOLOG\u00cdA PARA EL AN\u00c1LISIS POL\u00cdTICO INTERNACIONAL<\/td>\n<td>DR. PABLO DANIEL RANGEL ROMERO<\/td>\n<td><a href=\"https:\/\/drive.google.com\/file\/d\/1VzYNYacf8JsT3axATUI49XlMlNg-IKAD\/view?usp=sharing\" target=\"_blank\" rel=\"noopener\">Ver Acta<\/a><\/td>\n<\/tr>\n<\/tbody>\n<\/table>\n<p>&nbsp;<\/p>\n<table width=\"677\">\n<tbody>\n<tr>\n<td style=\"text-align: center;\" colspan=\"3\" width=\"594\"><strong>7mo ciclo &#8211; Secci\u00f3n A<\/strong><\/td>\n<td width=\"83\"><\/td>\n<\/tr>\n<tr>\n<td style=\"text-align: center;\"><strong>CODIGO<\/strong><\/td>\n<td style=\"text-align: center;\"><strong>CURSO<\/strong><\/td>\n<td style=\"text-align: center;\"><strong>PROFESOR<\/strong><\/td>\n<td><\/td>\n<\/tr>\n<tr>\n<td>76<\/td>\n<td>ORGANISMOS INTERNACIONALES II<\/td>\n<td>LICDA. INGRID ADRIANA RIVERA BARILLAS<\/td>\n<td><a href=\"https:\/\/drive.google.com\/file\/d\/1ck6N4TDRF5SOjV2DDgVjFq7oPTYvp32o\/view?usp=sharing\" target=\"_blank\" rel=\"noopener\">Ver Acta<\/a><\/td>\n<\/tr>\n<tr>\n<td>77<\/td>\n<td>GEOPOL\u00cdTICA<\/td>\n<td>MTRO. OSCAR ARTURO VEL\u00c1SQUEZ BERRIOS<\/td>\n<td><a href=\"https:\/\/drive.google.com\/file\/d\/1_8Gpw1g3LF1v9ow2NHQAEw7P0p1bBQxc\/view?usp=sharing\" target=\"_blank\" rel=\"noopener\">Ver Acta<\/a><\/td>\n<\/tr>\n<tr>\n<td>78<\/td>\n<td>COOPERACI\u00d3N INTERNACIONAL AL DESARROLLO<\/td>\n<td>LIC. OSCAR ESTUARDO BAUTISTA SOTO<\/td>\n<td><a href=\"https:\/\/drive.google.com\/file\/d\/1uqGubxxufzWz0phQru2QyMBqHSrf1dYC\/view?usp=sharing\" target=\"_blank\" rel=\"noopener\">Ver Acta<\/a><\/td>\n<\/tr>\n<tr>\n<td>79<\/td>\n<td>METODOLOG\u00cdA DE INVESTIGACI\u00d3N APLICADA A LAS RELACIONES INTERNACIONALES<\/td>\n<td>LICDA. KAREN AR\u00c9VALO<\/td>\n<td><a href=\"https:\/\/drive.google.com\/file\/d\/11rjeBtO4fq6P-rQzzCtEx2_6KEVAF3Gz\/view?usp=sharing\" target=\"_blank\" rel=\"noopener\">Ver Acta<\/a><\/p>\n<p><a href=\"https:\/\/drive.google.com\/file\/d\/1RhJsWRDehsWVjQwVJQyMowb4B7rSQsvl\/view?usp=sharing\" target=\"_blank\" rel=\"noopener\">1ra. Oportunidad<\/a><\/p>\n<p><a href=\"https:\/\/drive.google.com\/file\/d\/1vOpA9MUaP15XB3S3l9GSGqU8BodQgStz\/view?usp=sharing\" target=\"_blank\" rel=\"noopener\">2da Oportunidad<\/a><\/td>\n<\/tr>\n<tr>\n<td>81<\/td>\n<td>AN\u00c1LISIS DE CONFLICTOS INTERNACIONALES CONTEMPOR\u00c1NEOS<\/td>\n<td>MTRO. LUIS RODOLFO D\u00c1VILA S\u00c1NCHEZ<\/td>\n<td><a href=\"https:\/\/drive.google.com\/file\/d\/1ZcI2su58ZhXjAvq91LM63eWwKooEI6hA\/view?usp=sharing\" target=\"_blank\" rel=\"noopener\">Ver Acta<\/a><\/p>\n<p><a href=\"https:\/\/drive.google.com\/file\/d\/1-Dqk35bqqeaPGTHuslMa4pe5IVXid-1Q\/view?usp=sharing\" target=\"_blank\" rel=\"noopener\">1ra. Oportunidad<\/a><\/td>\n<\/tr>\n<\/tbody>\n<\/table>\n<p>&nbsp;<\/p>\n<table width=\"677\">\n<tbody>\n<tr>\n<td style=\"text-align: center;\" colspan=\"3\" width=\"594\"><strong>7mo ciclo &#8211; Secci\u00f3n B<\/strong><\/td>\n<td width=\"83\"><\/td>\n<\/tr>\n<tr>\n<td style=\"text-align: center;\"><strong>CODIGO<\/strong><\/td>\n<td style=\"text-align: center;\"><strong>CURSO<\/strong><\/td>\n<td style=\"text-align: center;\"><strong>PROFESOR<\/strong><\/td>\n<td><\/td>\n<\/tr>\n<tr>\n<td>76<\/td>\n<td>ORGANISMOS INTERNACIONALES II<\/td>\n<td>MTRA. MAYRA VILLATORO DEL VALLE<\/td>\n<td><a href=\"https:\/\/drive.google.com\/file\/d\/1nDukfs0FV0FixmswesGSIuBgH-CPuNhE\/view?usp=sharing\" target=\"_blank\" rel=\"noopener\">Ver Acta<\/a><\/td>\n<\/tr>\n<tr>\n<td>77<\/td>\n<td>GEOPOL\u00cdTICA<\/td>\n<td>DR. HERBERTH ESTUARDO MENESES CORONADO<\/td>\n<td><a href=\"https:\/\/drive.google.com\/file\/d\/1iNKBu3lXlj_JGZcaDjru9Syt4_gi5LC_\/view?usp=sharing\" target=\"_blank\" rel=\"noopener\">Ver Acta<\/a><\/td>\n<\/tr>\n<tr>\n<td>78<\/td>\n<td>COOPERACI\u00d3N INTERNACIONAL AL DESARROLLO<\/td>\n<td>LIC. OSCAR ESTUARDO BAUTISTA SOTO<\/td>\n<td><a href=\"https:\/\/drive.google.com\/file\/d\/19qFzRt0Aty0Te6LaP1Dm_w3xq7uzYq5z\/view?usp=sharing\" target=\"_blank\" rel=\"noopener\">Ver Acta<\/a><\/td>\n<\/tr>\n<tr>\n<td>79<\/td>\n<td>METODOLOG\u00cdA DE INVESTIGACI\u00d3N APLICADA A LAS RELACIONES INTERNACIONALES<\/td>\n<td>LICDA. ROSAURA ERMELINDA RAGUEX MORALES<\/td>\n<td><a href=\"https:\/\/drive.google.com\/file\/d\/1wY6hceAKe76R-r3C2xC0nZsza41RR-OL\/view?usp=sharing\" target=\"_blank\" rel=\"noopener\">Ver Acta<\/a><\/p>\n<p><a href=\"https:\/\/drive.google.com\/file\/d\/1QsAAAGLvgOIsl2h_dly964PLzgf0MmWu\/view?usp=sharing\" target=\"_blank\" rel=\"noopener\">1ra. Oportunidad<\/a><\/p>\n<p><a href=\"https:\/\/drive.google.com\/file\/d\/1yZAqThQGjA16zabIInv99U9PL0UHKLz9\/view?usp=sharing\" target=\"_blank\" rel=\"noopener\">2da Oportunidad<\/a><\/td>\n<\/tr>\n<tr>\n<td>&nbsp;<\/p>\n<p>&nbsp;<\/p>\n<p>80<\/td>\n<td>AN\u00c1LISIS DE COYUNTURA INTERNACIONAL<\/td>\n<td>LIC. SECIL DE LE\u00d3N<\/td>\n<td><a href=\"https:\/\/drive.google.com\/file\/d\/1AG_VTe1aQx-g2t2IlaYg1cdwXl195dVi\/view?usp=sharing\" target=\"_blank\" rel=\"noopener\">Ver Acta<\/a><\/td>\n<\/tr>\n<\/tbody>\n<\/table>\n<p>&nbsp;<\/p>\n<table width=\"677\">\n<tbody>\n<tr>\n<td style=\"text-align: center;\" colspan=\"3\" width=\"594\"><strong>9no ciclo &#8211; Secci\u00f3n A<\/strong><\/td>\n<td width=\"83\"><\/td>\n<\/tr>\n<tr>\n<td style=\"text-align: center;\"><strong>CODIGO<\/strong><\/td>\n<td style=\"text-align: center;\"><strong>CURSO<\/strong><\/td>\n<td style=\"text-align: center;\"><strong>PROFESOR<\/strong><\/td>\n<td><\/td>\n<\/tr>\n<tr>\n<td>50<\/td>\n<td>DISE\u00d1O DE INVESTIGACI\u00d3N DE TESIS II<\/td>\n<td>LICDA. MAR\u00cdA CONSUELO MORALES<\/td>\n<td><a href=\"https:\/\/drive.google.com\/file\/d\/1W-wQxhgVBk0M0ERAapx9lQwpbpf2aZWu\/view?usp=sharing\" target=\"_blank\" rel=\"noopener\">Ver Acta<\/a><\/td>\n<\/tr>\n<tr>\n<td>95<\/td>\n<td>SEGURIDAD DEMOCR\u00c1TICA<\/td>\n<td>DR. JORGE DAVID CALVO DRAGO<\/td>\n<td><a href=\"https:\/\/drive.google.com\/file\/d\/1KtCW0h2flrX_6RLSvleCDC4hqahr_WfR\/view?usp=sharing\" target=\"_blank\" rel=\"noopener\">Ver Acta<\/a><\/td>\n<\/tr>\n<tr>\n<td>96<\/td>\n<td>PAZ Y SEGURIDAD INTERNACIONAL<\/td>\n<td>DRA. CLAUDINNE OGALDEZ CRUZ<\/td>\n<td><a href=\"https:\/\/drive.google.com\/file\/d\/1HJUuuS1jAE-lR7yFj6ADZIDF8xPKngcT\/view?usp=sharing\" target=\"_blank\" rel=\"noopener\">Ver Acta<\/a><\/td>\n<\/tr>\n<tr>\n<td>97<\/td>\n<td>SEMINARIO S\/PROBLEMAS ACTUALES DE LA SEGURIDAD INTERNACIONAL<\/td>\n<td>MTRO. LUIS RODOLFO D\u00c1VILA S\u00c1NCHEZ<\/td>\n<td><a href=\"https:\/\/drive.google.com\/file\/d\/1yXznXC1C1nNDe__DglaNtvc7XTcM6W3J\/view?usp=sharing\" target=\"_blank\" rel=\"noopener\">Ver Acta<\/a><\/td>\n<\/tr>\n<tr>\n<td>98<\/td>\n<td>AMENAZAS Y RIESGOS A LA SEGURIDAD INTERNACIONAL<\/td>\n<td>LIC. JOS\u00c9 GILBERTO CORTEZ<\/td>\n<td><a href=\"https:\/\/drive.google.com\/file\/d\/1SN_2XRL4LYVkA7hJrMJtH8sYWLdgm9Da\/view?usp=sharing\" target=\"_blank\" rel=\"noopener\">Ver Acta<\/a><\/p>\n<p><a href=\"https:\/\/drive.google.com\/file\/d\/1hCnCePoXmxQo8G0kYa9xz3Y4TSwNFka5\/view?usp=sharing\" target=\"_blank\" rel=\"noopener\">1ra. Oportunidad<\/a><\/p>\n<p><a href=\"https:\/\/drive.google.com\/file\/d\/1EYw_J6ePWInCxmdO5CNxhLL2K519UNzB\/view?usp=sharing\" target=\"_blank\" rel=\"noopener\">2da Oportunidad<\/a><\/td>\n<\/tr>\n<\/tbody>\n<\/table>\n<p>&nbsp;<\/p>\n<table width=\"677\">\n<tbody>\n<tr>\n<td style=\"text-align: center;\" colspan=\"3\" width=\"594\"><strong>9no ciclo &#8211; Secci\u00f3n B<\/strong><\/td>\n<td width=\"83\"><\/td>\n<\/tr>\n<tr>\n<td style=\"text-align: center;\"><strong>CODIGO<\/strong><\/td>\n<td style=\"text-align: center;\"><strong>CURSO<\/strong><\/td>\n<td style=\"text-align: center;\"><strong>PROFESOR<\/strong><\/td>\n<td><\/td>\n<\/tr>\n<tr>\n<td>50<\/td>\n<td>DISE\u00d1O DE INVESTIGACI\u00d3N DE TESIS II<\/td>\n<td>DR. LUIS ARMANDO BEDOYA PAREDES<\/td>\n<td><a href=\"https:\/\/drive.google.com\/file\/d\/1zi0984ItKEIJcfN0bkUxyySub-Lhtqqd\/view?usp=sharing\" target=\"_blank\" rel=\"noopener\">Ver Acta<\/a><\/td>\n<\/tr>\n<tr>\n<td>87<\/td>\n<td>SEMINARIO DE GLOBALIZACI\u00d3N<\/td>\n<td>LICDA. KAREN AR\u00c9VALO<\/td>\n<td><a href=\"https:\/\/drive.google.com\/file\/d\/1Sxo6bu4dL8eb7UE2sIv2oUBT0NWg1sb9\/view?usp=sharing\" target=\"_blank\" rel=\"noopener\">Ver Acta<\/a><\/p>\n<p><a href=\"https:\/\/drive.google.com\/file\/d\/176n2vEVnhm7lCtP8iY5h2nNRXlYljreT\/view?usp=sharing\" target=\"_blank\" rel=\"noopener\">1ra. Oportunidad<\/a><\/p>\n<p><a href=\"https:\/\/drive.google.com\/file\/d\/1jyIC6THwBgyClVC7_hBNcugmQJ2bFRaM\/view?usp=sharing\" target=\"_blank\" rel=\"noopener\">2da Oportunidad<\/a><\/td>\n<\/tr>\n<tr>\n<td>88<\/td>\n<td>SEMINARIO DE ECONOM\u00cdA POL\u00cdTICA INTERNACIONAL<\/td>\n<td>MTRA. MAR\u00cdA ELENA IZQUIERDO<\/td>\n<td><a href=\"https:\/\/drive.google.com\/file\/d\/1Fo0evzaIDBQZ5bnvxhQFEdb1gOa4LpT1\/view?usp=sharing\" target=\"_blank\" rel=\"noopener\">Ver Acta<\/a><\/td>\n<\/tr>\n<tr>\n<td>89<\/td>\n<td>POLITICA EXTERIOR DE EEUU.<\/td>\n<td>LIC. JOS\u00c9 GILBERTO CORTEZ<\/td>\n<td><a href=\"https:\/\/drive.google.com\/file\/d\/1BjeAKdCxenNBDn70DkAnn-plQfVmDDNr\/view?usp=sharing\" target=\"_blank\" rel=\"noopener\">Ver Acta<\/a><\/p>\n<p><a href=\"https:\/\/drive.google.com\/file\/d\/1yyq_xsujSS1bNuQUz28JBfi5_PqkpTjk\/view?usp=sharing\" target=\"_blank\" rel=\"noopener\">1ra. Oportunidad<\/a><\/p>\n<p><a href=\"https:\/\/drive.google.com\/file\/d\/1O30DewyHWcIEAvMSGqIUf6VSidF9TyEi\/view?usp=sharing\" target=\"_blank\" rel=\"noopener\">2da Oportunidad<\/a><\/td>\n<\/tr>\n<tr>\n<td>90<\/td>\n<td>ESTUDIOS REGIONALES: AMERICA LATINA<\/td>\n<td>LIC. WILLIAMS ALEJANDRO \u00c1LVAREZ DE LE\u00d3N<\/td>\n<td><a href=\"https:\/\/drive.google.com\/file\/d\/1pkiXsA4Ry5M2vK9rRC-hIKda-loeGnIQ\/view?usp=sharing\" target=\"_blank\" rel=\"noopener\">Ver Acta<\/a><\/p>\n<p><a href=\"https:\/\/drive.google.com\/file\/d\/1Cl1WmGajtoSiFFaycTf9OkfyWEs6rnlJ\/view?usp=sharing\" target=\"_blank\" rel=\"noopener\">1ra. Oportunidad<\/a><\/p>\n<p><a href=\"https:\/\/drive.google.com\/file\/d\/1HU1vTBouuiZJgmiL_GAJb9R0SqU-lX4-\/view?usp=sharing\" target=\"_blank\" rel=\"noopener\">2da Oportunidad<\/a><\/td>\n<\/tr>\n<\/tbody>\n<\/table>\n<p>&nbsp;<\/p>\n<p><a href=\"https:\/\/cienciapolitica.usac.edu.gt\/?page_id=5887\"><strong>Regresar a p\u00e1gina anterior<\/strong><\/a><\/p>\n","protected":false},"excerpt":{"rendered":"<p>Regresar a p\u00e1gina anterior Actas de fin de curso semestre 1-2022 Licenciatura en Relaciones Internacionales 5to, 7mo y 9no ciclo, secciones A y B 5to ciclo &#8211; Secci\u00f3n A CODIGO CURSO PROFESOR 25 HISTORIA DE GUATEMALA II LICDA. MAR\u00cdA DEL CARMEN ALVARADO Ver Acta 66 TEOR\u00cdA DE LAS RELACIONES INTERNACIONALES II MTRA. MERCEDES DE LA [&hellip;]<\/p>\n","protected":false},"author":101012,"featured_media":0,"parent":0,"menu_order":0,"comment_status":"closed","ping_status":"closed","template":"","meta":[],"_links":{"self":[{"href":"https:\/\/cienciapolitica.usac.edu.gt\/index.php?rest_route=\/wp\/v2\/pages\/5918"}],"collection":[{"href":"https:\/\/cienciapolitica.usac.edu.gt\/index.php?rest_route=\/wp\/v2\/pages"}],"about":[{"href":"https:\/\/cienciapolitica.usac.edu.gt\/index.php?rest_route=\/wp\/v2\/types\/page"}],"author":[{"embeddable":true,"href":"https:\/\/cienciapolitica.usac.edu.gt\/index.php?rest_route=\/wp\/v2\/users\/101012"}],"replies":[{"embeddable":true,"href":"https:\/\/cienciapolitica.usac.edu.gt\/index.php?rest_route=%2Fwp%2Fv2%2Fcomments&post=5918"}],"version-history":[{"count":57,"href":"https:\/\/cienciapolitica.usac.edu.gt\/index.php?rest_route=\/wp\/v2\/pages\/5918\/revisions"}],"predecessor-version":[{"id":6229,"href":"https:\/\/cienciapolitica.usac.edu.gt\/index.php?rest_route=\/wp\/v2\/pages\/5918\/revisions\/6229"}],"wp:attachment":[{"href":"https:\/\/cienciapolitica.usac.edu.gt\/index.php?rest_route=%2Fwp%2Fv2%2Fmedia&parent=5918"}],"curies":[{"name":"wp","href":"https:\/\/api.w.org\/{rel}","templated":true}]}}