{"id":5906,"date":"2022-05-12T01:40:05","date_gmt":"2022-05-12T01:40:05","guid":{"rendered":"https:\/\/cienciapolitica.usac.edu.gt\/?page_id=5906"},"modified":"2022-08-10T00:09:18","modified_gmt":"2022-08-10T00:09:18","slug":"actas-semestre-1-2022-licenciatura-en-sociologia","status":"publish","type":"page","link":"https:\/\/cienciapolitica.usac.edu.gt\/?page_id=5906","title":{"rendered":"Actas semestre 1-2022 \u2013 Licenciatura en Sociolog\u00eda"},"content":{"rendered":"<p><a href=\"https:\/\/cienciapolitica.usac.edu.gt\/?page_id=5887\"><strong>Regresar a p\u00e1gina anterior<\/strong><\/a><\/p>\n<h2 style=\"text-align: center;\"><strong>Actas de fin de curso semestre 1-2022 <\/strong><\/h2>\n<h2 style=\"text-align: center;\"><strong>Licenciatura en Sociolog\u00eda<\/strong><\/h2>\n<h2 style=\"text-align: center;\"><strong> 5to, 7mo y 9no ciclo, secciones A y B<\/strong><\/h2>\n<table width=\"677\">\n<tbody>\n<tr>\n<td style=\"text-align: center;\" colspan=\"3\" width=\"594\"><strong>5to semestre &#8211; Secci\u00f3n A<\/strong><\/td>\n<td width=\"83\"><\/td>\n<\/tr>\n<tr>\n<td style=\"text-align: center;\"><strong>CODIGO<\/strong><\/td>\n<td style=\"text-align: center;\"><strong>CURSO<\/strong><\/td>\n<td style=\"text-align: center;\"><strong>PROFESOR<\/strong><\/td>\n<td><\/td>\n<\/tr>\n<tr>\n<td>22<\/td>\n<td>TEOR\u00cdA SOCIOL\u00d3GICA II<\/td>\n<td>LICDA. MAR\u00cdA VIRGINIA JIM\u00c9NEZ TUY<\/td>\n<td><a href=\"https:\/\/drive.google.com\/file\/d\/1jG5i5nqgxmm3Tu-eokmmEJ90eDAARdca\/view?usp=sharing\" target=\"_blank\" rel=\"noopener\">Ver Acta<\/a><\/td>\n<\/tr>\n<tr>\n<td>23<\/td>\n<td>SOCIOLOG\u00cdA DE GUATEMALA II<\/td>\n<td>MTRA. MAR\u00cdA DE LOS \u00c1NGELES AK\u00da RAM\u00cdREZ<\/td>\n<td><a href=\"https:\/\/drive.google.com\/file\/d\/1pPulG7NvZtCGCDuhfyFhGAQeSHPipUL5\/view?usp=sharing\" target=\"_blank\" rel=\"noopener\">Ver Acta<\/a><\/td>\n<\/tr>\n<tr>\n<td>24<\/td>\n<td>AN\u00c1LISIS DE EXPERIENCIAS DE INVESTIGACI\u00d3N SOCIOL\u00d3GICA I<\/td>\n<td>MTR. JULIO ALEJANDRO VALDEZ<\/td>\n<td><a href=\"https:\/\/drive.google.com\/file\/d\/1HprHWOFcmDGkUoz56loOr85Gr9o2OTtV\/view?usp=sharing\" target=\"_blank\" rel=\"noopener\">Ver Acta<\/a><\/td>\n<\/tr>\n<tr>\n<td>25<\/td>\n<td>HISTORIA DE GUATEMALA II<\/td>\n<td>LICDA. DELMY MIRRUT ESCOBAR<\/td>\n<td><a href=\"https:\/\/drive.google.com\/file\/d\/1Looz0nvvbG5k6QOwvLnOodeQW0jdgmay\/view?usp=sharing\" target=\"_blank\" rel=\"noopener\">Ver Acta<\/a><\/td>\n<\/tr>\n<tr>\n<td>27<\/td>\n<td>SOCIOLOG\u00cdA DEL DERECHO<\/td>\n<td>LIC. MARIO ERNESTO ARCHILA ORT\u00cdZ<\/td>\n<td><a href=\"https:\/\/drive.google.com\/file\/d\/1s1ZVrsBzJFqPyOiV-9vEAsiVSTRjrhkj\/view?usp=sharing\" target=\"_blank\" rel=\"noopener\">Ver Acta<\/a><\/td>\n<\/tr>\n<\/tbody>\n<\/table>\n<p>&nbsp;<\/p>\n<table width=\"677\">\n<tbody>\n<tr>\n<td style=\"text-align: center;\" colspan=\"3\" width=\"594\"><strong>5to semestre &#8211; Secci\u00f3n B<\/strong><\/td>\n<td width=\"83\"><\/td>\n<\/tr>\n<tr>\n<td style=\"text-align: center;\"><strong>CODIGO<\/strong><\/td>\n<td style=\"text-align: center;\"><strong>CURSO<\/strong><\/td>\n<td style=\"text-align: center;\"><strong>PROFESOR<\/strong><\/td>\n<td><\/td>\n<\/tr>\n<tr>\n<td>22<\/td>\n<td>TEOR\u00cdA SOCIOL\u00d3GICA II<\/td>\n<td>MTRA. JEANIE HERRERA NAJERA<\/td>\n<td><a href=\"https:\/\/drive.google.com\/file\/d\/1-Rhk_i5l_BgFH11v6b7ERM8vxc6IkanS\/view?usp=sharing\" target=\"_blank\" rel=\"noopener\">Ver Acta<\/a><\/p>\n<p><a href=\"https:\/\/drive.google.com\/file\/d\/15nSfRWDNP4aJ6Al9KHgwsCYyQPZEs0mu\/view?usp=sharing\" target=\"_blank\" rel=\"noopener\">Acta complementaria<\/a><\/td>\n<\/tr>\n<tr>\n<td>23<\/td>\n<td>SOCIOLOG\u00cdA DE GUATEMALA II<\/td>\n<td>LIC. BORIS CABRERA CIFUENTES<\/td>\n<td><a href=\"https:\/\/drive.google.com\/file\/d\/1R3mr5p-xHkeRQLOC5QMAp-WfcrEUnS1m\/view?usp=sharing\" target=\"_blank\" rel=\"noopener\">Ver Acta<\/a><\/td>\n<\/tr>\n<tr>\n<td>24<\/td>\n<td>AN\u00c1LISIS DE EXPERIENCIAS DE INVESTIGACI\u00d3N SOCIOL\u00d3GICA I<\/td>\n<td>MTRO. LICERIO CAMEY HUZ<\/td>\n<td><a href=\"https:\/\/drive.google.com\/file\/d\/1RcqyBx8ug3CqiXBlXoTPPG_va6xPqK6_\/view?usp=sharing\" target=\"_blank\" rel=\"noopener\">Ver Acta<\/a><\/td>\n<\/tr>\n<tr>\n<td>25<\/td>\n<td>HISTORIA DE GUATEMALA II<\/td>\n<td>LIC. JUAN CARLOS GUZM\u00c1N MOR\u00c1N<\/td>\n<td><a href=\"https:\/\/drive.google.com\/file\/d\/1P590wxLiUrUCQS0B8pzpU3MFegIktRDN\/view?usp=sharing\" target=\"_blank\" rel=\"noopener\">Ver Acta<\/a><\/td>\n<\/tr>\n<tr>\n<td>26<\/td>\n<td>SOCIOLOG\u00cdA DE GENERO Y ETNIA I<\/td>\n<td>DR. AROLDO CAMPOSECO<\/td>\n<td><a href=\"https:\/\/drive.google.com\/file\/d\/1zj3kuYyDjwMB32nXHsNQS114LETcypaO\/view?usp=sharing\" target=\"_blank\" rel=\"noopener\">Ver Acta<\/a><\/td>\n<\/tr>\n<\/tbody>\n<\/table>\n<p>&nbsp;<\/p>\n<table width=\"677\">\n<tbody>\n<tr>\n<td style=\"text-align: center;\" colspan=\"3\" width=\"594\"><strong>7mo semestre &#8211; Secci\u00f3n A<\/strong><\/td>\n<td width=\"83\"><\/td>\n<\/tr>\n<tr>\n<td style=\"text-align: center;\"><strong>CODIGO<\/strong><\/td>\n<td style=\"text-align: center;\"><strong>CURSO<\/strong><\/td>\n<td style=\"text-align: center;\"><strong>PROFESOR<\/strong><\/td>\n<td><\/td>\n<\/tr>\n<tr>\n<td>34<\/td>\n<td>TEOR\u00cdA SOCIOL\u00d3GICA IV<\/td>\n<td>LICDA. MAR\u00cdA VIRGINIA JIM\u00c9NEZ TUY<\/td>\n<td><a href=\"https:\/\/drive.google.com\/file\/d\/1_BQeV5CJOPdzS18XOn55fP9uUVYDEYWX\/view?usp=sharing\" target=\"_blank\" rel=\"noopener\">Ver Acta<\/a><\/p>\n<p><a href=\"https:\/\/drive.google.com\/file\/d\/134tmxxxDEZy6_yPikm9pf51nqH2WT49v\/view?usp=sharing\" target=\"_blank\" rel=\"noopener\">2da Oportunidad<\/a><\/td>\n<\/tr>\n<tr>\n<td>35<\/td>\n<td>SOCIOLOG\u00cdA DE GUATEMALA IV<\/td>\n<td>DR. LUIS FERNANDO MACK ECHEVERR\u00cdA<\/td>\n<td><a href=\"https:\/\/drive.google.com\/file\/d\/1jjoePao83rpEd1tXQ2gjs2-i70vRGguV\/view?usp=sharing\" target=\"_blank\" rel=\"noopener\">Ver Acta<\/a><\/td>\n<\/tr>\n<tr>\n<td>36<\/td>\n<td>EPISTEMOLOG\u00cdA DE LAS CIENCIAS SOCIALES<\/td>\n<td>DR. HAROLDO LOCON SOL\u00d3RZANO<\/td>\n<td><a href=\"https:\/\/drive.google.com\/file\/d\/1h1uHoqxQE3ZVZ-cDh-aHnZ7YJUKX5CPd\/view?usp=sharing\" target=\"_blank\" rel=\"noopener\">Ver Acta<\/a><\/td>\n<\/tr>\n<tr>\n<td>37<\/td>\n<td>SOCIOLOG\u00cdA POL\u00cdTICA I<\/td>\n<td>LIC. CHRISTIAN MANUEL CALDER\u00d3N CEDILLOS<\/td>\n<td><a href=\"https:\/\/drive.google.com\/file\/d\/1hvOMRjHCibOBgRrZPWCEHihtZYP4aWgo\/view?usp=sharing\" target=\"_blank\" rel=\"noopener\">Ver Acta<\/a><\/td>\n<\/tr>\n<tr>\n<td>39<\/td>\n<td>VIOLENCIA Y PAZ EN GUATEMALA<\/td>\n<td>MTRO. EDMUNDO REN\u00c9 URRUTIA GARC\u00cdA<\/td>\n<td><a href=\"https:\/\/drive.google.com\/file\/d\/18s-exkGD-hnqKHimQUJ77LcvCju-wFlg\/view?usp=sharing\" target=\"_blank\" rel=\"noopener\">Ver Acta<\/a><\/td>\n<\/tr>\n<\/tbody>\n<\/table>\n<p>&nbsp;<\/p>\n<table width=\"677\">\n<tbody>\n<tr>\n<td style=\"text-align: center;\" colspan=\"3\" width=\"594\"><strong>7mo semestre &#8211; Secci\u00f3n B<\/strong><\/td>\n<td width=\"83\"><\/td>\n<\/tr>\n<tr>\n<td style=\"text-align: center;\"><strong>CODIGO<\/strong><\/td>\n<td style=\"text-align: center;\"><strong>CURSO<\/strong><\/td>\n<td style=\"text-align: center;\"><strong>PROFESOR<\/strong><\/td>\n<td><\/td>\n<\/tr>\n<tr>\n<td>34<\/td>\n<td>TEOR\u00cdA SOCIOL\u00d3GICA IV<\/td>\n<td>LIC. LICERIO CAMEY<\/td>\n<td><a href=\"https:\/\/drive.google.com\/file\/d\/1NqFXYw9hBDsQXo12afxa45XQcSm7FNhD\/view?usp=sharing\" target=\"_blank\" rel=\"noopener\">Ver Acta<\/a><\/td>\n<\/tr>\n<tr>\n<td>35<\/td>\n<td>SOCIOLOG\u00cdA DE GUATEMALA IV<\/td>\n<td>LICDA. CAMLIN FUENTES<\/td>\n<td><a href=\"https:\/\/drive.google.com\/file\/d\/1kg0oUuCg-JX0kLxkj1Ttr8KVp4Wy1IIS\/view?usp=sharing\" target=\"_blank\" rel=\"noopener\">Ver Acta<\/a><\/td>\n<\/tr>\n<tr>\n<td>36<\/td>\n<td>EPISTEMOLOG\u00cdA DE LAS CIENCIAS SOCIALES<\/td>\n<td>DR. JORGE LUIS ZAMORA PRADO<\/td>\n<td><a href=\"https:\/\/drive.google.com\/file\/d\/1FdKQosiP1_VdAzxGf5NtVGkrtnChnZ5L\/view?usp=sharing\" target=\"_blank\" rel=\"noopener\">Ver Acta<\/a><\/td>\n<\/tr>\n<tr>\n<td>37<\/td>\n<td>SOCIOLOG\u00cdA POL\u00cdTICA I<\/td>\n<td>DR. LUIS FERNANDO MACK ECHEVERR\u00cdA<\/td>\n<td><a href=\"https:\/\/drive.google.com\/file\/d\/1EAsdSonIKrzuoRIbmx5v4O18FDY-vurw\/view?usp=sharing\" target=\"_blank\" rel=\"noopener\">Ver Acta<\/a><\/td>\n<\/tr>\n<tr>\n<td>38<\/td>\n<td>RELACIONES \u00c9TNICAS EN GUATEMALA<\/td>\n<td>MTRO. JULIO ALEJANDRO VALDEZ RODAS<\/td>\n<td><a href=\"https:\/\/drive.google.com\/file\/d\/1rHxnVigXQIsVtNhBLnx2BU7tej_dwrmJ\/view?usp=sharing\" target=\"_blank\" rel=\"noopener\">Ver Acta<\/a><\/td>\n<\/tr>\n<\/tbody>\n<\/table>\n<p>&nbsp;<\/p>\n<table width=\"677\">\n<tbody>\n<tr>\n<td style=\"text-align: center;\" colspan=\"3\" width=\"594\"><strong>9no semestre &#8211; Secci\u00f3n A<\/strong><\/td>\n<td width=\"83\"><\/td>\n<\/tr>\n<tr>\n<td style=\"text-align: center;\"><strong>CODIGO<\/strong><\/td>\n<td style=\"text-align: center;\"><strong>CURSO<\/strong><\/td>\n<td style=\"text-align: center;\"><strong>PROFESOR<\/strong><\/td>\n<td><\/td>\n<\/tr>\n<tr>\n<td>46<\/td>\n<td>SEMINARIO S\/TEOR\u00cdAS SOCIOL\u00d3GICAS CONTEMPOR\u00c1NEAS<\/td>\n<td>MTRO. EDMUNDO REN\u00c9 URRUTIA GARC\u00cdA<\/td>\n<td><a href=\"https:\/\/drive.google.com\/file\/d\/1itYlRom7xkaEIMUuLKZ8F7yQDhzn0STP\/view?usp=sharing\" target=\"_blank\" rel=\"noopener\">Ver Acta<\/a><\/td>\n<\/tr>\n<tr>\n<td>50<\/td>\n<td>DISE\u00d1O DE INVESTIGACI\u00d3N DE TESIS II<\/td>\n<td>MTRA. MAR\u00cdA ALEJANDRA PRIVADO CATAL\u00c1N<\/td>\n<td><a href=\"https:\/\/drive.google.com\/file\/d\/1z8Iu9TelmlYhd8ARhjF94XHqiGXW2FxB\/view?usp=sharing\" target=\"_blank\" rel=\"noopener\">Ver Acta<\/a><\/td>\n<\/tr>\n<tr>\n<td>56<\/td>\n<td>SEMINARIO DE ESTUDIOS SOBRE VIOLENCIA Y PAZ EN GUATEMALA<\/td>\n<td>LIC. CHRISTIAN MANUEL CALDER\u00d3N CEDILLOS<\/td>\n<td><a href=\"https:\/\/drive.google.com\/file\/d\/1US1chNkc0G8JwhJxMVJIPKoCpVZyVb2Z\/view?usp=sharing\" target=\"_blank\" rel=\"noopener\">Ver Acta<\/a><\/td>\n<\/tr>\n<tr>\n<td>57<\/td>\n<td>SEMINARIO SOBRE POL\u00cdTICAS DE SEGURIDAD Y PREVENCI\u00d3N DEL DELITO<\/td>\n<td>MTRO. H\u00c9CTOR OSWALDO SAMAYOA SOSA<\/td>\n<td><a href=\"https:\/\/drive.google.com\/file\/d\/1rddhcCbpfIsWInfSoE9vovMDFSyV8myM\/view?usp=sharing\" target=\"_blank\" rel=\"noopener\">Ver Acta<\/a><\/td>\n<\/tr>\n<tr>\n<td>58<\/td>\n<td>SEM. S\/MOVIMIENTOS SOC. DE DERECHOS HUMANOS Y ACCESO A LA JUSTICIA<\/td>\n<td>MTRA. VICTORIA AURORA TUB\u00cdN SOTZ<\/td>\n<td><a href=\"https:\/\/drive.google.com\/file\/d\/1Uok38LBTKjBqRjcbbO58tBpalVkcuOmS\/view?usp=sharing\" target=\"_blank\" rel=\"noopener\">Ver Acta<\/a><\/td>\n<\/tr>\n<\/tbody>\n<\/table>\n<p>&nbsp;<\/p>\n<table width=\"677\">\n<tbody>\n<tr>\n<td style=\"text-align: center;\" colspan=\"3\" width=\"594\"><strong>9no semestre &#8211; Secci\u00f3n B<\/strong><\/td>\n<td width=\"83\"><\/td>\n<\/tr>\n<tr>\n<td style=\"text-align: center;\"><strong>CODIGO<\/strong><\/td>\n<td style=\"text-align: center;\"><strong>CURSO<\/strong><\/td>\n<td style=\"text-align: center;\"><strong>PROFESOR<\/strong><\/td>\n<td><\/td>\n<\/tr>\n<tr>\n<td>46<\/td>\n<td>SEMINARIO S\/TEOR\u00cdAS SOCIOL\u00d3GICAS CONTEMPOR\u00c1NEAS<\/td>\n<td>DR. LUIS FERNANDO MACK ECHEVERR\u00cdA<\/td>\n<td><a href=\"https:\/\/drive.google.com\/file\/d\/10QkYZ0knA8d5jV1XyfQIcrX68h6GwTNk\/view?usp=sharing\" target=\"_blank\" rel=\"noopener\">Ver Acta<\/a><\/td>\n<\/tr>\n<tr>\n<td>47<\/td>\n<td>SEMINARIO S\/ESTUDIOS DE G\u00c8NERO Y ETNICIDAD EN GUATEMALA<\/td>\n<td>MTRA. VICTORIA AURORA TUB\u00cdN SOTZ<\/td>\n<td><a href=\"https:\/\/drive.google.com\/file\/d\/1wPh5_xt_E1sJFxMOwEuUyqPnJhGb7wrA\/view?usp=sharing\" target=\"_blank\" rel=\"noopener\">Ver Acta<\/a><\/td>\n<\/tr>\n<tr>\n<td>48<\/td>\n<td>SEM. S\/POL. SOC. PARA LA ERRADICACION DEL RACISMO Y LA DISC. EN GUA.<\/td>\n<td>LICDA. DELMY MIRRUT ESCOBAR<\/td>\n<td><a href=\"https:\/\/drive.google.com\/file\/d\/1rC5WGn20496RefQna6JS29ImFKiQ6yV2\/view?usp=sharing\" target=\"_blank\" rel=\"noopener\">Ver Acta<\/a><\/td>\n<\/tr>\n<tr>\n<td>49<\/td>\n<td>SEM. S\/POL. P\u00daBLICAS PARA EL ACCESO A LA JUSTICIA Y EQUIDAD DE G\u00c9NERO<\/td>\n<td>LIC. DOUGLAS GIOVANNI MAZARIEGOS MARROQU\u00cdN<\/td>\n<td><a href=\"https:\/\/drive.google.com\/file\/d\/134MVjxJjYrWUN4F5bXS2kkYnNAMt2mhh\/view?usp=sharing\" target=\"_blank\" rel=\"noopener\">Ver Acta<\/a><\/td>\n<\/tr>\n<tr>\n<td>50<\/td>\n<td>DISE\u00d1O DE INVESTIGACI\u00d3N DE TESIS II<\/td>\n<td>MTRO. BEQUER CHOCOOJ DE LA CRUZ<\/td>\n<td><a href=\"https:\/\/drive.google.com\/file\/d\/1Us2UCBizeOCjC8Z28DXsQLOx4SOw0bls\/view?usp=sharing\" target=\"_blank\" rel=\"noopener\">Ver Acta<\/a><\/td>\n<\/tr>\n<\/tbody>\n<\/table>\n<p><a href=\"https:\/\/cienciapolitica.usac.edu.gt\/?page_id=5887\"><strong>Regresar a p\u00e1gina anterior<\/strong><\/a><\/p>\n","protected":false},"excerpt":{"rendered":"<p>Regresar a p\u00e1gina anterior Actas de fin de curso semestre 1-2022 Licenciatura en Sociolog\u00eda 5to, 7mo y 9no ciclo, secciones A y B 5to semestre &#8211; Secci\u00f3n A CODIGO CURSO PROFESOR 22 TEOR\u00cdA SOCIOL\u00d3GICA II LICDA. MAR\u00cdA VIRGINIA JIM\u00c9NEZ TUY Ver Acta 23 SOCIOLOG\u00cdA DE GUATEMALA II MTRA. MAR\u00cdA DE LOS \u00c1NGELES AK\u00da RAM\u00cdREZ Ver [&hellip;]<\/p>\n","protected":false},"author":101012,"featured_media":0,"parent":0,"menu_order":0,"comment_status":"closed","ping_status":"closed","template":"","meta":[],"_links":{"self":[{"href":"https:\/\/cienciapolitica.usac.edu.gt\/index.php?rest_route=\/wp\/v2\/pages\/5906"}],"collection":[{"href":"https:\/\/cienciapolitica.usac.edu.gt\/index.php?rest_route=\/wp\/v2\/pages"}],"about":[{"href":"https:\/\/cienciapolitica.usac.edu.gt\/index.php?rest_route=\/wp\/v2\/types\/page"}],"author":[{"embeddable":true,"href":"https:\/\/cienciapolitica.usac.edu.gt\/index.php?rest_route=\/wp\/v2\/users\/101012"}],"replies":[{"embeddable":true,"href":"https:\/\/cienciapolitica.usac.edu.gt\/index.php?rest_route=%2Fwp%2Fv2%2Fcomments&post=5906"}],"version-history":[{"count":38,"href":"https:\/\/cienciapolitica.usac.edu.gt\/index.php?rest_route=\/wp\/v2\/pages\/5906\/revisions"}],"predecessor-version":[{"id":6207,"href":"https:\/\/cienciapolitica.usac.edu.gt\/index.php?rest_route=\/wp\/v2\/pages\/5906\/revisions\/6207"}],"wp:attachment":[{"href":"https:\/\/cienciapolitica.usac.edu.gt\/index.php?rest_route=%2Fwp%2Fv2%2Fmedia&parent=5906"}],"curies":[{"name":"wp","href":"https:\/\/api.w.org\/{rel}","templated":true}]}}