{"id":11121,"date":"2026-01-05T03:19:44","date_gmt":"2026-01-05T03:19:44","guid":{"rendered":"https:\/\/cienciapolitica.usac.edu.gt\/?page_id=11121"},"modified":"2026-04-24T22:19:21","modified_gmt":"2026-04-24T22:19:21","slug":"escuela-de-vacaciones-diciembre-2025","status":"publish","type":"page","link":"https:\/\/cienciapolitica.usac.edu.gt\/?page_id=11121","title":{"rendered":"Escuela de Vacaciones diciembre 2025"},"content":{"rendered":"\n<div class=\"wp-block-columns is-layout-flex wp-container-2\">\n<div class=\"wp-block-column is-layout-flow\">\n<figure class=\"wp-block-table\"><table><tbody><tr><td>C\u00f3digo    <\/td><td>Curso                                                                    <\/td><td>Docente<\/td><td>Acta                                <\/td><\/tr><tr><td>007<\/td><td>Sociolog\u00eda II<\/td><td>Lic.Julio Alberto Hern\u00e1ndez Siguere<\/td><td>&nbsp;<a href=\"https:\/\/drive.google.com\/file\/d\/1Fl-1zpSfQ8-AHGLxDgXlPnj-0RfyWBzG\/view?usp=drive_link\" target=\"_blank\" rel=\"noreferrer noopener\">Ver acta<\/a><\/td><\/tr><tr><td>008<\/td><td>Relaciones Internacionales II<\/td><td>Licda. Emily Giron<br><br>Maestra Cinthya Giron <\/td><td>\u00a0<a rel=\"noreferrer noopener\" href=\"https:\/\/drive.google.com\/file\/d\/1JsEvJtZH4B8pD6iBwBRr7iiYh6vQhAMx\/view?usp=drive_link\" target=\"_blank\">Ver_Acta A<\/a><br><br><a href=\"https:\/\/drive.google.com\/file\/d\/1S94Fue3iB-tAXrNrO3jG2wWPgWTWa5qw\/view?usp=drive_link\" target=\"_blank\" rel=\"noreferrer noopener\">Ver Acta B<\/a><\/td><\/tr><tr><td>011<\/td><td>FILOSOFIA<\/td><td>Licda. Karla Giron<\/td><td>\u00a0<a href=\"https:\/\/drive.google.com\/file\/d\/1uXbefRNMpPrq1sl0B1fqiDD-6-7ijfEP\/view?usp=drive_link\" target=\"_blank\" rel=\"noreferrer noopener\">Ver_Acta  <\/a><\/td><\/tr><tr><td>012<\/td><td>INTRODUCCION A LA ECONOMIA  \u00abA\u00bb<\/td><td>Lic.Enrique Abisai Colindres Monroy<\/td><td><a href=\"https:\/\/drive.google.com\/file\/d\/1Xq2uCKdOzhUQeDbvBx-yT3PCRAal2vrk\/view?usp=drive_link\" target=\"_blank\" rel=\"noreferrer noopener\">Ver_Acta<\/a><\/td><\/tr><tr><td>012<\/td><td>INTRODUCCION A LA ECONOMIA \u00abB\u00bb<\/td><td>Lic. Enrique Abisai Colindres Monroy<\/td><td><a href=\"https:\/\/drive.google.com\/file\/d\/1eYnDe_uUX533TdQU48CSRiufDv1u871Y\/view?usp=drive_link\" target=\"_blank\" rel=\"noreferrer noopener\">&nbsp;Ver_Acta<\/a><\/td><\/tr><tr><td>013<\/td><td>INTRODUCCION AL DERECHO \u00abA\u00bb<\/td><td>Lic. Josu\u00e9 Vicktalino Espino Vel\u00e1squez<\/td><td><a href=\"https:\/\/drive.google.com\/file\/d\/1Mk_aQrjVN8ccr35xQe0aOtpLNnL_JnYd\/view?usp=drive_link\" target=\"_blank\" rel=\"noreferrer noopener\">&nbsp;Ver Acta<\/a><\/td><\/tr><tr><td>013<\/td><td>INTRODUCCION AL DERECHO \u00abB\u00bb<\/td><td>Lic. Jos\u00e9 Daniel Marroqu\u00edn Alvarez<\/td><td><a href=\"https:\/\/drive.google.com\/file\/d\/11KhTUcl6cIiXDTFH5xnUk5CFfkHQDphv\/view?usp=drive_link\" target=\"_blank\" rel=\"noreferrer noopener\"> Ver_Acta<\/a><\/td><\/tr><tr><td>015<\/td><td>METODOLOGIA DE LAS CIENCIAS SOCIALES III<\/td><td>Maestra Cinthya Giron<br>Licda. Stephanie Loraine Jackson Valle<\/td><td>\u00a0<a rel=\"noreferrer noopener\" href=\"https:\/\/drive.google.com\/file\/d\/1xGjhv5LcEERhQMiWPeg52Z750Cs-t8xP\/view?usp=sharing\" target=\"_blank\">Ver Acta<\/a> A<br><br><a href=\"https:\/\/drive.google.com\/file\/d\/1wp1OMGX2XJ1idgxGomK0-HC1IyQgm4qB\/view?usp=drive_link\" target=\"_blank\" rel=\"noreferrer noopener\">Ver Acta B<\/a><\/td><\/tr><tr><td>019<\/td><td>Micro y Macroeconom\u00eda<\/td><td>Licda. Francis Lucia Garnica Marroquin<\/td><td><a href=\"https:\/\/drive.google.com\/file\/d\/1u-njDBZ8sQw2L0aNR-2DlHXH7QYYKPAL\/view?usp=drive_link\" target=\"_blank\" rel=\"noreferrer noopener\">Ver Acta CP<\/a><br><a href=\"https:\/\/drive.google.com\/file\/d\/1uo1ey1y5EoQFKGamd17xpTeTf10vq7Oc\/view?usp=drive_link\" target=\"_blank\" rel=\"noreferrer noopener\">Ver Acta SOC<\/a><br><a href=\"https:\/\/drive.google.com\/file\/d\/1TDIuo34wL_Obhh5p4QBD8XEBo8MQ8aCK\/view?usp=drive_link\" target=\"_blank\" rel=\"noreferrer noopener\">Ver  Acta RRII<\/a><\/td><\/tr><tr><td>025<\/td><td>Historia de Guatemala II<\/td><td>Lic. Emanuel Ranfery Montufar Fern\u00e1ndez<\/td><td><a rel=\"noreferrer noopener\" href=\"https:\/\/drive.google.com\/file\/d\/1rYCmv2w9XQnrGOVKCVJ1JIya5qAWdnL_\/view?usp=drive_link\" target=\"_blank\">&nbsp;Ver  Acta CP<\/a><br><a href=\"https:\/\/drive.google.com\/file\/d\/1InqVOZ0WpuTYjYhwugXb8wt9gOsK9k-T\/view?usp=drive_link\" target=\"_blank\" rel=\"noreferrer noopener\">Ver Acta RRII<\/a><\/td><\/tr><tr><td>050<\/td><td>Dise\u00f1o de Tesis II  \u00abA\u00bb<\/td><td>Licda. Mar\u00eda Fernanda Zelada Donado<\/td><td><a rel=\"noreferrer noopener\" href=\"https:\/\/drive.google.com\/file\/d\/1oGa9PE-gSV86sCCPNZcEFbyrJ2fnL8Xc\/view?usp=drive_link\" target=\"_blank\">&nbsp;Ver  Acta CP<\/a><br><a href=\"https:\/\/drive.google.com\/file\/d\/1oRVRf7SeHVW9NHaneILrUu_entjSOrW_\/view?usp=drive_link\" target=\"_blank\" rel=\"noreferrer noopener\">Ver Acta RRII<\/a><\/td><\/tr><tr><td>050<\/td><td>Dise\u00f1o de Tesis II  \u00abB\u00bb<\/td><td>Msc. Betzaida Jeannette P\u00e9rez Callejas<\/td><td><a href=\"https:\/\/drive.google.com\/file\/d\/1516VHpobDpLv4-IN_uf8mpw3FsY8PAJK\/view?usp=drive_link\" target=\"_blank\" rel=\"noreferrer noopener\">Ver acta Cp<\/a><br><br><a href=\"https:\/\/drive.google.com\/file\/d\/1MiFJqH5SzRJ5VY3sdeiz0gpZ3_eQfr6f\/view?usp=drive_link\" target=\"_blank\" rel=\"noreferrer noopener\">Ver Acta RRII<\/a><\/td><\/tr><tr><td>055<\/td><td>Informe de Tesis<\/td><td>Licda. Anali Hernandez<\/td><td><a rel=\"noreferrer noopener\" href=\"https:\/\/drive.google.com\/file\/d\/1yrEOEiVMoTVQyabYfuxxH_dKTWlavLvE\/view?usp=drive_link\" target=\"_blank\">\u00a0Ver_Acta CP<\/a><br><a href=\"https:\/\/drive.google.com\/file\/d\/1MPVAzl8CKtlnPJxIUpQfm6BaonjQY2z5\/view?usp=drive_link\" target=\"_blank\" rel=\"noreferrer noopener\">Ver_ Acta RRII<\/a><\/td><\/tr><tr><td>066<\/td><td>Teor\u00eda de las Relaciones Internacionales II<\/td><td>Lic. Fausto Reyes<\/td><td><a href=\"https:\/\/drive.google.com\/file\/d\/1U1fGs5Nd9IN_U99vdcyGI9sItNO_hNWL\/view?usp=drive_link\" target=\"_blank\" rel=\"noreferrer noopener\">\u00a0Ver Acta<\/a><\/td><\/tr><tr><td>067<\/td><td>Analisis de la Politica Internacional II<\/td><td>&nbsp;Licda. Luc\u00eda de Jes\u00fas Marroqu\u00edn Chacl\u00e1n<\/td><td><strong>&nbsp;<\/strong><a href=\"https:\/\/drive.google.com\/file\/d\/1gPneMaS9p5aM5F9SDr8TGeNyexkKBxVo\/view?usp=drive_link\" target=\"_blank\" rel=\"noreferrer noopener\">Ver_Acta<\/a><\/td><\/tr><tr><td>068<\/td><td>Derecho Internacional Publico<\/td><td>Lic. Francisco Alberto Norman Carrillo<\/td><td><a href=\"https:\/\/drive.google.com\/file\/d\/1rImXPjlRJLQNNAPNBdp5hkjczKOPEMWy\/view?usp=drive_link\" target=\"_blank\" rel=\"noreferrer noopener\">&nbsp;Ver_Acta<\/a><\/td><\/tr><tr><td>069<\/td><td>Metodologia para el Analisis Politico<\/td><td>Lic. Luis Pedro Mejia Suchit\u00e9<\/td><td><a href=\"https:\/\/drive.google.com\/file\/d\/1EV-d9tmqq41mL2AmAyDqPX8vCbX54egH\/view?usp=drive_link\" target=\"_blank\" rel=\"noreferrer noopener\">&nbsp;Ver acta<\/a><\/td><\/tr><tr><td>082<\/td><td>Pol\u00edtica Exterior de Guatemala<\/td><td>Licda. Karla Patricia Giron Franco<\/td><td><a href=\"https:\/\/drive.google.com\/file\/d\/1I2w7IwKSzmC3dNK4BcwKIQhhsDyRoDK5\/view?usp=drive_link\" target=\"_blank\" rel=\"noreferrer noopener\">\u00a0Ver Acta<\/a><\/td><\/tr><tr><td>088<\/td><td>Seminario de Econom\u00eda Pol\u00edtica Internacional<\/td><td>Lic. Sa\u00fal Nehem\u00edas Aguilar Gonz\u00e1lez<\/td><td><a href=\"https:\/\/drive.google.com\/file\/d\/1D4dzecfs6_68P1MelhRNtSxs-9O0PEP4\/view?usp=drive_link\" target=\"_blank\" rel=\"noreferrer noopener\">&nbsp;Ver Acta<\/a><\/td><\/tr><tr><td>089<\/td><td>Pol\u00edtica Exterior de Estados Unidos<\/td><td>Licda. Aura Karina Castellanos Morales<\/td><td><a href=\"https:\/\/drive.google.com\/file\/d\/1PNmDRB57LdWGfRT77KvgsZ84I2wnXbvD\/view?usp=drive_link\" target=\"_blank\" rel=\"noreferrer noopener\">&nbsp;Ver_Acta<\/a><\/td><\/tr><tr><td>094<\/td><td>Formulaci\u00f3n, An\u00e1lisis y Evaluaci\u00f3n de Pol\u00edtica<\/td><td>Licda. Mayte Nahomy Hern\u00e1ndez Diaz<\/td><td>&nbsp;<a href=\"https:\/\/drive.google.com\/file\/d\/1kGwUlK78xGcZOwgacbbSoHH8V-7Qwlcu\/view?usp=drive_link\" target=\"_blank\" rel=\"noreferrer noopener\">Ver_Acta<\/a><\/td><\/tr><tr><td>095<\/td><td>Seguridad Democr\u00e1tica<\/td><td>&nbsp;Licda. Silvia Marleny Melgar Arana<\/td><td><a rel=\"noreferrer noopener\" href=\"https:\/\/drive.google.com\/file\/d\/1Gu9qvA8qWNWWei3OxP-VGlfFCDsG79WP\/view?usp=drive_link\" target=\"_blank\">&nbsp;Ver_Acta CP<\/a><br><a href=\"https:\/\/drive.google.com\/file\/d\/1EY8F9yDo9AKF43RGjiU91A_t-8UUWxnm\/view?usp=drive_link\" target=\"_blank\" rel=\"noreferrer noopener\">Ver Acta RRII<\/a><\/td><\/tr><tr><td>097<\/td><td>Seminario sobre Problemas Actuales de la&nbsp;<\/td><td>Lic. Elvin Alvarez<\/td><td><a href=\"https:\/\/drive.google.com\/file\/d\/1PG1KNxiVyVgug_24pt2W3D0GlzhkfBuU\/view?usp=drive_link\" target=\"_blank\" rel=\"noreferrer noopener\">&nbsp;Ver_Acta<\/a><\/td><\/tr><tr><td>098<\/td><td>Amenazas y Riesgos a la Seguridad<\/td><td>Licda. Carmen Esther Anzueto Anzueto<\/td><td><a href=\"https:\/\/drive.google.com\/file\/d\/1kT9RqcbS7l_6SoFOwn_BL4agfflJmHtl\/view?usp=drive_link\" target=\"_blank\" rel=\"noreferrer noopener\">&nbsp;Ver_Acta<\/a><\/td><\/tr><tr><td>100<\/td><td>seminario de analisis de vulnerabilidad, gestion<\/td><td>Mgtr. Vera Priscila G\u00f3mez Palacios<\/td><td><a href=\"https:\/\/drive.google.com\/file\/d\/1V1w2Ocf6J6FihmslVDd1NGhP4lr1Ewhf\/view?usp=drive_link\" target=\"_blank\" rel=\"noreferrer noopener\">&nbsp;Ver_Acta<\/a><\/td><\/tr><\/tbody><\/table><\/figure>\n<\/div>\n<\/div>\n","protected":false},"excerpt":{"rendered":"<p>C\u00f3digo Curso Docente Acta 007 Sociolog\u00eda II Lic.Julio Alberto Hern\u00e1ndez Siguere &nbsp;Ver acta 008 Relaciones Internacionales II Licda. Emily Giron Maestra Cinthya Giron \u00a0Ver_Acta A Ver Acta B 011 FILOSOFIA Licda. Karla Giron \u00a0Ver_Acta 012 INTRODUCCION A LA ECONOMIA \u00abA\u00bb Lic.Enrique Abisai Colindres Monroy Ver_Acta 012 INTRODUCCION A LA ECONOMIA \u00abB\u00bb Lic. Enrique Abisai Colindres [&hellip;]<\/p>\n","protected":false},"author":101014,"featured_media":0,"parent":0,"menu_order":0,"comment_status":"closed","ping_status":"closed","template":"","meta":[],"_links":{"self":[{"href":"https:\/\/cienciapolitica.usac.edu.gt\/index.php?rest_route=\/wp\/v2\/pages\/11121"}],"collection":[{"href":"https:\/\/cienciapolitica.usac.edu.gt\/index.php?rest_route=\/wp\/v2\/pages"}],"about":[{"href":"https:\/\/cienciapolitica.usac.edu.gt\/index.php?rest_route=\/wp\/v2\/types\/page"}],"author":[{"embeddable":true,"href":"https:\/\/cienciapolitica.usac.edu.gt\/index.php?rest_route=\/wp\/v2\/users\/101014"}],"replies":[{"embeddable":true,"href":"https:\/\/cienciapolitica.usac.edu.gt\/index.php?rest_route=%2Fwp%2Fv2%2Fcomments&post=11121"}],"version-history":[{"count":52,"href":"https:\/\/cienciapolitica.usac.edu.gt\/index.php?rest_route=\/wp\/v2\/pages\/11121\/revisions"}],"predecessor-version":[{"id":11329,"href":"https:\/\/cienciapolitica.usac.edu.gt\/index.php?rest_route=\/wp\/v2\/pages\/11121\/revisions\/11329"}],"wp:attachment":[{"href":"https:\/\/cienciapolitica.usac.edu.gt\/index.php?rest_route=%2Fwp%2Fv2%2Fmedia&parent=11121"}],"curies":[{"name":"wp","href":"https:\/\/api.w.org\/{rel}","templated":true}]}}