{"id":10723,"date":"2025-10-28T15:16:46","date_gmt":"2025-10-28T15:16:46","guid":{"rendered":"https:\/\/cienciapolitica.usac.edu.gt\/?page_id=10723"},"modified":"2026-02-18T15:34:42","modified_gmt":"2026-02-18T15:34:42","slug":"pensum-introductorio-semestre-2-2025","status":"publish","type":"page","link":"https:\/\/cienciapolitica.usac.edu.gt\/?page_id=10723","title":{"rendered":"Pensum Introductorio &#8211; Semestre 2-2025"},"content":{"rendered":"\n<figure class=\"wp-block-image is-resized\"><img decoding=\"async\" loading=\"lazy\" src=\"https:\/\/cienciapolitica.usac.edu.gt\/wp-content\/uploads\/2020\/07\/cropped-logoUSAC.jpg\" alt=\"Icono del sitio\" width=\"46\" height=\"46\"\/><\/figure>\n\n\n\n<figure class=\"wp-block-table\"><table class=\"has-background\" style=\"background:linear-gradient(241deg,rgb(255,245,203) 0%,rgb(182,227,212) 50%,rgb(51,167,181) 100%)\"><tbody><tr><td colspan=\"4\"><strong>SEGUNDO CICLO SECCI\u00d3N A<\/strong><\/td><\/tr><tr><td><strong>CODIGO<\/strong><\/td><td><strong>CURSO<\/strong><\/td><td><strong>PROFESOR (A)<\/strong> <\/td><td><strong>VER ACTA<\/strong><\/td><\/tr><tr><td>6<\/td><td>CIENCIA POL\u00cdTICA II<\/td><td>LICDA. CARMEN AMANDA&nbsp; &nbsp; &nbsp; ALVAREZ<\/td><td><a rel=\"noreferrer noopener\" href=\"https:\/\/drive.google.com\/file\/d\/1GDzz4cWCjJp52llGYnYw_f2FkieqSI3k\/view?usp=drive_link\" target=\"_blank\">FINAL<\/a>&nbsp; &nbsp;<\/td><\/tr><tr><td>7<\/td><td>SOCIOLOG\u00cdA II<\/td><td>MTRO. MANUEL RIVERA<\/td><td><a href=\"https:\/\/drive.google.com\/file\/d\/1RUS98mwvqmEsRTn9V930xplpsIHnIlca\/view?usp=sharing\" target=\"_blank\" rel=\"noreferrer noopener\">FINAL<\/a>&nbsp;<\/td><\/tr><tr><td>8<\/td><td>RELACIONES INTERNACIONALES II<\/td><td>MTRO. JOS\u00c9 GILBERTO CORT\u00c9Z CHAC\u00d3N<\/td><td><a rel=\"noreferrer noopener\" href=\"https:\/\/drive.google.com\/file\/d\/1B099VuVfDB8QYo3OiWoPnDQ6YqOl1O9j\/view?usp=drive_link\" target=\"_blank\">FINAL<\/a><br><a href=\"https:\/\/drive.google.com\/file\/d\/17VLDQ7Gvvbb_3mWjDEoNsTVCsQutR2xe\/view?usp=drive_link\" target=\"_blank\" rel=\"noreferrer noopener\">2da._Oportunidad<\/a><\/td><\/tr><tr><td>9<\/td><td>HISTORIA LATINOAMERICANA<\/td><td>LIC. JUAN CARLOS GUZM\u00c1N MOR\u00c1N<\/td><td><a rel=\"noreferrer noopener\" href=\"https:\/\/drive.google.com\/file\/d\/19DJCrxnEOs7kAOGF1XYskJK_VlbUT9Zc\/view?usp=drive_link\" target=\"_blank\">FINAL<\/a><br><a href=\"https:\/\/drive.google.com\/file\/d\/15i5GXwTSKDS3hGsX_w3UTyLgbKpRXSNf\/view?usp=drive_link\" target=\"_blank\" rel=\"noreferrer noopener\">1ra._Oportunidad<\/a><\/td><\/tr><tr><td>10<\/td><td>METODOLOG\u00cdA DE LAS CIENCIAS SOCIALES II<\/td><td>LICDA. KARLA PATRICIA GIR\u00d3N FRANCO<\/td><td><a rel=\"noreferrer noopener\" href=\"https:\/\/drive.google.com\/file\/d\/1ZDEKGEKosRxUDuWS74KVc1Fu4ki3J154\/view?usp=drive_link\" target=\"_blank\">FINAL<\/a><\/td><\/tr><tr><td colspan=\"4\"><strong>SEGUNDO CICLO SECCI\u00d3N B<\/strong><\/td><\/tr><tr><td><strong>CODIGO<\/strong><\/td><td><strong>CURSO<\/strong><\/td><td><strong>PROFESOR (A)<\/strong><\/td><td><strong>VER ACTA<\/strong><\/td><\/tr><tr><td>6<\/td><td>CIENCIA POL\u00cdTICA II<\/td><td>LIC. OSCAR ESTUARDO BAUTISTA SOTO<\/td><td><a rel=\"noreferrer noopener\" href=\"https:\/\/drive.google.com\/file\/d\/1VmlLdBpSNPhRbQ63nY7g_bCD_8edamh9\/view?usp=drive_link\" target=\"_blank\">FINAL<\/a><br><a href=\"https:\/\/drive.google.com\/file\/d\/18V0FMuHaPsXNzM63t0SnmVFuv-GH9pim\/view?usp=sharing\" target=\"_blank\" rel=\"noreferrer noopener\">1ra. Oportunidad<\/a><\/td><\/tr><tr><td>7<\/td><td>SOCIOLOG\u00cdA II<\/td><td>MTRO. MANUEL RIVERA<\/td><td><a href=\"https:\/\/drive.google.com\/file\/d\/1o9I2tklqS4PpZyWTjpBtq5uUhvrRUP42\/view?usp=drive_link\" target=\"_blank\" rel=\"noreferrer noopener\">FINAL<\/a><\/td><\/tr><tr><td>8<\/td><td>RELACIONES INTERNACIONALES II<\/td><td>MTRO. JOS\u00c9 GILBERTO CORT\u00c9Z CHAC\u00d3N<\/td><td><a rel=\"noreferrer noopener\" href=\"https:\/\/drive.google.com\/file\/d\/1J5Js_9V62ov2LiBp4BgCTom_3rMZdkhm\/view?usp=drive_link\" target=\"_blank\">FINAL<\/a><br><a rel=\"noreferrer noopener\" href=\"https:\/\/drive.google.com\/file\/d\/1s0KRZk7Nekb5XW6GCYZTv5iArUMFkCa1\/view?usp=drive_link\" target=\"_blank\">1ra.Oportunidad<\/a><br><a href=\"https:\/\/drive.google.com\/file\/d\/1_YR8aL8O9HSDTjJxJmvM6wXcnKFQnNXa\/view?usp=drive_link\" target=\"_blank\" rel=\"noreferrer noopener\">2da.Oportunidad<\/a><\/td><\/tr><tr><td>9<\/td><td>HISTORIA LATINOAMERICANA<\/td><td>LICDA. CARMEN AMANDA ALVAREZ<\/td><td><a rel=\"noreferrer noopener\" href=\"https:\/\/drive.google.com\/file\/d\/1nM46OhQQOSKDMII1XBt6-oc2uD7qn-Sv\/view?usp=drive_link\" target=\"_blank\">FINAL<\/a><\/td><\/tr><tr><td>10<\/td><td>METODOLOG\u00cdA DE LAS CIENCIAS SOCIALES II<\/td><td>DR. LUIS FERNANDO MACK ECHEVERR\u00cdA<\/td><td><a href=\"https:\/\/drive.google.com\/file\/d\/1xqx0Ph0LTcwm_q7vEzjYO0FUyU66mw1f\/view?usp=sharing\" target=\"_blank\" rel=\"noreferrer noopener\">FINAL<\/a><\/td><\/tr><tr><td colspan=\"4\"><strong>SEGUNDO CICLO SECCI\u00d3N C<\/strong><\/td><\/tr><tr><td><strong>CODIGO<\/strong><\/td><td><strong>CURSO<\/strong><\/td><td><strong>PROFESOR (A)<\/strong><\/td><td><strong>VER ACTA<\/strong><\/td><\/tr><tr><td>6<\/td><td>CIENCIA POL\u00cdTICA II<\/td><td>LIC. HUGO EFREN RAM\u00cdREZ PAZOS<\/td><td><a rel=\"noreferrer noopener\" href=\"https:\/\/drive.google.com\/file\/d\/1c1CipEcoBX_JLrsagQLuQEaoBM350m7V\/view?usp=sharing\" target=\"_blank\">FINAL<\/a><br><a href=\"https:\/\/drive.google.com\/file\/d\/1VSs0CRcBiDq2N_qDKC6crT1psH4p00d6\/view?usp=sharing\" target=\"_blank\" rel=\"noreferrer noopener\">2da. Oportunidad<\/a><\/td><\/tr><tr><td>7<\/td><td>SOCIOLOG\u00cdA II<\/td><td>LIC. OTTO RENE BLANCO<\/td><td><a href=\"https:\/\/drive.google.com\/file\/d\/1EkTdq8uUFssFtmoE3heMhU_Ar4gyotHr\/view?usp=sharing\" target=\"_blank\" rel=\"noreferrer noopener\">FINAL<\/a><\/td><\/tr><tr><td>8<\/td><td>RELACIONES INTERNACIONALES II<\/td><td>MTRO. JOS\u00c9 GILBERTO CORT\u00c9Z CHAC\u00d3N<\/td><td><a rel=\"noreferrer noopener\" href=\"https:\/\/drive.google.com\/file\/d\/1H6SfOCQzzU6LuX8bRk0nRb78_1SIHNYZ\/view?usp=drive_link\" target=\"_blank\">FINAL<\/a><br><a rel=\"noreferrer noopener\" href=\"https:\/\/drive.google.com\/file\/d\/1nem-wLW1e7yB_BHbC3E3Pu7DzTF324ue\/view?usp=drive_link\" target=\"_blank\">1ra._Oportunidad<\/a><br><a href=\"https:\/\/drive.google.com\/file\/d\/11NGfIzm_ihfmGAEdkZORvEVZjm5GIul2\/view?usp=drive_link\" target=\"_blank\" rel=\"noreferrer noopener\">2da._Oportunidad<\/a><\/td><\/tr><tr><td>9<\/td><td>HISTORIA LATINOAMERICANA<\/td><td>LICDA. DELMY MIRRUT ESCOBAR PERDOMO<\/td><td><a rel=\"noreferrer noopener\" href=\"https:\/\/drive.google.com\/file\/d\/1YU1tbNxJUf_U7PImYbApdnsYYe5LL7Lb\/view?usp=sharing\" target=\"_blank\">FINAL<\/a>&nbsp;<br><a href=\"https:\/\/drive.google.com\/file\/d\/1YoEMrZGvKWVoiJ-EayUa6H1eDpZBu1lA\/view?usp=sharing\" target=\"_blank\" rel=\"noreferrer noopener\">2da. Oportunidad<\/a><\/td><\/tr><tr><td>10<\/td><td>METODOLOG\u00cdA DE LAS CIENCIAS SOCIALES II<\/td><td>LICDA. MAR\u00cdA CONSUELO MORALES<\/td><td><a href=\"https:\/\/drive.google.com\/file\/d\/1zBSmrB3bXz5jTfJfwcBC6QtsjU1_Q2uS\/view?usp=drive_link\" target=\"_blank\" rel=\"noreferrer noopener\">FINAL<\/a><\/td><\/tr><tr><td colspan=\"4\"><strong>SEGUNDO CICLO SECCI\u00d3N D<\/strong><\/td><\/tr><tr><td><strong>CODIGO<\/strong><\/td><td><strong>CURSO<\/strong><\/td><td><strong>PROFESOR (A)<\/strong><\/td><td><strong>VER ACTA<\/strong><\/td><\/tr><tr><td>6<\/td><td>CIENCIA POL\u00cdTICA II<\/td><td>DRA. CLAUDIA AGREDA AJQU\u00cd<\/td><td><a rel=\"noreferrer noopener\" href=\"https:\/\/drive.google.com\/file\/d\/1alogA9hjbb1u_qAVzGovHzhZ8hmHOlTj\/view?usp=drive_link\" target=\"_blank\">FINAL<\/a><br><a rel=\"noreferrer noopener\" href=\"https:\/\/drive.google.com\/file\/d\/1cUQ1BSCPkp1RICWTLImwmZGeh1jXc5hH\/view?usp=drive_link\" target=\"_blank\">1ra. Oportunidad<\/a><br><a href=\"https:\/\/drive.google.com\/file\/d\/1cUQ1BSCPkp1RICWTLImwmZGeh1jXc5hH\/view?usp=drive_link\" target=\"_blank\" rel=\"noreferrer noopener\">2da._Oportunidad<\/a><\/td><\/tr><tr><td>7<\/td><td>SOCIOLOG\u00cdA II<\/td><td>LIC. JULIO VALDEZ<\/td><td><a rel=\"noreferrer noopener\" href=\"https:\/\/drive.google.com\/file\/d\/1_5YdB0KCtoWzPWVloiSNvu-LhudXONQ4\/view?usp=drive_link\" target=\"_blank\">FINAL<\/a><br><a rel=\"noreferrer noopener\" href=\"https:\/\/drive.google.com\/file\/d\/1dMntB_RBIDQHRL2DQHm7dVExUmBkC-dp\/view?usp=drive_link\" target=\"_blank\">1ra._Oportunidad<\/a><br><a href=\"https:\/\/drive.google.com\/file\/d\/1zb7RmqyZs19gKfs02LsYwXIUKLDJBovN\/view?usp=drive_link\" target=\"_blank\" rel=\"noreferrer noopener\">2da.Oportunidad<\/a><\/td><\/tr><tr><td>8<\/td><td>RELACIONES INTERNACIONALES II<\/td><td>MTRO. JOS\u00c9 GILBERTO CORT\u00c9Z CHAC\u00d3N<\/td><td><a rel=\"noreferrer noopener\" href=\"https:\/\/drive.google.com\/file\/d\/1EVvOT3urGRNA1NLngSeyONUNl1-ARJ0L\/view?usp=drive_link\" target=\"_blank\">FINAL<\/a><\/td><\/tr><tr><td>9<\/td><td>HISTORIA LATINOAMERICANA<\/td><td>MTRA. ALMA COGUOX PEREZ<\/td><td><a rel=\"noreferrer noopener\" href=\"https:\/\/drive.google.com\/file\/d\/10csVgLfuRZ8AUwWTApuD5t9Dxt37KTiK\/view?usp=drive_link\" target=\"_blank\">FINAL<\/a><br><a href=\"https:\/\/drive.google.com\/file\/d\/1yVqgUjWlTUEPBOCBVY4UxZDQk3arxabR\/view?usp=sharing\" target=\"_blank\" rel=\"noreferrer noopener\">2da. Oportunidad<\/a><\/td><\/tr><tr><td>10<\/td><td>METODOLOG\u00cdA DE LAS CIENCIAS SOCIALES II<\/td><td>LICDA. KARLA PATRICIA GIR\u00d3N FRANCO<\/td><td><a rel=\"noreferrer noopener\" href=\"https:\/\/drive.google.com\/file\/d\/1MDNezshlHslNE35m7Fzv-bhQ8ZDWLxwq\/view?usp=drive_link\" target=\"_blank\">FINAL<\/a><br><a href=\"https:\/\/drive.google.com\/file\/d\/1LxF7THPAmh59xhoUyw9XmTnNLwun0APW\/view?usp=drive_link\" target=\"_blank\" rel=\"noreferrer noopener\">10.Primera<\/a><\/td><\/tr><\/tbody><\/table><\/figure>\n\n\n\n<div class=\"wp-block-buttons is-layout-flex\">\n<div class=\"wp-block-button\"><a class=\"wp-block-button__link has-vivid-cyan-blue-background-color has-background wp-element-button\" href=\"https:\/\/cienciapolitica.usac.edu.gt\/?page_id=10721(abre en una nueva pesta\u00f1a)\">REGRESO<\/a><\/div>\n<\/div>\n","protected":false},"excerpt":{"rendered":"<p>SEGUNDO CICLO SECCI\u00d3N A CODIGO CURSO PROFESOR (A) VER ACTA 6 CIENCIA POL\u00cdTICA II LICDA. CARMEN AMANDA&nbsp; &nbsp; &nbsp; ALVAREZ FINAL&nbsp; &nbsp; 7 SOCIOLOG\u00cdA II MTRO. MANUEL RIVERA FINAL&nbsp; 8 RELACIONES INTERNACIONALES II MTRO. JOS\u00c9 GILBERTO CORT\u00c9Z CHAC\u00d3N FINAL2da._Oportunidad 9 HISTORIA LATINOAMERICANA LIC. JUAN CARLOS GUZM\u00c1N MOR\u00c1N FINAL1ra._Oportunidad 10 METODOLOG\u00cdA DE LAS CIENCIAS SOCIALES II [&hellip;]<\/p>\n","protected":false},"author":101013,"featured_media":0,"parent":0,"menu_order":0,"comment_status":"closed","ping_status":"closed","template":"","meta":[],"_links":{"self":[{"href":"https:\/\/cienciapolitica.usac.edu.gt\/index.php?rest_route=\/wp\/v2\/pages\/10723"}],"collection":[{"href":"https:\/\/cienciapolitica.usac.edu.gt\/index.php?rest_route=\/wp\/v2\/pages"}],"about":[{"href":"https:\/\/cienciapolitica.usac.edu.gt\/index.php?rest_route=\/wp\/v2\/types\/page"}],"author":[{"embeddable":true,"href":"https:\/\/cienciapolitica.usac.edu.gt\/index.php?rest_route=\/wp\/v2\/users\/101013"}],"replies":[{"embeddable":true,"href":"https:\/\/cienciapolitica.usac.edu.gt\/index.php?rest_route=%2Fwp%2Fv2%2Fcomments&post=10723"}],"version-history":[{"count":92,"href":"https:\/\/cienciapolitica.usac.edu.gt\/index.php?rest_route=\/wp\/v2\/pages\/10723\/revisions"}],"predecessor-version":[{"id":11273,"href":"https:\/\/cienciapolitica.usac.edu.gt\/index.php?rest_route=\/wp\/v2\/pages\/10723\/revisions\/11273"}],"wp:attachment":[{"href":"https:\/\/cienciapolitica.usac.edu.gt\/index.php?rest_route=%2Fwp%2Fv2%2Fmedia&parent=10723"}],"curies":[{"name":"wp","href":"https:\/\/api.w.org\/{rel}","templated":true}]}}