{"id":10477,"date":"2025-07-09T21:03:38","date_gmt":"2025-07-09T21:03:38","guid":{"rendered":"https:\/\/cienciapolitica.usac.edu.gt\/?page_id=10477"},"modified":"2026-01-27T16:53:33","modified_gmt":"2026-01-27T16:53:33","slug":"acta-de-vacaciones-junio-2025","status":"publish","type":"page","link":"https:\/\/cienciapolitica.usac.edu.gt\/?page_id=10477","title":{"rendered":"ACTA DE VACACIONES JUNIO 2025"},"content":{"rendered":"\n<div class=\"wp-block-columns is-layout-flex wp-container-2\">\n<div class=\"wp-block-column is-layout-flow\">\n<figure class=\"wp-block-table\"><table><tbody><tr><td>C\u00f3digo<\/td><td>Curso<\/td><td>Secci\u00f3n    <\/td><td>Docente<\/td><td>Actas           <\/td><\/tr><tr><td>2<\/td><td>Sociolog\u00eda I<\/td><td>A<\/td><td>Lic. Edson Octavio De Le\u00f3n Arriola.<\/td><td>&nbsp;<a href=\"https:\/\/drive.google.com\/file\/d\/1vEhYC6-cVSJQec2U0_Nm17pOPkSNVsn5\/view?usp=drive_link\" target=\"_blank\" rel=\"noreferrer noopener\">Acta<\/a><\/td><\/tr><tr><td>2<\/td><td>Sociolog\u00eda I<\/td><td>B<\/td><td>Lic. Mynor Iv\u00e1n Miranda Peralta<\/td><td>&nbsp;<a href=\"https:\/\/drive.google.com\/file\/d\/1jVV-ZTa4V3K7cbaItg48GqDUD1e-iCaY\/view?usp=drive_link\" target=\"_blank\" rel=\"noreferrer noopener\">Acta<\/a><\/td><\/tr><tr><td>3<\/td><td>Relaciones Internacionales I<\/td><td>U<\/td><td>Lic. Bryan Mizraim Vasquez Arias<\/td><td>&nbsp;<a href=\"https:\/\/drive.google.com\/file\/d\/1KLA5riE_N2xlONP8nmMBmr5sf8tcxiPy\/view?usp=drive_link\" target=\"_blank\" rel=\"noreferrer noopener\">Acta<\/a><\/td><\/tr><tr><td>4<\/td><td>Historia Mundial<\/td><td>U<\/td><td>LICDA. ANGIE HUERTAS MORALES<\/td><td><a href=\"https:\/\/drive.google.com\/file\/d\/1p1rfVmV_NH0Gl0z07F5er82gy-mJHCou\/view?usp=drive_link\" target=\"_blank\" rel=\"noreferrer noopener\">&nbsp;Acta<\/a><\/td><\/tr><tr><td>7<\/td><td>Sociolog\u00eda II<\/td><td>A<\/td><td>LICDA. HELEN HERRERA<\/td><td>&nbsp;<a href=\"https:\/\/drive.google.com\/file\/d\/17MgDUmV84I8e7MzK-oBFpapUvG9qkhQO\/view?usp=drive_link\" target=\"_blank\" rel=\"noreferrer noopener\">Acta<\/a><\/td><\/tr><tr><td>7<\/td><td>Sociolog\u00eda II<\/td><td>B<\/td><td>LIC. JORGE AUGUSTO S\u00c1NCHEZ VILLEDA<\/td><td>&nbsp;<a href=\"https:\/\/drive.google.com\/file\/d\/1WO6cZl3hKKWX1p0NIA0PlMRDwkNzPn3Y\/view?usp=drive_link\" target=\"_blank\" rel=\"noreferrer noopener\">Acta<\/a><\/td><\/tr><tr><td>8<\/td><td>Relaciones Internacionales II<\/td><td>U<\/td><td>Msc. LUIS FERNANDO DE LEON LAPARRA<\/td><td>&nbsp;<a href=\"https:\/\/drive.google.com\/file\/d\/1SMy-IKI8olDkOiTllVX-tt7dsUP5Wo4r\/view?usp=drive_link\" target=\"_blank\" rel=\"noreferrer noopener\">Acta<\/a><\/td><\/tr><tr><td>10<\/td><td>Metodolog\u00eda de las Ciencias Sociales II<\/td><td>U<\/td><td>LIC. DAVID RICARDO ZEPEDA GAIT\u00c1N<\/td><td><a href=\"https:\/\/drive.google.com\/file\/d\/1kRJXCLe3C8-UlziYyKtnYVYwE-Xrwsaz\/view?usp=drive_link\" target=\"_blank\" rel=\"noreferrer noopener\">&nbsp;Acta<\/a><\/td><\/tr><tr><td>11<\/td><td>FILOSOFIA<\/td><td>U<\/td><td>LIC. JUAN RAM\u00d3N DONADO<\/td><td> <a href=\"https:\/\/drive.google.com\/file\/d\/17kSBS3mIA7JugxMeLq9w9i_BaKq9cSfW\/view?usp=drive_link\" target=\"_blank\" rel=\"noreferrer noopener\">Acta<\/a> <\/td><\/tr><tr><td>12<\/td><td>INTRODUCCION A LA ECONOMIA<\/td><td>u<\/td><td>Licda. Ana Rita Consuelo Canek Romero<\/td><td>&nbsp;<a href=\"https:\/\/drive.google.com\/file\/d\/1tBLzkOsO0vnY3sAzYh7LWbEzVpoKQ5Uz\/view?usp=drive_link\" target=\"_blank\" rel=\"noreferrer noopener\">Acta<\/a><\/td><\/tr><tr><td>18<\/td><td>Metodolog\u00eda de las Ciencias Sociales IV<\/td><td>U1<br>U2<br>U3<\/td><td>DR. LUIS FERNANDO MACK<\/td><td>&nbsp;<a rel=\"noreferrer noopener\" href=\"https:\/\/drive.google.com\/file\/d\/1ZBcmbBov-SpIkzGwoGsLsKCV35cHQOel\/view?usp=drive_link\" target=\"_blank\">Acta CP<\/a><br><a rel=\"noreferrer noopener\" href=\"https:\/\/drive.google.com\/file\/d\/1ElyjymVlIycBE5qxjY3VGq961EBn9Rxo\/view?usp=drive_link\" target=\"_blank\">Acta Soc<\/a><br><a href=\"https:\/\/drive.google.com\/file\/d\/1oXXRIfbshVfPki2bqhxWKJ4zQwXUPudU\/view?usp=drive_link\" target=\"_blank\" rel=\"noreferrer noopener\">Acta RRII<\/a>    <\/td><\/tr><tr><td>19<\/td><td>Micro y Macroeconom\u00eda<\/td><td>A1<br>A2<br>A3<\/td><td>CINTIA WALESSCA MAGA\u00d1A ROMERO<\/td><td>&nbsp;<a href=\"https:\/\/drive.google.com\/file\/d\/1U6k-T4weojEKAhnPJRpmjMf1F3JmSkbg\/view?usp=drive_link\" target=\"_blank\" rel=\"noreferrer noopener\">Acta CP<\/a><br><a href=\"https:\/\/drive.google.com\/file\/d\/1JnX0wiM-jBRLjaOtnaO_zgwciL4GLNTA\/view?usp=drive_link\" target=\"_blank\" rel=\"noreferrer noopener\">Acta SOC<\/a><br><a href=\"https:\/\/drive.google.com\/file\/d\/1xMOqtR52m1kRjC2CPLILvAl3xMDOF64k\/view?usp=drive_link\" target=\"_blank\" rel=\"noreferrer noopener\">Acta RRII<\/a><\/td><\/tr><tr><td>19<\/td><td>Micro y Macroeconom\u00eda<\/td><td>B1<br>B2 <br>B3<\/td><td>Virginia Susely Ram\u00edrez Agueda<\/td><td><a href=\"https:\/\/drive.google.com\/file\/d\/1f6A-DQlVI6vmuWjUNsr7d3N1W79yLfBr\/view?usp=drive_link\" target=\"_blank\" rel=\"noreferrer noopener\">\u00a0Acta CP<\/a><br><a rel=\"noreferrer noopener\" href=\"https:\/\/drive.google.com\/file\/d\/1YKgKipdVYSoQkhlSGqbC52h9QHkYiPv4\/view?usp=drive_link\" target=\"_blank\">Acta SOC<\/a><br><a rel=\"noreferrer noopener\" href=\"https:\/\/drive.google.com\/file\/d\/12Txv0YXwZMrHYTIUtSf6V0UE8HR-8iid\/view?usp=drive_link\" target=\"_blank\">ACTA RRII<\/a><\/td><\/tr><tr><td>62<\/td><td>Teor\u00eda de las Relaciones Internacionales II<\/td><td>U<\/td><td>Licda. Herlin Grajeda<\/td><td>&nbsp;<a href=\"https:\/\/drive.google.com\/file\/d\/1VFEENpGhcZQPEgKR3dZHlT_4xhW2dPrq\/view?usp=drive_link\" target=\"_blank\" rel=\"noreferrer noopener\">Acta<\/a><\/td><\/tr><tr><td>66<\/td><td>Teor\u00eda de las Relaciones Internacionales II<\/td><td>U<\/td><td>Telma S\u00e1nchez<\/td><td>  <a href=\"https:\/\/drive.google.com\/file\/d\/12XrpL_IpdBsyvf_Hv2AvH59f0hZc1EOr\/view?usp=drive_link\" target=\"_blank\" rel=\"noreferrer noopener\">Acta<\/a><\/td><\/tr><tr><td>71<\/td><td>Comercio Internacional<\/td><td>U<\/td><td>Licda. Mariely Joana Carrillo T\u00f3rtola<\/td><td><a href=\"https:\/\/drive.google.com\/file\/d\/1RMPUhmjeuHMzhP64A5z-c-UAj33IpRoi\/view?usp=drive_link\" target=\"_blank\" rel=\"noreferrer noopener\">&nbsp;Acta<\/a><\/td><\/tr><tr><td>83<\/td><td>Estructura y L\u00f3gica del Poder Mundial<\/td><td>U<\/td><td>Lic. Emanuel Ranfery Montufar Fernandez<\/td><td><a href=\"https:\/\/drive.google.com\/file\/d\/1Geik7taZxVnyHcKXQskZBKmoDFBXaXz2\/view?usp=drive_link\" target=\"_blank\" rel=\"noreferrer noopener\">&nbsp;Acta<\/a><\/td><\/tr><tr><td>84<\/td><td>Negociaci\u00f3n Internacional<\/td><td>U<\/td><td>Msc. LUIS FERNANDO DE LEON LAPARRA<\/td><td>&nbsp;<a href=\"https:\/\/drive.google.com\/file\/d\/1h0TR2slNPWItJPSx7t6om8l_PggyYjde\/view?usp=drive_link\" target=\"_blank\" rel=\"noreferrer noopener\">Acta<\/a><\/td><\/tr><tr><td>89<\/td><td>Pol\u00edtica Exterior de Estados Unidos<\/td><td>U<\/td><td>Licda. Alejandra AmarilisRojas Sandoval<\/td><td>&nbsp;<a href=\"https:\/\/drive.google.com\/file\/d\/1Zvfe09wfm72ByL5YoAzmzanTdAAMNU2v\/view?usp=drive_link\" target=\"_blank\" rel=\"noreferrer noopener\">Acta<\/a><\/td><\/tr><tr><td>101<\/td><td>An\u00e1lisis y Construcci\u00f3n de Escenarios de<\/td><td>U<\/td><td>Lic. Diego Alejandro Palma Monzon<\/td><td>&nbsp;<a href=\"https:\/\/drive.google.com\/file\/d\/1I_juS9Ac0zfMF-KG4qLTRe-ovyNCYlCu\/view?usp=drive_link\" target=\"_blank\" rel=\"noreferrer noopener\">Acta<\/a><\/td><\/tr><tr><td>102<\/td><td>Formulaci\u00f3n y An\u00e1lisis de Pol\u00edticas P\u00fablicas de<\/td><td>U<\/td><td>M.Sc. Cinthya del Rosario Gir\u00f3n Franco<\/td><td><a href=\"https:\/\/drive.google.com\/file\/d\/1-UpqsnxuQmW9zShsVbjFaHiso5s_M6IT\/view?usp=drive_link\" target=\"_blank\" rel=\"noreferrer noopener\">&nbsp;Acta<\/a><\/td><\/tr><tr><td>125<\/td><td>Negociaci\u00f3n Pol\u00edtica&nbsp;&nbsp;&nbsp;&nbsp;&nbsp;&nbsp;&nbsp;&nbsp;&nbsp;<\/td><td>U<\/td><td>Lic. Melvin Camilo Marroqu\u00edn Blanco<\/td><td><a href=\"https:\/\/drive.google.com\/file\/d\/1aTadRSfSA5BBld6hG1-WDIu8FXgNtpLx\/view?usp=drive_link\" target=\"_blank\" rel=\"noreferrer noopener\">&nbsp;Acta<\/a><\/td><\/tr><\/tbody><\/table><\/figure>\n<\/div>\n<\/div>\n","protected":false},"excerpt":{"rendered":"<p>C\u00f3digo Curso Secci\u00f3n Docente Actas 2 Sociolog\u00eda I A Lic. Edson Octavio De Le\u00f3n Arriola. &nbsp;Acta 2 Sociolog\u00eda I B Lic. Mynor Iv\u00e1n Miranda Peralta &nbsp;Acta 3 Relaciones Internacionales I U Lic. Bryan Mizraim Vasquez Arias &nbsp;Acta 4 Historia Mundial U LICDA. ANGIE HUERTAS MORALES &nbsp;Acta 7 Sociolog\u00eda II A LICDA. HELEN HERRERA &nbsp;Acta 7 [&hellip;]<\/p>\n","protected":false},"author":101014,"featured_media":0,"parent":0,"menu_order":0,"comment_status":"closed","ping_status":"closed","template":"","meta":[],"_links":{"self":[{"href":"https:\/\/cienciapolitica.usac.edu.gt\/index.php?rest_route=\/wp\/v2\/pages\/10477"}],"collection":[{"href":"https:\/\/cienciapolitica.usac.edu.gt\/index.php?rest_route=\/wp\/v2\/pages"}],"about":[{"href":"https:\/\/cienciapolitica.usac.edu.gt\/index.php?rest_route=\/wp\/v2\/types\/page"}],"author":[{"embeddable":true,"href":"https:\/\/cienciapolitica.usac.edu.gt\/index.php?rest_route=\/wp\/v2\/users\/101014"}],"replies":[{"embeddable":true,"href":"https:\/\/cienciapolitica.usac.edu.gt\/index.php?rest_route=%2Fwp%2Fv2%2Fcomments&post=10477"}],"version-history":[{"count":31,"href":"https:\/\/cienciapolitica.usac.edu.gt\/index.php?rest_route=\/wp\/v2\/pages\/10477\/revisions"}],"predecessor-version":[{"id":11316,"href":"https:\/\/cienciapolitica.usac.edu.gt\/index.php?rest_route=\/wp\/v2\/pages\/10477\/revisions\/11316"}],"wp:attachment":[{"href":"https:\/\/cienciapolitica.usac.edu.gt\/index.php?rest_route=%2Fwp%2Fv2%2Fmedia&parent=10477"}],"curies":[{"name":"wp","href":"https:\/\/api.w.org\/{rel}","templated":true}]}}