{"id":10148,"date":"2025-05-08T19:13:05","date_gmt":"2025-05-08T19:13:05","guid":{"rendered":"https:\/\/cienciapolitica.usac.edu.gt\/?page_id=10148"},"modified":"2025-11-04T23:28:34","modified_gmt":"2025-11-04T23:28:34","slug":"notas-relaciones-internacionales","status":"publish","type":"page","link":"https:\/\/cienciapolitica.usac.edu.gt\/?page_id=10148","title":{"rendered":"NOTAS RELACIONES INTERNACIONALES"},"content":{"rendered":"\n<p>QUINTO CICLO SECCI\u00d3N A<\/p>\n\n\n\n<div class=\"wp-block-columns is-layout-flex wp-container-2\">\n<div class=\"wp-block-column is-layout-flow\">\n<figure class=\"wp-block-table has-small-font-size\"><table class=\"has-pale-ocean-gradient-background has-background\"><tbody><tr><td>C\u00d3DIGO          <\/td><td>CURSO<\/td><td>DOCENTE<\/td><td>ACTA FINAL   <\/td><td>RECUPERACI\u00d3N                  <\/td><\/tr><tr><td>066<\/td><td>TEOR\u00cdA DE LAS RELACIONES INTERNACIONALES II<\/td><td>MTRO. ALAIN SAMAYOA<\/td><td><a href=\"https:\/\/drive.google.com\/file\/d\/12tSqJBfyIJ7C30Pyi79_NsLy1kSkY1Mv\/view?usp=sharing\" target=\"_blank\" rel=\"noreferrer noopener\">Ver Acta<\/a><\/td><td>&nbsp;<\/td><\/tr><tr><td>067<\/td><td>AN\u00c1LISIS DE LA POL\u00cdTICA INTERNACIONAL II<\/td><td>MTRO. ALEXANDER SANDOVAL<\/td><td><a href=\"https:\/\/drive.google.com\/file\/d\/1GP7YYnD55FUXVZySPqvJ_AihrHAe874b\/view?usp=sharing\" target=\"_blank\" rel=\"noreferrer noopener\">Ver Acta<\/a><\/td><td>&nbsp;<\/td><\/tr><tr><td>025<\/td><td>HISTORIA DE GUATEMALA II<\/td><td>LICDA. DELMY MIRRUT ESCOBAR<\/td><td><a href=\"https:\/\/drive.google.com\/file\/d\/1LqM4hCZImQq70w01uYnw8L8vlKEhdzk4\/view?usp=sharing\" target=\"_blank\" rel=\"noreferrer noopener\">Ver Acta<\/a><\/td><td>&nbsp;<\/td><\/tr><tr><td>068<\/td><td>DERECHO INTERNACIONAL P\u00daBLICO<\/td><td>DR. DUMBAR HARRIS MENJIVAR<\/td><td><a href=\"https:\/\/drive.google.com\/file\/d\/1lnLAA2L5MumvtxR9aviKQWrPPQPp3XIJ\/view?usp=drive_link\">Ver Acta<\/a><\/td><td><a rel=\"noreferrer noopener\" href=\"https:\/\/drive.google.com\/file\/d\/1R3c_r1E85jN1l34jsPpnbQWccoUtF2xr\/view?usp=sharing\" target=\"_blank\">1RA. OPORTUNIDAD<\/a><br><br><a href=\"https:\/\/drive.google.com\/file\/d\/18BThbx9U_9WqkCyUr_sBukyEIzDT1LNT\/view?usp=sharing\" target=\"_blank\" rel=\"noreferrer noopener\">2DA. OPORTUNIDAD<\/a><\/td><\/tr><tr><td>070<\/td><td>PROBLEMAS Y POL\u00cdTICAS DE SEGURIDAD INTERNACIONAL<\/td><td>LICDA. CARMEN ANZUETO<\/td><td><a href=\"https:\/\/drive.google.com\/file\/d\/16bQfYpcL3FkAP3kzj9MZkwCEn-0OeJ7K\/view?usp=sharing\" target=\"_blank\" rel=\"noreferrer noopener\">Ver Acta<\/a><\/td><td><a href=\"https:\/\/drive.google.com\/file\/d\/1TcRlbR5ZIdBaNqkU5n1yrmtqguYccERp\/view?usp=sharing\" target=\"_blank\" rel=\"noreferrer noopener\">1RA. OPORTUNIDAD<\/a><\/td><\/tr><\/tbody><\/table><\/figure>\n<\/div>\n<\/div>\n\n\n\n<p>S\u00c9PTIMO CICLO SECCI\u00d3N A<\/p>\n\n\n\n<div class=\"wp-block-columns is-layout-flex wp-container-4\">\n<div class=\"wp-block-column is-layout-flow\">\n<figure class=\"wp-block-table has-small-font-size\"><table class=\"has-pale-ocean-gradient-background has-background\"><tbody><tr><td>C\u00d3DIGO                  <\/td><td>CURSO<\/td><td>DOCENTE<\/td><td>ACTA FINAL             <\/td><td>RECUPERACI\u00d3N                                   <\/td><\/tr><tr><td>076<\/td><td>ORGANISMOS INTERNACIONALES II<\/td><td>LICDA. INGRID&nbsp; ADRIANA ELIZABETH RIVERA&nbsp; BARRILAS<\/td><td><a href=\"https:\/\/drive.google.com\/file\/d\/1N3hTwgMh4ntgdiuyGK35cNUEPGJ3P4dI\/view?usp=sharing\" target=\"_blank\" rel=\"noreferrer noopener\">Ver Acta<\/a><\/td><td>&nbsp;<\/td><\/tr><tr><td>077<\/td><td>GEOPOL\u00cdTICA<\/td><td>LIC. SERGIO A. MART\u00cdNEZ<\/td><td>&nbsp;<a href=\"https:\/\/drive.google.com\/file\/d\/1rxZbl4bZ0wN8jLoEylp1Lr6_fMqXCtRq\/view?usp=sharing\" target=\"_blank\" rel=\"noreferrer noopener\">Ver Acta<\/a><\/td><td>&nbsp;<\/td><\/tr><tr><td>078<\/td><td>COOPERACI\u00d3N INTERNACIONAL AL DESARROLLO<\/td><td>MTRO. LUIS ALBERTO SANTOS QUI\u00d1ONEZ<\/td><td><a href=\"https:\/\/drive.google.com\/file\/d\/1e504Yysm4hYb9GGnfTiWkMa7emhwyfHu\/view?usp=sharing\" target=\"_blank\" rel=\"noreferrer noopener\">Ver Acta<\/a><\/td><td> <a rel=\"noreferrer noopener\" href=\"https:\/\/drive.google.com\/file\/d\/12kZFGRvY15Z-vE3JjYGjq1M2jZdkv12T\/view?usp=sharing\" target=\"_blank\">2DA. OPORTUNIDAD<\/a><\/td><\/tr><tr><td>079<\/td><td>METODOLOG\u00cdA DE INVESTIGACI\u00d3N APLICADA A LAS RELACIONES INTERNACIONALES<\/td><td>LIDA. WENDY MANSILLA<\/td><td><a href=\"https:\/\/drive.google.com\/file\/d\/1gLXmOwZ9mo0qc3x8BaZZ4xbDtgzmGmCk\/view?usp=sharing\" target=\"_blank\" rel=\"noreferrer noopener\">Ver Acta<\/a><\/td><td><a rel=\"noreferrer noopener\" href=\"https:\/\/drive.google.com\/file\/d\/10mxXeL-YHXX5XSOpUhpVM8g5iL2y-r86\/view?usp=sharing\" target=\"_blank\">1RA. OPORTUNIDAD<\/a><br><br><a href=\"https:\/\/drive.google.com\/file\/d\/15Ji0q0wA-nV1Lb_2vsErADnyOWM6vW8u\/view?usp=sharing\" target=\"_blank\" rel=\"noreferrer noopener\">2DA. OPORTUNIDAD<\/a><\/td><\/tr><tr><td>081<\/td><td>AN\u00c1LISIS DE CONFLICTOS INTERNACIONALES CONTEMPOR\u00c1NEOS<\/td><td>MTRO. LUIS RODOLFO D\u00c1VILA S\u00c1NCHEZ<\/td><td><a href=\"https:\/\/drive.google.com\/file\/d\/1thMNItIJzvCM26ENKZHnBb0Ul6D9dD-L\/view?usp=sharing\" target=\"_blank\" rel=\"noreferrer noopener\">Ver Acta<\/a><\/td><td><a href=\"https:\/\/drive.google.com\/file\/d\/1Iyt8275UZBDDOigp-C3jIR0JePseKGK1\/view?usp=sharing\" target=\"_blank\" rel=\"noreferrer noopener\">1RA. OPORTUNIDAD<\/a><\/td><\/tr><\/tbody><\/table><\/figure>\n<\/div>\n<\/div>\n\n\n\n<p>NOVENO CICLO SECCI\u00d3N A<\/p>\n\n\n\n<figure class=\"wp-block-table has-small-font-size\"><table class=\"has-pale-ocean-gradient-background has-background\"><tbody><tr><td>C\u00d3DIGO<\/td><td>CURSO<\/td><td>DOCENTE<\/td><td>ACTA FINAL      <\/td><td>RECUPERACI\u00d3N<\/td><\/tr><tr><td>050<\/td><td>DISE\u00d1O DE INVESTIGACI\u00d3N DE TESIS II<\/td><td>MAESTRA BARBARA VEL\u00c1SQUEZ<\/td><td><a href=\"https:\/\/drive.google.com\/file\/d\/1HETqvu--hNyXSqdIjiPfCapdSQKuzpVQ\/view?usp=sharing\" target=\"_blank\" rel=\"noreferrer noopener\">Ver Acta<\/a><\/td><td>&nbsp;<\/td><\/tr><tr><td>095<\/td><td>SEGURIDAD DEMOCR\u00c1TICA<\/td><td>DR. JORGE DAVID CALVO DRAGO<\/td><td><a href=\"https:\/\/drive.google.com\/file\/d\/1G2tZy8rKr_f6igOQ5W-G4C35eKd3Uay_\/view?usp=sharing\" target=\"_blank\" rel=\"noreferrer noopener\">Ver Acta<\/a><\/td><td>&nbsp;<\/td><\/tr><tr><td>096<\/td><td>PAZ Y SEGURIDAD INTERNACIONAL<\/td><td>INGRID ADRIANA RIVERA BARILLAS<\/td><td><a href=\"https:\/\/drive.google.com\/file\/d\/12tfI8HkmQ9M9kEsneVZXqT9aKhFyPnzy\/view?usp=sharing\" target=\"_blank\" rel=\"noreferrer noopener\">Ver Acta<\/a><\/td><td>&nbsp;<\/td><\/tr><tr><td>097<\/td><td>SEMINARIO SOBRE PROBLEMAS ACTUALES DE LA SEGURIDAD INTERNACIONAL<\/td><td>MTRO. LUIS RODOLFO D\u00c1VILA<\/td><td><a href=\"https:\/\/drive.google.com\/file\/d\/19xgt38sa65gOXlfeYfTgyBjtfgI0Nv-D\/view?usp=sharing\" target=\"_blank\" rel=\"noreferrer noopener\">Ver Acta<\/a><\/td><td>&nbsp;<a rel=\"noreferrer noopener\" href=\"https:\/\/drive.google.com\/file\/d\/1ky51zszeEgG-wPssne1uRZsLdWFz2gfC\/view?usp=sharing\" target=\"_blank\">1<\/a><a rel=\"noreferrer noopener\" href=\"https:\/\/drive.google.com\/file\/d\/1ky51zszeEgG-wPssne1uRZsLdWFz2gfC\/view?usp=sharing\" target=\"_blank\">R<\/a><a rel=\"noreferrer noopener\" href=\"https:\/\/drive.google.com\/file\/d\/1ky51zszeEgG-wPssne1uRZsLdWFz2gfC\/view?usp=sharing\" target=\"_blank\">A<\/a><a rel=\"noreferrer noopener\" href=\"https:\/\/drive.google.com\/file\/d\/1ky51zszeEgG-wPssne1uRZsLdWFz2gfC\/view?usp=sharing\" target=\"_blank\">.<\/a><a rel=\"noreferrer noopener\" href=\"https:\/\/drive.google.com\/file\/d\/1ky51zszeEgG-wPssne1uRZsLdWFz2gfC\/view?usp=sharing\" target=\"_blank\"> <\/a><a rel=\"noreferrer noopener\" href=\"https:\/\/drive.google.com\/file\/d\/1ky51zszeEgG-wPssne1uRZsLdWFz2gfC\/view?usp=sharing\" target=\"_blank\">O<\/a><a rel=\"noreferrer noopener\" href=\"https:\/\/drive.google.com\/file\/d\/1ky51zszeEgG-wPssne1uRZsLdWFz2gfC\/view?usp=sharing\" target=\"_blank\">PORTUNIDAD<\/a><\/td><\/tr><tr><td>098<\/td><td>AMENAZAS Y RIESGOS A LA SEGURIDAD INTERNACIONAL<\/td><td>MTRO. JOS\u00c9 GILBERTO CORT\u00c9Z CHAC\u00d3N<\/td><td><a href=\"https:\/\/drive.google.com\/file\/d\/1J_uQGUl70-zSQe8YP2t6Un0ysa9VdK1t\/view?usp=sharing\" target=\"_blank\" rel=\"noreferrer noopener\">Ver Acta<\/a><\/td><td><a rel=\"noreferrer noopener\" href=\"https:\/\/drive.google.com\/file\/d\/1YtGFVTsmcJsp6xXN4ZybByNj4Do80t2d\/view?usp=sharing\" target=\"_blank\">1<\/a><a rel=\"noreferrer noopener\" href=\"https:\/\/drive.google.com\/file\/d\/1YtGFVTsmcJsp6xXN4ZybByNj4Do80t2d\/view?usp=sharing\" target=\"_blank\">R<\/a><a rel=\"noreferrer noopener\" href=\"https:\/\/drive.google.com\/file\/d\/1YtGFVTsmcJsp6xXN4ZybByNj4Do80t2d\/view?usp=sharing\" target=\"_blank\">A<\/a><a rel=\"noreferrer noopener\" href=\"https:\/\/drive.google.com\/file\/d\/1YtGFVTsmcJsp6xXN4ZybByNj4Do80t2d\/view?usp=sharing\" target=\"_blank\">.<\/a><a rel=\"noreferrer noopener\" href=\"https:\/\/drive.google.com\/file\/d\/1YtGFVTsmcJsp6xXN4ZybByNj4Do80t2d\/view?usp=sharing\" target=\"_blank\"> <\/a><a rel=\"noreferrer noopener\" href=\"https:\/\/drive.google.com\/file\/d\/1YtGFVTsmcJsp6xXN4ZybByNj4Do80t2d\/view?usp=sharing\" target=\"_blank\">O<\/a><a rel=\"noreferrer noopener\" href=\"https:\/\/drive.google.com\/file\/d\/1YtGFVTsmcJsp6xXN4ZybByNj4Do80t2d\/view?usp=sharing\" target=\"_blank\">PORTUNIDAD<\/a><\/td><\/tr><\/tbody><\/table><\/figure>\n\n\n\n<p>QUINTO CICLO SECCI\u00d3N B<\/p>\n\n\n\n<figure class=\"wp-block-table has-small-font-size\"><table class=\"has-pale-ocean-gradient-background has-background\"><tbody><tr><td>C\u00d3DIGO<\/td><td>CURSO<\/td><td>DOCENTE<\/td><td>ACTA FINAL       <\/td><td>RECUPERACI\u00d3N<\/td><\/tr><tr><td>066<\/td><td>TEOR\u00cdA DE LAS RELACIONES INTERNACIONALES II<\/td><td>MSC. BEATRIZ EUGENIA BOLA\u00d1OS SAGASTUME<\/td><td><a href=\"https:\/\/drive.google.com\/file\/d\/1pMOMB6CzsWHaNzXzAmI6qxKZEXPiVNSj\/view?usp=sharing\" target=\"_blank\" rel=\"noreferrer noopener\">Ver Acta<\/a><\/td><td>&nbsp;<\/td><\/tr><tr><td>067<\/td><td>AN\u00c1LISIS DE LA POL\u00cdTICA INTERNACIONAL II<\/td><td>LICDA. KARINA VALDEZ<\/td><td><a href=\"https:\/\/drive.google.com\/file\/d\/1Tr6jdo-x4spsBxFvjNViLkKzU1a9L1Yu\/view?usp=sharing\" target=\"_blank\" rel=\"noreferrer noopener\">Ver Acta<\/a><\/td><td>&nbsp;<\/td><\/tr><tr><td>025<\/td><td>HISTORIA DE GUATEMALA II<\/td><td>MSC. MIKE HANGELO RIVERA CONTRERAS<\/td><td><a href=\"https:\/\/drive.google.com\/file\/d\/1_t8UIj0TgJ2o8Qo_9jXQGuyrySD3qMWI\/view?usp=sharing\" target=\"_blank\" rel=\"noreferrer noopener\">Ver Acta<\/a><\/td><td><a rel=\"noreferrer noopener\" href=\"https:\/\/drive.google.com\/file\/d\/1UhrEZHEkH3shykCR7qi8XHPPp9t2ekov\/view?usp=sharing\" target=\"_blank\">1RA, OPORTUNIDAD<\/a><br><br><a href=\"https:\/\/drive.google.com\/file\/d\/16uZGyKkbENd9EwYhrRRs3SF3ELL8dYZ2\/view?usp=sharing\" target=\"_blank\" rel=\"noreferrer noopener\">2DA. OPORTUNIDAD<\/a><\/td><\/tr><tr><td>068<\/td><td>DERECHO INTERNACIONAL P\u00daBLICO<\/td><td>MTRO. LUIS FERNANDO DE LE\u00d3N LAPARRA<\/td><td><a href=\"https:\/\/drive.google.com\/file\/d\/129XgbwvrKN4M5GpeFM_ERdfihdY9cFut\/view?usp=drive_link\" target=\"_blank\" rel=\"noreferrer noopener\">&nbsp;Ver_Acta<\/a><\/td><td>&nbsp;<a rel=\"noreferrer noopener\" href=\"https:\/\/drive.google.com\/file\/d\/10kIlajp84duuErTNr_s7nCjyIpWXolx8\/view?usp=drive_link\" target=\"_blank\">Primera Oportunidad<\/a><br><br><a href=\"https:\/\/drive.google.com\/file\/d\/1Bx8lV8JXUjodig8VaQ-82OBN9E8p5a6c\/view?usp=drive_link\">Segunda Oportunidad<\/a><br>                                        <\/td><\/tr><tr><td>069<\/td><td>METODOLOG\u00cdA PARA EL AN\u00c1LISIS POL\u00cdTICO INTERNACIONAL<\/td><td>LIC. FLAVIO SANDOVAL<\/td><td><a href=\"https:\/\/drive.google.com\/file\/d\/1aZSxJPpKBQZhA3Z-zvat3N2WkHIOSlST\/view?usp=sharing\" target=\"_blank\" rel=\"noreferrer noopener\">Ver Acta<\/a><\/td><td>&nbsp;<\/td><\/tr><\/tbody><\/table><\/figure>\n\n\n\n<p>S\u00c9PTIMO CICLO SECCI\u00d3N B<\/p>\n\n\n\n<div class=\"wp-block-columns is-layout-flex wp-container-6\">\n<div class=\"wp-block-column is-layout-flow\">\n<figure class=\"wp-block-table has-small-font-size\"><table class=\"has-pale-ocean-gradient-background has-background\"><tbody><tr><td>C\u00d3DIGO               <\/td><td>CURSO<\/td><td>DOCENTE <\/td><td>ACTA FINAL           <\/td><td>RECUPERACI\u00d3N                                <\/td><\/tr><tr><td>076<\/td><td>ORGANISMOS INTERNACIONALES II<\/td><td>MSC. MAYRA DEL ROSARIO VILLATORO DEL VALLE<\/td><td><a href=\"https:\/\/drive.google.com\/file\/d\/1ionRxF9l52Ft_RwQPIBg_YLN-3Zt-0kv\/view?usp=sharing\" target=\"_blank\" rel=\"noreferrer noopener\">Ver Acta<\/a><\/td><td>&nbsp;<\/td><\/tr><tr><td>077<\/td><td>GEOPOL\u00cdTICA<\/td><td>LIC. RANFER\u00cd MONTUFAR<\/td><td><a href=\"https:\/\/drive.google.com\/file\/d\/18gZZbJboBJSTyucpTf6AM2vLYQ27BOBo\/view?usp=sharing\" target=\"_blank\" rel=\"noreferrer noopener\">Ver Acta<\/a><\/td><td>&nbsp;<\/td><\/tr><tr><td>078<\/td><td>COOPERACI\u00d3N INTERNACIONAL AL DESARROLLO<\/td><td>MTRA. THELMA S\u00c1NCHEZ<\/td><td><a href=\"https:\/\/drive.google.com\/file\/d\/1Z4vOAsJDGZJc_U0KEehay3upQWxc-6ZT\/view?usp=sharing\" target=\"_blank\" rel=\"noreferrer noopener\">Ver Acta<\/a><\/td><td>&nbsp;<\/td><\/tr><tr><td>079<\/td><td>METODOLOG\u00cdA DE INVESTIGACI\u00d3N APLICADA A LAS RELACIONES INTERNACIONALES<\/td><td>&nbsp;LICDA. PAOLA BEATRIZ GONZALEZ ROSALES<\/td><td><a href=\"https:\/\/drive.google.com\/file\/d\/1o-xWIpKa3OZ8-DZsRAb597zz7JvZOz3k\/view?usp=sharing\" target=\"_blank\" rel=\"noreferrer noopener\">Ver Acta<\/a><\/td><td>&nbsp;<\/td><\/tr><tr><td>080<\/td><td>AN\u00c1LISIS DE COYUNTURA INTERNACIONAL<\/td><td>MSC. BEATRIZ EUGENIA BOLA\u00d1OS SAGASTUME<\/td><td><a href=\"https:\/\/drive.google.com\/file\/d\/1aTXABsR2BOMWewrabvRcLlFwqJfYnXjb\/view?usp=sharing\" target=\"_blank\" rel=\"noreferrer noopener\">Ver Acta<\/a><\/td><td>&nbsp;<\/td><\/tr><\/tbody><\/table><\/figure>\n<\/div>\n<\/div>\n\n\n\n<p>NOVENO CICLO SECCI\u00d3N B<\/p>\n\n\n\n<div class=\"wp-block-columns is-layout-flex wp-container-8\">\n<div class=\"wp-block-column is-layout-flow\">\n<figure class=\"wp-block-table has-small-font-size\"><table class=\"has-pale-ocean-gradient-background has-background\"><tbody><tr><td>C\u00d3DIGO          <\/td><td>CURSO<\/td><td>DOCENTE<\/td><td>ACTA FINAL              <\/td><td>RECUPERACI\u00d3N                  <\/td><\/tr><tr><td>50<\/td><td>DISE\u00d1O DE INVESTIGACI\u00d3N DE TESIS II<\/td><td>MSC. SECIL DE LE\u00d3N<\/td><td>  <a href=\"https:\/\/drive.google.com\/file\/d\/1lxTCasKH3RdavqJo7gPaTZcj7EHzV2qd\/view?usp=drive_link\" target=\"_blank\" rel=\"noreferrer noopener\">Ver_Acta<\/a><\/td><td>&nbsp;<\/td><\/tr><tr><td>087<\/td><td>SEMINARIO DE GLOBALIZACI\u00d3N<\/td><td>MSC. LUIS FERNANDO DE LEON LAPARRA<\/td><td>&nbsp;<a href=\"https:\/\/drive.google.com\/file\/d\/1ds39SvqBIDZeIn7XdcvdagIgcuEAtJOh\/view?usp=drive_link\" target=\"_blank\" rel=\"noreferrer noopener\">Ver Acta<\/a><\/td><td>&nbsp;<\/td><\/tr><tr><td>088<\/td><td>SEMINARIO DE ECONOM\u00cdA POL\u00cdTICA INTERNACIONAL<\/td><td>MA. MARIA ELENA IZQUIERDO MERLO<\/td><td><a href=\"https:\/\/drive.google.com\/file\/d\/1JBH-4SApRrH6855cZXRwsWRfbebPMT8s\/view?usp=sharing\" target=\"_blank\" rel=\"noreferrer noopener\">Ver Acta<\/a><\/td><td>&nbsp;<\/td><\/tr><tr><td>089<\/td><td>POLITICA EXTERIOR DE EEUU.<\/td><td>MTRO. JOSE GILBERTO CORTEZ CHACON<\/td><td><a href=\"https:\/\/drive.google.com\/file\/d\/1sjC3O-tXZQo0Tm0BiGub8XR44zmeHva8\/view?usp=sharing\" target=\"_blank\" rel=\"noreferrer noopener\">Ver Acta<\/a><\/td><td><a href=\"https:\/\/drive.google.com\/file\/d\/1McxT2uRXkqHwryW1BacPhdhQW9uRkwuL\/view?usp=sharing\" target=\"_blank\" rel=\"noreferrer noopener\">2DA. OPORTUNIDAD<\/a><\/td><\/tr><tr><td>090<\/td><td>ESTUDIOS REGIONALES: AMERICA LATINA<\/td><td>LICDA. SORY VANESSA GOMEZ RAMIREZ<\/td><td><a href=\"https:\/\/drive.google.com\/file\/d\/1aDXlqIEyyni1qHwamtEejmu3jiwIqEng\/view?usp=sharing\" target=\"_blank\" rel=\"noreferrer noopener\">Ver Acta<\/a><\/td><td>&nbsp;<\/td><\/tr><\/tbody><\/table><\/figure>\n<\/div>\n<\/div>\n","protected":false},"excerpt":{"rendered":"<p>QUINTO CICLO SECCI\u00d3N A C\u00d3DIGO CURSO DOCENTE ACTA FINAL RECUPERACI\u00d3N 066 TEOR\u00cdA DE LAS RELACIONES INTERNACIONALES II MTRO. ALAIN SAMAYOA Ver Acta &nbsp; 067 AN\u00c1LISIS DE LA POL\u00cdTICA INTERNACIONAL II MTRO. ALEXANDER SANDOVAL Ver Acta &nbsp; 025 HISTORIA DE GUATEMALA II LICDA. DELMY MIRRUT ESCOBAR Ver Acta &nbsp; 068 DERECHO INTERNACIONAL P\u00daBLICO DR. DUMBAR HARRIS [&hellip;]<\/p>\n","protected":false},"author":101014,"featured_media":0,"parent":0,"menu_order":0,"comment_status":"closed","ping_status":"closed","template":"","meta":[],"_links":{"self":[{"href":"https:\/\/cienciapolitica.usac.edu.gt\/index.php?rest_route=\/wp\/v2\/pages\/10148"}],"collection":[{"href":"https:\/\/cienciapolitica.usac.edu.gt\/index.php?rest_route=\/wp\/v2\/pages"}],"about":[{"href":"https:\/\/cienciapolitica.usac.edu.gt\/index.php?rest_route=\/wp\/v2\/types\/page"}],"author":[{"embeddable":true,"href":"https:\/\/cienciapolitica.usac.edu.gt\/index.php?rest_route=\/wp\/v2\/users\/101014"}],"replies":[{"embeddable":true,"href":"https:\/\/cienciapolitica.usac.edu.gt\/index.php?rest_route=%2Fwp%2Fv2%2Fcomments&post=10148"}],"version-history":[{"count":68,"href":"https:\/\/cienciapolitica.usac.edu.gt\/index.php?rest_route=\/wp\/v2\/pages\/10148\/revisions"}],"predecessor-version":[{"id":10787,"href":"https:\/\/cienciapolitica.usac.edu.gt\/index.php?rest_route=\/wp\/v2\/pages\/10148\/revisions\/10787"}],"wp:attachment":[{"href":"https:\/\/cienciapolitica.usac.edu.gt\/index.php?rest_route=%2Fwp%2Fv2%2Fmedia&parent=10148"}],"curies":[{"name":"wp","href":"https:\/\/api.w.org\/{rel}","templated":true}]}}