{"id":10140,"date":"2025-05-08T17:10:47","date_gmt":"2025-05-08T17:10:47","guid":{"rendered":"https:\/\/cienciapolitica.usac.edu.gt\/?page_id=10140"},"modified":"2025-08-18T17:57:02","modified_gmt":"2025-08-18T17:57:02","slug":"actas-ciencia-politica","status":"publish","type":"page","link":"https:\/\/cienciapolitica.usac.edu.gt\/?page_id=10140","title":{"rendered":"ACTAS CIENCIA POL\u00cdTICA"},"content":{"rendered":"\n<p><a href=\"https:\/\/cienciapolitica.usac.edu.gt\/?page_id=10105\">Regresar<\/a><\/p>\n\n\n\n<p>QUINTO CICLO  SECCI\u00d3N A<\/p>\n\n\n\n<figure class=\"wp-block-table has-small-font-size\"><table class=\"has-pale-ocean-gradient-background has-background\"><tbody><tr><td>C\u00f3digo<\/td><td>Curso<\/td><td>DOCENTE<\/td><td>ACTA FINAL <\/td><td>RECUPERACI\u00d3N<\/td><\/tr><tr><td>107<\/td><td>TEOR\u00cdA POL\u00cdTICA II<\/td><td>LIC. JOSE DAVID TALE ROSALES<\/td><td><a href=\"https:\/\/drive.google.com\/file\/d\/1kxDGM1ndooplMki71dyzeeiyFNsT80bi\/view?usp=sharing\" target=\"_blank\" rel=\"noreferrer noopener\">Ver Acta<\/a><\/td><td>&nbsp;<\/td><\/tr><tr><td>108<\/td><td>SISTEMAS POL\u00cdTICOS II<\/td><td>LIC. DAVID JOS\u00c9 ESCOBEDO<\/td><td>&nbsp;<a href=\"https:\/\/drive.google.com\/file\/d\/18JZyz1XZoWdXgBwldS4fOHQt_QsSNUeL\/view?usp=drive_link\" target=\"_blank\" rel=\"noreferrer noopener\">Ver_Acta<\/a><\/td><td><a href=\"https:\/\/drive.google.com\/file\/d\/1yRKmLR8NCKm9qeavS0-a3XrpqtIU6bUt\/view?usp=sharing\" target=\"_blank\" rel=\"noreferrer noopener\">1RA. OPORTUNIDAD<\/a><\/td><\/tr><tr><td>025<\/td><td>HISTORIA DE GUATEMALA II<\/td><td>LICDA. CECILE PAOLA TAHUICO GUZMAN<\/td><td><a href=\"https:\/\/drive.google.com\/file\/d\/1Zmclj-irOJHuuLBD5z4dAd8aq4Rhqj0V\/view?usp=sharing\" target=\"_blank\" rel=\"noreferrer noopener\">Ver Acta<\/a><\/td><td>&nbsp;<\/td><\/tr><tr><td>109<\/td><td>ADMINISTRACI\u00d3N P\u00daBLICA DE GUATEMALA I<\/td><td>LIC. JUAN RAM\u00d3N DONADO<\/td><td>&nbsp;<a href=\"https:\/\/drive.google.com\/file\/d\/1kNkw8UjtrTte-02ev7np1kmm8sQGgH5x\/view?usp=drive_link\" target=\"_blank\" rel=\"noreferrer noopener\">Ver_Acta<\/a><\/td><td>&nbsp;<\/td><\/tr><tr><td>110<\/td><td>IDEOLOG\u00cdAS POL\u00cdTICAS<\/td><td>LIC. WERNER ENRIQUE CASTILLO REGALADO<\/td><td><a href=\"https:\/\/drive.google.com\/file\/d\/1zEgbCVl8aS8KdtW770R0LUk4bPQa4Skz\/view?usp=sharing\" target=\"_blank\" rel=\"noreferrer noopener\">Ver Acta<\/a><\/td><td>&nbsp;<\/td><\/tr><\/tbody><\/table><\/figure>\n\n\n\n<p>S\u00c9PTIMO CICLO SECCI\u00d3N A<\/p>\n\n\n\n<div class=\"wp-block-columns is-layout-flex wp-container-2\">\n<div class=\"wp-block-column is-layout-flow\">\n<figure class=\"wp-block-table has-small-font-size\"><table class=\"has-pale-ocean-gradient-background has-background\"><tbody><tr><td>C\u00d3DIGO               <\/td><td>CURSO<\/td><td>DOCENTE<\/td><td>ACTA FINAL      <\/td><td>RECUPERACI\u00d3N                     <\/td><\/tr><tr><td>117<\/td><td>TEOR\u00cdA POL\u00cdTICA IV<\/td><td>LIC. DOUGLAS&nbsp; ANTONIO ABADIA CARDENAS<\/td><td><a href=\"https:\/\/drive.google.com\/file\/d\/1X91HeZt_AZQpo9zWv_46VQt21M9A8RFm\/view?usp=sharing\" target=\"_blank\" rel=\"noreferrer noopener\">Ver Acta<\/a><\/td><td>&nbsp;<\/td><\/tr><tr><td>118<\/td><td>ECONOM\u00cdA INTERNACIONAL<\/td><td>LICDA. ESTEFANY GIR\u00d3N LINARES<\/td><td>&nbsp;<a href=\"https:\/\/drive.google.com\/file\/d\/1YpC4YtJfBiSJgrhE4vlSKpGB7QOSQFp2\/view?usp=drive_link\" target=\"_blank\" rel=\"noreferrer noopener\">Ver_Acta<\/a><\/td><td><a rel=\"noreferrer noopener\" href=\"https:\/\/drive.google.com\/file\/d\/13z_ajkjmaObjsAUIFV20YGbBCPYLpnYf\/view?usp=sharing\" target=\"_blank\">1RA. OPORTUNIDAD<\/a><br><br><a rel=\"noreferrer noopener\" href=\"https:\/\/drive.google.com\/file\/d\/1Jp107cA5VasgTwa1bzI2qNJDQcsl3Kpb\/view?usp=sharing\" target=\"_blank\">2DA. OPORT<\/a><a href=\"https:\/\/drive.google.com\/file\/d\/1Jp107cA5VasgTwa1bzI2qNJDQcsl3Kpb\/view?usp=sharing\" target=\"_blank\" rel=\"noreferrer noopener\">U<\/a><a rel=\"noreferrer noopener\" href=\"https:\/\/drive.google.com\/file\/d\/1Jp107cA5VasgTwa1bzI2qNJDQcsl3Kpb\/view?usp=sharing\" target=\"_blank\">NIDAD<\/a><\/td><\/tr><tr><td>119<\/td><td>ADMINISTRACI\u00d3N P\u00daBLICA DE GUATEMALA III<\/td><td>LIC. JUAN RAM\u00d3N DONADO<\/td><td>&nbsp;<a href=\"https:\/\/drive.google.com\/file\/d\/10XMZoEEj-ZWur_orgbtr3s6ZX2WM3wMN\/view?usp=drive_link\" target=\"_blank\" rel=\"noreferrer noopener\">Ver_Acta<\/a><\/td><td>&nbsp;<\/td><\/tr><tr><td>120<\/td><td>ACTORES&nbsp; POL\u00cdTICOS INTERNACIONALES Y GLOBALIZACI\u00d3N<\/td><td>LICDA. MARIANA LUCAS DE LE\u00d3N<\/td><td><a href=\"https:\/\/drive.google.com\/file\/d\/1rGSWCjaVUw6z5hrZfYFEeGIIM6IDE4e6\/view?usp=sharing\" target=\"_blank\" rel=\"noreferrer noopener\">Ver Acta<\/a><\/td><td>&nbsp;<\/td><\/tr><tr><td>122<\/td><td>FORMULACI\u00d3N DE LAS POL\u00cdTICAS P\u00daBLICAS<\/td><td>MSC. GEIDY&nbsp; MAGALI DE MATA MEDRANO<\/td><td><a href=\"https:\/\/drive.google.com\/file\/d\/107U_vQ5GQ2ScScRanwVrdkq9sxg7udUI\/view?usp=sharing\" target=\"_blank\" rel=\"noreferrer noopener\">Ver Acta<\/a><\/td><td>&nbsp;<\/td><\/tr><\/tbody><\/table><\/figure>\n<\/div>\n<\/div>\n\n\n\n<p>NOVENO CICLO SECCI\u00d3N A<\/p>\n\n\n\n<figure class=\"wp-block-table has-small-font-size\"><table class=\"has-pale-ocean-gradient-background has-background\"><tbody><tr><td>C\u00d3DIGO<\/td><td>CURSO<\/td><td>DOCENTE<\/td><td>ACTA FINAL      <\/td><td>RECUPERACI\u00d3N<\/td><\/tr><tr><td>136<\/td><td>EVALUACI\u00d3N DE LAS POL\u00cdTICAS P\u00daBLICAS<\/td><td>MAESTRA NURY ROJAS<\/td><td><a href=\"https:\/\/drive.google.com\/file\/d\/1b2Jcv5NSEvGgOjywkc2EMSgdi1X4ZOM-\/view?usp=sharing\" target=\"_blank\" rel=\"noreferrer noopener\">Ver Acta<\/a><\/td><td>&nbsp;<\/td><\/tr><tr><td>137<\/td><td>PROCESO DE FINANCIAMIENTO Y GESTI\u00d3N PRESUPUESTARIA DE POL\u00cdTICAS P\u00daBLICAS<\/td><td>MSC. JORGE ADALBERTO RUANO ESTRADA<\/td><td><a href=\"https:\/\/drive.google.com\/file\/d\/18ez4ixa-inmzNp-y9o8fZ4CQKXud-AHX\/view?usp=sharing\" target=\"_blank\" rel=\"noreferrer noopener\">Ver Acta<\/a><\/td><td>&nbsp;<\/td><\/tr><tr><td>138<\/td><td>SEMINARIO REFORMAS DEL ESTADO<\/td><td>MSC. GEIDY&nbsp; MAGALI DE MATA MEDRANO<\/td><td><a href=\"https:\/\/drive.google.com\/file\/d\/1O7_-0v0ID8r5VSOzWH17npTTy1zUB8AB\/view?usp=sharing\" target=\"_blank\" rel=\"noreferrer noopener\">Ver Acta<\/a><\/td><td>&nbsp;<\/td><\/tr><tr><td>139<\/td><td>AN\u00c1LISIS E INTERPRETACI\u00d3N DE VARIABLES E INDICADORES SOCIOECON\u00d3MICOS<\/td><td>MTRA. EKATERINA PARRILLA<\/td><td>&nbsp;<a href=\"https:\/\/drive.google.com\/file\/d\/16sLFOtCDcoJXF0C6jWvCg9ku7V5TfU5n\/view?usp=sharing\" target=\"_blank\" rel=\"noreferrer noopener\">Ver Acta<\/a><\/td><td>&nbsp;<\/td><\/tr><tr><td>50<\/td><td>DISE\u00d1O DE INVESTIGACI\u00d3N DE TESIS II<\/td><td>MTRA. CLAUDIA MELISSA MATEOTOJIN<\/td><td><a href=\"https:\/\/drive.google.com\/file\/d\/15wXfv2YIT8HoIilbDSo2Bi0Srlp1ksdv\/view?usp=sharing\" target=\"_blank\" rel=\"noreferrer noopener\">Ver Acta<\/a><\/td><td>&nbsp;<\/td><\/tr><\/tbody><\/table><\/figure>\n\n\n\n<p>QUINTO CICLO SECCI\u00d3N B<\/p>\n\n\n\n<div class=\"wp-block-columns is-layout-flex wp-container-4\">\n<div class=\"wp-block-column is-layout-flow\">\n<figure class=\"wp-block-table has-small-font-size\"><table class=\"has-pale-ocean-gradient-background has-background\"><tbody><tr><td>C\u00d3DIGO         <\/td><td>CURSO<\/td><td>DOCENTE<\/td><td>ACTA FINAL  <\/td><td>RECUPERACI\u00d3N                   <\/td><\/tr><tr><td>107<\/td><td>TEOR\u00cdA POL\u00cdTICA II<\/td><td>MSC. JULIO ALEJANDRO VALDEZ RODAS<\/td><td><a href=\"https:\/\/drive.google.com\/file\/d\/1IppVdBjmYnlCeJ-mNizj8aFkSmAYnwpp\/view?usp=sharing\" target=\"_blank\" rel=\"noreferrer noopener\">Ver Acta<\/a><\/td><td>&nbsp;<\/td><\/tr><tr><td>108<\/td><td>SISTEMAS POL\u00cdTICOS II<\/td><td>MTRO. MYNOR GARC\u00cdA<\/td><td><a href=\"https:\/\/drive.google.com\/file\/d\/1uScCWC-h83CDwoFVuw5rGhg07AYLnQvX\/view?usp=sharing\" target=\"_blank\" rel=\"noreferrer noopener\">Ver Acta<\/a><\/td><td>&nbsp;<\/td><\/tr><tr><td>025<\/td><td>HISTORIA DE GUATEMALA II<\/td><td>MSC. MIKE HANGELO RIVERA CONTRERAS<\/td><td><a href=\"https:\/\/drive.google.com\/file\/d\/1IStgK7TJTRcptn64GWtmMdBZ-Yh1oYaD\/view?usp=sharing\" target=\"_blank\" rel=\"noreferrer noopener\">Ver Acta<\/a><\/td><td><a href=\"https:\/\/drive.google.com\/file\/d\/1zFGO8Ah8jcLW3dncmi6fetq3QWmUwf3T\/view?usp=sharing\" target=\"_blank\" rel=\"noreferrer noopener\">1RA. OPORTUNIDAD<\/a><\/td><\/tr><tr><td>109<\/td><td>ADMINISTRACI\u00d3N P\u00daBLICA DE GUATEMALA I<\/td><td>DRA. CLAUDIA VERONICA AGREDA AJQUI<\/td><td><a href=\"https:\/\/drive.google.com\/file\/d\/1-I5s1UfPyx0u3cNQy_6jLfrNZREiiftU\/view?usp=sharing\" target=\"_blank\" rel=\"noreferrer noopener\">Ver Acta<\/a><\/td><td><a href=\"https:\/\/drive.google.com\/file\/d\/1OuPSx2Sn6qsIT0L2jsSBaz-WMw-oHu85\/view?usp=sharing\" target=\"_blank\" rel=\"noreferrer noopener\">1RA. OPORTUNIDAD<\/a>&nbsp;<\/td><\/tr><tr><td>111<\/td><td>PROCESOS DE CAMBIO Y MODERNIDAD<\/td><td>MSC. NORA LIZETH GALVEZ GARCIA<\/td><td><a href=\"https:\/\/drive.google.com\/file\/d\/169C_UcKaN6IMc-l84F9NykPH-OghMwQf\/view?usp=sharing\" target=\"_blank\" rel=\"noreferrer noopener\">Ver Acta<\/a><\/td><td>&nbsp;<\/td><\/tr><\/tbody><\/table><\/figure>\n<\/div>\n<\/div>\n\n\n\n<p>S\u00c9PTIMO CICLO SECCI\u00d3N B<\/p>\n\n\n\n<div class=\"wp-block-columns is-layout-flex wp-container-6\">\n<div class=\"wp-block-column is-layout-flow\">\n<figure class=\"wp-block-table has-small-font-size\"><table class=\"has-pale-ocean-gradient-background has-background\"><tbody><tr><td>C\u00d3DIGO            <\/td><td>CURSO<\/td><td>DOCENTE<\/td><td>ACTA FINAL       <\/td><td>RECUPERACI\u00d3N                                <\/td><\/tr><tr><td>117<\/td><td>TEOR\u00cdA POL\u00cdTICA IV<\/td><td>MSC. GEIDY&nbsp; MAGALI DE MATA MEDRANO<\/td><td><a href=\"https:\/\/drive.google.com\/file\/d\/1-ZgXp48AdYhsGsTbj-Tk_bzqEMELgJkM\/view?usp=sharing\" target=\"_blank\" rel=\"noreferrer noopener\">Ver Acta<\/a><\/td><td>&nbsp;<\/td><\/tr><tr><td>118<\/td><td>ECONOM\u00cdA INTERNACIONAL<\/td><td>LIC. SELVIN ALBERTO DIAZ CABRERA<\/td><td><a href=\"https:\/\/drive.google.com\/file\/d\/1PhBVoRdi4_EIv7T6j0xCwLk1L7Tpuq2j\/view?usp=sharing\" target=\"_blank\" rel=\"noreferrer noopener\">Ver Acta<\/a><\/td><td>&nbsp;<\/td><\/tr><tr><td>119<\/td><td>ADMINISTRACI\u00d3N P\u00daBLICA DE GUATEMALA III<\/td><td>MAESTRA ALMA CONSUELO COGUOX P\u00c9REZ<\/td><td><a href=\"https:\/\/drive.google.com\/file\/d\/1pSFLHU8qWY2A9HatMb2y7yOIttujQalm\/view?usp=sharing\" target=\"_blank\" rel=\"noreferrer noopener\">Ver Acta<\/a><\/td><td>&nbsp;<\/td><\/tr><tr><td>120<\/td><td>ACTORES&nbsp; POL\u00cdTICOS INTERNACIONALES Y GLOBALIZACI\u00d3N<\/td><td>MSC. MAYRA DEL ROSARIO VILLATORO DEL VALLE<\/td><td><a href=\"https:\/\/drive.google.com\/file\/d\/16xx5T9j9KiJE9ny73s-iPe-n3jWRje2H\/view?usp=sharing\" target=\"_blank\" rel=\"noreferrer noopener\">Ver Acta<\/a><\/td><td>&nbsp;<\/td><\/tr><tr><td>121<\/td><td>ESTRUCTURA Y L\u00d3GICA DEL PODER EN GUATEMALA<\/td><td>MSC.OSCAR ESTEBAN INTERIANO PEREZ<\/td><td><a rel=\"noreferrer noopener\" href=\"https:\/\/drive.google.com\/file\/d\/1pdutJS4LLo2Ohttps:\/\/drive.google.com\/file\/d\/1pdutJS4LLo2O6P6prqEGt5z-rJUde52Y\/view?usp=drive_link6P6prqEGt5z-rJUde52Y\/view?usp=drive_link\" target=\"_blank\">&nbsp;<\/a><a href=\"https:\/\/drive.google.com\/file\/d\/1iurvutkgspydLP_w7HgAV22ecs4GYQm0\/view?usp=drive_link\" target=\"_blank\" rel=\"noreferrer noopener\">Ver_Acta<\/a><\/td><td>&nbsp;<\/td><\/tr><\/tbody><\/table><\/figure>\n<\/div>\n<\/div>\n\n\n\n<p>NOVENO CICLO SECCI\u00d3N B<\/p>\n\n\n\n<div class=\"wp-block-columns is-layout-flex wp-container-8\">\n<div class=\"wp-block-column is-layout-flow\">\n<figure class=\"wp-block-table has-small-font-size\"><table class=\"has-pale-ocean-gradient-background has-background\"><tbody><tr><td>C\u00f3digo                   <\/td><td>Curso<\/td><td>DOCENTE    <\/td><td>ACTA FINAL   <\/td><td>RECUPERACI\u00d3N                  <\/td><\/tr><tr><td>128<\/td><td>SEMINARIO DE AN\u00c1LISIS POL\u00cdTICO<\/td><td>Lic. Werner Enrique Castillo Regalado<\/td><td><a href=\"https:\/\/drive.google.com\/file\/d\/14haTlxFnaf3m_jWwhhSEEPrjdjkqJ46O\/view?usp=sharing\" target=\"_blank\" rel=\"noreferrer noopener\">Ver Acta<\/a><\/td><td>&nbsp;<\/td><\/tr><tr><td>129<\/td><td>DISCURSO POL\u00cdTICO<\/td><td>MSc. GEIDY&nbsp; MAGALI DE MATA MEDRANO<\/td><td><a href=\"https:\/\/drive.google.com\/file\/d\/1ySyMl6VFcQLHS7b0zdPdj65s-X_3z-q-\/view?usp=sharing\" target=\"_blank\" rel=\"noreferrer noopener\">Ver Acta<\/a><\/td><td>&nbsp;<\/td><\/tr><tr><td>130<\/td><td>PSICOLOG\u00cdA POL\u00cdTICA<\/td><td>Mtra. Jearenis&nbsp; Ruano Garc\u00eda<\/td><td><a href=\"https:\/\/drive.google.com\/file\/d\/1GurAciFu1wP0Req0FgiGJeADQXkoDGoC\/view?usp=sharing\" target=\"_blank\" rel=\"noreferrer noopener\">Ver Acta<\/a><\/td><td><a href=\"https:\/\/drive.google.com\/file\/d\/12foStkbBc8tZELKKUdpxCpaw4SYsVE4O\/view?usp=sharing\" target=\"_blank\" rel=\"noreferrer noopener\">1RA. OPORTUNIDAD<\/a><\/td><\/tr><tr><td>131<\/td><td>COMUNICACI\u00d3N POL\u00cdTICA Y PROCESO ELECTORAL<\/td><td>Licenciado Jorge Ceballos<\/td><td><a href=\"https:\/\/drive.google.com\/file\/d\/12E-Q5y0tSPS9VoNTXxRZ5Gt18A_qAfM2\/view?usp=sharing\" target=\"_blank\" rel=\"noreferrer noopener\">Ver Acta<\/a><\/td><td>&nbsp;<\/td><\/tr><tr><td>50<\/td><td>Dise\u00f1o de Investigaci\u00f3n de Tesis II<\/td><td>Maestra Barbara Vel\u00e1squez<\/td><td><a href=\"https:\/\/drive.google.com\/file\/d\/14iLbmQyexz_tYCPJ3Zny3Rx4imeK33wQ\/view?usp=sharing\" target=\"_blank\" rel=\"noreferrer noopener\">Ver Acta<\/a><\/td><td><a rel=\"noreferrer noopener\" href=\"https:\/\/drive.google.com\/file\/d\/1bXOiM5ZbLhsIWrC4_d8TBZXZOZVQG3SU\/view?usp=sharing\" target=\"_blank\">1RA. OPORTUNIDAD<\/a><br><br><a href=\"https:\/\/drive.google.com\/file\/d\/1n2wD01Fx2JAz5067y22ywn5XuERnxYw9\/view?usp=sharing\" target=\"_blank\" rel=\"noreferrer noopener\">2DA. OPORTUNIDAD<\/a><\/td><\/tr><\/tbody><\/table><\/figure>\n<\/div>\n<\/div>\n\n\n\n<p><a href=\"https:\/\/cienciapolitica.usac.edu.gt\/?page_id=10105\">Regresar<\/a><\/p>\n","protected":false},"excerpt":{"rendered":"<p>Regresar QUINTO CICLO SECCI\u00d3N A C\u00f3digo Curso DOCENTE ACTA FINAL RECUPERACI\u00d3N 107 TEOR\u00cdA POL\u00cdTICA II LIC. JOSE DAVID TALE ROSALES Ver Acta &nbsp; 108 SISTEMAS POL\u00cdTICOS II LIC. DAVID JOS\u00c9 ESCOBEDO &nbsp;Ver_Acta 1RA. OPORTUNIDAD 025 HISTORIA DE GUATEMALA II LICDA. CECILE PAOLA TAHUICO GUZMAN Ver Acta &nbsp; 109 ADMINISTRACI\u00d3N P\u00daBLICA DE GUATEMALA I LIC. JUAN [&hellip;]<\/p>\n","protected":false},"author":101014,"featured_media":0,"parent":0,"menu_order":0,"comment_status":"closed","ping_status":"closed","template":"","meta":[],"_links":{"self":[{"href":"https:\/\/cienciapolitica.usac.edu.gt\/index.php?rest_route=\/wp\/v2\/pages\/10140"}],"collection":[{"href":"https:\/\/cienciapolitica.usac.edu.gt\/index.php?rest_route=\/wp\/v2\/pages"}],"about":[{"href":"https:\/\/cienciapolitica.usac.edu.gt\/index.php?rest_route=\/wp\/v2\/types\/page"}],"author":[{"embeddable":true,"href":"https:\/\/cienciapolitica.usac.edu.gt\/index.php?rest_route=\/wp\/v2\/users\/101014"}],"replies":[{"embeddable":true,"href":"https:\/\/cienciapolitica.usac.edu.gt\/index.php?rest_route=%2Fwp%2Fv2%2Fcomments&post=10140"}],"version-history":[{"count":43,"href":"https:\/\/cienciapolitica.usac.edu.gt\/index.php?rest_route=\/wp\/v2\/pages\/10140\/revisions"}],"predecessor-version":[{"id":10637,"href":"https:\/\/cienciapolitica.usac.edu.gt\/index.php?rest_route=\/wp\/v2\/pages\/10140\/revisions\/10637"}],"wp:attachment":[{"href":"https:\/\/cienciapolitica.usac.edu.gt\/index.php?rest_route=%2Fwp%2Fv2%2Fmedia&parent=10140"}],"curies":[{"name":"wp","href":"https:\/\/api.w.org\/{rel}","templated":true}]}}