{"id":10121,"date":"2025-05-07T22:39:22","date_gmt":"2025-05-07T22:39:22","guid":{"rendered":"https:\/\/cienciapolitica.usac.edu.gt\/?page_id=10121"},"modified":"2025-08-14T14:53:25","modified_gmt":"2025-08-14T14:53:25","slug":"notas-de-sociologia","status":"publish","type":"page","link":"https:\/\/cienciapolitica.usac.edu.gt\/?page_id=10121","title":{"rendered":"NOTAS DE SOCIOLOG\u00cdA"},"content":{"rendered":"\n<p><a href=\"https:\/\/cienciapolitica.usac.edu.gt\/?page_id=10105\">Regresar<\/a><\/p>\n\n\n\n<p>QUINTO CICLO A<\/p>\n\n\n\n<div class=\"wp-block-columns is-layout-flex wp-container-2\">\n<div class=\"wp-block-column is-layout-flow\">\n<figure class=\"wp-block-table has-small-font-size\"><table class=\"has-pale-ocean-gradient-background has-background\"><tbody><tr><td>C\u00f3digo                 <\/td><td>Curso   <\/td><td>DOCENTE<\/td><td>ACTA FINAL                                                                         <\/td><td>RECUPERACI\u00d3N                                    <\/td><\/tr><tr><td>022<\/td><td>TEOR\u00cdA SOCIOL\u00d3GICA II<\/td><td>LICDA. ALMA LETICIA SAGASTUME<\/td><td><a href=\"https:\/\/drive.google.com\/file\/d\/1T7jXj4FzPRe1LrwLrzV62MInI9ZL1fCF\/view?usp=sharing\" target=\"_blank\" rel=\"noreferrer noopener\">Ver Acta<\/a><\/td><td><a rel=\"noreferrer noopener\" href=\"https:\/\/drive.google.com\/file\/d\/1_Av6R9rX39D2Jzf2DWJqMFdOcJLMw5wl\/view?usp=sharing\" target=\"_blank\">1RA. OPORTUNIDAD<\/a><br><br><a rel=\"noreferrer noopener\" href=\"https:\/\/drive.google.com\/file\/d\/1vy4mEUaN5iRxKOMnq-KDsubaznCbCJNR\/view?usp=sharing\" target=\"_blank\">2DA. OPORTUNIDAD<\/a><\/td><\/tr><tr><td>023<\/td><td>SOCIOLOG\u00cdA DE GUATEMALA II<\/td><td>DR. CARLOS ORLANDO OLIVA MURALLES<\/td><td><a href=\"https:\/\/drive.google.com\/file\/d\/15iV7TCABcTWsmsgBrnRj_QCF4eIfYx_w\/view?usp=sharing\" target=\"_blank\" rel=\"noreferrer noopener\">Ver Acta<\/a><\/td><td><a href=\"https:\/\/drive.google.com\/file\/d\/1BZcBAZ4w7yRCU9rMjhHCWgxpDGTnbuEO\/view?usp=sharing\" target=\"_blank\" rel=\"noreferrer noopener\">2DA. OPORTUNIDAD<\/a><\/td><\/tr><tr><td>024<\/td><td>AN\u00c1LISIS DE EXPERIENCIAS DE INVESTIGACI\u00d3N SOCIOL\u00d3GICA I<\/td><td>LIC. MYNOR IVAN MIRANDA<\/td><td><a href=\"https:\/\/drive.google.com\/file\/d\/1-9ng69Yc9jC-JKox5ctHGfYCjMJ6W2zH\/view?usp=sharing\" target=\"_blank\" rel=\"noreferrer noopener\">Ver Acta<\/a><\/td><td>&nbsp;<\/td><\/tr><tr><td>025<\/td><td>HISTORIA DE GUATEMALA II<\/td><td>LIC. CHRISTIAN CALDER\u00d3N CEDILLOS<\/td><td><a href=\"https:\/\/drive.google.com\/file\/d\/1UNpqmy1ix9GfxvCbv5SoBIQMED551Pxr\/view?usp=sharing\" target=\"_blank\" rel=\"noreferrer noopener\">Ver Acta<\/a><\/td><td>&nbsp;<\/td><\/tr><tr><td>027<\/td><td>SOCIOLOG\u00cdA DEL DERECHO<\/td><td>DR. JAIME SARAVIA<\/td><td><a href=\"https:\/\/drive.google.com\/file\/d\/1WsZiZuvRI3T6p-VFgDwx6EAC3hWX-5ZX\/view?usp=sharing\" target=\"_blank\" rel=\"noreferrer noopener\">Ver Acta<\/a><\/td><td>&nbsp;<\/td><\/tr><\/tbody><\/table><\/figure>\n<\/div>\n<\/div>\n\n\n\n<p>S\u00c9PTIMO CICLO SECCI\u00d3N A<\/p>\n\n\n\n<div class=\"wp-block-columns is-layout-flex wp-container-4\">\n<div class=\"wp-block-column is-layout-flow\">\n<figure class=\"wp-block-table has-small-font-size\"><table class=\"has-very-light-gray-to-cyan-bluish-gray-gradient-background has-background\"><tbody><tr><td>C\u00d3DIGO<\/td><td>CURSO<\/td><td>&nbsp;<\/td><\/tr><tr><td>034<\/td><td>TEOR\u00cdA SOCIOL\u00d3GICA IV<\/td><td>NO HAY ESTUDIANTES ASIGNADOS<\/td><\/tr><tr><td>035<\/td><td>SOCIOLOG\u00cdA DE GUATEMALA IV<\/td><td>NO HAY ESTUDIANTES ASIGNADOS<\/td><\/tr><tr><td>036<\/td><td>EPISTEMOLOG\u00cdA DE LAS CIENCIAS SOCIALES<\/td><td>NO HAY ESTUDIANTES ASIGNADOS<\/td><\/tr><tr><td>037<\/td><td>SOCIOLOG\u00cdA POL\u00cdTICA I<\/td><td>NO HAY ESTUDIANTES ASIGNADOS<\/td><\/tr><tr><td>038<\/td><td>RELACIONES \u00c9TNICAS EN GUATEMALA<\/td><td>NO HAY ESTUDIANTES ASIGNADOS<\/td><\/tr><\/tbody><\/table><\/figure>\n<\/div>\n<\/div>\n\n\n\n<p>NOVENO CICLO SECCI\u00d3N A<\/p>\n\n\n\n<div class=\"wp-block-columns is-layout-flex wp-container-6\">\n<div class=\"wp-block-column is-layout-flow\">\n<figure class=\"wp-block-table has-small-font-size\"><table class=\"has-pale-ocean-gradient-background has-background\"><tbody><tr><td>C\u00f3digo              <\/td><td>Curso<\/td><td>DOCENTE<\/td><td>ACTA FINAL             <\/td><td>RECUPERACI\u00d3N                                  <\/td><\/tr><tr><td>046<\/td><td>SEMINARIO&nbsp; SOBRE TEOR\u00cdAS SOCIOL\u00d3GICAS CONTEMPOR\u00c1NEAS<\/td><td>Dr. Edmundo Ren\u00e9 Urrutia<\/td><td><a href=\"https:\/\/drive.google.com\/file\/d\/13qaTkK-gXlddxCkbojambcVi97iU7Puu\/view?usp=drive_link\" target=\"_blank\" rel=\"noreferrer noopener\">Ver Acta<\/a><\/td><td>&nbsp;<\/td><\/tr><tr><td>056<\/td><td>SEMINARIO DE ESTUDIOS SOBRE&nbsp; VIOLENCIA Y PAZ EN GUATEMALA<\/td><td>Lic. Christian Manuel Calder\u00f3n Cedillos<\/td><td><a href=\"https:\/\/drive.google.com\/file\/d\/1qNAfBhoIDpDhcb9GOoGjjW-50MP1G7V_\/view?usp=sharing\" target=\"_blank\" rel=\"noreferrer noopener\">Ver Acta<\/a><\/td><td>&nbsp;<\/td><\/tr><tr><td>057<\/td><td>SEMINARIO SOBRE POL\u00cdTICAS DE SEGURIDAD Y PREVENCI\u00d3N DEL DELITO<\/td><td>Dr. Carlos Fredy Ochoa Garc\u00eda<\/td><td><a href=\"https:\/\/drive.google.com\/file\/d\/18_t2m-cnVKr1L-O4wbwhpXW3tWajXNJ5\/view?usp=sharing\" target=\"_blank\" rel=\"noreferrer noopener\">Ver Acta<\/a><\/td><td>&nbsp;<\/td><\/tr><tr><td>058<\/td><td>SEMINARIO SOBRE MOVIMIENTOS SOCIALES DE DERECHOS HUMANOS Y ACCESO A LA JUSTICIA<\/td><td>Lic. Oscar Taracena<\/td><td><a href=\"https:\/\/drive.google.com\/file\/d\/1tQRB3vcM4r8aRH5YkK-mQit01TnIMCSG\/view?usp=sharing\" target=\"_blank\" rel=\"noreferrer noopener\">Ver Acta<\/a><\/td><td>&nbsp;<\/td><\/tr><tr><td>050<\/td><td>DISE\u00d1O DE INVESTIGACI\u00d3N DE TESIS II<\/td><td>Mtro. Becquer Neftali Chocoj de la Cruz<\/td><td><a href=\"https:\/\/drive.google.com\/file\/d\/1vEu6If86T1_hhhBxf6mXwRQvhapedwM2\/view?usp=sharing\" target=\"_blank\" rel=\"noreferrer noopener\">Ver Acta<\/a><\/td><td>&nbsp;<\/td><\/tr><\/tbody><\/table><\/figure>\n<\/div>\n<\/div>\n\n\n\n<p> QUINTO CICLO SECCI\u00d3N B<\/p>\n\n\n\n<div class=\"wp-block-columns is-layout-flex wp-container-8\">\n<div class=\"wp-block-column is-layout-flow\">\n<figure class=\"wp-block-table has-small-font-size\"><table class=\"has-pale-ocean-gradient-background has-background\"><tbody><tr><td>C\u00d3DIGO             <\/td><td>CURSO<\/td><td>DOCENTE<\/td><td>ACTA FINAL       <\/td><td>RECUPERACI\u00d3N                             <\/td><\/tr><tr><td>022<\/td><td>TEOR\u00cdA SOCIOL\u00d3GICA II<\/td><td>DR. JORGE ADALBERTO RUANO ESTRADA<\/td><td><a href=\"https:\/\/drive.google.com\/file\/d\/1FFNxvdn5pdzuqvTpSsu_37DOBWxfoH1p\/view?usp=sharing\" target=\"_blank\" rel=\"noreferrer noopener\">Ver Acta<\/a><\/td><td>&nbsp;<\/td><\/tr><tr><td>023<\/td><td>SOCIOLOG\u00cdA DE GUATEMALA II<\/td><td>LIC. BORIS ABELARDO CABRERA CIFUENTES<\/td><td><a href=\"https:\/\/drive.google.com\/file\/d\/1Ef_w1hIqlu8-Dm1D6GFe8N3xunMKVSWc\/view?usp=sharing\" target=\"_blank\" rel=\"noreferrer noopener\">Ver Acta<\/a><\/td><td>&nbsp;<\/td><\/tr><tr><td>024<\/td><td>AN\u00c1LISIS DE EXPERIENCIAS DE INVESTIGACI\u00d3N SOCIOL\u00d3GICA I<\/td><td>LICDA. AMANDA ROSALIA SOLORZANO CASTILLO<\/td><td><a href=\"https:\/\/drive.google.com\/file\/d\/1o5PW5PrLppYNTV_jJovqrDV8UIaV2zcr\/view?usp=sharing\" target=\"_blank\" rel=\"noreferrer noopener\">Ver Acta<\/a><\/td><td>&nbsp;<\/td><\/tr><tr><td>025<\/td><td>HISTORIA DE GUATEMALA II<\/td><td>LIC. JUAN CARLOS GUZMAN MORAN<\/td><td>&nbsp;<a href=\"https:\/\/drive.google.com\/file\/d\/1I10PeE7wH4JTIlWYid3cqj__YCKi8Vqt\/view?usp=sharing\" target=\"_blank\" rel=\"noreferrer noopener\">Ver Acta<\/a><\/td><td>&nbsp;<\/td><\/tr><tr><td>026<\/td><td>SOCIOLOG\u00cdA DE GENERO Y ETNIA I<\/td><td>DR. AROLDO CAMPOSECO<\/td><td><a href=\"https:\/\/drive.google.com\/file\/d\/1CxPwfZ4cec6Xtedwiky1Z9dmmcJB7V0C\/view?usp=sharing\" target=\"_blank\" rel=\"noreferrer noopener\">Ver Acta<\/a><\/td><td>&nbsp;<\/td><\/tr><\/tbody><\/table><\/figure>\n<\/div>\n<\/div>\n\n\n\n<p>S\u00c9PTIMO CICLO SECCI\u00d3N B<\/p>\n\n\n\n<figure class=\"wp-block-table has-small-font-size\"><table class=\"has-pale-ocean-gradient-background has-background\"><tbody><tr><td>C\u00d3DIGO<\/td><td>CURSO<\/td><td>DOCENTE<\/td><td>ACTA FINAL<\/td><td>RECUPERACI\u00d3N<\/td><\/tr><tr><td>034<\/td><td>TEOR\u00cdA SOCIOL\u00d3GICA IV<\/td><td>DRA. ANA NINETH BURGOS M\u00c9NDEZ<\/td><td>&nbsp;<a href=\"https:\/\/drive.google.com\/file\/d\/1DIDH-q1P8DIvEpsDBJculf0Jm6RIuga3\/view?usp=drive_link\" target=\"_blank\" rel=\"noreferrer noopener\">Ver_Acta<\/a><\/td><td><a href=\"https:\/\/drive.google.com\/file\/d\/1S4RJ9FUUSdBdfDos53heoiGknxDg63jl\/view?usp=sharing\" target=\"_blank\" rel=\"noreferrer noopener\">&nbsp;2DA. RECUPERACI\u00d3N<\/a><\/td><\/tr><tr><td>035<\/td><td>SOCIOLOG\u00cdA DE GUATEMALA IV<\/td><td>DR. JORGE ADALBERTO RUANO ESTRADA<\/td><td><a href=\"https:\/\/drive.google.com\/file\/d\/11pQiPToIhhZs7VtrIk4cN72j8_grNZZ0\/view?usp=sharing\" target=\"_blank\" rel=\"noreferrer noopener\">Ver Acta<\/a><\/td><td>&nbsp;<\/td><\/tr><tr><td>036<\/td><td>EPISTEMOLOG\u00cdA DE LAS CIENCIAS SOCIALES<\/td><td>LIC. BORIS ABELARDO CABRERA CIFUENTES<\/td><td><a href=\"https:\/\/drive.google.com\/file\/d\/1Nw6M7YnGjLBu53fzUq57dL2YGyYABphx\/view?usp=sharing\" target=\"_blank\" rel=\"noreferrer noopener\">Ver Acta<\/a><\/td><td>&nbsp;<\/td><\/tr><tr><td>037<\/td><td>SOCIOLOG\u00cdA POL\u00cdTICA I<\/td><td>DR. LUIS FERNANDO MACK ECHEVERR\u00cdA<\/td><td><a href=\"https:\/\/drive.google.com\/file\/d\/16dShkICifrdbcCTuw_LcgB-PbD1Mh58L\/view?usp=sharing\" target=\"_blank\" rel=\"noreferrer noopener\">Ver Acta<\/a><\/td><td>&nbsp;<\/td><\/tr><tr><td>038<\/td><td>RELACIONES \u00c9TNICAS EN GUATEMALA<\/td><td>DRA. ANA NINETH BURGOS M\u00c9NDEZ<\/td><td>&nbsp;<a href=\"https:\/\/drive.google.com\/file\/d\/1m01MNbwu2HrLVDfPCqUoWyzWkdidmSmO\/view?usp=drive_link\" target=\"_blank\" rel=\"noreferrer noopener\">Ver_Acta<\/a><\/td><td>&nbsp;<\/td><\/tr><\/tbody><\/table><\/figure>\n\n\n\n<p>NOVENO CICLO SECCI\u00d3N B<\/p>\n\n\n\n<div class=\"wp-block-columns is-layout-flex wp-container-10\">\n<div class=\"wp-block-column is-layout-flow\">\n<figure class=\"wp-block-table has-small-font-size\"><table class=\"has-pale-ocean-gradient-background has-background\"><tbody><tr><td>C\u00d3DIGO                    <\/td><td>CURSO<\/td><td>DOCENTE<\/td><td>ACTA FINAL                <\/td><td>RECUPERACI\u00d3N                                          <\/td><\/tr><tr><td>046<\/td><td>SEMINARIO&nbsp; SOBRE TEOR\u00cdAS SOCIOL\u00d3GICAS CONTEMPOR\u00c1NEAS<\/td><td>DR. LUIS FERNANDO MACK ECHEVERR\u00cdA<\/td><td><a href=\"https:\/\/drive.google.com\/file\/d\/1pZlh0nY7bRb08slb-pKaNjifbhBlatDP\/view?usp=sharing\" target=\"_blank\" rel=\"noreferrer noopener\">Ver Acta<\/a><\/td><td>&nbsp;<\/td><\/tr><tr><td>047<\/td><td>SEMINARIO SOBRE ESTUDIOS DE G\u00c8NERO Y&nbsp; ETNICIDAD EN GUATEMALA<\/td><td>MSC. VICTORIA AURORA&nbsp; TUBIN SOTZ<\/td><td><a href=\"https:\/\/drive.google.com\/file\/d\/1xZkjBwG9mhbABwqjNyr0dzYx9Swb8s3U\/view?usp=sharing\" target=\"_blank\" rel=\"noreferrer noopener\">&nbsp;Ver_Acta<\/a><\/td><td>&nbsp;<\/td><\/tr><tr><td>048<\/td><td>SEMINARIO SOBRE POL\u00cdTICAS SOCIALES PARA LA ERRADICACION DEL RACISMO Y LA DISCRIMINACI\u00d3N EN GUATEMALA<\/td><td>LICDA. FLORENTINA PUAC PUAC<\/td><td><a href=\"https:\/\/drive.google.com\/file\/d\/1ePUaZXP38nwWWe4BhQhy0CrjAO-IQyK9\/view?usp=sharing\" target=\"_blank\" rel=\"noreferrer noopener\">Ver Acta<\/a><\/td><td>&nbsp;<\/td><\/tr><tr><td>049<\/td><td>SEMINARIO SOBRE POL\u00cdTICAS P\u00daBLICAS PARA EL ACCESO A LA JUSTICIA Y EQUIDAD DE G\u00c9NERO<\/td><td>LICDA NATALY V\u00c1SQUEZ<\/td><td><a href=\"https:\/\/drive.google.com\/file\/d\/1VA7-JiQuHoRGJZtnBitRITzZl0i2-enN\/view?usp=sharing\" target=\"_blank\" rel=\"noreferrer noopener\">Ver Acta<\/a><\/td><td>&nbsp;<\/td><\/tr><tr><td>050<\/td><td>DISE\u00d1O DE INVESTIGACI\u00d3N DE TESIS II<\/td><td>MTRA. NORA LIZETH G\u00c1LVEZ GARC\u00cdA<\/td><td><a href=\"https:\/\/drive.google.com\/file\/d\/18cZSJ73U-lhLmYGPio5vra5OLgxbMK5-\/view?usp=sharing\" target=\"_blank\" rel=\"noreferrer noopener\">Ver Acta<\/a><\/td><td>&nbsp;<\/td><\/tr><\/tbody><\/table><\/figure>\n<\/div>\n<\/div>\n\n\n\n<p><a href=\"https:\/\/cienciapolitica.usac.edu.gt\/?page_id=10105\">Regresar<\/a><\/p>\n","protected":false},"excerpt":{"rendered":"<p>Regresar QUINTO CICLO A C\u00f3digo Curso DOCENTE ACTA FINAL RECUPERACI\u00d3N 022 TEOR\u00cdA SOCIOL\u00d3GICA II LICDA. ALMA LETICIA SAGASTUME Ver Acta 1RA. OPORTUNIDAD 2DA. OPORTUNIDAD 023 SOCIOLOG\u00cdA DE GUATEMALA II DR. CARLOS ORLANDO OLIVA MURALLES Ver Acta 2DA. OPORTUNIDAD 024 AN\u00c1LISIS DE EXPERIENCIAS DE INVESTIGACI\u00d3N SOCIOL\u00d3GICA I LIC. MYNOR IVAN MIRANDA Ver Acta &nbsp; 025 HISTORIA [&hellip;]<\/p>\n","protected":false},"author":101014,"featured_media":0,"parent":0,"menu_order":0,"comment_status":"closed","ping_status":"closed","template":"","meta":[],"_links":{"self":[{"href":"https:\/\/cienciapolitica.usac.edu.gt\/index.php?rest_route=\/wp\/v2\/pages\/10121"}],"collection":[{"href":"https:\/\/cienciapolitica.usac.edu.gt\/index.php?rest_route=\/wp\/v2\/pages"}],"about":[{"href":"https:\/\/cienciapolitica.usac.edu.gt\/index.php?rest_route=\/wp\/v2\/types\/page"}],"author":[{"embeddable":true,"href":"https:\/\/cienciapolitica.usac.edu.gt\/index.php?rest_route=\/wp\/v2\/users\/101014"}],"replies":[{"embeddable":true,"href":"https:\/\/cienciapolitica.usac.edu.gt\/index.php?rest_route=%2Fwp%2Fv2%2Fcomments&post=10121"}],"version-history":[{"count":43,"href":"https:\/\/cienciapolitica.usac.edu.gt\/index.php?rest_route=\/wp\/v2\/pages\/10121\/revisions"}],"predecessor-version":[{"id":10631,"href":"https:\/\/cienciapolitica.usac.edu.gt\/index.php?rest_route=\/wp\/v2\/pages\/10121\/revisions\/10631"}],"wp:attachment":[{"href":"https:\/\/cienciapolitica.usac.edu.gt\/index.php?rest_route=%2Fwp%2Fv2%2Fmedia&parent=10121"}],"curies":[{"name":"wp","href":"https:\/\/api.w.org\/{rel}","templated":true}]}}